{"id":15647,"date":"2022-06-09T12:29:44","date_gmt":"2022-06-09T12:29:44","guid":{"rendered":"https:\/\/gifex.com\/fr\/?post_type=ficha&#038;p=15647"},"modified":"2024-11-02T19:03:08","modified_gmt":"2024-11-02T19:03:08","slug":"carte-des-principales-communes-du-doubs","status":"publish","type":"ficha","link":"https:\/\/gifex.com\/fr\/fichier\/carte-des-principales-communes-du-doubs\/","title":{"rendered":"Carte des principales communes du Doubs"},"content":{"rendered":"<p style=\"text-align: center;\"><label style=\"font-size: 15px;\">Carte des principales communes du Doubs.<\/label><\/p>\n<p>Sur les 571 communes que comprend le d\u00e9partement du Doubs, 46 ont en 2019 une population municipale sup\u00e9rieure \u00e0 2 000 habitants, onze ont plus de 5 000 habitants et cinq ont plus de 10 000 habitants : Besan\u00e7on, Montb\u00e9liard, Pontarlier, Audincourt et Valentigney.<\/p>\n<p>Les communes de plus de 5 000 habitants sont pr\u00e9sent\u00e9es dans le tableau ci-apr\u00e8s.<\/p>\n<div class=\"boxscrl\">\n<table width=\"364\">\n<tbody>\n<tr>\n<td rowspan=\"2\" width=\"137\">Commune<\/td>\n<td width=\"99\">Population<\/td>\n<td width=\"64\">Superficie<\/td>\n<td width=\"64\">Densit\u00e9<\/td>\n<\/tr>\n<tr>\n<td width=\"99\">2019<\/td>\n<td width=\"64\">(km<sup>2<\/sup>)<\/td>\n<td width=\"64\">(hab.\/km<sup>2<\/sup>)<\/td>\n<\/tr>\n<tr>\n<td>Besan\u00e7on<\/td>\n<td width=\"99\">117\u00a0912<\/td>\n<td width=\"64\">65,05<\/td>\n<td width=\"64\">1\u00a0812,6<\/td>\n<\/tr>\n<tr>\n<td>Montb\u00e9liard<\/td>\n<td width=\"99\">25\u00a0806<\/td>\n<td width=\"64\">15,01<\/td>\n<td width=\"64\">1\u00a0719,3<\/td>\n<\/tr>\n<tr>\n<td>Pontarlier<\/td>\n<td width=\"99\">17\u00a0542<\/td>\n<td width=\"64\">41,35<\/td>\n<td width=\"64\">424,2<\/td>\n<\/tr>\n<tr>\n<td>Audincourt<\/td>\n<td width=\"99\">13\u00a0341<\/td>\n<td width=\"64\">8,76<\/td>\n<td width=\"64\">1\u00a0522,9<\/td>\n<\/tr>\n<tr>\n<td>Valentigney<\/td>\n<td width=\"99\">11\u00a0272<\/td>\n<td width=\"64\">9,74<\/td>\n<td width=\"64\">1\u00a0157,3<\/td>\n<\/tr>\n<tr>\n<td>Morteau<\/td>\n<td width=\"99\">6\u00a0853<\/td>\n<td width=\"64\">14,11<\/td>\n<td width=\"64\">485,7<\/td>\n<\/tr>\n<tr>\n<td>Grand-Charmont<\/td>\n<td width=\"99\">5\u00a0786<\/td>\n<td width=\"64\">4,56<\/td>\n<td width=\"64\">1\u00a0268,9<\/td>\n<\/tr>\n<tr>\n<td>Valdahon<\/td>\n<td width=\"99\">5\u00a0748<\/td>\n<td width=\"64\">25,51<\/td>\n<td width=\"64\">225,3<\/td>\n<\/tr>\n<tr>\n<td>Seloncourt<\/td>\n<td width=\"99\">5\u00a0726<\/td>\n<td width=\"64\">7,92<\/td>\n<td width=\"64\">723<\/td>\n<\/tr>\n<tr>\n<td>Bethoncourt<\/td>\n<td width=\"99\">5\u00a0441<\/td>\n<td width=\"64\">6,54<\/td>\n<td width=\"64\">832<\/td>\n<\/tr>\n<tr>\n<td>Villers-le-Lac<\/td>\n<td width=\"99\">5\u00a0188<\/td>\n<td width=\"64\">30,17<\/td>\n<td width=\"64\">172<\/td>\n<\/tr>\n<tr>\n<td colspan=\"4\">Source\u00a0: Insee.<\/td>\n<\/tr>\n<\/tbody>\n<\/table>\n<\/div>\n<p>&nbsp;<\/p>\n<div style=\"clear: both; display: inline-block; width: 100%;\">\n<div class=\"row\">\n<div class=\"col-sm\">\n<figure id=\"attachment_53417\" aria-describedby=\"caption-attachment-53417\" style=\"width: 400px\" class=\"wp-caption alignleft\"><a href=\"https:\/\/gifex.com\/fr\/wp-content\/uploads\/15647\/Carte-des-principales-villes-du-Doubs.jpg\" target=\"_blank\" rel=\"noopener\"><img fetchpriority=\"high\" decoding=\"async\" class=\"wp-image-53417\" title=\"Carte des principales villes du Doubs.\" src=\"https:\/\/gifex.com\/fr\/wp-content\/uploads\/15647\/Carte-des-principales-villes-du-Doubs-279x300.jpg\" alt=\"Carte des principales villes du Doubs.\" width=\"400\" height=\"431\" srcset=\"https:\/\/gifex.com\/fr\/wp-content\/uploads\/15647\/Carte-des-principales-villes-du-Doubs-279x300.jpg 279w, https:\/\/gifex.com\/fr\/wp-content\/uploads\/15647\/Carte-des-principales-villes-du-Doubs-951x1024.jpg 951w, https:\/\/gifex.com\/fr\/wp-content\/uploads\/15647\/Carte-des-principales-villes-du-Doubs-768x827.jpg 768w, https:\/\/gifex.com\/fr\/wp-content\/uploads\/15647\/Carte-des-principales-villes-du-Doubs-300x323.jpg 300w, https:\/\/gifex.com\/fr\/wp-content\/uploads\/15647\/Carte-des-principales-villes-du-Doubs.jpg 1100w\" sizes=\"(max-width: 400px) 100vw, 400px\" \/><\/a><figcaption id=\"caption-attachment-53417\" class=\"wp-caption-text\"><label style=\"font-size: 15px;\">Carte des principales villes du Doubs.<\/label><\/figcaption><\/figure>\n<\/div>\n<div class=\"col-sm\">\n<figure id=\"attachment_53418\" aria-describedby=\"caption-attachment-53418\" style=\"width: 400px\" class=\"wp-caption alignright\"><a href=\"https:\/\/gifex.com\/fr\/wp-content\/uploads\/15647\/Villes-des-environs-de-Montbeliard.jpg\" target=\"_blank\" rel=\"noopener\"><img decoding=\"async\" class=\"wp-image-53418\" title=\"Villes des environs de Montbeliard.\" src=\"https:\/\/gifex.com\/fr\/wp-content\/uploads\/15647\/Villes-des-environs-de-Montbeliard-300x284.jpg\" alt=\"Villes des environs de Montbeliard.\" width=\"400\" height=\"378\" srcset=\"https:\/\/gifex.com\/fr\/wp-content\/uploads\/15647\/Villes-des-environs-de-Montbeliard-300x284.jpg 300w, https:\/\/gifex.com\/fr\/wp-content\/uploads\/15647\/Villes-des-environs-de-Montbeliard.jpg 600w\" sizes=\"(max-width: 400px) 100vw, 400px\" \/><\/a><figcaption id=\"caption-attachment-53418\" class=\"wp-caption-text\"><label style=\"font-size: 15px;\">Villes des environs de Montbeliard.<\/label><\/figcaption><\/figure>\n<\/div>\n<div class=\"col-sm\">\n<figure id=\"attachment_53419\" aria-describedby=\"caption-attachment-53419\" style=\"width: 400px\" class=\"wp-caption aligncenter\"><a href=\"https:\/\/gifex.com\/fr\/wp-content\/uploads\/15647\/Villes-des-environs-de-Besancon.jpg\" target=\"_blank\" rel=\"noopener\"><img decoding=\"async\" class=\"wp-image-53419\" title=\"Villes des environs de Besan\u00e7on.\" src=\"https:\/\/gifex.com\/fr\/wp-content\/uploads\/15647\/Villes-des-environs-de-Besancon-300x215.jpg\" alt=\"Villes des environs de Besan\u00e7on.\" width=\"400\" height=\"286\" srcset=\"https:\/\/gifex.com\/fr\/wp-content\/uploads\/15647\/Villes-des-environs-de-Besancon-300x215.jpg 300w, https:\/\/gifex.com\/fr\/wp-content\/uploads\/15647\/Villes-des-environs-de-Besancon.jpg 600w\" sizes=\"(max-width: 400px) 100vw, 400px\" \/><\/a><figcaption id=\"caption-attachment-53419\" class=\"wp-caption-text\"><label style=\"font-size: 15px;\">Villes des environs de Besan\u00e7on.<\/label><\/figcaption><\/figure>\n<\/div>\n<\/div>\n<\/div>\n","protected":false},"excerpt":{"rendered":"<p>Sur les 571 communes que comprend le d\u00e9partement du Doubs, 46 ont en 2019 une population municipale sup\u00e9<\/p>\n","protected":false},"author":1,"featured_media":33045,"template":"","categoria_ficha":[1812],"class_list":["post-15647","ficha","type-ficha","status-publish","has-post-thumbnail","hentry","categoria_ficha-cartes-du-departement-du-doubs"],"acf":[],"_links":{"self":[{"href":"https:\/\/gifex.com\/fr\/wp-json\/wp\/v2\/ficha\/15647","targetHints":{"allow":["GET"]}}],"collection":[{"href":"https:\/\/gifex.com\/fr\/wp-json\/wp\/v2\/ficha"}],"about":[{"href":"https:\/\/gifex.com\/fr\/wp-json\/wp\/v2\/types\/ficha"}],"author":[{"embeddable":true,"href":"https:\/\/gifex.com\/fr\/wp-json\/wp\/v2\/users\/1"}],"version-history":[{"count":5,"href":"https:\/\/gifex.com\/fr\/wp-json\/wp\/v2\/ficha\/15647\/revisions"}],"predecessor-version":[{"id":53420,"href":"https:\/\/gifex.com\/fr\/wp-json\/wp\/v2\/ficha\/15647\/revisions\/53420"}],"wp:featuredmedia":[{"embeddable":true,"href":"https:\/\/gifex.com\/fr\/wp-json\/wp\/v2\/media\/33045"}],"wp:attachment":[{"href":"https:\/\/gifex.com\/fr\/wp-json\/wp\/v2\/media?parent=15647"}],"wp:term":[{"taxonomy":"categoria_ficha","embeddable":true,"href":"https:\/\/gifex.com\/fr\/wp-json\/wp\/v2\/categoria_ficha?post=15647"}],"curies":[{"name":"wp","href":"https:\/\/api.w.org\/{rel}","templated":true}]}}