{"id":15598,"date":"2022-06-08T22:20:53","date_gmt":"2022-06-08T22:20:53","guid":{"rendered":"https:\/\/gifex.com\/fr\/?post_type=ficha&#038;p=15598"},"modified":"2024-10-20T18:27:17","modified_gmt":"2024-10-20T18:27:17","slug":"carte-des-principales-communes-du-cantal","status":"publish","type":"ficha","link":"https:\/\/gifex.com\/fr\/fichier\/carte-des-principales-communes-du-cantal\/","title":{"rendered":"Carte des principales communes du Cantal"},"content":{"rendered":"<p style=\"text-align: center;\"><label style=\"font-size: 15px;\">Carte des principales communes du Cantal.<\/label><\/p>\n<p>Sur les 246 communes que comprend le d\u00e9partement du Cantal, neuf ont en 2019 une population municipale sup\u00e9rieure \u00e0 2 000 habitants, trois ont plus de 5 000 habitants et une a plus de 10 000 habitants : Aurillac.<\/p>\n<p>Les communes de plus de 2 000 habitants sont pr\u00e9sent\u00e9es dans le tableau ci-apr\u00e8s.<\/p>\n<div class=\"boxscrl\">\n<table width=\"401\">\n<tbody>\n<tr>\n<td rowspan=\"2\" width=\"168\">Commune<\/td>\n<td width=\"105\">Population<\/td>\n<td width=\"64\">Superficie<\/td>\n<td width=\"64\">Densit\u00e9<\/td>\n<\/tr>\n<tr>\n<td width=\"105\">2019<\/td>\n<td width=\"64\">(km<sup>2<\/sup>)<\/td>\n<td width=\"64\">(hab.\/km<sup>2<\/sup>)<\/td>\n<\/tr>\n<tr>\n<td>Aurillac<\/td>\n<td width=\"105\">25\u00a0593<\/td>\n<td width=\"64\">28,76<\/td>\n<td width=\"64\">889,9<\/td>\n<\/tr>\n<tr>\n<td>Saint-Flour<\/td>\n<td width=\"105\">6\u00a0458<\/td>\n<td width=\"64\">27,14<\/td>\n<td width=\"64\">238<\/td>\n<\/tr>\n<tr>\n<td>Arpajon-sur-C\u00e8re<\/td>\n<td width=\"105\">6\u00a0279<\/td>\n<td width=\"64\">47,67<\/td>\n<td width=\"64\">131,7<\/td>\n<\/tr>\n<tr>\n<td>Ytrac<\/td>\n<td width=\"105\">4\u00a0335<\/td>\n<td width=\"64\">38,37<\/td>\n<td width=\"64\">113<\/td>\n<\/tr>\n<tr>\n<td>Mauriac<\/td>\n<td width=\"105\">3\u00a0498<\/td>\n<td width=\"64\">27,61<\/td>\n<td width=\"64\">126,7<\/td>\n<\/tr>\n<tr>\n<td>Riom-\u00e8s-Montagnes<\/td>\n<td width=\"105\">2\u00a0479<\/td>\n<td width=\"64\">46,48<\/td>\n<td width=\"64\">53,3<\/td>\n<\/tr>\n<tr>\n<td>Naucelles<\/td>\n<td width=\"105\">2\u00a0113<\/td>\n<td width=\"64\">11,69<\/td>\n<td width=\"64\">180,8<\/td>\n<\/tr>\n<tr>\n<td>Maurs<\/td>\n<td width=\"105\">2\u00a0111<\/td>\n<td width=\"64\">30,84<\/td>\n<td width=\"64\">68,5<\/td>\n<\/tr>\n<tr>\n<td>Jussac<\/td>\n<td width=\"105\">2\u00a0022<\/td>\n<td width=\"64\">18,43<\/td>\n<td width=\"64\">109,7<\/td>\n<\/tr>\n<tr>\n<td colspan=\"4\">Source\u00a0: Insee.<\/td>\n<\/tr>\n<\/tbody>\n<\/table>\n<\/div>\n<p>&nbsp;<br \/>\n<figure id=\"attachment_52699\" aria-describedby=\"caption-attachment-52699\" style=\"width: 400px\" class=\"wp-caption aligncenter\"><a href=\"https:\/\/gifex.com\/fr\/wp-content\/uploads\/15598\/Carte-des-principales-villes-du-Cantal.jpg\" target=\"_blank\" rel=\"noopener\"><img fetchpriority=\"high\" decoding=\"async\" class=\"wp-image-52699\" title=\"Carte des principales villes du Cantal.\" src=\"https:\/\/gifex.com\/fr\/wp-content\/uploads\/15598\/Carte-des-principales-villes-du-Cantal-300x278.jpg\" alt=\"Carte des principales villes du Cantal.\" width=\"400\" height=\"370\" srcset=\"https:\/\/gifex.com\/fr\/wp-content\/uploads\/15598\/Carte-des-principales-villes-du-Cantal-300x278.jpg 300w, https:\/\/gifex.com\/fr\/wp-content\/uploads\/15598\/Carte-des-principales-villes-du-Cantal-1024x948.jpg 1024w, https:\/\/gifex.com\/fr\/wp-content\/uploads\/15598\/Carte-des-principales-villes-du-Cantal-768x711.jpg 768w, https:\/\/gifex.com\/fr\/wp-content\/uploads\/15598\/Carte-des-principales-villes-du-Cantal.jpg 1098w\" sizes=\"(max-width: 400px) 100vw, 400px\" \/><\/a><figcaption id=\"caption-attachment-52699\" class=\"wp-caption-text\"><label style=\"font-size: 15px;\">Carte des principales villes du Cantal.<\/label><\/figcaption><\/figure><\/p>\n","protected":false},"excerpt":{"rendered":"<p>Sur les 246 communes que comprend le d\u00e9partement du Cantal, neuf ont en 2019 une population municipale sup<\/p>\n","protected":false},"author":1,"featured_media":33043,"template":"","categoria_ficha":[1801],"class_list":["post-15598","ficha","type-ficha","status-publish","has-post-thumbnail","hentry","categoria_ficha-cartes-du-departement-du-cantal"],"acf":[],"_links":{"self":[{"href":"https:\/\/gifex.com\/fr\/wp-json\/wp\/v2\/ficha\/15598","targetHints":{"allow":["GET"]}}],"collection":[{"href":"https:\/\/gifex.com\/fr\/wp-json\/wp\/v2\/ficha"}],"about":[{"href":"https:\/\/gifex.com\/fr\/wp-json\/wp\/v2\/types\/ficha"}],"author":[{"embeddable":true,"href":"https:\/\/gifex.com\/fr\/wp-json\/wp\/v2\/users\/1"}],"version-history":[{"count":5,"href":"https:\/\/gifex.com\/fr\/wp-json\/wp\/v2\/ficha\/15598\/revisions"}],"predecessor-version":[{"id":52700,"href":"https:\/\/gifex.com\/fr\/wp-json\/wp\/v2\/ficha\/15598\/revisions\/52700"}],"wp:featuredmedia":[{"embeddable":true,"href":"https:\/\/gifex.com\/fr\/wp-json\/wp\/v2\/media\/33043"}],"wp:attachment":[{"href":"https:\/\/gifex.com\/fr\/wp-json\/wp\/v2\/media?parent=15598"}],"wp:term":[{"taxonomy":"categoria_ficha","embeddable":true,"href":"https:\/\/gifex.com\/fr\/wp-json\/wp\/v2\/categoria_ficha?post=15598"}],"curies":[{"name":"wp","href":"https:\/\/api.w.org\/{rel}","templated":true}]}}