{"id":15459,"date":"2022-06-07T21:54:17","date_gmt":"2022-06-07T21:54:17","guid":{"rendered":"https:\/\/gifex.com\/fr\/?post_type=ficha&#038;p=15459"},"modified":"2023-03-25T14:31:01","modified_gmt":"2023-03-25T14:31:01","slug":"carte-des-cantons-du-departement-des-pyrenees-atlantiques","status":"publish","type":"ficha","link":"https:\/\/gifex.com\/fr\/fichier\/carte-des-cantons-du-departement-des-pyrenees-atlantiques\/","title":{"rendered":"Carte des cantons du d\u00e9partement des Pyr\u00e9n\u00e9es-Atlantiques"},"content":{"rendered":"<p style=\"text-align: center;\"><label style=\"font-size: 15px;\">Carte des cantons du d\u00e9partement des Pyr\u00e9n\u00e9es-Atlantiques.<\/label><\/p>\n<p>Voici les 27 cantons du d\u00e9partement des Pyr\u00e9n\u00e9es-Atlantiques, en France, suite \u00e0 la r\u00e9organisation cantonale fran\u00e7aise entr\u00e9e en vigueur en mars 2015 :<\/p>\n<div class=\"boxscrl\">\n<table width=\"555\">\n<tbody>\n<tr>\n<td width=\"259\">Anglet ;<\/td>\n<td width=\"296\">Oloron-Sainte-Marie-2 ;<\/td>\n<\/tr>\n<tr>\n<td>Artix et Pays de Soubestre ;<\/td>\n<td>Orthez et Terres des Gaves et du Sel ;<\/td>\n<\/tr>\n<tr>\n<td>Ba\u00efgura et Mondarrain ;<\/td>\n<td>Ouzom, Gave et Rives du Neez ;<\/td>\n<\/tr>\n<tr>\n<td>Bayonne-1 ;<\/td>\n<td>Pau-1 ;<\/td>\n<\/tr>\n<tr>\n<td>Bayonne-2 ;<\/td>\n<td>Pau-2 ;<\/td>\n<\/tr>\n<tr>\n<td>Bayonne-3 ;<\/td>\n<td>Pau-3 ;<\/td>\n<\/tr>\n<tr>\n<td>Biarritz ;<\/td>\n<td>Pau-4 ;<\/td>\n<\/tr>\n<tr>\n<td>Bill\u00e8re et Coteaux de Juran\u00e7on ;<\/td>\n<td>Pays de Bidache, Amikuze et Ostibarre ;<\/td>\n<\/tr>\n<tr>\n<td>Le C\u0153ur de B\u00e9arn ;<\/td>\n<td>Pays de Morla\u00e0s et du Montan\u00e9r\u00e8s ;<\/td>\n<\/tr>\n<tr>\n<td>Hendaye-C\u00f4te Basque-Sud ;<\/td>\n<td>Saint-Jean-de-Luz ;<\/td>\n<\/tr>\n<tr>\n<td>Lescar, Gave et Terres du Pont-Long ;<\/td>\n<td>Terres des Luys et Coteaux du Vic-Bilh ;<\/td>\n<\/tr>\n<tr>\n<td>Montagne Basque ;<\/td>\n<td>Ustaritz-Vall\u00e9es de Nive et Nivelle ;<\/td>\n<\/tr>\n<tr>\n<td>Nive-Adour ;<\/td>\n<td>Vall\u00e9es de l&#8217;Ousse et du Lagoin<\/td>\n<\/tr>\n<tr>\n<td>Oloron-Sainte-Marie-1 ;<\/td>\n<td><\/td>\n<\/tr>\n<\/tbody>\n<\/table>\n<\/div>\n","protected":false},"excerpt":{"rendered":"<p>Voici les 27 cantons du d\u00e9partement des Pyr\u00e9n\u00e9es-Atlantiques, en France, suite \u00e0 la r\u00e9organisation cantona<\/p>\n","protected":false},"author":1,"featured_media":15460,"template":"","categoria_ficha":[1852],"class_list":["post-15459","ficha","type-ficha","status-publish","has-post-thumbnail","hentry","categoria_ficha-cartes-du-departement-des-pyrenees-atlantiques"],"acf":[],"_links":{"self":[{"href":"https:\/\/gifex.com\/fr\/wp-json\/wp\/v2\/ficha\/15459","targetHints":{"allow":["GET"]}}],"collection":[{"href":"https:\/\/gifex.com\/fr\/wp-json\/wp\/v2\/ficha"}],"about":[{"href":"https:\/\/gifex.com\/fr\/wp-json\/wp\/v2\/types\/ficha"}],"author":[{"embeddable":true,"href":"https:\/\/gifex.com\/fr\/wp-json\/wp\/v2\/users\/1"}],"version-history":[{"count":4,"href":"https:\/\/gifex.com\/fr\/wp-json\/wp\/v2\/ficha\/15459\/revisions"}],"predecessor-version":[{"id":36726,"href":"https:\/\/gifex.com\/fr\/wp-json\/wp\/v2\/ficha\/15459\/revisions\/36726"}],"wp:featuredmedia":[{"embeddable":true,"href":"https:\/\/gifex.com\/fr\/wp-json\/wp\/v2\/media\/15460"}],"wp:attachment":[{"href":"https:\/\/gifex.com\/fr\/wp-json\/wp\/v2\/media?parent=15459"}],"wp:term":[{"taxonomy":"categoria_ficha","embeddable":true,"href":"https:\/\/gifex.com\/fr\/wp-json\/wp\/v2\/categoria_ficha?post=15459"}],"curies":[{"name":"wp","href":"https:\/\/api.w.org\/{rel}","templated":true}]}}