{"id":15098,"date":"2022-06-05T15:52:21","date_gmt":"2022-06-05T15:52:21","guid":{"rendered":"https:\/\/gifex.com\/fr\/?post_type=ficha&#038;p=15098"},"modified":"2024-11-08T18:43:56","modified_gmt":"2024-11-08T18:43:56","slug":"carte-des-principales-communes-de-meurthe-et-moselle","status":"publish","type":"ficha","link":"https:\/\/gifex.com\/fr\/fichier\/carte-des-principales-communes-de-meurthe-et-moselle\/","title":{"rendered":"Carte des principales communes de Meurthe-et-Moselle"},"content":{"rendered":"<p style=\"text-align: center;\"><label style=\"font-size: 15px;\">Carte des principales communes de Meurthe-et-Moselle.<\/label><\/p>\n<p>Sur les 591 communes que comprend le d\u00e9partement de Meurthe-et-Moselle, 71 ont en 2019 une population municipale sup\u00e9rieure \u00e0 2 000 habitants, 32 ont plus de 5 000 habitants, dix ont plus de 10 000 habitants et deux ont plus de 25 000 habitants : Nancy et Vand\u0153uvre-l\u00e8s-Nancy.<\/p>\n<p>Les communes de plus de 10 000 habitants sont pr\u00e9sent\u00e9es dans le tableau ci-apr\u00e8s.<\/p>\n<div class=\"boxscrl\">\n<table width=\"333\">\n<tbody>\n<tr>\n<td rowspan=\"2\" width=\"114\">Commune<\/td>\n<td width=\"75\">Population<\/td>\n<td width=\"70\">Superficie<\/td>\n<td width=\"74\">Densit\u00e9<\/td>\n<\/tr>\n<tr>\n<td width=\"75\">2019<\/td>\n<td width=\"70\">(km<sup>2<\/sup>)<\/td>\n<td width=\"74\">(hab.\/km<sup>2<\/sup>)<\/td>\n<\/tr>\n<tr>\n<td width=\"114\">Nancy<\/td>\n<td width=\"75\">105\u00a0058<\/td>\n<td width=\"70\">15,01<\/td>\n<td width=\"74\">6\u00a0999,2<\/td>\n<\/tr>\n<tr>\n<td width=\"114\">Vand\u0153uvre-l\u00e8s-Nancy<\/td>\n<td width=\"75\">29\u00a0942<\/td>\n<td width=\"70\">9,46<\/td>\n<td width=\"74\">3\u00a0165,1<\/td>\n<\/tr>\n<tr>\n<td width=\"114\">Lun\u00e9ville<\/td>\n<td width=\"75\">17\u00a0867<\/td>\n<td width=\"70\">16,34<\/td>\n<td width=\"74\">1\u00a0093,5<\/td>\n<\/tr>\n<tr>\n<td width=\"114\">Toul<\/td>\n<td width=\"75\">15\u00a0633<\/td>\n<td width=\"70\">30,59<\/td>\n<td width=\"74\">511<\/td>\n<\/tr>\n<tr>\n<td width=\"114\">Longwy<\/td>\n<td width=\"75\">14\u00a0774<\/td>\n<td width=\"70\">5,34<\/td>\n<td width=\"74\">2\u00a0766,7<\/td>\n<\/tr>\n<tr>\n<td width=\"114\">Villers-l\u00e8s-Nancy<\/td>\n<td width=\"75\">14\u00a0525<\/td>\n<td width=\"70\">9,95<\/td>\n<td width=\"74\">1\u00a0459,8<\/td>\n<\/tr>\n<tr>\n<td width=\"114\">Pont-\u00e0-Mousson<\/td>\n<td width=\"75\">14\u00a0497<\/td>\n<td width=\"70\">21,6<\/td>\n<td width=\"74\">671,2<\/td>\n<\/tr>\n<tr>\n<td width=\"114\">Laxou<\/td>\n<td width=\"75\">14\u00a0366<\/td>\n<td width=\"70\">15,94<\/td>\n<td width=\"74\">901,3<\/td>\n<\/tr>\n<tr>\n<td width=\"114\">Saint-Max<\/td>\n<td width=\"75\">10\u00a0019<\/td>\n<td width=\"70\">1,85<\/td>\n<td width=\"74\">5\u00a0415,7<\/td>\n<\/tr>\n<tr>\n<td width=\"114\">Villerupt<\/td>\n<td width=\"75\">10\u00a0003<\/td>\n<td width=\"70\">6,56<\/td>\n<td width=\"74\">1\u00a0524,8<\/td>\n<\/tr>\n<tr>\n<td colspan=\"4\" width=\"333\">Source\u00a0: Insee.<\/td>\n<\/tr>\n<\/tbody>\n<\/table>\n<\/div>\n<p>&nbsp;<\/p>\n<div style=\"clear: both; display: inline-block; width: 100%;\">\n<div class=\"row\">\n<div class=\"col-sm\">\n<figure id=\"attachment_53753\" aria-describedby=\"caption-attachment-53753\" style=\"width: 400px\" class=\"wp-caption alignleft\"><a href=\"https:\/\/gifex.com\/fr\/wp-content\/uploads\/15098\/Carte-des-principales-villes-de-Meurthe-et-Moselle.jpg\" target=\"_blank\" rel=\"noopener\"><img fetchpriority=\"high\" decoding=\"async\" class=\"wp-image-53753\" title=\"Carte des principales villes de Meurthe-et-Moselle.\" src=\"https:\/\/gifex.com\/fr\/wp-content\/uploads\/15098\/Carte-des-principales-villes-de-Meurthe-et-Moselle-293x300.jpg\" alt=\"Carte des principales villes de Meurthe-et-Moselle.\" width=\"400\" height=\"409\" srcset=\"https:\/\/gifex.com\/fr\/wp-content\/uploads\/15098\/Carte-des-principales-villes-de-Meurthe-et-Moselle-293x300.jpg 293w, https:\/\/gifex.com\/fr\/wp-content\/uploads\/15098\/Carte-des-principales-villes-de-Meurthe-et-Moselle-1000x1024.jpg 1000w, https:\/\/gifex.com\/fr\/wp-content\/uploads\/15098\/Carte-des-principales-villes-de-Meurthe-et-Moselle-768x786.jpg 768w, https:\/\/gifex.com\/fr\/wp-content\/uploads\/15098\/Carte-des-principales-villes-de-Meurthe-et-Moselle-300x307.jpg 300w, https:\/\/gifex.com\/fr\/wp-content\/uploads\/15098\/Carte-des-principales-villes-de-Meurthe-et-Moselle.jpg 1100w\" sizes=\"(max-width: 400px) 100vw, 400px\" \/><\/a><figcaption id=\"caption-attachment-53753\" class=\"wp-caption-text\"><label style=\"font-size: 15px;\">Carte des principales villes de Meurthe-et-Moselle.<\/label><\/figcaption><\/figure>\n<\/div>\n<div class=\"col-sm\">\n<figure id=\"attachment_53754\" aria-describedby=\"caption-attachment-53754\" style=\"width: 400px\" class=\"wp-caption alignright\"><a href=\"https:\/\/gifex.com\/fr\/wp-content\/uploads\/15098\/Principales-villes-des-environs-de-Nancy.jpg\" target=\"_blank\" rel=\"noopener\"><img decoding=\"async\" class=\"wp-image-53754\" title=\"Principales villes des environs de Nancy.\" src=\"https:\/\/gifex.com\/fr\/wp-content\/uploads\/15098\/Principales-villes-des-environs-de-Nancy-300x300.jpg\" alt=\"Principales villes des environs de Nancy.\" width=\"400\" height=\"400\" srcset=\"https:\/\/gifex.com\/fr\/wp-content\/uploads\/15098\/Principales-villes-des-environs-de-Nancy-300x300.jpg 300w, https:\/\/gifex.com\/fr\/wp-content\/uploads\/15098\/Principales-villes-des-environs-de-Nancy-150x150.jpg 150w, https:\/\/gifex.com\/fr\/wp-content\/uploads\/15098\/Principales-villes-des-environs-de-Nancy.jpg 500w\" sizes=\"(max-width: 400px) 100vw, 400px\" \/><\/a><figcaption id=\"caption-attachment-53754\" class=\"wp-caption-text\"><label style=\"font-size: 15px;\">Principales villes des environs de Nancy.<\/label><\/figcaption><\/figure>\n<\/div>\n<div class=\"col-sm\">\n<figure id=\"attachment_53755\" aria-describedby=\"caption-attachment-53755\" style=\"width: 400px\" class=\"wp-caption aligncenter\"><a href=\"https:\/\/gifex.com\/fr\/wp-content\/uploads\/15098\/Principales-villes-des-environs-de-Longwy.jpg\" target=\"_blank\" rel=\"noopener\"><img decoding=\"async\" class=\"wp-image-53755\" title=\"Principales villes des environs de Longwy.\" src=\"https:\/\/gifex.com\/fr\/wp-content\/uploads\/15098\/Principales-villes-des-environs-de-Longwy-300x220.jpg\" alt=\"Principales villes des environs de Longwy.\" width=\"400\" height=\"293\" srcset=\"https:\/\/gifex.com\/fr\/wp-content\/uploads\/15098\/Principales-villes-des-environs-de-Longwy-300x220.jpg 300w, https:\/\/gifex.com\/fr\/wp-content\/uploads\/15098\/Principales-villes-des-environs-de-Longwy.jpg 360w\" sizes=\"(max-width: 400px) 100vw, 400px\" \/><\/a><figcaption id=\"caption-attachment-53755\" class=\"wp-caption-text\"><label style=\"font-size: 15px;\">Principales villes des environs de Longwy.<\/label><\/figcaption><\/figure>\n<\/div>\n<\/div>\n<\/div>\n","protected":false},"excerpt":{"rendered":"<p>Sur les 591 communes que comprend le d\u00e9partement de Meurthe-et-Moselle, 71 ont en 2019 une population munici<\/p>\n","protected":false},"author":1,"featured_media":33072,"template":"","categoria_ficha":[1884],"class_list":["post-15098","ficha","type-ficha","status-publish","has-post-thumbnail","hentry","categoria_ficha-cartes-du-departement-de-meurthe-et-moselle"],"acf":[],"_links":{"self":[{"href":"https:\/\/gifex.com\/fr\/wp-json\/wp\/v2\/ficha\/15098","targetHints":{"allow":["GET"]}}],"collection":[{"href":"https:\/\/gifex.com\/fr\/wp-json\/wp\/v2\/ficha"}],"about":[{"href":"https:\/\/gifex.com\/fr\/wp-json\/wp\/v2\/types\/ficha"}],"author":[{"embeddable":true,"href":"https:\/\/gifex.com\/fr\/wp-json\/wp\/v2\/users\/1"}],"version-history":[{"count":5,"href":"https:\/\/gifex.com\/fr\/wp-json\/wp\/v2\/ficha\/15098\/revisions"}],"predecessor-version":[{"id":22154,"href":"https:\/\/gifex.com\/fr\/wp-json\/wp\/v2\/ficha\/15098\/revisions\/22154"}],"wp:featuredmedia":[{"embeddable":true,"href":"https:\/\/gifex.com\/fr\/wp-json\/wp\/v2\/media\/33072"}],"wp:attachment":[{"href":"https:\/\/gifex.com\/fr\/wp-json\/wp\/v2\/media?parent=15098"}],"wp:term":[{"taxonomy":"categoria_ficha","embeddable":true,"href":"https:\/\/gifex.com\/fr\/wp-json\/wp\/v2\/categoria_ficha?post=15098"}],"curies":[{"name":"wp","href":"https:\/\/api.w.org\/{rel}","templated":true}]}}