{"id":15011,"date":"2022-06-04T16:35:42","date_gmt":"2022-06-04T16:35:42","guid":{"rendered":"https:\/\/gifex.com\/fr\/?post_type=ficha&#038;p=15011"},"modified":"2024-10-30T15:46:54","modified_gmt":"2024-10-30T15:46:54","slug":"carte-des-principales-communes-de-la-vienne","status":"publish","type":"ficha","link":"https:\/\/gifex.com\/fr\/fichier\/carte-des-principales-communes-de-la-vienne\/","title":{"rendered":"Carte des principales communes de la Vienne"},"content":{"rendered":"<p style=\"text-align: center;\"><label style=\"font-size: 15px;\">Carte des principales communes de la Vienne.<\/label><\/p>\n<p>Sur les 266 communes que comprend le d\u00e9partement de la Vienne, 47 ont en 2019 une population municipale sup\u00e9rieure \u00e0 2 000 habitants, quatorze ont plus de 5 000 habitants et trois ont plus de 10 000 habitants : Poitiers, Ch\u00e2tellerault et Buxerolles.<\/p>\n<p>Les communes de plus de 5 000 habitants sont pr\u00e9sent\u00e9es dans le tableau ci-apr\u00e8s.<\/p>\n<div class=\"boxscrl\">\n<table width=\"459\">\n<tbody>\n<tr>\n<td rowspan=\"2\" width=\"180\">Commune<\/td>\n<td width=\"151\">Population<\/td>\n<td width=\"64\">Superficie<\/td>\n<td width=\"64\">Densit\u00e9<\/td>\n<\/tr>\n<tr>\n<td width=\"151\">2019<\/td>\n<td width=\"64\">(km<sup>2<\/sup>)<\/td>\n<td width=\"64\">(hab.\/km<sup>2<\/sup>)<\/td>\n<\/tr>\n<tr>\n<td>Poitiers<\/td>\n<td width=\"151\">89\u00a0212<\/td>\n<td width=\"64\">42,11<\/td>\n<td width=\"64\">2\u00a0118,5<\/td>\n<\/tr>\n<tr>\n<td>Ch\u00e2tellerault<\/td>\n<td width=\"151\">31\u00a0487<\/td>\n<td width=\"64\">51,93<\/td>\n<td width=\"64\">606,3<\/td>\n<\/tr>\n<tr>\n<td>Buxerolles<\/td>\n<td width=\"151\">10\u00a0060<\/td>\n<td width=\"64\">9,1<\/td>\n<td width=\"64\">1\u00a0105,5<\/td>\n<\/tr>\n<tr>\n<td>Jaunay-Marigny<\/td>\n<td width=\"151\">7\u00a0600<\/td>\n<td width=\"64\">48,29<\/td>\n<td width=\"64\">157,4<\/td>\n<\/tr>\n<tr>\n<td>Saint-Beno\u00eet<\/td>\n<td width=\"151\">7\u00a0267<\/td>\n<td width=\"64\">13,58<\/td>\n<td width=\"64\">535,1<\/td>\n<\/tr>\n<tr>\n<td>Chauvigny<\/td>\n<td width=\"151\">7\u00a0062<\/td>\n<td width=\"64\">95,82<\/td>\n<td width=\"64\">73,7<\/td>\n<\/tr>\n<tr>\n<td>Loudun<\/td>\n<td width=\"151\">6\u00a0712<\/td>\n<td width=\"64\">43,77<\/td>\n<td width=\"64\">153,3<\/td>\n<\/tr>\n<tr>\n<td>Mign\u00e9-Auxances<\/td>\n<td width=\"151\">6\u00a0154<\/td>\n<td width=\"64\">28,96<\/td>\n<td width=\"64\">212,5<\/td>\n<\/tr>\n<tr>\n<td>Vouneuil-sous-Biard<\/td>\n<td width=\"151\">6\u00a0060<\/td>\n<td width=\"64\">25,98<\/td>\n<td width=\"64\">233,3<\/td>\n<\/tr>\n<tr>\n<td>Naintr\u00e9<\/td>\n<td width=\"151\">5\u00a0941<\/td>\n<td width=\"64\">24,86<\/td>\n<td width=\"64\">239<\/td>\n<\/tr>\n<tr>\n<td>Montmorillon<\/td>\n<td width=\"151\">5\u00a0940<\/td>\n<td width=\"64\">57<\/td>\n<td width=\"64\">104,2<\/td>\n<\/tr>\n<tr>\n<td>Saint-Martin-la-Pallu<\/td>\n<td width=\"151\">5\u00a0578<\/td>\n<td width=\"64\">93,87<\/td>\n<td width=\"64\">59,4<\/td>\n<\/tr>\n<tr>\n<td>Neuville-de-Poitou<\/td>\n<td width=\"151\">5\u00a0359<\/td>\n<td width=\"64\">17,06<\/td>\n<td width=\"64\">314,1<\/td>\n<\/tr>\n<tr>\n<td>Mignaloux-Beauvoir<\/td>\n<td width=\"151\">5\u00a0026<\/td>\n<td width=\"64\">21,56<\/td>\n<td width=\"64\">233,1<\/td>\n<\/tr>\n<tr>\n<td colspan=\"4\">Source\u00a0: Insee.<\/td>\n<\/tr>\n<\/tbody>\n<\/table>\n<\/div>\n<p>&nbsp;<br \/>\n<figure id=\"attachment_53242\" aria-describedby=\"caption-attachment-53242\" style=\"width: 400px\" class=\"wp-caption aligncenter\"><a href=\"https:\/\/gifex.com\/fr\/wp-content\/uploads\/15011\/Carte-des-principales-villes-de-la-Vienne.jpg\" target=\"_blank\" rel=\"noopener\"><img fetchpriority=\"high\" decoding=\"async\" class=\"wp-image-53242\" title=\"Carte des principales villes de la Vienne.\" src=\"https:\/\/gifex.com\/fr\/wp-content\/uploads\/15011\/Carte-des-principales-villes-de-la-Vienne-253x300.jpg\" alt=\"Carte des principales villes de la Vienne.\" width=\"400\" height=\"473\" srcset=\"https:\/\/gifex.com\/fr\/wp-content\/uploads\/15011\/Carte-des-principales-villes-de-la-Vienne-253x300.jpg 253w, https:\/\/gifex.com\/fr\/wp-content\/uploads\/15011\/Carte-des-principales-villes-de-la-Vienne-865x1024.jpg 865w, https:\/\/gifex.com\/fr\/wp-content\/uploads\/15011\/Carte-des-principales-villes-de-la-Vienne-768x909.jpg 768w, https:\/\/gifex.com\/fr\/wp-content\/uploads\/15011\/Carte-des-principales-villes-de-la-Vienne-300x355.jpg 300w, https:\/\/gifex.com\/fr\/wp-content\/uploads\/15011\/Carte-des-principales-villes-de-la-Vienne.jpg 1100w\" sizes=\"(max-width: 400px) 100vw, 400px\" \/><\/a><figcaption id=\"caption-attachment-53242\" class=\"wp-caption-text\"><label style=\"font-size: 15px;\">Carte des principales villes de la Vienne.<\/label><\/figcaption><\/figure><\/p>\n","protected":false},"excerpt":{"rendered":"<p>Sur les 266 communes que comprend le d\u00e9partement de la Vienne, 47 ont en 2019 une population municipale sup\u00e9rie<\/p>\n","protected":false},"author":1,"featured_media":33068,"template":"","categoria_ficha":[1867],"class_list":["post-15011","ficha","type-ficha","status-publish","has-post-thumbnail","hentry","categoria_ficha-cartes-du-departement-de-la-vienne"],"acf":[],"_links":{"self":[{"href":"https:\/\/gifex.com\/fr\/wp-json\/wp\/v2\/ficha\/15011","targetHints":{"allow":["GET"]}}],"collection":[{"href":"https:\/\/gifex.com\/fr\/wp-json\/wp\/v2\/ficha"}],"about":[{"href":"https:\/\/gifex.com\/fr\/wp-json\/wp\/v2\/types\/ficha"}],"author":[{"embeddable":true,"href":"https:\/\/gifex.com\/fr\/wp-json\/wp\/v2\/users\/1"}],"version-history":[{"count":5,"href":"https:\/\/gifex.com\/fr\/wp-json\/wp\/v2\/ficha\/15011\/revisions"}],"predecessor-version":[{"id":53243,"href":"https:\/\/gifex.com\/fr\/wp-json\/wp\/v2\/ficha\/15011\/revisions\/53243"}],"wp:featuredmedia":[{"embeddable":true,"href":"https:\/\/gifex.com\/fr\/wp-json\/wp\/v2\/media\/33068"}],"wp:attachment":[{"href":"https:\/\/gifex.com\/fr\/wp-json\/wp\/v2\/media?parent=15011"}],"wp:term":[{"taxonomy":"categoria_ficha","embeddable":true,"href":"https:\/\/gifex.com\/fr\/wp-json\/wp\/v2\/categoria_ficha?post=15011"}],"curies":[{"name":"wp","href":"https:\/\/api.w.org\/{rel}","templated":true}]}}