{"id":14789,"date":"2022-06-02T20:49:13","date_gmt":"2022-06-02T20:49:13","guid":{"rendered":"https:\/\/gifex.com\/fr\/?post_type=ficha&#038;p=14789"},"modified":"2024-11-08T20:13:05","modified_gmt":"2024-11-08T20:13:05","slug":"carte-des-principales-communes-de-la-meuse","status":"publish","type":"ficha","link":"https:\/\/gifex.com\/fr\/fichier\/carte-des-principales-communes-de-la-meuse\/","title":{"rendered":"Carte des principales communes de la Meuse"},"content":{"rendered":"<p style=\"text-align: center;\"><label style=\"font-size: 15px;\">Carte des principales communes de la Meuse.<\/label><\/p>\n<p>Sur les 499 communes que comprend le d\u00e9partement de la Meuse, quatorze ont en 2019 une population municipale sup\u00e9rieure \u00e0 2 000 habitants, trois ont plus de 5 000 habitants et deux ont plus de 10 000 habitants : Verdun et Bar-le-Duc.<\/p>\n<p>Les communes de plus de 2 000 habitants sont pr\u00e9sent\u00e9es dans le tableau ci-apr\u00e8s.<\/p>\n<div class=\"boxscrl\">\n<table width=\"493\">\n<tbody>\n<tr>\n<td rowspan=\"2\" width=\"180\">Commune<\/td>\n<td width=\"185\">Population<\/td>\n<td width=\"64\">Superficie<\/td>\n<td width=\"64\">Densit\u00e9<\/td>\n<\/tr>\n<tr>\n<td width=\"185\">2019<\/td>\n<td width=\"64\">(km<sup>2<\/sup>)<\/td>\n<td width=\"64\">(hab.\/km<sup>2<\/sup>)<\/td>\n<\/tr>\n<tr>\n<td>Verdun<\/td>\n<td width=\"185\">16\u00a0942<\/td>\n<td width=\"64\">31,03<\/td>\n<td width=\"64\">546<\/td>\n<\/tr>\n<tr>\n<td>Bar-le-Duc<\/td>\n<td width=\"185\">14\u00a0625<\/td>\n<td width=\"64\">23,62<\/td>\n<td width=\"64\">619,2<\/td>\n<\/tr>\n<tr>\n<td>Commercy<\/td>\n<td width=\"185\">5\u00a0386<\/td>\n<td width=\"64\">35,37<\/td>\n<td width=\"64\">152,3<\/td>\n<\/tr>\n<tr>\n<td>Saint-Mihiel<\/td>\n<td width=\"185\">4\u00a0039<\/td>\n<td width=\"64\">33<\/td>\n<td width=\"64\">122,4<\/td>\n<\/tr>\n<tr>\n<td>Ligny-en-Barrois<\/td>\n<td width=\"185\">4\u00a0018<\/td>\n<td width=\"64\">32,26<\/td>\n<td width=\"64\">124,6<\/td>\n<\/tr>\n<tr>\n<td>\u00c9tain<\/td>\n<td width=\"185\">3\u00a0507<\/td>\n<td width=\"64\">19,64<\/td>\n<td width=\"64\">178,6<\/td>\n<\/tr>\n<tr>\n<td>Thierville-sur-Meuse<\/td>\n<td width=\"185\">3\u00a0165<\/td>\n<td width=\"64\">12,09<\/td>\n<td width=\"64\">261,8<\/td>\n<\/tr>\n<tr>\n<td>Belleville-sur-Meuse<\/td>\n<td width=\"185\">3\u00a0040<\/td>\n<td width=\"64\">10,16<\/td>\n<td width=\"64\">299,2<\/td>\n<\/tr>\n<tr>\n<td>Revigny-sur-Ornain<\/td>\n<td width=\"185\">2\u00a0802<\/td>\n<td width=\"64\">19,32<\/td>\n<td width=\"64\">145<\/td>\n<\/tr>\n<tr>\n<td>Ancerville<\/td>\n<td width=\"185\">2\u00a0662<\/td>\n<td width=\"64\">21,58<\/td>\n<td width=\"64\">123,4<\/td>\n<\/tr>\n<tr>\n<td>Stenay<\/td>\n<td width=\"185\">2\u00a0507<\/td>\n<td width=\"64\">27,16<\/td>\n<td width=\"64\">92,3<\/td>\n<\/tr>\n<tr>\n<td>Bouligny<\/td>\n<td width=\"185\">2\u00a0464<\/td>\n<td width=\"64\">10,99<\/td>\n<td width=\"64\">224,2<\/td>\n<\/tr>\n<tr>\n<td>Fains-V\u00e9el<\/td>\n<td width=\"185\">2\u00a0109<\/td>\n<td width=\"64\">18,3<\/td>\n<td width=\"64\">115,2<\/td>\n<\/tr>\n<tr>\n<td>Montm\u00e9dy<\/td>\n<td width=\"185\">2\u00a0052<\/td>\n<td width=\"64\">23,49<\/td>\n<td width=\"64\">87,4<\/td>\n<\/tr>\n<tr>\n<td colspan=\"4\">Source\u00a0: Insee.<\/td>\n<\/tr>\n<\/tbody>\n<\/table>\n<\/div>\n<p>&nbsp;<br \/>\n<figure id=\"attachment_53775\" aria-describedby=\"caption-attachment-53775\" style=\"width: 400px\" class=\"wp-caption aligncenter\"><a href=\"https:\/\/gifex.com\/fr\/wp-content\/uploads\/14789\/Carte-des-principales-villes-de-la-Meuse.jpg\" target=\"_blank\" rel=\"noopener\"><img fetchpriority=\"high\" decoding=\"async\" class=\"wp-image-53775\" title=\"Carte des principales villes de la Meuse.\" src=\"https:\/\/gifex.com\/fr\/wp-content\/uploads\/14789\/Carte-des-principales-villes-de-la-Meuse-167x300.jpg\" alt=\"Carte des principales villes de la Meuse.\" width=\"400\" height=\"717\" srcset=\"https:\/\/gifex.com\/fr\/wp-content\/uploads\/14789\/Carte-des-principales-villes-de-la-Meuse-167x300.jpg 167w, https:\/\/gifex.com\/fr\/wp-content\/uploads\/14789\/Carte-des-principales-villes-de-la-Meuse-571x1024.jpg 571w, https:\/\/gifex.com\/fr\/wp-content\/uploads\/14789\/Carte-des-principales-villes-de-la-Meuse-768x1376.jpg 768w, https:\/\/gifex.com\/fr\/wp-content\/uploads\/14789\/Carte-des-principales-villes-de-la-Meuse-857x1536.jpg 857w, https:\/\/gifex.com\/fr\/wp-content\/uploads\/14789\/Carte-des-principales-villes-de-la-Meuse-300x538.jpg 300w, https:\/\/gifex.com\/fr\/wp-content\/uploads\/14789\/Carte-des-principales-villes-de-la-Meuse-893x1600.jpg 893w, https:\/\/gifex.com\/fr\/wp-content\/uploads\/14789\/Carte-des-principales-villes-de-la-Meuse.jpg 1100w\" sizes=\"(max-width: 400px) 100vw, 400px\" \/><\/a><figcaption id=\"caption-attachment-53775\" class=\"wp-caption-text\"><label style=\"font-size: 15px;\">Carte des principales villes de la Meuse.<\/label><\/figcaption><\/figure><\/p>\n","protected":false},"excerpt":{"rendered":"<p>Sur les 499 communes que comprend le d\u00e9partement de la Meuse, quatorze ont en 2019 une population munici<\/p>\n","protected":false},"author":1,"featured_media":33079,"template":"","categoria_ficha":[1842],"class_list":["post-14789","ficha","type-ficha","status-publish","has-post-thumbnail","hentry","categoria_ficha-cartes-du-departement-de-la-meuse"],"acf":[],"_links":{"self":[{"href":"https:\/\/gifex.com\/fr\/wp-json\/wp\/v2\/ficha\/14789","targetHints":{"allow":["GET"]}}],"collection":[{"href":"https:\/\/gifex.com\/fr\/wp-json\/wp\/v2\/ficha"}],"about":[{"href":"https:\/\/gifex.com\/fr\/wp-json\/wp\/v2\/types\/ficha"}],"author":[{"embeddable":true,"href":"https:\/\/gifex.com\/fr\/wp-json\/wp\/v2\/users\/1"}],"version-history":[{"count":5,"href":"https:\/\/gifex.com\/fr\/wp-json\/wp\/v2\/ficha\/14789\/revisions"}],"predecessor-version":[{"id":53776,"href":"https:\/\/gifex.com\/fr\/wp-json\/wp\/v2\/ficha\/14789\/revisions\/53776"}],"wp:featuredmedia":[{"embeddable":true,"href":"https:\/\/gifex.com\/fr\/wp-json\/wp\/v2\/media\/33079"}],"wp:attachment":[{"href":"https:\/\/gifex.com\/fr\/wp-json\/wp\/v2\/media?parent=14789"}],"wp:term":[{"taxonomy":"categoria_ficha","embeddable":true,"href":"https:\/\/gifex.com\/fr\/wp-json\/wp\/v2\/categoria_ficha?post=14789"}],"curies":[{"name":"wp","href":"https:\/\/api.w.org\/{rel}","templated":true}]}}