{"id":14135,"date":"2022-05-28T17:49:36","date_gmt":"2022-05-28T17:49:36","guid":{"rendered":"https:\/\/gifex.com\/fr\/?post_type=ficha&#038;p=14135"},"modified":"2024-10-27T14:46:41","modified_gmt":"2024-10-27T14:46:41","slug":"carte-des-principales-communes-de-la-correze","status":"publish","type":"ficha","link":"https:\/\/gifex.com\/fr\/fichier\/carte-des-principales-communes-de-la-correze\/","title":{"rendered":"Carte des principales communes de la Corr\u00e8ze"},"content":{"rendered":"<p style=\"text-align: center;\"><label style=\"font-size: 15px;\">Carte des principales communes de la Corr\u00e8ze.<\/label><\/p>\n<p>Sur les 279 communes que comprend le d\u00e9partement de la Corr\u00e8ze, 19 ont en 2019 une population municipale sup\u00e9rieure \u00e0 2 000 habitants, quatre ont plus de 5 000 habitants et deux ont plus de 10 000 habitants : Brive-la-Gaillarde et Tulle.<\/p>\n<p>Les communes de plus de 2 000 habitants sont pr\u00e9sent\u00e9es dans le tableau ci-apr\u00e8s.<\/p>\n<div class=\"boxscrl\">\n<table width=\"393\">\n<tbody>\n<tr>\n<td rowspan=\"2\" width=\"174\">Commune<\/td>\n<td width=\"75\">Population<\/td>\n<td width=\"70\">Superficie<\/td>\n<td width=\"74\">Densit\u00e9<\/td>\n<\/tr>\n<tr>\n<td width=\"75\">2019<\/td>\n<td width=\"70\">(km<sup>2<\/sup>)<\/td>\n<td width=\"74\">(hab.\/km<sup>2<\/sup>)<\/td>\n<\/tr>\n<tr>\n<td width=\"174\">Brive-la-Gaillarde<\/td>\n<td width=\"75\">46\u00a0330<\/td>\n<td width=\"70\">48,59<\/td>\n<td width=\"74\">953,5<\/td>\n<\/tr>\n<tr>\n<td width=\"174\">Tulle<\/td>\n<td width=\"75\">14\u00a0812<\/td>\n<td width=\"70\">24,44<\/td>\n<td width=\"74\">606,1<\/td>\n<\/tr>\n<tr>\n<td width=\"174\">Ussel<\/td>\n<td width=\"75\">9\u00a0358<\/td>\n<td width=\"70\">50,37<\/td>\n<td width=\"74\">185,8<\/td>\n<\/tr>\n<tr>\n<td width=\"174\">Malemort<\/td>\n<td width=\"75\">7\u00a0984<\/td>\n<td width=\"70\">19,65<\/td>\n<td width=\"74\">406,3<\/td>\n<\/tr>\n<tr>\n<td width=\"174\">Saint-Pantal\u00e9on-de-Larche<\/td>\n<td width=\"75\">4\u00a0751<\/td>\n<td width=\"70\">23,47<\/td>\n<td width=\"74\">202,4<\/td>\n<\/tr>\n<tr>\n<td width=\"174\">\u00c9gletons<\/td>\n<td width=\"75\">4\u00a0295<\/td>\n<td width=\"70\">16,85<\/td>\n<td width=\"74\">254,9<\/td>\n<\/tr>\n<tr>\n<td width=\"174\">Ussac<\/td>\n<td width=\"75\">4\u00a0215<\/td>\n<td width=\"70\">24,63<\/td>\n<td width=\"74\">171,1<\/td>\n<\/tr>\n<tr>\n<td width=\"174\">Allassac<\/td>\n<td width=\"75\">3\u00a0968<\/td>\n<td width=\"70\">39,01<\/td>\n<td width=\"74\">101,7<\/td>\n<\/tr>\n<tr>\n<td width=\"174\">Objat<\/td>\n<td width=\"75\">3\u00a0624<\/td>\n<td width=\"70\">9,57<\/td>\n<td width=\"74\">378,7<\/td>\n<\/tr>\n<tr>\n<td width=\"174\">Cosnac<\/td>\n<td width=\"75\">2\u00a0974<\/td>\n<td width=\"70\">19,98<\/td>\n<td width=\"74\">148,8<\/td>\n<\/tr>\n<tr>\n<td width=\"174\">Argentat-sur-Dordogne<\/td>\n<td width=\"75\">2\u00a0896<\/td>\n<td width=\"70\">29,57<\/td>\n<td width=\"74\">97,9<\/td>\n<\/tr>\n<tr>\n<td width=\"174\">Uzerche<\/td>\n<td width=\"75\">2\u00a0794<\/td>\n<td width=\"70\">23,85<\/td>\n<td width=\"74\">117,1<\/td>\n<\/tr>\n<tr>\n<td width=\"174\">Donzenac<\/td>\n<td width=\"75\">2\u00a0678<\/td>\n<td width=\"70\">24,24<\/td>\n<td width=\"74\">110,5<\/td>\n<\/tr>\n<tr>\n<td width=\"174\">Bort-les-Orgues<\/td>\n<td width=\"75\">2\u00a0648<\/td>\n<td width=\"70\">15,07<\/td>\n<td width=\"74\">175,7<\/td>\n<\/tr>\n<tr>\n<td width=\"174\">Varetz<\/td>\n<td width=\"75\">2\u00a0457<\/td>\n<td width=\"70\">20,38<\/td>\n<td width=\"74\">120,6<\/td>\n<\/tr>\n<tr>\n<td width=\"174\">Naves<\/td>\n<td width=\"75\">2\u00a0336<\/td>\n<td width=\"70\">35,93<\/td>\n<td width=\"74\">65<\/td>\n<\/tr>\n<tr>\n<td width=\"174\">Meymac<\/td>\n<td width=\"75\">2\u00a0308<\/td>\n<td width=\"70\">87,15<\/td>\n<td width=\"74\">26,5<\/td>\n<\/tr>\n<tr>\n<td width=\"174\">Lubersac<\/td>\n<td width=\"75\">2\u00a0236<\/td>\n<td width=\"70\">57,46<\/td>\n<td width=\"74\">38,9<\/td>\n<\/tr>\n<tr>\n<td width=\"174\">Sainte-F\u00e9r\u00e9ole<\/td>\n<td width=\"75\">2\u00a0007<\/td>\n<td width=\"70\">35,58<\/td>\n<td width=\"74\">56,4<\/td>\n<\/tr>\n<tr>\n<td colspan=\"4\" width=\"393\">Source\u00a0: Insee.<\/td>\n<\/tr>\n<\/tbody>\n<\/table>\n<\/div>\n<p>&nbsp;<\/p>\n<figure id=\"attachment_53042\" aria-describedby=\"caption-attachment-53042\" style=\"width: 400px\" class=\"wp-caption aligncenter\"><a href=\"https:\/\/gifex.com\/fr\/wp-content\/uploads\/14135\/Carte-des-principales-villes-de-la-Correze.jpg\" target=\"_blank\" rel=\"noopener\"><img fetchpriority=\"high\" decoding=\"async\" class=\"wp-image-53042\" title=\"Carte des principales villes de la Corr\u00e8ze.\" src=\"https:\/\/gifex.com\/fr\/wp-content\/uploads\/14135\/Carte-des-principales-villes-de-la-Correze-300x273.jpg\" alt=\"Carte des principales villes de la Corr\u00e8ze.\" width=\"400\" height=\"364\" srcset=\"https:\/\/gifex.com\/fr\/wp-content\/uploads\/14135\/Carte-des-principales-villes-de-la-Correze-300x273.jpg 300w, https:\/\/gifex.com\/fr\/wp-content\/uploads\/14135\/Carte-des-principales-villes-de-la-Correze-1024x932.jpg 1024w, https:\/\/gifex.com\/fr\/wp-content\/uploads\/14135\/Carte-des-principales-villes-de-la-Correze-768x699.jpg 768w, https:\/\/gifex.com\/fr\/wp-content\/uploads\/14135\/Carte-des-principales-villes-de-la-Correze.jpg 1100w\" sizes=\"(max-width: 400px) 100vw, 400px\" \/><\/a><figcaption id=\"caption-attachment-53042\" class=\"wp-caption-text\"><label style=\"font-size: 15px;\">Carte des principales villes de la Corr\u00e8ze.<\/label><\/figcaption><\/figure>\n","protected":false},"excerpt":{"rendered":"<p>Sur les 279 communes que comprend le d\u00e9partement de la Corr\u00e8ze, 19 ont en 2019 une population mun<\/p>\n","protected":false},"author":1,"featured_media":33100,"template":"","categoria_ficha":[1805],"class_list":["post-14135","ficha","type-ficha","status-publish","has-post-thumbnail","hentry","categoria_ficha-cartes-du-departement-de-la-correze"],"acf":[],"_links":{"self":[{"href":"https:\/\/gifex.com\/fr\/wp-json\/wp\/v2\/ficha\/14135","targetHints":{"allow":["GET"]}}],"collection":[{"href":"https:\/\/gifex.com\/fr\/wp-json\/wp\/v2\/ficha"}],"about":[{"href":"https:\/\/gifex.com\/fr\/wp-json\/wp\/v2\/types\/ficha"}],"author":[{"embeddable":true,"href":"https:\/\/gifex.com\/fr\/wp-json\/wp\/v2\/users\/1"}],"version-history":[{"count":5,"href":"https:\/\/gifex.com\/fr\/wp-json\/wp\/v2\/ficha\/14135\/revisions"}],"predecessor-version":[{"id":53043,"href":"https:\/\/gifex.com\/fr\/wp-json\/wp\/v2\/ficha\/14135\/revisions\/53043"}],"wp:featuredmedia":[{"embeddable":true,"href":"https:\/\/gifex.com\/fr\/wp-json\/wp\/v2\/media\/33100"}],"wp:attachment":[{"href":"https:\/\/gifex.com\/fr\/wp-json\/wp\/v2\/media?parent=14135"}],"wp:term":[{"taxonomy":"categoria_ficha","embeddable":true,"href":"https:\/\/gifex.com\/fr\/wp-json\/wp\/v2\/categoria_ficha?post=14135"}],"curies":[{"name":"wp","href":"https:\/\/api.w.org\/{rel}","templated":true}]}}