{"id":14014,"date":"2022-05-26T15:24:39","date_gmt":"2022-05-26T15:24:39","guid":{"rendered":"https:\/\/gifex.com\/fr\/?post_type=ficha&#038;p=14014"},"modified":"2024-11-10T19:23:29","modified_gmt":"2024-11-10T19:23:29","slug":"carte-des-principales-communes-de-l-orne","status":"publish","type":"ficha","link":"https:\/\/gifex.com\/fr\/fichier\/carte-des-principales-communes-de-l-orne\/","title":{"rendered":"Carte des principales communes de l\u2019Orne"},"content":{"rendered":"<p style=\"text-align: center;\"><label style=\"font-size: 15px;\">Carte des principales communes de l\u2019Orne.<\/label><\/p>\n<p>Sur les 385 communes que comprend le d\u00e9partement de l&#8217;Orne, 27 ont en 2019 une population municipale sup\u00e9rieure \u00e0 2 000 habitants, cinq ont plus de 5 000 habitants et trois ont plus de 10 000 habitants : Alen\u00e7on, Flers et Argentan.<\/p>\n<p>Les communes de plus de 5 000 habitants sont pr\u00e9sent\u00e9es dans le tableau ci-apr\u00e8s.<\/p>\n<div class=\"boxscrl\">\n<table width=\"311\">\n<tbody>\n<tr>\n<td rowspan=\"2\" width=\"92\">Commune<\/td>\n<td width=\"75\">Population<\/td>\n<td width=\"70\">Superficie<\/td>\n<td width=\"74\">Densit\u00e9<\/td>\n<\/tr>\n<tr>\n<td width=\"75\">2019<\/td>\n<td width=\"70\">(km<sup>2<\/sup>)<\/td>\n<td width=\"74\">(hab.\/km<sup>2<\/sup>)<\/td>\n<\/tr>\n<tr>\n<td width=\"92\">Alen\u00e7on<\/td>\n<td width=\"75\">25\u00a0870<\/td>\n<td width=\"70\">10,68<\/td>\n<td width=\"74\">2\u00a0422,3<\/td>\n<\/tr>\n<tr>\n<td width=\"92\">Flers<\/td>\n<td width=\"75\">14\u00a0762<\/td>\n<td width=\"70\">21,15<\/td>\n<td width=\"74\">698<\/td>\n<\/tr>\n<tr>\n<td width=\"92\">Argentan<\/td>\n<td width=\"75\">13\u00a0395<\/td>\n<td width=\"70\">18,18<\/td>\n<td width=\"74\">736,8<\/td>\n<\/tr>\n<tr>\n<td width=\"92\">L&#8217;Aigle<\/td>\n<td width=\"75\">7\u00a0961<\/td>\n<td width=\"70\">18,02<\/td>\n<td width=\"74\">441,8<\/td>\n<\/tr>\n<tr>\n<td width=\"92\">La Fert\u00e9 Mac\u00e9<\/td>\n<td width=\"75\">5\u00a0186<\/td>\n<td width=\"70\">31,86<\/td>\n<td width=\"74\">162,8<\/td>\n<\/tr>\n<tr>\n<td colspan=\"4\" width=\"311\">Source\u00a0: Insee.<\/td>\n<\/tr>\n<\/tbody>\n<\/table>\n<\/div>\n<p>&nbsp;<\/p>\n<figure id=\"attachment_53948\" aria-describedby=\"caption-attachment-53948\" style=\"width: 400px\" class=\"wp-caption aligncenter\"><a href=\"https:\/\/gifex.com\/fr\/wp-content\/uploads\/14014\/Carte-des-principales-villes-de-l-Orne.jpg\" target=\"_blank\" rel=\"noopener\"><img fetchpriority=\"high\" decoding=\"async\" class=\"wp-image-53948\" title=\"Carte des principales villes de l\u2019Orne.\" src=\"https:\/\/gifex.com\/fr\/wp-content\/uploads\/14014\/Carte-des-principales-villes-de-l-Orne-300x201.jpg\" alt=\"Carte des principales villes de l\u2019Orne.\" width=\"400\" height=\"268\" srcset=\"https:\/\/gifex.com\/fr\/wp-content\/uploads\/14014\/Carte-des-principales-villes-de-l-Orne-300x201.jpg 300w, https:\/\/gifex.com\/fr\/wp-content\/uploads\/14014\/Carte-des-principales-villes-de-l-Orne-1024x685.jpg 1024w, https:\/\/gifex.com\/fr\/wp-content\/uploads\/14014\/Carte-des-principales-villes-de-l-Orne-768x514.jpg 768w, https:\/\/gifex.com\/fr\/wp-content\/uploads\/14014\/Carte-des-principales-villes-de-l-Orne.jpg 1100w\" sizes=\"(max-width: 400px) 100vw, 400px\" \/><\/a><figcaption id=\"caption-attachment-53948\" class=\"wp-caption-text\"><label style=\"font-size: 15px;\">Carte des principales villes de l\u2019Orne.<\/label><\/figcaption><\/figure>\n","protected":false},"excerpt":{"rendered":"<p>Sur les 385 communes que comprend le d\u00e9partement de l&#8217;Orne, 27 ont en 2019 une population municipale<\/p>\n","protected":false},"author":1,"featured_media":33106,"template":"","categoria_ficha":[1848],"class_list":["post-14014","ficha","type-ficha","status-publish","has-post-thumbnail","hentry","categoria_ficha-cartes-du-departement-de-l-orne"],"acf":[],"_links":{"self":[{"href":"https:\/\/gifex.com\/fr\/wp-json\/wp\/v2\/ficha\/14014","targetHints":{"allow":["GET"]}}],"collection":[{"href":"https:\/\/gifex.com\/fr\/wp-json\/wp\/v2\/ficha"}],"about":[{"href":"https:\/\/gifex.com\/fr\/wp-json\/wp\/v2\/types\/ficha"}],"author":[{"embeddable":true,"href":"https:\/\/gifex.com\/fr\/wp-json\/wp\/v2\/users\/1"}],"version-history":[{"count":7,"href":"https:\/\/gifex.com\/fr\/wp-json\/wp\/v2\/ficha\/14014\/revisions"}],"predecessor-version":[{"id":53950,"href":"https:\/\/gifex.com\/fr\/wp-json\/wp\/v2\/ficha\/14014\/revisions\/53950"}],"wp:featuredmedia":[{"embeddable":true,"href":"https:\/\/gifex.com\/fr\/wp-json\/wp\/v2\/media\/33106"}],"wp:attachment":[{"href":"https:\/\/gifex.com\/fr\/wp-json\/wp\/v2\/media?parent=14014"}],"wp:term":[{"taxonomy":"categoria_ficha","embeddable":true,"href":"https:\/\/gifex.com\/fr\/wp-json\/wp\/v2\/categoria_ficha?post=14014"}],"curies":[{"name":"wp","href":"https:\/\/api.w.org\/{rel}","templated":true}]}}