{"id":13998,"date":"2022-05-26T14:23:38","date_gmt":"2022-05-26T14:23:38","guid":{"rendered":"https:\/\/gifex.com\/fr\/?post_type=ficha&#038;p=13998"},"modified":"2023-02-01T18:13:23","modified_gmt":"2023-02-01T18:13:23","slug":"carte-du-reseau-ferre-de-l-orne","status":"publish","type":"ficha","link":"https:\/\/gifex.com\/fr\/fichier\/carte-du-reseau-ferre-de-l-orne\/","title":{"rendered":"Carte du r\u00e9seau ferr\u00e9 de l\u2019Orne"},"content":{"rendered":"<p>Carte du r\u00e9seau ferr\u00e9 de l\u2019Orne, trois lignes ferroviaires traversent le d\u00e9partement de l&#8217;Orne.<\/p>\n<figure id=\"attachment_14000\" aria-describedby=\"caption-attachment-14000\" style=\"width: 360px\" class=\"wp-caption alignright\"><a href=\"https:\/\/gifex.com\/fr\/wp-content\/uploads\/13998\/Gare-d-Alencon-departement-de-l-Orne-2011.jpg\" target=\"_blank\" rel=\"noopener\"><img fetchpriority=\"high\" decoding=\"async\" class=\"wp-image-14000\" title=\"Gare d'Alen\u00e7on d\u00e9partement de l'Orne.\" src=\"https:\/\/gifex.com\/fr\/wp-content\/uploads\/13998\/Gare-d-Alencon-departement-de-l-Orne-2011-300x225.jpg\" alt=\"Gare d'Alen\u00e7on d\u00e9partement de l'Orne.\" width=\"360\" height=\"270\" srcset=\"https:\/\/gifex.com\/fr\/wp-content\/uploads\/13998\/Gare-d-Alencon-departement-de-l-Orne-2011-300x225.jpg 300w, https:\/\/gifex.com\/fr\/wp-content\/uploads\/13998\/Gare-d-Alencon-departement-de-l-Orne-2011-1024x768.jpg 1024w, https:\/\/gifex.com\/fr\/wp-content\/uploads\/13998\/Gare-d-Alencon-departement-de-l-Orne-2011-768x576.jpg 768w, https:\/\/gifex.com\/fr\/wp-content\/uploads\/13998\/Gare-d-Alencon-departement-de-l-Orne-2011-800x600.jpg 800w, https:\/\/gifex.com\/fr\/wp-content\/uploads\/13998\/Gare-d-Alencon-departement-de-l-Orne-2011.jpg 1280w\" sizes=\"(max-width: 360px) 100vw, 360px\" \/><\/a><figcaption id=\"caption-attachment-14000\" class=\"wp-caption-text\"><label style=\"font-size: 15px;\">Gare d&#8217;Alen\u00e7on d\u00e9partement de l&#8217;Orne.<\/label><\/figcaption><\/figure>\n<ul>\n<li>La ligne Paris &#8211; Granville est une radiale d&#8217;importance secondaire reliant la capitale au sud de la Basse-Normandie selon un axe est\/ouest. Elle traverse l&#8217;Orne dans sa longueur et dessert les villes de L&#8217;Aigle, Argentan et Flers. C&#8217;est le principal axe ferroviaire reliant l&#8217;Orne \u00e0 Paris. Cinq allers-retours quotidiens sont assur\u00e9s par des trains Intercit\u00e9s entre Paris et Granville. Deux allers-retours suppl\u00e9mentaires entre Paris et Argentan sont assur\u00e9s par des trains express r\u00e9gionaux, ces trains desservent L&#8217;Aigle et Argentan. Cette ligne n&#8217;est pas \u00e9lectrifi\u00e9e (sauf entre Paris et Dreux). Originellement \u00e0 double voie, certaines portions entre Argentan et Granville ont \u00e9t\u00e9 r\u00e9duites \u00e0 voie unique lors de sa modernisation entre 1994 et 1999.<\/li>\n<\/ul>\n<figure id=\"attachment_14002\" aria-describedby=\"caption-attachment-14002\" style=\"width: 360px\" class=\"wp-caption alignright\"><a href=\"https:\/\/gifex.com\/fr\/wp-content\/uploads\/13998\/Gare-d-Argentan-departement-de-l-Orne-2008.jpg\" target=\"_blank\" rel=\"noopener\"><img decoding=\"async\" class=\"wp-image-14002\" title=\"Gare d'Argentan d\u00e9partement de l'Orne.\" src=\"https:\/\/gifex.com\/fr\/wp-content\/uploads\/13998\/Gare-d-Argentan-departement-de-l-Orne-2008-300x225.jpg\" alt=\"Gare d'Argentan d\u00e9partement de l'Orne.\" width=\"360\" height=\"270\" srcset=\"https:\/\/gifex.com\/fr\/wp-content\/uploads\/13998\/Gare-d-Argentan-departement-de-l-Orne-2008-300x225.jpg 300w, https:\/\/gifex.com\/fr\/wp-content\/uploads\/13998\/Gare-d-Argentan-departement-de-l-Orne-2008-1024x768.jpg 1024w, https:\/\/gifex.com\/fr\/wp-content\/uploads\/13998\/Gare-d-Argentan-departement-de-l-Orne-2008-768x576.jpg 768w, https:\/\/gifex.com\/fr\/wp-content\/uploads\/13998\/Gare-d-Argentan-departement-de-l-Orne-2008-800x600.jpg 800w, https:\/\/gifex.com\/fr\/wp-content\/uploads\/13998\/Gare-d-Argentan-departement-de-l-Orne-2008.jpg 1280w\" sizes=\"(max-width: 360px) 100vw, 360px\" \/><\/a><figcaption id=\"caption-attachment-14002\" class=\"wp-caption-text\"><label style=\"font-size: 15px;\">Gare d&#8217;Argentan d\u00e9partement de l&#8217;Orne.<\/label><\/figcaption><\/figure>\n<ul>\n<li>La ligne Caen &#8211; Tours est une transversale nord\/sud reliant les villes de Caen, Alen\u00e7on, Le Mans et Tours. Elle dessert Argentan et Alen\u00e7on et permet de connecter ces villes aux m\u00e9tropoles r\u00e9gionales que sont Caen et Le Mans, et \u00e9galement au p\u00f4le TGV de la gare du Mans. C&#8217;est une ligne \u00e0 double voie non \u00e9lectrifi\u00e9e. Trois allers-retours quotidiens entre Caen et Tours sont assur\u00e9s par des trains Intercit\u00e9s ; cependant cette ligne est surtout parcourue par des trains express r\u00e9gionaux entre Caen et Le Mans, Caen et Alen\u00e7on, ou encore Alen\u00e7on et Le Mans. Cela porte ainsi le nombre d&#8217;allers-retours quotidiens \u00e0 13 entre Alen\u00e7on et Le Mans, et 8 entre Argentan et Caen.<\/li>\n<li>La ligne Paris &#8211; Brest traverse la pointe sud-est du d\u00e9partement et offre des relations entre Paris et Le Mans par voie classique (service r\u00e9gionaux du TER Centre-Val de Loire). C&#8217;est une ligne \u00e9lectrifi\u00e9e \u00e0 double voie.<br \/>\nLes deux premi\u00e8res lignes repr\u00e9sentent \u00e0 elles seules \u00e0 la quasi-totalit\u00e9 du r\u00e9seau ferr\u00e9 ornais. Elles forment un tronc commun d&#8217;une dizaine de kilom\u00e8tres au centre du d\u00e9partement entre les gares d&#8217;Argentan et de Surdon.<\/li>\n<\/ul>\n<p>Au total, l&#8217;Orne compte sept gares et huit haltes ferroviaires.<\/p>\n","protected":false},"excerpt":{"rendered":"<p>Trois lignes ferroviaires traversent le d\u00e9partement de l&#8217;Orne.<\/p>\n<p>La ligne Paris &#8211; Granville est une radiale d&#8217;importance secondaire reliant la ca<\/p>\n","protected":false},"author":1,"featured_media":13999,"template":"","categoria_ficha":[1848],"class_list":["post-13998","ficha","type-ficha","status-publish","has-post-thumbnail","hentry","categoria_ficha-cartes-du-departement-de-l-orne"],"acf":[],"_links":{"self":[{"href":"https:\/\/gifex.com\/fr\/wp-json\/wp\/v2\/ficha\/13998","targetHints":{"allow":["GET"]}}],"collection":[{"href":"https:\/\/gifex.com\/fr\/wp-json\/wp\/v2\/ficha"}],"about":[{"href":"https:\/\/gifex.com\/fr\/wp-json\/wp\/v2\/types\/ficha"}],"author":[{"embeddable":true,"href":"https:\/\/gifex.com\/fr\/wp-json\/wp\/v2\/users\/1"}],"version-history":[{"count":7,"href":"https:\/\/gifex.com\/fr\/wp-json\/wp\/v2\/ficha\/13998\/revisions"}],"predecessor-version":[{"id":33222,"href":"https:\/\/gifex.com\/fr\/wp-json\/wp\/v2\/ficha\/13998\/revisions\/33222"}],"wp:featuredmedia":[{"embeddable":true,"href":"https:\/\/gifex.com\/fr\/wp-json\/wp\/v2\/media\/13999"}],"wp:attachment":[{"href":"https:\/\/gifex.com\/fr\/wp-json\/wp\/v2\/media?parent=13998"}],"wp:term":[{"taxonomy":"categoria_ficha","embeddable":true,"href":"https:\/\/gifex.com\/fr\/wp-json\/wp\/v2\/categoria_ficha?post=13998"}],"curies":[{"name":"wp","href":"https:\/\/api.w.org\/{rel}","templated":true}]}}