{"id":13987,"date":"2022-05-26T12:22:32","date_gmt":"2022-05-26T12:22:32","guid":{"rendered":"https:\/\/gifex.com\/fr\/?post_type=ficha&#038;p=13987"},"modified":"2024-10-21T20:37:13","modified_gmt":"2024-10-21T20:37:13","slug":"carte-des-principales-communes-de-l-oise","status":"publish","type":"ficha","link":"https:\/\/gifex.com\/fr\/fichier\/carte-des-principales-communes-de-l-oise\/","title":{"rendered":"Carte des principales communes de l&#8217;Oise"},"content":{"rendered":"<p style=\"text-align: center;\"><label style=\"font-size: 15px;\">Carte des principales communes de l&#8217;Oise.<\/label><\/p>\n<p>Sur les 679 communes que comprend le d\u00e9partement de l&#8217;Oise, 77 ont en 2019 une population municipale sup\u00e9rieure \u00e0 2 000 habitants, 20 ont plus de 5 000 habitants et treize ont plus de 10 000 habitants : Beauvais, Compi\u00e8gne, Creil, Nogent-sur-Oise, Cr\u00e9py-en-Valois, Senlis, M\u00e9ru, Montataire, Noyon, Pont-Sainte-Maxence, Chantilly, Clermont et Chambly.<\/p>\n<p>Les communes de plus de 5 000 habitants sont pr\u00e9sent\u00e9es dans le tableau ci-apr\u00e8s.<\/p>\n<div class=\"boxscrl\">\n<table width=\"373\">\n<tbody>\n<tr>\n<td rowspan=\"2\" width=\"154\">Commune<\/td>\n<td width=\"75\">Population<\/td>\n<td width=\"70\">Superficie<\/td>\n<td width=\"74\">Densit\u00e9<\/td>\n<\/tr>\n<tr>\n<td width=\"75\">2019<\/td>\n<td width=\"70\">(km<sup>2<\/sup>)<\/td>\n<td width=\"74\">(hab.\/km<sup>2<\/sup>)<\/td>\n<\/tr>\n<tr>\n<td width=\"154\">Beauvais<\/td>\n<td width=\"75\">57\u00a0071<\/td>\n<td width=\"70\">33,31<\/td>\n<td width=\"74\">1\u00a0713,3<\/td>\n<\/tr>\n<tr>\n<td width=\"154\">Compi\u00e8gne<\/td>\n<td width=\"75\">40\u00a0615<\/td>\n<td width=\"70\">53,1<\/td>\n<td width=\"74\">764,9<\/td>\n<\/tr>\n<tr>\n<td width=\"154\">Creil<\/td>\n<td width=\"75\">36\u00a0169<\/td>\n<td width=\"70\">11,09<\/td>\n<td width=\"74\">3\u00a0261,4<\/td>\n<\/tr>\n<tr>\n<td width=\"154\">Nogent-sur-Oise<\/td>\n<td width=\"75\">20\u00a0780<\/td>\n<td width=\"70\">7,46<\/td>\n<td width=\"74\">2\u00a0785,5<\/td>\n<\/tr>\n<tr>\n<td width=\"154\">Cr\u00e9py-en-Valois<\/td>\n<td width=\"75\">14\u00a0788<\/td>\n<td width=\"70\">16,28<\/td>\n<td width=\"74\">908,4<\/td>\n<\/tr>\n<tr>\n<td width=\"154\">Senlis<\/td>\n<td width=\"75\">14\u00a0760<\/td>\n<td width=\"70\">24,05<\/td>\n<td width=\"74\">613,7<\/td>\n<\/tr>\n<tr>\n<td width=\"154\">M\u00e9ru<\/td>\n<td width=\"75\">14\u00a0452<\/td>\n<td width=\"70\">22,83<\/td>\n<td width=\"74\">633<\/td>\n<\/tr>\n<tr>\n<td width=\"154\">Montataire<\/td>\n<td width=\"75\">13\u00a0645<\/td>\n<td width=\"70\">10,66<\/td>\n<td width=\"74\">1\u00a0280<\/td>\n<\/tr>\n<tr>\n<td width=\"154\">Noyon<\/td>\n<td width=\"75\">13\u00a0190<\/td>\n<td width=\"70\">18<\/td>\n<td width=\"74\">732,8<\/td>\n<\/tr>\n<tr>\n<td width=\"154\">Pont-Sainte-Maxence<\/td>\n<td width=\"75\">12\u00a0602<\/td>\n<td width=\"70\">14,76<\/td>\n<td width=\"74\">853,8<\/td>\n<\/tr>\n<tr>\n<td width=\"154\">Chantilly<\/td>\n<td width=\"75\">10\u00a0950<\/td>\n<td width=\"70\">16,19<\/td>\n<td width=\"74\">676,3<\/td>\n<\/tr>\n<tr>\n<td width=\"154\">Clermont<\/td>\n<td width=\"75\">10\u00a0163<\/td>\n<td width=\"70\">5,81<\/td>\n<td width=\"74\">1\u00a0749,2<\/td>\n<\/tr>\n<tr>\n<td width=\"154\">Chambly<\/td>\n<td width=\"75\">10\u00a0147<\/td>\n<td width=\"70\">12,87<\/td>\n<td width=\"74\">788,4<\/td>\n<\/tr>\n<tr>\n<td width=\"154\">Gouvieux<\/td>\n<td width=\"75\">8\u00a0978<\/td>\n<td width=\"70\">23,25<\/td>\n<td width=\"74\">386,2<\/td>\n<\/tr>\n<tr>\n<td width=\"154\">Lamorlaye<\/td>\n<td width=\"75\">8\u00a0784<\/td>\n<td width=\"70\">15,34<\/td>\n<td width=\"74\">572,6<\/td>\n<\/tr>\n<tr>\n<td width=\"154\">Margny-l\u00e8s-Compi\u00e8gne<\/td>\n<td width=\"75\">8\u00a0676<\/td>\n<td width=\"70\">6,66<\/td>\n<td width=\"74\">1\u00a0302,7<\/td>\n<\/tr>\n<tr>\n<td width=\"154\">Liancourt<\/td>\n<td width=\"75\">7\u00a0010<\/td>\n<td width=\"70\">4,75<\/td>\n<td width=\"74\">1\u00a0475,8<\/td>\n<\/tr>\n<tr>\n<td width=\"154\">Villers-Saint-Paul<\/td>\n<td width=\"75\">6\u00a0434<\/td>\n<td width=\"70\">4,93<\/td>\n<td width=\"74\">1\u00a0305,1<\/td>\n<\/tr>\n<tr>\n<td width=\"154\">Saint-Just-en-Chauss\u00e9e<\/td>\n<td width=\"75\">6\u00a0055<\/td>\n<td width=\"70\">14,66<\/td>\n<td width=\"74\">413<\/td>\n<\/tr>\n<tr>\n<td width=\"154\">Mouy<\/td>\n<td width=\"75\">5\u00a0237<\/td>\n<td width=\"70\">9,87<\/td>\n<td width=\"74\">530,6<\/td>\n<\/tr>\n<tr>\n<td colspan=\"4\" width=\"373\">Source\u00a0: Insee.<\/td>\n<\/tr>\n<\/tbody>\n<\/table>\n<\/div>\n<p>&nbsp;<\/p>\n<div style=\"clear: both; display: inline-block; width: 100%;\">\n<div class=\"row\">\n<div class=\"col-sm\">\n<figure id=\"attachment_52789\" aria-describedby=\"caption-attachment-52789\" style=\"width: 400px\" class=\"wp-caption alignleft\"><a href=\"https:\/\/gifex.com\/fr\/wp-content\/uploads\/13987\/Carte-des-principales-villes-des-environs-de-Creil.jpg\" target=\"_blank\" rel=\"noopener\"><img fetchpriority=\"high\" decoding=\"async\" class=\"wp-image-52789\" title=\"Carte des principales villes des environs de Creil.\" src=\"https:\/\/gifex.com\/fr\/wp-content\/uploads\/13987\/Carte-des-principales-villes-des-environs-de-Creil-300x242.jpg\" alt=\"Carte des principales villes des environs de Creil.\" width=\"400\" height=\"323\" srcset=\"https:\/\/gifex.com\/fr\/wp-content\/uploads\/13987\/Carte-des-principales-villes-des-environs-de-Creil-300x242.jpg 300w, https:\/\/gifex.com\/fr\/wp-content\/uploads\/13987\/Carte-des-principales-villes-des-environs-de-Creil.jpg 600w\" sizes=\"(max-width: 400px) 100vw, 400px\" \/><\/a><figcaption id=\"caption-attachment-52789\" class=\"wp-caption-text\"><label style=\"font-size: 15px;\">Carte des principales villes des environs de Creil.<\/label><\/figcaption><\/figure>\n<\/div>\n<div class=\"col-sm\">\n<figure id=\"attachment_52790\" aria-describedby=\"caption-attachment-52790\" style=\"width: 400px\" class=\"wp-caption alignright\"><a href=\"https:\/\/gifex.com\/fr\/wp-content\/uploads\/13987\/Carte-des-principales-villes-de-l-Oise.jpg\" target=\"_blank\" rel=\"noopener\"><img decoding=\"async\" class=\"wp-image-52790\" title=\"Carte des principales villes de l'Oise.\" src=\"https:\/\/gifex.com\/fr\/wp-content\/uploads\/13987\/Carte-des-principales-villes-de-l-Oise-300x217.jpg\" alt=\"Carte des principales villes de l'Oise.\" width=\"400\" height=\"289\" srcset=\"https:\/\/gifex.com\/fr\/wp-content\/uploads\/13987\/Carte-des-principales-villes-de-l-Oise-300x217.jpg 300w, https:\/\/gifex.com\/fr\/wp-content\/uploads\/13987\/Carte-des-principales-villes-de-l-Oise-1024x740.jpg 1024w, https:\/\/gifex.com\/fr\/wp-content\/uploads\/13987\/Carte-des-principales-villes-de-l-Oise-768x555.jpg 768w, https:\/\/gifex.com\/fr\/wp-content\/uploads\/13987\/Carte-des-principales-villes-de-l-Oise.jpg 1100w\" sizes=\"(max-width: 400px) 100vw, 400px\" \/><\/a><figcaption id=\"caption-attachment-52790\" class=\"wp-caption-text\"><label style=\"font-size: 15px;\">Carte des principales villes de l&#8217;Oise.<\/label><\/figcaption><\/figure>\n<\/div>\n<\/div>\n<\/div>\n","protected":false},"excerpt":{"rendered":"<p>Sur les 679 communes que comprend le d\u00e9partement de l&#8217;Oise, 77 ont en 2019 une population municipale sup\u00e9r<\/p>\n","protected":false},"author":1,"featured_media":33105,"template":"","categoria_ficha":[1847],"class_list":["post-13987","ficha","type-ficha","status-publish","has-post-thumbnail","hentry","categoria_ficha-cartes-du-departement-de-l-oise"],"acf":[],"_links":{"self":[{"href":"https:\/\/gifex.com\/fr\/wp-json\/wp\/v2\/ficha\/13987","targetHints":{"allow":["GET"]}}],"collection":[{"href":"https:\/\/gifex.com\/fr\/wp-json\/wp\/v2\/ficha"}],"about":[{"href":"https:\/\/gifex.com\/fr\/wp-json\/wp\/v2\/types\/ficha"}],"author":[{"embeddable":true,"href":"https:\/\/gifex.com\/fr\/wp-json\/wp\/v2\/users\/1"}],"version-history":[{"count":5,"href":"https:\/\/gifex.com\/fr\/wp-json\/wp\/v2\/ficha\/13987\/revisions"}],"predecessor-version":[{"id":21891,"href":"https:\/\/gifex.com\/fr\/wp-json\/wp\/v2\/ficha\/13987\/revisions\/21891"}],"wp:featuredmedia":[{"embeddable":true,"href":"https:\/\/gifex.com\/fr\/wp-json\/wp\/v2\/media\/33105"}],"wp:attachment":[{"href":"https:\/\/gifex.com\/fr\/wp-json\/wp\/v2\/media?parent=13987"}],"wp:term":[{"taxonomy":"categoria_ficha","embeddable":true,"href":"https:\/\/gifex.com\/fr\/wp-json\/wp\/v2\/categoria_ficha?post=13987"}],"curies":[{"name":"wp","href":"https:\/\/api.w.org\/{rel}","templated":true}]}}