{"id":13769,"date":"2022-05-23T21:52:45","date_gmt":"2022-05-23T21:52:45","guid":{"rendered":"https:\/\/gifex.com\/fr\/?post_type=ficha&#038;p=13769"},"modified":"2024-10-20T18:20:11","modified_gmt":"2024-10-20T18:20:11","slug":"carte-des-principales-communes-de-l-allier","status":"publish","type":"ficha","link":"https:\/\/gifex.com\/fr\/fichier\/carte-des-principales-communes-de-l-allier\/","title":{"rendered":"Carte des principales communes de l&#8217;Allier"},"content":{"rendered":"<p style=\"text-align: center;\"><label style=\"font-size: 15px;\">Carte des principales communes de l&#8217;Allier.<\/label><\/p>\n<p>L&#8217;Allier compte trois agglom\u00e9rations importantes : les unit\u00e9s urbaines de Vichy (85 000 habitants dont une petite partie s&#8217;\u00e9tend sur le Puy-de-D\u00f4me), de Montlu\u00e7on (80 000 habitants) et de Moulins (62 000 habitants). Ces 3 unit\u00e9s urbaines regroupent un peu plus de deux tiers de la population de l&#8217;Allier. Le reste du d\u00e9partement comprend quelques petites villes et bourgs dispers\u00e9s, principalement le long des rivi\u00e8res. Les villages peu nombreux sont \u00e9loign\u00e9s les uns des autres, et c&#8217;est dans l&#8217;ensemble un d\u00e9partement faiblement peupl\u00e9.<\/p>\n<p>Sur les 317 communes que comprend le d\u00e9partement de l&#8217;Allier, 26 ont en 2019 une population municipale sup\u00e9rieure \u00e0 2 000 habitants, 10 ont plus de 5 000 habitants et cinq ont plus de 10 000 habitants : Montlu\u00e7on, Vichy, Moulins, Yzeure et Cusset.<\/p>\n<p>Les communes de plus de 5 000 habitants sont pr\u00e9sent\u00e9es dans le tableau ci-apr\u00e8s.<\/p>\n<div class=\"boxscrl\">\n<table width=\"566\">\n<tbody>\n<tr>\n<td rowspan=\"2\" width=\"226\">Commune<\/td>\n<td width=\"212\">Population<\/td>\n<td width=\"64\">Superficie<\/td>\n<td width=\"64\">Densit\u00e9<\/td>\n<\/tr>\n<tr>\n<td width=\"212\">-2019<\/td>\n<td width=\"64\">(km<sup>2<\/sup>)<\/td>\n<td width=\"64\">(hab.\/km<sup>2<\/sup>)<\/td>\n<\/tr>\n<tr>\n<td>Montlu\u00e7on<\/td>\n<td width=\"212\">34\u00a0361<\/td>\n<td width=\"64\">20,67<\/td>\n<td width=\"64\">1\u00a0662,4<\/td>\n<\/tr>\n<tr>\n<td>Vichy<\/td>\n<td width=\"212\">24\u00a0980<\/td>\n<td width=\"64\">5,85<\/td>\n<td width=\"64\">4\u00a0270,1<\/td>\n<\/tr>\n<tr>\n<td>Moulins<\/td>\n<td width=\"212\">19\u00a0246<\/td>\n<td width=\"64\">8,61<\/td>\n<td width=\"64\">2\u00a0235,3<\/td>\n<\/tr>\n<tr>\n<td>Yzeure<\/td>\n<td width=\"212\">12\u00a0838<\/td>\n<td width=\"64\">43,24<\/td>\n<td width=\"64\">296,9<\/td>\n<\/tr>\n<tr>\n<td>Cusset<\/td>\n<td width=\"212\">12\u00a0474<\/td>\n<td width=\"64\">31,93<\/td>\n<td width=\"64\">390,7<\/td>\n<\/tr>\n<tr>\n<td>Bellerive-sur-Allier<\/td>\n<td width=\"212\">8\u00a0741<\/td>\n<td width=\"64\">18,97<\/td>\n<td width=\"64\">460,8<\/td>\n<\/tr>\n<tr>\n<td>Dom\u00e9rat<\/td>\n<td width=\"212\">8\u00a0729<\/td>\n<td width=\"64\">35,54<\/td>\n<td width=\"64\">245,6<\/td>\n<\/tr>\n<tr>\n<td>Commentry<\/td>\n<td width=\"212\">6\u00a0132<\/td>\n<td width=\"64\">20,96<\/td>\n<td width=\"64\">292,6<\/td>\n<\/tr>\n<tr>\n<td>Gannat<\/td>\n<td width=\"212\">5\u00a0830<\/td>\n<td width=\"64\">36,85<\/td>\n<td width=\"64\">158,2<\/td>\n<\/tr>\n<tr>\n<td>Saint-Pour\u00e7ain-sur-Sioule<\/td>\n<td width=\"212\">5\u00a0221<\/td>\n<td width=\"64\">35,67<\/td>\n<td width=\"64\">146,4<\/td>\n<\/tr>\n<tr>\n<td colspan=\"4\">Source\u00a0: Insee.<\/td>\n<\/tr>\n<\/tbody>\n<\/table>\n<\/div>\n<p>&nbsp;<\/p>\n<figure id=\"attachment_52695\" aria-describedby=\"caption-attachment-52695\" style=\"width: 400px\" class=\"wp-caption aligncenter\"><a href=\"https:\/\/gifex.com\/fr\/wp-content\/uploads\/13769\/Carte-des-principales-villes-de-l-Allier.jpg\" target=\"_blank\" rel=\"noopener\"><img fetchpriority=\"high\" decoding=\"async\" class=\"wp-image-52695\" title=\"Carte des principales villes de l'Allier.\" src=\"https:\/\/gifex.com\/fr\/wp-content\/uploads\/13769\/Carte-des-principales-villes-de-l-Allier-300x221.jpg\" alt=\"Carte des principales villes de l'Allier.\" width=\"400\" height=\"295\" srcset=\"https:\/\/gifex.com\/fr\/wp-content\/uploads\/13769\/Carte-des-principales-villes-de-l-Allier-300x221.jpg 300w, https:\/\/gifex.com\/fr\/wp-content\/uploads\/13769\/Carte-des-principales-villes-de-l-Allier-1024x754.jpg 1024w, https:\/\/gifex.com\/fr\/wp-content\/uploads\/13769\/Carte-des-principales-villes-de-l-Allier-768x565.jpg 768w, https:\/\/gifex.com\/fr\/wp-content\/uploads\/13769\/Carte-des-principales-villes-de-l-Allier.jpg 1407w\" sizes=\"(max-width: 400px) 100vw, 400px\" \/><\/a><figcaption id=\"caption-attachment-52695\" class=\"wp-caption-text\"><label style=\"font-size: 15px;\">Carte des principales villes de l&#8217;Allier.<\/label><\/figcaption><\/figure>\n","protected":false},"excerpt":{"rendered":"<p>L&#8217;Allier compte trois agglom\u00e9rations importantes : les unit\u00e9s urbaines de Vichy (85 000 habitants dont une petite partie s&#8217;\u00e9tend sur le Puy-de-D\u00f4me), de Montlu\u00e7on (80 000 habitants) <\/p>\n","protected":false},"author":1,"featured_media":33115,"template":"","categoria_ficha":[1790],"class_list":["post-13769","ficha","type-ficha","status-publish","has-post-thumbnail","hentry","categoria_ficha-cartes-du-departement-de-l-allier"],"acf":[],"_links":{"self":[{"href":"https:\/\/gifex.com\/fr\/wp-json\/wp\/v2\/ficha\/13769","targetHints":{"allow":["GET"]}}],"collection":[{"href":"https:\/\/gifex.com\/fr\/wp-json\/wp\/v2\/ficha"}],"about":[{"href":"https:\/\/gifex.com\/fr\/wp-json\/wp\/v2\/types\/ficha"}],"author":[{"embeddable":true,"href":"https:\/\/gifex.com\/fr\/wp-json\/wp\/v2\/users\/1"}],"version-history":[{"count":5,"href":"https:\/\/gifex.com\/fr\/wp-json\/wp\/v2\/ficha\/13769\/revisions"}],"predecessor-version":[{"id":52696,"href":"https:\/\/gifex.com\/fr\/wp-json\/wp\/v2\/ficha\/13769\/revisions\/52696"}],"wp:featuredmedia":[{"embeddable":true,"href":"https:\/\/gifex.com\/fr\/wp-json\/wp\/v2\/media\/33115"}],"wp:attachment":[{"href":"https:\/\/gifex.com\/fr\/wp-json\/wp\/v2\/media?parent=13769"}],"wp:term":[{"taxonomy":"categoria_ficha","embeddable":true,"href":"https:\/\/gifex.com\/fr\/wp-json\/wp\/v2\/categoria_ficha?post=13769"}],"curies":[{"name":"wp","href":"https:\/\/api.w.org\/{rel}","templated":true}]}}