{"id":13762,"date":"2022-05-23T19:53:16","date_gmt":"2022-05-23T19:53:16","guid":{"rendered":"https:\/\/gifex.com\/fr\/?post_type=ficha&#038;p=13762"},"modified":"2024-10-24T14:37:06","modified_gmt":"2024-10-24T14:37:06","slug":"carte-des-principales-communes-d-ille-et-vilaine","status":"publish","type":"ficha","link":"https:\/\/gifex.com\/fr\/fichier\/carte-des-principales-communes-d-ille-et-vilaine\/","title":{"rendered":"Carte des principales communes d&#8217;Ille-et-Vilaine"},"content":{"rendered":"<p style=\"text-align: center;\"><label style=\"font-size: 15px;\">Carte des principales communes d&#8217;Ille-et-Vilaine.<\/label><\/p>\n<p>Sur les 333 communes que comprend le d\u00e9partement d&#8217;Ille-et-Vilaine, 121 ont en 2019 une population municipale sup\u00e9rieure \u00e0 2 000 habitants, 41 ont plus de 5 000 habitants, douze ont plus de 10 000 habitants et deux ont plus de 25 000 habitants : Rennes et Saint-Malo.<\/p>\n<p>Les communes de plus de 10 000 habitants sont pr\u00e9sent\u00e9es dans le tableau ci-apr\u00e8s.<\/p>\n<div class=\"boxscrl\">\n<table width=\"566\">\n<tbody>\n<tr>\n<td rowspan=\"2\" width=\"226\">Commune<\/td>\n<td width=\"212\">Population<\/td>\n<td width=\"64\">Superficie<\/td>\n<td width=\"64\">Densit\u00e9<\/td>\n<\/tr>\n<tr>\n<td width=\"212\">2019<\/td>\n<td width=\"64\">(km<sup>2<\/sup>)<\/td>\n<td width=\"64\">(hab.\/km<sup>2<\/sup>)<\/td>\n<\/tr>\n<tr>\n<td>Rennes<\/td>\n<td width=\"212\">220\u00a0488<\/td>\n<td width=\"64\">50,39<\/td>\n<td width=\"64\">4\u00a0375,6<\/td>\n<\/tr>\n<tr>\n<td>Saint-Malo<\/td>\n<td width=\"212\">46\u00a0803<\/td>\n<td width=\"64\">36,58<\/td>\n<td width=\"64\">1\u00a0279,5<\/td>\n<\/tr>\n<tr>\n<td>Foug\u00e8res<\/td>\n<td width=\"212\">20\u00a0595<\/td>\n<td width=\"64\">10,46<\/td>\n<td width=\"64\">1\u00a0968,9<\/td>\n<\/tr>\n<tr>\n<td>Bruz<\/td>\n<td width=\"212\">18\u00a0905<\/td>\n<td width=\"64\">29,95<\/td>\n<td width=\"64\">631,2<\/td>\n<\/tr>\n<tr>\n<td>Vitr\u00e9<\/td>\n<td width=\"212\">18\u00a0487<\/td>\n<td width=\"64\">37,03<\/td>\n<td width=\"64\">499,2<\/td>\n<\/tr>\n<tr>\n<td>Cesson-S\u00e9vign\u00e9<\/td>\n<td width=\"212\">17\u00a0082<\/td>\n<td width=\"64\">32,14<\/td>\n<td width=\"64\">531,5<\/td>\n<\/tr>\n<tr>\n<td>Saint-Jacques-de-la-Lande<\/td>\n<td width=\"212\">13\u00a0948<\/td>\n<td width=\"64\">11,83<\/td>\n<td width=\"64\">1\u00a0179<\/td>\n<\/tr>\n<tr>\n<td>Betton<\/td>\n<td width=\"212\">12\u00a0265<\/td>\n<td width=\"64\">26,73<\/td>\n<td width=\"64\">458,8<\/td>\n<\/tr>\n<tr>\n<td>Pac\u00e9<\/td>\n<td width=\"212\">11\u00a0860<\/td>\n<td width=\"64\">34,94<\/td>\n<td width=\"64\">339,4<\/td>\n<\/tr>\n<tr>\n<td>Ch\u00e2teaugiron<\/td>\n<td width=\"212\">10\u00a0283<\/td>\n<td width=\"64\">23,52<\/td>\n<td width=\"64\">437,2<\/td>\n<\/tr>\n<tr>\n<td>Chantepie<\/td>\n<td width=\"212\">10\u00a0278<\/td>\n<td width=\"64\">11,98<\/td>\n<td width=\"64\">857,9<\/td>\n<\/tr>\n<tr>\n<td>Dinard<\/td>\n<td width=\"212\">10\u00a0181<\/td>\n<td width=\"64\">7,84<\/td>\n<td width=\"64\">1\u00a0298,6<\/td>\n<\/tr>\n<tr>\n<td colspan=\"4\">Source\u00a0: Insee.<\/td>\n<\/tr>\n<\/tbody>\n<\/table>\n<\/div>\n<p>&nbsp;<\/p>\n<div style=\"clear: both; display: inline-block; width: 100%;\">\n<div class=\"row\">\n<div class=\"col-sm\">\n<figure id=\"attachment_52895\" aria-describedby=\"caption-attachment-52895\" style=\"width: 400px\" class=\"wp-caption alignleft\"><a href=\"https:\/\/gifex.com\/fr\/wp-content\/uploads\/13762\/Carte-des-principales-villes-d-Ille-et-Vilaine.jpg\" target=\"_blank\" rel=\"noopener\"><img fetchpriority=\"high\" decoding=\"async\" class=\"wp-image-52895\" title=\"Carte des principales villes d'Ille-et-Vilaine.\" src=\"https:\/\/gifex.com\/fr\/wp-content\/uploads\/13762\/Carte-des-principales-villes-d-Ille-et-Vilaine-253x300.jpg\" alt=\"Carte des principales villes d'Ille-et-Vilaine.\" width=\"400\" height=\"474\" srcset=\"https:\/\/gifex.com\/fr\/wp-content\/uploads\/13762\/Carte-des-principales-villes-d-Ille-et-Vilaine-253x300.jpg 253w, https:\/\/gifex.com\/fr\/wp-content\/uploads\/13762\/Carte-des-principales-villes-d-Ille-et-Vilaine-864x1024.jpg 864w, https:\/\/gifex.com\/fr\/wp-content\/uploads\/13762\/Carte-des-principales-villes-d-Ille-et-Vilaine-768x910.jpg 768w, https:\/\/gifex.com\/fr\/wp-content\/uploads\/13762\/Carte-des-principales-villes-d-Ille-et-Vilaine-300x355.jpg 300w, https:\/\/gifex.com\/fr\/wp-content\/uploads\/13762\/Carte-des-principales-villes-d-Ille-et-Vilaine.jpg 1100w\" sizes=\"(max-width: 400px) 100vw, 400px\" \/><\/a><figcaption id=\"caption-attachment-52895\" class=\"wp-caption-text\"><label style=\"font-size: 15px;\">Carte des principales villes d&#8217;Ille-et-Vilaine.<\/label><\/figcaption><\/figure>\n<\/div>\n<div class=\"col-sm\">\n<figure id=\"attachment_52897\" aria-describedby=\"caption-attachment-52897\" style=\"width: 400px\" class=\"wp-caption alignright\"><a href=\"https:\/\/gifex.com\/fr\/wp-content\/uploads\/13762\/Carte-des-principales-villes-des-environs-de-Rennes.jpg\" target=\"_blank\" rel=\"noopener\"><img decoding=\"async\" class=\"wp-image-52897\" title=\"Carte des principales villes des environs de Rennes.\" src=\"https:\/\/gifex.com\/fr\/wp-content\/uploads\/13762\/Carte-des-principales-villes-des-environs-de-Rennes-300x250.jpg\" alt=\"Carte des principales villes des environs de Rennes.\" width=\"400\" height=\"334\" srcset=\"https:\/\/gifex.com\/fr\/wp-content\/uploads\/13762\/Carte-des-principales-villes-des-environs-de-Rennes-300x250.jpg 300w, https:\/\/gifex.com\/fr\/wp-content\/uploads\/13762\/Carte-des-principales-villes-des-environs-de-Rennes-768x640.jpg 768w, https:\/\/gifex.com\/fr\/wp-content\/uploads\/13762\/Carte-des-principales-villes-des-environs-de-Rennes.jpg 800w\" sizes=\"(max-width: 400px) 100vw, 400px\" \/><\/a><figcaption id=\"caption-attachment-52897\" class=\"wp-caption-text\"><label style=\"font-size: 15px;\">Carte des principales villes des environs de Rennes.<\/label><\/figcaption><\/figure>\n<\/div>\n<\/div>\n<\/div>\n","protected":false},"excerpt":{"rendered":"<p>Sur les 333 communes que comprend le d\u00e9partement d&#8217;Ille-et-Vilaine, 121 ont en 2019 une popul<\/p>\n","protected":false},"author":1,"featured_media":33123,"template":"","categoria_ficha":[1822],"class_list":["post-13762","ficha","type-ficha","status-publish","has-post-thumbnail","hentry","categoria_ficha-cartes-du-departement-d-ille-et-vilaine"],"acf":[],"_links":{"self":[{"href":"https:\/\/gifex.com\/fr\/wp-json\/wp\/v2\/ficha\/13762","targetHints":{"allow":["GET"]}}],"collection":[{"href":"https:\/\/gifex.com\/fr\/wp-json\/wp\/v2\/ficha"}],"about":[{"href":"https:\/\/gifex.com\/fr\/wp-json\/wp\/v2\/types\/ficha"}],"author":[{"embeddable":true,"href":"https:\/\/gifex.com\/fr\/wp-json\/wp\/v2\/users\/1"}],"version-history":[{"count":7,"href":"https:\/\/gifex.com\/fr\/wp-json\/wp\/v2\/ficha\/13762\/revisions"}],"predecessor-version":[{"id":52898,"href":"https:\/\/gifex.com\/fr\/wp-json\/wp\/v2\/ficha\/13762\/revisions\/52898"}],"wp:featuredmedia":[{"embeddable":true,"href":"https:\/\/gifex.com\/fr\/wp-json\/wp\/v2\/media\/33123"}],"wp:attachment":[{"href":"https:\/\/gifex.com\/fr\/wp-json\/wp\/v2\/media?parent=13762"}],"wp:term":[{"taxonomy":"categoria_ficha","embeddable":true,"href":"https:\/\/gifex.com\/fr\/wp-json\/wp\/v2\/categoria_ficha?post=13762"}],"curies":[{"name":"wp","href":"https:\/\/api.w.org\/{rel}","templated":true}]}}