{"id":13611,"date":"2022-05-22T15:20:06","date_gmt":"2022-05-22T15:20:06","guid":{"rendered":"https:\/\/gifex.com\/fr\/?post_type=ficha&#038;p=13611"},"modified":"2022-08-18T12:37:53","modified_gmt":"2022-08-18T12:37:53","slug":"carte-des-intercommunalites-du-var","status":"publish","type":"ficha","link":"https:\/\/gifex.com\/fr\/fichier\/carte-des-intercommunalites-du-var\/","title":{"rendered":"Carte des intercommunalit\u00e9s du Var"},"content":{"rendered":"<p style=\"text-align: center;\"><label style=\"font-size: 15px;\">Carte des intercommunalit\u00e9s du Var.<\/label><\/p>\n<p><strong>Qu&#8217;est-ce que l&#8217;intercommunalit\u00e9 dans le Var ?<\/strong><\/p>\n<p>L&#8217;intercommunalit\u00e9 dans le Var d\u00e9signe l&#8217;ensemble des acteurs et organismes de coop\u00e9ration associant pour tout ou partie des communes pour l&#8217;exercice de certaines de leurs comp\u00e9tences. Selon la l\u00e9gislation en vigueur, entrent dans cette cat\u00e9gorie : les \u00e9tablissements publics de coop\u00e9ration intercommunale, les syndicats mixtes, les p\u00f4les m\u00e9tropolitains, les p\u00f4les d&#8217;\u00e9quilibre territoriaux et ruraux et d&#8217;autres formes de coop\u00e9ration intercommunale, comme les ententes, conventions et conf\u00e9rences intercommunales.<\/p>\n<p><strong>Quelles sont les intercommunalit\u00e9s du Var ?<\/strong><\/p>\n<p>Depuis le 1er janvier 2017, le d\u00e9partement du Var compte 12 \u00e9tablissements publics de coop\u00e9ration intercommunale \u00e0 fiscalit\u00e9 propre dont le si\u00e8ge est dans le d\u00e9partement (une m\u00e9tropole, 4 communaut\u00e9s d&#8217;agglom\u00e9ration et 7 communaut\u00e9s de communes). Par ailleurs deux communes sont group\u00e9es dans deux intercommunalit\u00e9s dont le si\u00e8ge est situ\u00e9 hors d\u00e9partement.<\/p>\n<div class=\"boxscrl\">\n<table width=\"1320\">\n<tbody>\n<tr>\n<td width=\"198\">Forme<\/td>\n<td rowspan=\"2\" width=\"278\">Nom<\/td>\n<td rowspan=\"2\" width=\"70\">n<sup>o<\/sup>\u00a0\u00a0SIREN<\/td>\n<td rowspan=\"2\" width=\"120\">Date de cr\u00e9ation<\/td>\n<td width=\"145\">Nombre de<\/td>\n<td width=\"115\">Population<\/td>\n<td width=\"70\">Superficie<\/td>\n<td width=\"74\">Densit\u00e9<\/td>\n<td rowspan=\"2\" width=\"250\">Si\u00e8ge<\/td>\n<\/tr>\n<tr>\n<td width=\"198\">juridique<\/td>\n<td width=\"145\">communes<\/td>\n<td width=\"115\">(der.\u00a0pop. l\u00e9gale)<\/td>\n<td width=\"70\">(km<sup>2<\/sup>)<\/td>\n<td width=\"74\">(hab.\/km<sup>2<\/sup>)<\/td>\n<\/tr>\n<tr>\n<td width=\"198\">M\u00e9tropole<\/td>\n<td width=\"278\">M\u00e9tropole Toulon-Provence-M\u00e9diterran\u00e9e<\/td>\n<td width=\"70\">248300543<\/td>\n<td width=\"120\">1<sup>er<\/sup>\u00a0janvier 2002<\/td>\n<td width=\"145\">12<\/td>\n<td width=\"115\"><span data-sort-value=\"&amp;0000000000438985.000000\">438\u00a0985\u00a0(2018)<\/span><\/td>\n<td width=\"70\">366,40<\/td>\n<td width=\"74\">1\u00a0198<\/td>\n<td width=\"250\">Toulon<\/td>\n<\/tr>\n<tr>\n<td rowspan=\"4\" width=\"198\">Communaut\u00e9 d&#8217;agglom\u00e9ration<\/td>\n<td width=\"278\">CA Var Est\u00e9rel M\u00e9diterran\u00e9e<\/td>\n<td width=\"70\">200035319<\/td>\n<td width=\"120\">1<sup>er<\/sup>\u00a0janvier 2013<\/td>\n<td width=\"145\">5<\/td>\n<td width=\"115\"><span data-sort-value=\"&amp;0000000000114875.000000\">114\u00a0875\u00a0(2018)<\/span><\/td>\n<td width=\"70\">347,10<\/td>\n<td width=\"74\">331<\/td>\n<td width=\"250\">Saint-Rapha\u00ebl<\/td>\n<\/tr>\n<tr>\n<td width=\"278\">Drac\u00e9nie Provence Verdon agglom\u00e9ration<\/td>\n<td width=\"70\">248300493<\/td>\n<td width=\"120\">31 octobre 2000<\/td>\n<td width=\"145\">23<\/td>\n<td width=\"115\"><span data-sort-value=\"&amp;0000000000107253.000000\">107\u00a0253\u00a0(2018)<\/span><\/td>\n<td width=\"70\">914,70<\/td>\n<td width=\"74\">117<\/td>\n<td width=\"250\">Draguignan<\/td>\n<\/tr>\n<tr>\n<td width=\"278\">CA de la Provence Verte<\/td>\n<td width=\"70\">200068104<\/td>\n<td width=\"120\">1<sup>er<\/sup>\u00a0janvier 2017<\/td>\n<td width=\"145\">28<\/td>\n<td width=\"115\"><span data-sort-value=\"&amp;0000000000099179.000000\">99\u00a0179\u00a0(2018)<\/span><\/td>\n<td width=\"70\">947,50<\/td>\n<td width=\"74\">105<\/td>\n<td width=\"250\">Brignoles<\/td>\n<\/tr>\n<tr>\n<td width=\"278\">CA Sud Sainte Baume<\/td>\n<td width=\"70\">248300394<\/td>\n<td width=\"120\">1<sup>er<\/sup>\u00a0janvier 2002<\/td>\n<td width=\"145\">9<\/td>\n<td width=\"115\"><span data-sort-value=\"&amp;0000000000061283.000000\">61\u00a0283\u00a0(2018)<\/span><\/td>\n<td width=\"70\">355,60<\/td>\n<td width=\"74\">172<\/td>\n<td width=\"250\">Le Castellet<\/td>\n<\/tr>\n<tr>\n<td rowspan=\"7\" width=\"198\">Communaut\u00e9 de communes<\/td>\n<td width=\"278\">CC du golfe de Saint-Tropez<\/td>\n<td width=\"70\">200036077<\/td>\n<td width=\"120\">1<sup>er<\/sup>\u00a0janvier 2013<\/td>\n<td width=\"145\">12<\/td>\n<td width=\"115\"><span data-sort-value=\"&amp;0000000000057333.000000\">57\u00a0333\u00a0(2018)<\/span><\/td>\n<td width=\"70\">430,20<\/td>\n<td width=\"74\">133<\/td>\n<td width=\"250\">Cogolin<\/td>\n<\/tr>\n<tr>\n<td width=\"278\">CC C\u0153ur du Var<\/td>\n<td width=\"70\">248300550<\/td>\n<td width=\"120\">31 d\u00e9cembre 2001<\/td>\n<td width=\"145\">11<\/td>\n<td width=\"115\"><span data-sort-value=\"&amp;0000000000043518.000000\">43\u00a0518\u00a0(2018)<\/span><\/td>\n<td width=\"70\">448,20<\/td>\n<td width=\"74\">97<\/td>\n<td width=\"250\">Le Luc<\/td>\n<\/tr>\n<tr>\n<td width=\"278\">CC M\u00e9diterran\u00e9e Porte des Maures<\/td>\n<td width=\"70\">200027100<\/td>\n<td width=\"120\">1<sup>er<\/sup>\u00a0d\u00e9cembre 2010<\/td>\n<td width=\"145\">6<\/td>\n<td width=\"115\"><span data-sort-value=\"&amp;0000000000044109.000000\">44\u00a0109\u00a0(2018)<\/span><\/td>\n<td width=\"70\">427,80<\/td>\n<td width=\"74\">103<\/td>\n<td width=\"250\">La Londe-les-Maures<\/td>\n<\/tr>\n<tr>\n<td width=\"278\">CC de la Vall\u00e9e du Gapeau<\/td>\n<td width=\"70\">248300410<\/td>\n<td width=\"120\">15 d\u00e9cembre 1995<\/td>\n<td width=\"145\">5<\/td>\n<td width=\"115\"><span data-sort-value=\"&amp;0000000000031456.000000\">31\u00a0456\u00a0(2018)<\/span><\/td>\n<td width=\"70\">83,60<\/td>\n<td width=\"74\">376<\/td>\n<td width=\"250\">Solli\u00e8s-Pont<\/td>\n<\/tr>\n<tr>\n<td width=\"278\">CC du Pays de Fayence<\/td>\n<td width=\"70\">200004802<\/td>\n<td width=\"120\">21 ao\u00fbt 2006<\/td>\n<td width=\"145\">9<\/td>\n<td width=\"115\"><span data-sort-value=\"&amp;0000000000028088.000000\">28\u00a0088\u00a0(2018)<\/span><\/td>\n<td width=\"70\">401,90<\/td>\n<td width=\"74\">70<\/td>\n<td width=\"250\">Fayence<\/td>\n<\/tr>\n<tr>\n<td width=\"278\">CC Provence Verdon<\/td>\n<td width=\"70\">200040202<\/td>\n<td width=\"120\">1<sup>er<\/sup>\u00a0janvier 2014<\/td>\n<td width=\"145\">15<\/td>\n<td width=\"115\"><span data-sort-value=\"&amp;0000000000022218.000000\">22\u00a0218\u00a0(2018)<\/span><\/td>\n<td width=\"70\">646,0<\/td>\n<td width=\"74\">34<\/td>\n<td width=\"250\">Varages<\/td>\n<\/tr>\n<tr>\n<td width=\"278\">CC Lacs et Gorges du Verdon<\/td>\n<td width=\"70\">200040210<\/td>\n<td width=\"120\">1<sup>er<\/sup>\u00a0janvier 2014<\/td>\n<td width=\"145\">16<\/td>\n<td width=\"115\"><span data-sort-value=\"&amp;0000000000009165.000000\">9\u00a0165\u00a0(2018)<\/span><\/td>\n<td width=\"70\">540,50<\/td>\n<td width=\"74\">17<\/td>\n<td width=\"250\">Aups<\/td>\n<\/tr>\n<tr>\n<td colspan=\"9\" width=\"1320\">Intercommunalit\u00e9s dont le si\u00e8ge est situ\u00e9 hors d\u00e9partement<\/td>\n<\/tr>\n<tr>\n<td width=\"198\">Communaut\u00e9 d&#8217;agglom\u00e9ration<\/td>\n<td width=\"278\">Durance-Luberon-Verdon Agglom\u00e9ration<\/td>\n<td width=\"70\">200034700<\/td>\n<td width=\"120\">1<sup>er<\/sup>\u00a0janvier 2013<\/td>\n<td width=\"145\">25\u00a0(dont 1 dans le\u00a083)<\/td>\n<td width=\"115\"><span data-sort-value=\"&amp;0000000000062425.000000\">62\u00a0425\u00a0(2018)<\/span><\/td>\n<td width=\"70\">838,50<\/td>\n<td width=\"74\">75<\/td>\n<td width=\"250\">Manosque\u00a0(Alpes-de-Haute-Provence)<\/td>\n<\/tr>\n<tr>\n<td width=\"198\">M\u00e9tropole<\/td>\n<td width=\"278\">M\u00e9tropole d&#8217;Aix-Marseille-Provence<\/td>\n<td width=\"70\">200054807<\/td>\n<td width=\"120\">1<sup>er<\/sup>\u00a0janvier 2016<\/td>\n<td width=\"145\">92\u00a0(dont 1 dans le\u00a0Var)<\/td>\n<td width=\"115\"><span data-sort-value=\"&amp;0000000001889666.000000\">1\u00a0889\u00a0666\u00a0(2018)<\/span><\/td>\n<td width=\"70\">3\u00a0149,20<\/td>\n<td width=\"74\">600<\/td>\n<td width=\"250\">Marseille\u00a0(Bouches-du-Rh\u00f4ne)<\/td>\n<\/tr>\n<\/tbody>\n<\/table>\n<\/div>\n","protected":false},"excerpt":{"rendered":"<p>Qu&#8217;est-ce que l&#8217;intercommunalit\u00e9 dans le Var ?<\/p>\n<p>L&#8217;intercommunalit\u00e9 dans le Var d\u00e9signe l&#8217;ensemble des acteurs et orga<\/p>\n","protected":false},"author":1,"featured_media":13612,"template":"","categoria_ficha":[1865],"class_list":["post-13611","ficha","type-ficha","status-publish","has-post-thumbnail","hentry","categoria_ficha-cartes-du-departement-du-var"],"acf":[],"_links":{"self":[{"href":"https:\/\/gifex.com\/fr\/wp-json\/wp\/v2\/ficha\/13611","targetHints":{"allow":["GET"]}}],"collection":[{"href":"https:\/\/gifex.com\/fr\/wp-json\/wp\/v2\/ficha"}],"about":[{"href":"https:\/\/gifex.com\/fr\/wp-json\/wp\/v2\/types\/ficha"}],"author":[{"embeddable":true,"href":"https:\/\/gifex.com\/fr\/wp-json\/wp\/v2\/users\/1"}],"version-history":[{"count":3,"href":"https:\/\/gifex.com\/fr\/wp-json\/wp\/v2\/ficha\/13611\/revisions"}],"predecessor-version":[{"id":21777,"href":"https:\/\/gifex.com\/fr\/wp-json\/wp\/v2\/ficha\/13611\/revisions\/21777"}],"wp:featuredmedia":[{"embeddable":true,"href":"https:\/\/gifex.com\/fr\/wp-json\/wp\/v2\/media\/13612"}],"wp:attachment":[{"href":"https:\/\/gifex.com\/fr\/wp-json\/wp\/v2\/media?parent=13611"}],"wp:term":[{"taxonomy":"categoria_ficha","embeddable":true,"href":"https:\/\/gifex.com\/fr\/wp-json\/wp\/v2\/categoria_ficha?post=13611"}],"curies":[{"name":"wp","href":"https:\/\/api.w.org\/{rel}","templated":true}]}}