{"id":13606,"date":"2022-05-22T15:12:51","date_gmt":"2022-05-22T15:12:51","guid":{"rendered":"https:\/\/gifex.com\/fr\/?post_type=ficha&#038;p=13606"},"modified":"2023-02-01T18:21:11","modified_gmt":"2023-02-01T18:21:11","slug":"carte-des-intercommunalites-val-de-marne","status":"publish","type":"ficha","link":"https:\/\/gifex.com\/fr\/fichier\/carte-des-intercommunalites-val-de-marne\/","title":{"rendered":"Carte des intercommunalit\u00e9s Val-de-Marne"},"content":{"rendered":"<p style=\"text-align: center;\"><label style=\"font-size: 15px;\">Carte des intercommunalit\u00e9s Val-de-Marne.<\/label><\/p>\n<p><strong>Qu&#8217;est-ce que l&#8217;intercommunalit\u00e9 en Val-de-Marne ?<\/strong><\/p>\n<p>L&#8217;intercommunalit\u00e9 en Val-de-Marne d\u00e9signe l&#8217;ensemble des acteurs et organismes de coop\u00e9ration associant pour tout ou partie des communes pour l&#8217;exercice de certaines de leurs comp\u00e9tences. Selon la l\u00e9gislation en vigueur, entrent dans cette cat\u00e9gorie : les \u00e9tablissements publics de coop\u00e9ration intercommunale, les syndicats mixtes, les p\u00f4les m\u00e9tropolitains, les p\u00f4les d&#8217;\u00e9quilibre territoriaux et ruraux et d&#8217;autres formes de coop\u00e9ration intercommunale, comme les ententes, conventions et conf\u00e9rences intercommunales.<\/p>\n<p><strong>Quelles sont les intercommunalit\u00e9s Val-de-Marne ?<\/strong><\/p>\n<p>Depuis le 1er janvier 2016, l&#8217;ensemble des communes du Val-de-Marne est membre de la m\u00e9tropole du Grand Paris et chacune est ins\u00e9r\u00e9e dans l&#8217;un des trois \u00e9tablissements publics territoriaux (structure administrative ayant le statut d&#8217;\u00e9tablissement public de coop\u00e9ration intercommunale cr\u00e9\u00e9e en 2016 dans le cadre de la cr\u00e9ation de la m\u00e9tropole du Grand Paris (MGP)) suivants, le dernier de la liste \u2014 le T12 \u2014 d\u00e9bordant sur l&#8217;Essonne :<\/p>\n<ul>\n<li>T10 \u2013 Paris-Est-Marne et Bois : Bry-sur-Marne, Champigny-sur-Marne, Charenton-le-Pont, Fontenay-sous-Bois, Joinville-le-Pont, Le Perreux-sur-Marne, Maisons-Alfort, Nogent-sur-Marne, Saint-Mand\u00e9, Saint-Maur-des-Foss\u00e9s, Saint-Maurice, Villiers-sur-Marne et Vincennes dans le d\u00e9partement du Val-de-Marne.<\/li>\n<li>T11 &#8211; Grand Paris Sud Est Avenir : Alfortville, Boissy-Saint-L\u00e9ger, Bonneuil-sur-Marne, Chennevi\u00e8res-sur-Marne, Cr\u00e9teil, La Queue-en-Brie, Le Plessis-Tr\u00e9vise, Limeil-Br\u00e9vannes, Mandres-les-Roses, Marolles-en-Brie, Noiseau, Ormesson-sur-Marne, P\u00e9rigny, Santeny, Sucy-en-Brie et Villecresnes dans le d\u00e9partement du Val-de-Marne.<\/li>\n<li>T12 \u2013 Grand-Orly Seine Bi\u00e8vre : Ablon-sur-Seine, Arcueil, Cachan, Chevilly-Larue, Choisy-le-Roi, Fresnes, Gentilly, Ivry-sur-Seine, Le Kremlin-Bic\u00eatre, L&#8217;Ha\u00ff-les-Roses, Orly, Rungis, Thiais, Valenton, Villejuif, Villeneuve-le-Roi, Villeneuve-Saint-Georges et Vitry-sur-Seine dans le d\u00e9partement du Val-de-Marne, ainsi que Athis-Mons, Juvisy-sur-Orge, Morangis, Paray-Vieille-Poste, Savigny-sur-Orge et Viry-Ch\u00e2tillon dans le d\u00e9partement de l&#8217;Essonne.<\/li>\n<\/ul>\n<p>Cette r\u00e9partition est contest\u00e9e fin 2015 par la majorit\u00e9 des communes concern\u00e9es.<\/p>\n","protected":false},"excerpt":{"rendered":"<p>Carte des intercommunalit\u00e9s Val-de-Marne. Qu&#8217;est-ce que l&#8217;intercommunalit\u00e9 en Val-de-Marne ? L&#8217;intercommunalit\u00e9 en Val-de-Marne d\u00e9signe l&#8217;ensemble des acteurs et organismes de coop\u00e9ration associant pour tout ou partie des communes pour l&#8217;exercice de certaines de leurs comp\u00e9tences. Selon la l\u00e9gislation en vigueur, entrent dans cette cat\u00e9gorie : les \u00e9tablissements publics de coop\u00e9ration intercommunale, les syndicats mixtes, les [&hellip;]<\/p>\n","protected":false},"author":1,"featured_media":13610,"template":"","categoria_ficha":[1875],"class_list":["post-13606","ficha","type-ficha","status-publish","has-post-thumbnail","hentry","categoria_ficha-cartes-du-departement-du-val-de-marne"],"acf":[],"_links":{"self":[{"href":"https:\/\/gifex.com\/fr\/wp-json\/wp\/v2\/ficha\/13606","targetHints":{"allow":["GET"]}}],"collection":[{"href":"https:\/\/gifex.com\/fr\/wp-json\/wp\/v2\/ficha"}],"about":[{"href":"https:\/\/gifex.com\/fr\/wp-json\/wp\/v2\/types\/ficha"}],"author":[{"embeddable":true,"href":"https:\/\/gifex.com\/fr\/wp-json\/wp\/v2\/users\/1"}],"version-history":[{"count":4,"href":"https:\/\/gifex.com\/fr\/wp-json\/wp\/v2\/ficha\/13606\/revisions"}],"predecessor-version":[{"id":33236,"href":"https:\/\/gifex.com\/fr\/wp-json\/wp\/v2\/ficha\/13606\/revisions\/33236"}],"wp:featuredmedia":[{"embeddable":true,"href":"https:\/\/gifex.com\/fr\/wp-json\/wp\/v2\/media\/13610"}],"wp:attachment":[{"href":"https:\/\/gifex.com\/fr\/wp-json\/wp\/v2\/media?parent=13606"}],"wp:term":[{"taxonomy":"categoria_ficha","embeddable":true,"href":"https:\/\/gifex.com\/fr\/wp-json\/wp\/v2\/categoria_ficha?post=13606"}],"curies":[{"name":"wp","href":"https:\/\/api.w.org\/{rel}","templated":true}]}}