{"id":13582,"date":"2022-05-22T13:17:00","date_gmt":"2022-05-22T13:17:00","guid":{"rendered":"https:\/\/gifex.com\/fr\/?post_type=ficha&#038;p=13582"},"modified":"2022-08-18T13:09:53","modified_gmt":"2022-08-18T13:09:53","slug":"carte-des-intercommunalites-du-morbihan","status":"publish","type":"ficha","link":"https:\/\/gifex.com\/fr\/fichier\/carte-des-intercommunalites-du-morbihan\/","title":{"rendered":"Carte des intercommunalit\u00e9s du Morbihan"},"content":{"rendered":"<p style=\"text-align: center;\"><label style=\"font-size: 15px;\">Carte des intercommunalit\u00e9s du Morbihan.<\/label><\/p>\n<p><strong>Qu&#8217;est-ce que l&#8217;intercommunalit\u00e9 dans le Morbihan ?<\/strong><\/p>\n<p>L&#8217;intercommunalit\u00e9 dans le Morbihan d\u00e9signe l&#8217;ensemble des acteurs et organismes de coop\u00e9ration associant pour tout ou partie des communes pour l&#8217;exercice de certaines de leurs comp\u00e9tences. Selon la l\u00e9gislation en vigueur, entrent dans cette cat\u00e9gorie : les \u00e9tablissements publics de coop\u00e9ration intercommunale, les syndicats mixtes, les p\u00f4les m\u00e9tropolitains, les p\u00f4les d&#8217;\u00e9quilibre territoriaux et ruraux et d&#8217;autres formes de coop\u00e9ration intercommunale, comme les ententes, conventions et conf\u00e9rences intercommunales.<\/p>\n<p><strong>Quelles sont les intercommunalit\u00e9s du Morbihan ?<\/strong><\/p>\n<p>Au 1er janvier 2022, le d\u00e9partement du Morbihan compte 13 \u00e9tablissements publics de coop\u00e9ration intercommunale \u00e0 fiscalit\u00e9 propre dont le si\u00e8ge est dans le d\u00e9partement (2 communaut\u00e9s d&#8217;agglom\u00e9ration et 11 communaut\u00e9s de communes), dont un qui est interd\u00e9partemental. Par ailleurs, 14 communes appartiennent \u00e0 une intercommunalit\u00e9 dont le si\u00e8ge est situ\u00e9 hors d\u00e9partement.<\/p>\n<div class=\"boxscrl\">\n<table width=\"1392\">\n<tbody>\n<tr>\n<td width=\"198\">Forme<\/td>\n<td rowspan=\"2\" width=\"280\">Nom<\/td>\n<td rowspan=\"2\" width=\"70\">n<sup>o<\/sup>\u00a0\u00a0SIREN<\/td>\n<td rowspan=\"2\" width=\"120\">Date de cr\u00e9ation<\/td>\n<td width=\"223\">Nombre de<\/td>\n<td width=\"115\">Population<\/td>\n<td width=\"70\">Superficie<\/td>\n<td width=\"74\">Densit\u00e9<\/td>\n<td rowspan=\"2\" width=\"242\">Si\u00e8ge<\/td>\n<\/tr>\n<tr>\n<td width=\"198\">juridique<\/td>\n<td width=\"223\">communes<\/td>\n<td width=\"115\">(der.\u00a0pop. l\u00e9gale)<\/td>\n<td width=\"70\">(km<sup>2<\/sup>)<\/td>\n<td width=\"74\">(hab.\/km<sup>2<\/sup>)<\/td>\n<\/tr>\n<tr>\n<td rowspan=\"2\" width=\"198\">Communaut\u00e9 d&#8217;agglom\u00e9ration<\/td>\n<td width=\"280\">Lorient Agglom\u00e9ration<\/td>\n<td width=\"70\">200042174<\/td>\n<td width=\"120\">1<sup>er<\/sup>\u00a0janvier 2014<\/td>\n<td width=\"223\">25<\/td>\n<td width=\"115\"><span data-sort-value=\"&amp;0000000000204107.000000\">204\u00a0107\u00a0(2018)<\/span><\/td>\n<td width=\"70\">738,70<\/td>\n<td width=\"74\">276<\/td>\n<td width=\"242\">Lorient<\/td>\n<\/tr>\n<tr>\n<td width=\"280\">Golfe du Morbihan &#8211; Vannes Agglom\u00e9ration<\/td>\n<td width=\"70\">200067932<\/td>\n<td width=\"120\">1<sup>er<\/sup>\u00a0janvier 2017<\/td>\n<td width=\"223\">34<\/td>\n<td width=\"115\"><span data-sort-value=\"&amp;0000000000169785.000000\">169\u00a0785\u00a0(2018)<\/span><\/td>\n<td width=\"70\">807,40<\/td>\n<td width=\"74\">210<\/td>\n<td width=\"242\">Vannes<\/td>\n<\/tr>\n<tr>\n<td rowspan=\"11\" width=\"198\">Communaut\u00e9 de communes<\/td>\n<td width=\"280\">Auray Quiberon Terre Atlantique<\/td>\n<td width=\"70\">200043123<\/td>\n<td width=\"120\">1<sup>er<\/sup>\u00a0janvier 2014<\/td>\n<td width=\"223\">24<\/td>\n<td width=\"115\"><span data-sort-value=\"&amp;0000000000087546.000000\">87\u00a0546\u00a0(2018)<\/span><\/td>\n<td width=\"70\">520,80<\/td>\n<td width=\"74\">168<\/td>\n<td width=\"242\">Auray<\/td>\n<\/tr>\n<tr>\n<td width=\"280\">Pontivy Communaut\u00e9<\/td>\n<td width=\"70\">245614433<\/td>\n<td width=\"120\">16 novembre 2000<\/td>\n<td width=\"223\">24\u00a0(dont 1 dans les\u00a0C\u00f4tes-d&#8217;Armor)<\/td>\n<td width=\"115\"><span data-sort-value=\"&amp;0000000000046307.000000\">46\u00a0307\u00a0(2018)<\/span><\/td>\n<td width=\"70\">719,0<\/td>\n<td width=\"74\">64<\/td>\n<td width=\"242\">Pontivy<\/td>\n<\/tr>\n<tr>\n<td width=\"280\">Plo\u00ebrmel Communaut\u00e9<\/td>\n<td width=\"70\">200066777<\/td>\n<td width=\"120\">1<sup>er<\/sup>\u00a0janvier 2017<\/td>\n<td width=\"223\">30<\/td>\n<td width=\"115\"><span data-sort-value=\"&amp;0000000000042001.000000\">42\u00a0001\u00a0(2018)<\/span><\/td>\n<td width=\"70\">804,80<\/td>\n<td width=\"74\">52<\/td>\n<td width=\"242\">Plo\u00ebrmel<\/td>\n<\/tr>\n<tr>\n<td width=\"280\">Centre Morbihan Communaut\u00e9<\/td>\n<td width=\"70\">200067221<\/td>\n<td width=\"120\">1<sup>er<\/sup>\u00a0janvier 2017<\/td>\n<td width=\"223\">18<\/td>\n<td width=\"115\"><span data-sort-value=\"&amp;0000000000042823.000000\">42\u00a0823\u00a0(2018)<\/span><\/td>\n<td width=\"70\">668,60<\/td>\n<td width=\"74\">64<\/td>\n<td width=\"242\">Locmin\u00e9<\/td>\n<\/tr>\n<tr>\n<td width=\"280\">De l&#8217;Oust \u00e0 Broc\u00e9liande Communaut\u00e9<\/td>\n<td width=\"70\">200066785<\/td>\n<td width=\"120\">1<sup>er<\/sup>\u00a0janvier 2017<\/td>\n<td width=\"223\">26<\/td>\n<td width=\"115\"><span data-sort-value=\"&amp;0000000000038981.000000\">38\u00a0981\u00a0(2018)<\/span><\/td>\n<td width=\"70\">640,10<\/td>\n<td width=\"74\">61<\/td>\n<td width=\"242\">Malestroit<\/td>\n<\/tr>\n<tr>\n<td width=\"280\">CC Arc Sud Bretagne<\/td>\n<td width=\"70\">200027027<\/td>\n<td width=\"120\">1<sup>er<\/sup>\u00a0janvier 2011<\/td>\n<td width=\"223\">12<\/td>\n<td width=\"115\"><span data-sort-value=\"&amp;0000000000027767.000000\">27\u00a0767\u00a0(2018)<\/span><\/td>\n<td width=\"70\">352,90<\/td>\n<td width=\"74\">79<\/td>\n<td width=\"242\">Muzillac<\/td>\n<\/tr>\n<tr>\n<td width=\"280\">Roi Morvan Communaut\u00e9<\/td>\n<td width=\"70\">245614417<\/td>\n<td width=\"120\">29 d\u00e9cembre 1998<\/td>\n<td width=\"223\">21<\/td>\n<td width=\"115\"><span data-sort-value=\"&amp;0000000000024577.000000\">24\u00a0577\u00a0(2018)<\/span><\/td>\n<td width=\"70\">763,30<\/td>\n<td width=\"74\">32<\/td>\n<td width=\"242\">Gourin<\/td>\n<\/tr>\n<tr>\n<td width=\"280\">Questembert Communaut\u00e9<\/td>\n<td width=\"70\">245614383<\/td>\n<td width=\"120\">30 d\u00e9cembre 1997<\/td>\n<td width=\"223\">13<\/td>\n<td width=\"115\"><span data-sort-value=\"&amp;0000000000023677.000000\">23\u00a0677\u00a0(2018)<\/span><\/td>\n<td width=\"70\">328,10<\/td>\n<td width=\"74\">72<\/td>\n<td width=\"242\">Questembert<\/td>\n<\/tr>\n<tr>\n<td width=\"280\">Blavet Bellevue Oc\u00e9an Communaut\u00e9<\/td>\n<td width=\"70\">245600440<\/td>\n<td width=\"120\">8 d\u00e9cembre 1993<\/td>\n<td width=\"223\">5<\/td>\n<td width=\"115\"><span data-sort-value=\"&amp;0000000000018022.000000\">18\u00a0022\u00a0(2018)<\/span><\/td>\n<td width=\"70\">116,60<\/td>\n<td width=\"74\">155<\/td>\n<td width=\"242\">Merlevenez<\/td>\n<\/tr>\n<tr>\n<td width=\"280\">Baud Communaut\u00e9<\/td>\n<td width=\"70\">200096675<\/td>\n<td width=\"120\">1<sup>er<\/sup>\u00a0janvier 2022<\/td>\n<td width=\"223\">6<\/td>\n<td width=\"115\">16\u00a0641 (2019)<\/td>\n<td width=\"70\">225,79<\/td>\n<td width=\"74\">74<\/td>\n<td width=\"242\">Baud<\/td>\n<\/tr>\n<tr>\n<td width=\"280\">CC de Belle-\u00cele-en-Mer<\/td>\n<td width=\"70\">245600465<\/td>\n<td width=\"120\">16 mars 2000<\/td>\n<td width=\"223\">4<\/td>\n<td width=\"115\"><span data-sort-value=\"&amp;0000000000005443.000000\">5\u00a0443\u00a0(2018)<\/span><\/td>\n<td width=\"70\">85,60<\/td>\n<td width=\"74\">64<\/td>\n<td width=\"242\">Le Palais<\/td>\n<\/tr>\n<tr>\n<td colspan=\"9\" width=\"1392\">Intercommunalit\u00e9 dont le si\u00e8ge est situ\u00e9 hors d\u00e9partement<\/td>\n<\/tr>\n<tr>\n<td rowspan=\"2\" width=\"198\">Communaut\u00e9 d&#8217;agglom\u00e9ration<\/td>\n<td width=\"280\">CA de la Presqu&#8217;\u00eele de Gu\u00e9rande Atlantique<\/td>\n<td width=\"70\">244400610<\/td>\n<td width=\"120\">30 d\u00e9cembre 2002<\/td>\n<td width=\"223\">15\u00a0(dont 3 dans le\u00a0Morbihan)<\/td>\n<td width=\"115\"><span data-sort-value=\"&amp;0000000000074669.000000\">74\u00a0669\u00a0(2018)<\/span><\/td>\n<td width=\"70\">386,10<\/td>\n<td width=\"74\">193<\/td>\n<td width=\"242\">La Baule-Escoublac\u00a0(Loire-Atlantique)<\/td>\n<\/tr>\n<tr>\n<td width=\"280\">Redon Agglom\u00e9ration<\/td>\n<td width=\"70\">243500741<\/td>\n<td width=\"120\">1<sup>er<\/sup>\u00a0janvier 2018<\/td>\n<td width=\"223\">31\u00a0(dont 11 dans le\u00a0Morbihan)<\/td>\n<td width=\"115\"><span data-sort-value=\"&amp;0000000000066655.000000\">66\u00a0655\u00a0(2019)<\/span><\/td>\n<td width=\"70\">990,90<\/td>\n<td width=\"74\">67<\/td>\n<td width=\"242\">Redon\u00a0(Ille-et-Vilaine)<\/td>\n<\/tr>\n<\/tbody>\n<\/table>\n<\/div>\n","protected":false},"excerpt":{"rendered":"<p>Qu&#8217;est-ce que l&#8217;intercommunalit\u00e9 dans le Morbihan ?<\/p>\n<p>L&#8217;intercommunalit\u00e9 dans le Morbihan d\u00e9signe l&#8217;ensemble des acteurs<\/p>\n","protected":false},"author":1,"featured_media":13583,"template":"","categoria_ficha":[1843],"class_list":["post-13582","ficha","type-ficha","status-publish","has-post-thumbnail","hentry","categoria_ficha-cartes-du-departement-du-morbihan"],"acf":[],"_links":{"self":[{"href":"https:\/\/gifex.com\/fr\/wp-json\/wp\/v2\/ficha\/13582","targetHints":{"allow":["GET"]}}],"collection":[{"href":"https:\/\/gifex.com\/fr\/wp-json\/wp\/v2\/ficha"}],"about":[{"href":"https:\/\/gifex.com\/fr\/wp-json\/wp\/v2\/types\/ficha"}],"author":[{"embeddable":true,"href":"https:\/\/gifex.com\/fr\/wp-json\/wp\/v2\/users\/1"}],"version-history":[{"count":2,"href":"https:\/\/gifex.com\/fr\/wp-json\/wp\/v2\/ficha\/13582\/revisions"}],"predecessor-version":[{"id":21792,"href":"https:\/\/gifex.com\/fr\/wp-json\/wp\/v2\/ficha\/13582\/revisions\/21792"}],"wp:featuredmedia":[{"embeddable":true,"href":"https:\/\/gifex.com\/fr\/wp-json\/wp\/v2\/media\/13583"}],"wp:attachment":[{"href":"https:\/\/gifex.com\/fr\/wp-json\/wp\/v2\/media?parent=13582"}],"wp:term":[{"taxonomy":"categoria_ficha","embeddable":true,"href":"https:\/\/gifex.com\/fr\/wp-json\/wp\/v2\/categoria_ficha?post=13582"}],"curies":[{"name":"wp","href":"https:\/\/api.w.org\/{rel}","templated":true}]}}