{"id":13568,"date":"2022-05-22T01:06:18","date_gmt":"2022-05-22T01:06:18","guid":{"rendered":"https:\/\/gifex.com\/fr\/?post_type=ficha&#038;p=13568"},"modified":"2022-08-17T22:12:34","modified_gmt":"2022-08-17T22:12:34","slug":"carte-des-intercommunalites-du-haut-rhin","status":"publish","type":"ficha","link":"https:\/\/gifex.com\/fr\/fichier\/carte-des-intercommunalites-du-haut-rhin\/","title":{"rendered":"Carte des intercommunalit\u00e9s du Haut-Rhin"},"content":{"rendered":"<p style=\"text-align: center;\"><label style=\"font-size: 15px;\">Carte des intercommunalit\u00e9s du Haut-Rhin.<\/label><\/p>\n<p><strong>Qu&#8217;est-ce que l&#8217;intercommunalit\u00e9 dans le Haut-Rhin ?<\/strong><\/p>\n<p>L&#8217;intercommunalit\u00e9 dans le Haut-Rhin d\u00e9signe l&#8217;ensemble des acteurs et organismes de coop\u00e9ration associant pour tout ou partie des communes pour l&#8217;exercice de certaines de leurs comp\u00e9tences. Selon la l\u00e9gislation en vigueur, entrent dans cette cat\u00e9gorie : les \u00e9tablissements publics de coop\u00e9ration intercommunale, les syndicats mixtes, les p\u00f4les m\u00e9tropolitains, les p\u00f4les d&#8217;\u00e9quilibre territoriaux et ruraux et d&#8217;autres formes de coop\u00e9ration intercommunale, comme les ententes, conventions et conf\u00e9rences intercommunales.<\/p>\n<p><strong>Quelles sont les intercommunalit\u00e9s du Haut-Rhin ?<\/strong><\/p>\n<p>Depuis le 1er janvier 2017, le d\u00e9partement du Haut-Rhin compte 16 \u00e9tablissements publics de coop\u00e9ration intercommunale \u00e0 fiscalit\u00e9 propre dont le si\u00e8ge est dans le d\u00e9partement (3 communaut\u00e9s d&#8217;agglom\u00e9ration et 13 communaut\u00e9s de communes),. Par ailleurs une commune est group\u00e9e dans une intercommunalit\u00e9 dont le si\u00e8ge est situ\u00e9 hors d\u00e9partement.<\/p>\n<div class=\"boxscrl\">\n<table width=\"1250\">\n<tbody>\n<tr>\n<td width=\"198\">Forme<\/td>\n<td rowspan=\"2\" width=\"302\">Nom<\/td>\n<td rowspan=\"2\" width=\"70\">n<sup>o<\/sup>\u00a0\u00a0SIREN<\/td>\n<td rowspan=\"2\" width=\"121\">Date de cr\u00e9ation<\/td>\n<td width=\"145\">Nombre de<\/td>\n<td width=\"115\">Population<\/td>\n<td width=\"70\">Superficie<\/td>\n<td width=\"74\">Densit\u00e9<\/td>\n<td rowspan=\"2\" width=\"155\">Si\u00e8ge<\/td>\n<\/tr>\n<tr>\n<td width=\"198\">juridique<\/td>\n<td width=\"145\">communes<\/td>\n<td width=\"115\">(der.\u00a0pop. l\u00e9gale)<\/td>\n<td width=\"70\">(km<sup>2<\/sup>)<\/td>\n<td width=\"74\">(hab.\/km<sup>2<\/sup>)<\/td>\n<\/tr>\n<tr>\n<td rowspan=\"3\" width=\"198\">Communaut\u00e9 d&#8217;agglom\u00e9ration<\/td>\n<td width=\"302\">Mulhouse Alsace Agglom\u00e9ration<\/td>\n<td width=\"70\">200066009<\/td>\n<td width=\"121\">1<sup>er<\/sup>\u00a0janvier 2017<\/td>\n<td width=\"145\">39<\/td>\n<td width=\"115\"><span data-sort-value=\"&amp;0000000000274066.000000\">274\u00a0066\u00a0(2018)<\/span><\/td>\n<td width=\"70\">439,20<\/td>\n<td width=\"74\">624<\/td>\n<td width=\"155\">Mulhouse<\/td>\n<\/tr>\n<tr>\n<td width=\"302\">Colmar Agglom\u00e9ration<\/td>\n<td width=\"70\">246800726<\/td>\n<td width=\"121\">1<sup>er<\/sup>\u00a0novembre 2003<\/td>\n<td width=\"145\">20<\/td>\n<td width=\"115\"><span data-sort-value=\"&amp;0000000000113621.000000\">113\u00a0621\u00a0(2018)<\/span><\/td>\n<td width=\"70\">244,40<\/td>\n<td width=\"74\">465<\/td>\n<td width=\"155\">Colmar<\/td>\n<\/tr>\n<tr>\n<td width=\"302\">CA Saint-Louis Agglom\u00e9ration<\/td>\n<td width=\"70\">200066058<\/td>\n<td width=\"121\">1<sup>er<\/sup>\u00a0janvier 2017<\/td>\n<td width=\"145\">40<\/td>\n<td width=\"115\"><span data-sort-value=\"&amp;0000000000080298.000000\">80\u00a0298\u00a0(2018)<\/span><\/td>\n<td width=\"70\">268,0<\/td>\n<td width=\"74\">300<\/td>\n<td width=\"155\">Saint-Louis<\/td>\n<\/tr>\n<tr>\n<td rowspan=\"13\" width=\"198\">Communaut\u00e9 de communes<\/td>\n<td width=\"302\">CC Sundgau<\/td>\n<td width=\"70\">200066041<\/td>\n<td width=\"121\">1<sup>er<\/sup>\u00a0janvier 2017<\/td>\n<td width=\"145\">64<\/td>\n<td width=\"115\"><span data-sort-value=\"&amp;0000000000047562.000000\">47\u00a0562\u00a0(2018)<\/span><\/td>\n<td width=\"70\">433,20<\/td>\n<td width=\"74\">110<\/td>\n<td width=\"155\">Altkirch<\/td>\n<\/tr>\n<tr>\n<td width=\"302\">CC de la r\u00e9gion de Guebwiller<\/td>\n<td width=\"70\">246800569<\/td>\n<td width=\"121\">1<sup>er<\/sup>\u00a0janvier 2001<\/td>\n<td width=\"145\">19<\/td>\n<td width=\"115\"><span data-sort-value=\"&amp;0000000000038067.000000\">38\u00a0067\u00a0(2018)<\/span><\/td>\n<td width=\"70\">189,40<\/td>\n<td width=\"74\">201<\/td>\n<td width=\"155\">Guebwiller<\/td>\n<\/tr>\n<tr>\n<td width=\"302\">CC de Thann-Cernay<\/td>\n<td width=\"70\">200036465<\/td>\n<td width=\"121\">1<sup>er<\/sup>\u00a0janvier 2013<\/td>\n<td width=\"145\">16<\/td>\n<td width=\"115\"><span data-sort-value=\"&amp;0000000000037251.000000\">37\u00a0251\u00a0(2018)<\/span><\/td>\n<td width=\"70\">157,80<\/td>\n<td width=\"74\">236<\/td>\n<td width=\"155\">Cernay<\/td>\n<\/tr>\n<tr>\n<td width=\"302\">CC Pays Rhin-Brisach<\/td>\n<td width=\"70\">200066025<\/td>\n<td width=\"121\">1<sup>er<\/sup>\u00a0janvier 2017<\/td>\n<td width=\"145\">29<\/td>\n<td width=\"115\"><span data-sort-value=\"&amp;0000000000033336.000000\">33\u00a0336\u00a0(2018)<\/span><\/td>\n<td width=\"70\">328,90<\/td>\n<td width=\"74\">101<\/td>\n<td width=\"155\">Volgelsheim<\/td>\n<\/tr>\n<tr>\n<td width=\"302\">CC Sud Alsace Largue<\/td>\n<td width=\"70\">200066033<\/td>\n<td width=\"121\">1<sup>er<\/sup>\u00a0janvier 2017<\/td>\n<td width=\"145\">44<\/td>\n<td width=\"115\"><span data-sort-value=\"&amp;0000000000022297.000000\">22\u00a0297\u00a0(2018)<\/span><\/td>\n<td width=\"70\">229,80<\/td>\n<td width=\"74\">97<\/td>\n<td width=\"155\">Dannemarie<\/td>\n<\/tr>\n<tr>\n<td width=\"302\">CC du Pays de Ribeauvill\u00e9<\/td>\n<td width=\"70\">246800577<\/td>\n<td width=\"121\">1<sup>er<\/sup>\u00a0juin 1996<\/td>\n<td width=\"145\">16<\/td>\n<td width=\"115\"><span data-sort-value=\"&amp;0000000000018286.000000\">18\u00a0286\u00a0(2018)<\/span><\/td>\n<td width=\"70\">166,50<\/td>\n<td width=\"74\">110<\/td>\n<td width=\"155\">Ribeauvill\u00e9<\/td>\n<\/tr>\n<tr>\n<td width=\"302\">CC de la Vall\u00e9e de Kaysersberg<\/td>\n<td width=\"70\">246800551<\/td>\n<td width=\"121\">1<sup>er<\/sup>\u00a0janvier 1996<\/td>\n<td width=\"145\">8<\/td>\n<td width=\"115\"><span data-sort-value=\"&amp;0000000000016377.000000\">16\u00a0377\u00a0(2018)<\/span><\/td>\n<td width=\"70\">180,90<\/td>\n<td width=\"74\">91<\/td>\n<td width=\"155\">Kaysersberg Vignoble<\/td>\n<\/tr>\n<tr>\n<td width=\"302\">CC de la Vall\u00e9e de Munster<\/td>\n<td width=\"70\">246800585<\/td>\n<td width=\"121\">30 mai 1996<\/td>\n<td width=\"145\">16<\/td>\n<td width=\"115\"><span data-sort-value=\"&amp;0000000000016237.000000\">16\u00a0237\u00a0(2018)<\/span><\/td>\n<td width=\"70\">195,30<\/td>\n<td width=\"74\">83<\/td>\n<td width=\"155\">Munster<\/td>\n<\/tr>\n<tr>\n<td width=\"302\">CC de la Vall\u00e9e de la Doller et du Soultzbach<\/td>\n<td width=\"70\">246800676<\/td>\n<td width=\"121\">1<sup>er<\/sup>\u00a0janvier 2002<\/td>\n<td width=\"145\">15<\/td>\n<td width=\"115\"><span data-sort-value=\"&amp;0000000000016083.000000\">16\u00a0083\u00a0(2018)<\/span><\/td>\n<td width=\"70\">160,60<\/td>\n<td width=\"74\">100<\/td>\n<td width=\"155\">Masevaux-Niederbruck<\/td>\n<\/tr>\n<tr>\n<td width=\"302\">CC du Centre Haut-Rhin<\/td>\n<td width=\"70\">246800445<\/td>\n<td width=\"121\">4 f\u00e9vrier 2002<\/td>\n<td width=\"145\">9<\/td>\n<td width=\"115\"><span data-sort-value=\"&amp;0000000000015767.000000\">15\u00a0767\u00a0(2018)<\/span><\/td>\n<td width=\"70\">137,10<\/td>\n<td width=\"74\">115<\/td>\n<td width=\"155\">Ensisheim<\/td>\n<\/tr>\n<tr>\n<td width=\"302\">CC du Pays de Rouffach, Vignobles et Ch\u00e2teaux<\/td>\n<td width=\"70\">246800494<\/td>\n<td width=\"121\">1<sup>er<\/sup>\u00a0janvier 1994<\/td>\n<td width=\"145\">11<\/td>\n<td width=\"115\"><span data-sort-value=\"&amp;0000000000013121.000000\">13\u00a0121\u00a0(2018)<\/span><\/td>\n<td width=\"70\">115,20<\/td>\n<td width=\"74\">114<\/td>\n<td width=\"155\">Rouffach<\/td>\n<\/tr>\n<tr>\n<td width=\"302\">CC de la Vall\u00e9e de Saint-Amarin<\/td>\n<td width=\"70\">246800205<\/td>\n<td width=\"121\">31 d\u00e9cembre 1999<\/td>\n<td width=\"145\">15<\/td>\n<td width=\"115\"><span data-sort-value=\"&amp;0000000000012336.000000\">12\u00a0336\u00a0(2018)<\/span><\/td>\n<td width=\"70\">167,80<\/td>\n<td width=\"74\">74<\/td>\n<td width=\"155\">Saint-Amarin<\/td>\n<\/tr>\n<tr>\n<td width=\"302\">CC du Val d&#8217;Argent<\/td>\n<td width=\"70\">246800395<\/td>\n<td width=\"121\">1<sup>er<\/sup>\u00a0janvier 2001<\/td>\n<td width=\"145\">4<\/td>\n<td width=\"115\"><span data-sort-value=\"&amp;0000000000009458.000000\">9\u00a0458\u00a0(2018)<\/span><\/td>\n<td width=\"70\">103,50<\/td>\n<td width=\"74\">91<\/td>\n<td width=\"155\">Sainte-Croix-aux-Mines<\/td>\n<\/tr>\n<tr>\n<td colspan=\"9\" width=\"1250\">Intercommunalit\u00e9 dont le si\u00e8ge est situ\u00e9 hors d\u00e9partement<\/td>\n<\/tr>\n<tr>\n<td width=\"198\">Communaut\u00e9 de communes<\/td>\n<td width=\"302\">CC du Ried de Marckolsheim<\/td>\n<td width=\"70\">200030526<\/td>\n<td width=\"121\">1<sup>er<\/sup>\u00a0janvier 2012<\/td>\n<td width=\"145\">18\u00a0(dont 17 dans le\u00a067)<\/td>\n<td width=\"115\"><span data-sort-value=\"&amp;0000000000020254.000000\">20\u00a0254\u00a0(2018)<\/span><\/td>\n<td width=\"70\">184,60<\/td>\n<td width=\"74\">110<\/td>\n<td width=\"155\">Marckolsheim\u00a0(67)<\/td>\n<\/tr>\n<\/tbody>\n<\/table>\n<\/div>\n","protected":false},"excerpt":{"rendered":"<p>Qu&#8217;est-ce que l&#8217;intercommunalit\u00e9 dans le Haut-Rhin ?<\/p>\n<p>L&#8217;intercommunalit\u00e9 dans le Haut-Rhin d\u00e9signe l&#8217;ensemble des acte<\/p>\n","protected":false},"author":1,"featured_media":13569,"template":"","categoria_ficha":[1854],"class_list":["post-13568","ficha","type-ficha","status-publish","has-post-thumbnail","hentry","categoria_ficha-cartes-du-departement-du-haut-rhin"],"acf":[],"_links":{"self":[{"href":"https:\/\/gifex.com\/fr\/wp-json\/wp\/v2\/ficha\/13568","targetHints":{"allow":["GET"]}}],"collection":[{"href":"https:\/\/gifex.com\/fr\/wp-json\/wp\/v2\/ficha"}],"about":[{"href":"https:\/\/gifex.com\/fr\/wp-json\/wp\/v2\/types\/ficha"}],"author":[{"embeddable":true,"href":"https:\/\/gifex.com\/fr\/wp-json\/wp\/v2\/users\/1"}],"version-history":[{"count":3,"href":"https:\/\/gifex.com\/fr\/wp-json\/wp\/v2\/ficha\/13568\/revisions"}],"predecessor-version":[{"id":21711,"href":"https:\/\/gifex.com\/fr\/wp-json\/wp\/v2\/ficha\/13568\/revisions\/21711"}],"wp:featuredmedia":[{"embeddable":true,"href":"https:\/\/gifex.com\/fr\/wp-json\/wp\/v2\/media\/13569"}],"wp:attachment":[{"href":"https:\/\/gifex.com\/fr\/wp-json\/wp\/v2\/media?parent=13568"}],"wp:term":[{"taxonomy":"categoria_ficha","embeddable":true,"href":"https:\/\/gifex.com\/fr\/wp-json\/wp\/v2\/categoria_ficha?post=13568"}],"curies":[{"name":"wp","href":"https:\/\/api.w.org\/{rel}","templated":true}]}}