{"id":13565,"date":"2022-05-22T00:59:20","date_gmt":"2022-05-22T00:59:20","guid":{"rendered":"https:\/\/gifex.com\/fr\/?post_type=ficha&#038;p=13565"},"modified":"2022-08-17T22:15:03","modified_gmt":"2022-08-17T22:15:03","slug":"carte-des-intercommunalites-du-gers","status":"publish","type":"ficha","link":"https:\/\/gifex.com\/fr\/fichier\/carte-des-intercommunalites-du-gers\/","title":{"rendered":"Carte des intercommunalit\u00e9s du Gers"},"content":{"rendered":"<p style=\"text-align: center;\"><label style=\"font-size: 15px;\">Carte des intercommunalit\u00e9s du Gers.<\/label><\/p>\n<p><strong>Qu&#8217;est-ce que l&#8217;intercommunalit\u00e9 dans le Gers ?<\/strong><\/p>\n<p>L&#8217;intercommunalit\u00e9 dans le Gers d\u00e9signe l&#8217;ensemble des acteurs et organismes de coop\u00e9ration associant pour tout ou partie des communes pour l&#8217;exercice de certaines de leurs comp\u00e9tences. Selon la l\u00e9gislation en vigueur, entrent dans cette cat\u00e9gorie : les \u00e9tablissements publics de coop\u00e9ration intercommunale, les syndicats mixtes, les p\u00f4les m\u00e9tropolitains, les p\u00f4les d&#8217;\u00e9quilibre territoriaux et ruraux et d&#8217;autres formes de coop\u00e9ration intercommunale, comme les ententes, conventions et conf\u00e9rences intercommunales.<\/p>\n<p><strong>Quelles sont les intercommunalit\u00e9s du Gers ?<\/strong><\/p>\n<p>Au 1er janvier 2021, le d\u00e9partement du Gers compte 15 \u00e9tablissements publics de coop\u00e9ration intercommunale \u00e0 fiscalit\u00e9 propre dont le si\u00e8ge est dans le d\u00e9partement (1 communaut\u00e9 d&#8217;agglom\u00e9ration et 14 communaut\u00e9s de communes), dont un qui est interd\u00e9partemental. Par ailleurs 11 communes sont group\u00e9es dans deux intercommunalit\u00e9s dont le si\u00e8ge est situ\u00e9 hors d\u00e9partement.<\/p>\n<div class=\"boxscrl\">\n<table width=\"1171\">\n<tbody>\n<tr>\n<td width=\"198\">Forme<\/td>\n<td rowspan=\"2\" width=\"239\">Nom<\/td>\n<td rowspan=\"2\" width=\"70\">n<sup>o<\/sup>\u00a0\u00a0SIREN<\/td>\n<td rowspan=\"2\" width=\"119\">Date de cr\u00e9ation<\/td>\n<td width=\"145\">Nombre de<\/td>\n<td width=\"115\">Population<\/td>\n<td width=\"70\">Superficie<\/td>\n<td width=\"74\">Densit\u00e9<\/td>\n<td rowspan=\"2\" width=\"141\">Si\u00e8ge<\/td>\n<\/tr>\n<tr>\n<td width=\"198\">juridique<\/td>\n<td width=\"145\">communes<\/td>\n<td width=\"115\">(der.\u00a0pop. l\u00e9gale)<\/td>\n<td width=\"70\">(km<sup>2<\/sup>)<\/td>\n<td width=\"74\">(hab.\/km<sup>2<\/sup>)<\/td>\n<\/tr>\n<tr>\n<td width=\"198\">Communaut\u00e9 d&#8217;agglom\u00e9ration<\/td>\n<td width=\"239\">CA Grand Auch C\u0153ur de Gascogne<\/td>\n<td width=\"70\">200066926<\/td>\n<td width=\"119\">1<sup>er<\/sup>\u00a0janvier 2017<\/td>\n<td width=\"145\">34<\/td>\n<td width=\"115\"><span data-sort-value=\"&amp;0000000000038936.000000\">38\u00a0936\u00a0(2018)<\/span><\/td>\n<td width=\"70\">602,0<\/td>\n<td width=\"74\">65<\/td>\n<td width=\"141\">Auch<\/td>\n<\/tr>\n<tr>\n<td rowspan=\"14\" width=\"198\">Communaut\u00e9 de communes<\/td>\n<td width=\"239\">CC de la Gascogne Toulousaine<\/td>\n<td width=\"70\">200023620<\/td>\n<td width=\"119\">31 d\u00e9cembre 2009<\/td>\n<td width=\"145\">14\u00a0(dont 1 dans le\u00a031)<\/td>\n<td width=\"115\"><span data-sort-value=\"&amp;0000000000022069.000000\">22\u00a0069\u00a0(2018)<\/span><\/td>\n<td width=\"70\">235,90<\/td>\n<td width=\"74\">94<\/td>\n<td width=\"141\">L&#8217;Isle-Jourdain<\/td>\n<\/tr>\n<tr>\n<td width=\"239\">CC de la Lomagne gersoise<\/td>\n<td width=\"70\">243200391<\/td>\n<td width=\"119\">23 d\u00e9cembre 1998<\/td>\n<td width=\"145\">43<\/td>\n<td width=\"115\"><span data-sort-value=\"&amp;0000000000019185.000000\">19\u00a0185\u00a0(2018)<\/span><\/td>\n<td width=\"70\">683,30<\/td>\n<td width=\"74\">28<\/td>\n<td width=\"141\">Fleurance<\/td>\n<\/tr>\n<tr>\n<td width=\"239\">CC de la T\u00e9nar\u00e8ze<\/td>\n<td width=\"70\">243200417<\/td>\n<td width=\"119\">2 d\u00e9cembre 1999<\/td>\n<td width=\"145\">26<\/td>\n<td width=\"115\"><span data-sort-value=\"&amp;0000000000014550.000000\">14\u00a0550\u00a0(2018)<\/span><\/td>\n<td width=\"70\">498,20<\/td>\n<td width=\"74\">29<\/td>\n<td width=\"141\">Condom<\/td>\n<\/tr>\n<tr>\n<td width=\"239\">CC du Grand-Armagnac<\/td>\n<td width=\"70\">243200458<\/td>\n<td width=\"119\">24 d\u00e9cembre 1999<\/td>\n<td width=\"145\">25<\/td>\n<td width=\"115\"><span data-sort-value=\"&amp;0000000000013250.000000\">13\u00a0250\u00a0(2018)<\/span><\/td>\n<td width=\"70\">533,10<\/td>\n<td width=\"74\">25<\/td>\n<td width=\"141\">Cazaubon<\/td>\n<\/tr>\n<tr>\n<td width=\"239\">CC Bastides de Lomagne<\/td>\n<td width=\"70\">200034726<\/td>\n<td width=\"119\">1<sup>er<\/sup>\u00a0janvier 2013<\/td>\n<td width=\"145\">41<\/td>\n<td width=\"115\"><span data-sort-value=\"&amp;0000000000011209.000000\">11\u00a0209\u00a0(2018)<\/span><\/td>\n<td width=\"70\">424,0<\/td>\n<td width=\"74\">26<\/td>\n<td width=\"141\">Mauvezin<\/td>\n<\/tr>\n<tr>\n<td width=\"239\">CC Val de Gers<\/td>\n<td width=\"70\">200072320<\/td>\n<td width=\"119\">1<sup>er<\/sup>\u00a0janvier 2017<\/td>\n<td width=\"145\">45<\/td>\n<td width=\"115\"><span data-sort-value=\"&amp;0000000000010084.000000\">10\u00a0084\u00a0(2018)<\/span><\/td>\n<td width=\"70\">512,90<\/td>\n<td width=\"74\">20<\/td>\n<td width=\"141\">Seissan<\/td>\n<\/tr>\n<tr>\n<td width=\"239\">CC des Coteaux Arrats Gimone<\/td>\n<td width=\"70\">200042372<\/td>\n<td width=\"119\">1<sup>er<\/sup>\u00a0janvier 2014<\/td>\n<td width=\"145\">30<\/td>\n<td width=\"115\"><span data-sort-value=\"&amp;0000000000010687.000000\">10\u00a0687\u00a0(2018)<\/span><\/td>\n<td width=\"70\">402,20<\/td>\n<td width=\"74\">27<\/td>\n<td width=\"141\">Gimont<\/td>\n<\/tr>\n<tr>\n<td width=\"239\">CC du Sav\u00e8s (Gers)<\/td>\n<td width=\"70\">243200599<\/td>\n<td width=\"119\">31 d\u00e9cembre 2002<\/td>\n<td width=\"145\">32<\/td>\n<td width=\"115\"><span data-sort-value=\"&amp;0000000000009583.000000\">9\u00a0583\u00a0(2018)<\/span><\/td>\n<td width=\"70\">326,70<\/td>\n<td width=\"74\">29<\/td>\n<td width=\"141\">Lombez<\/td>\n<\/tr>\n<tr>\n<td width=\"239\">CC du Bas-Armagnac<\/td>\n<td width=\"70\">243200409<\/td>\n<td width=\"119\">30 d\u00e9cembre 1998<\/td>\n<td width=\"145\">26<\/td>\n<td width=\"115\"><span data-sort-value=\"&amp;0000000000008568.000000\">8\u00a0568\u00a0(2018)<\/span><\/td>\n<td width=\"70\">313,80<\/td>\n<td width=\"74\">27<\/td>\n<td width=\"141\">Nogaro<\/td>\n<\/tr>\n<tr>\n<td width=\"239\">CC C\u0153ur d&#8217;Astarac en Gascogne<\/td>\n<td width=\"70\">243200425<\/td>\n<td width=\"119\">3 d\u00e9cembre 1999<\/td>\n<td width=\"145\">19<\/td>\n<td width=\"115\"><span data-sort-value=\"&amp;0000000000007698.000000\">7\u00a0698\u00a0(2018)<\/span><\/td>\n<td width=\"70\">287,10<\/td>\n<td width=\"74\">27<\/td>\n<td width=\"141\">Mirande<\/td>\n<\/tr>\n<tr>\n<td width=\"239\">CC Astarac Arros en Gascogne<\/td>\n<td width=\"70\">200035756<\/td>\n<td width=\"119\">1<sup>er<\/sup>\u00a0janvier 2013<\/td>\n<td width=\"145\">37<\/td>\n<td width=\"115\"><span data-sort-value=\"&amp;0000000000007235.000000\">7\u00a0235\u00a0(2018)<\/span><\/td>\n<td width=\"70\">379,50<\/td>\n<td width=\"74\">19<\/td>\n<td width=\"141\">Villecomtal-sur-Arros<\/td>\n<\/tr>\n<tr>\n<td width=\"239\">CC Bastides et Vallons du Gers<\/td>\n<td width=\"70\">243200508<\/td>\n<td width=\"119\">8 novembre 2000<\/td>\n<td width=\"145\">30<\/td>\n<td width=\"115\"><span data-sort-value=\"&amp;0000000000007116.000000\">7\u00a0116\u00a0(2018)<\/span><\/td>\n<td width=\"70\">297,0<\/td>\n<td width=\"74\">24<\/td>\n<td width=\"141\">Marciac<\/td>\n<\/tr>\n<tr>\n<td width=\"239\">CC d&#8217;Artagnan en F\u00e9zensac<\/td>\n<td width=\"70\">243200607<\/td>\n<td width=\"119\">18 d\u00e9cembre 2003<\/td>\n<td width=\"145\">25<\/td>\n<td width=\"115\"><span data-sort-value=\"&amp;0000000000007019.000000\">7\u00a0019\u00a0(2018)<\/span><\/td>\n<td width=\"70\">377,0<\/td>\n<td width=\"74\">19<\/td>\n<td width=\"141\">Vic-Fezensac<\/td>\n<\/tr>\n<tr>\n<td width=\"239\">CC Armagnac Adour<\/td>\n<td width=\"70\">200035632<\/td>\n<td width=\"119\">1<sup>er<\/sup>\u00a0janvier 2013<\/td>\n<td width=\"145\">24<\/td>\n<td width=\"115\"><span data-sort-value=\"&amp;0000000000006806.000000\">6\u00a0806\u00a0(2018)<\/span><\/td>\n<td width=\"70\">297,30<\/td>\n<td width=\"74\">23<\/td>\n<td width=\"141\">Riscle<\/td>\n<\/tr>\n<tr>\n<td colspan=\"9\" width=\"1171\">Intercommunalit\u00e9 dont le si\u00e8ge est situ\u00e9 hors d\u00e9partement<\/td>\n<\/tr>\n<tr>\n<td rowspan=\"2\" width=\"198\">Communaut\u00e9 de communes<\/td>\n<td width=\"239\">CC d&#8217;Aire-sur-l&#8217;Adour<\/td>\n<td width=\"70\">200030435<\/td>\n<td width=\"119\">31 d\u00e9cembre 1992<\/td>\n<td width=\"145\">22\u00a0(dont 10 dans le\u00a032)<\/td>\n<td width=\"115\"><span data-sort-value=\"&amp;0000000000012846.000000\">12\u00a0846\u00a0(2018)<\/span><\/td>\n<td width=\"70\">300,60<\/td>\n<td width=\"74\">43<\/td>\n<td width=\"141\">Aire-sur-l&#8217;Adour\u00a0(40)<\/td>\n<\/tr>\n<tr>\n<td width=\"239\">CC des Deux Rives (Tarn-et-Garonne)<\/td>\n<td width=\"70\">248200016<\/td>\n<td width=\"119\">1<sup>er<\/sup>\u00a0janvier 2002<\/td>\n<td width=\"145\">28\u00a0(dont 1 dans le\u00a032)<\/td>\n<td width=\"115\"><span data-sort-value=\"&amp;0000000000018750.000000\">18\u00a0750\u00a0(2018)<\/span><\/td>\n<td width=\"70\">343,30<\/td>\n<td width=\"74\">55<\/td>\n<td width=\"141\">Valence\u00a0(82)<\/td>\n<\/tr>\n<\/tbody>\n<\/table>\n<\/div>\n","protected":false},"excerpt":{"rendered":"<p>Qu&#8217;est-ce que l&#8217;intercommunalit\u00e9 dans le Gers ?<\/p>\n<p>L&#8217;intercommunalit\u00e9 dans le Gers d\u00e9signe l&#8217;ensemble des acteurs et<\/p>\n","protected":false},"author":1,"featured_media":13566,"template":"","categoria_ficha":[1819],"class_list":["post-13565","ficha","type-ficha","status-publish","has-post-thumbnail","hentry","categoria_ficha-cartes-du-departement-du-gers"],"acf":[],"_links":{"self":[{"href":"https:\/\/gifex.com\/fr\/wp-json\/wp\/v2\/ficha\/13565","targetHints":{"allow":["GET"]}}],"collection":[{"href":"https:\/\/gifex.com\/fr\/wp-json\/wp\/v2\/ficha"}],"about":[{"href":"https:\/\/gifex.com\/fr\/wp-json\/wp\/v2\/types\/ficha"}],"author":[{"embeddable":true,"href":"https:\/\/gifex.com\/fr\/wp-json\/wp\/v2\/users\/1"}],"version-history":[{"count":2,"href":"https:\/\/gifex.com\/fr\/wp-json\/wp\/v2\/ficha\/13565\/revisions"}],"predecessor-version":[{"id":21712,"href":"https:\/\/gifex.com\/fr\/wp-json\/wp\/v2\/ficha\/13565\/revisions\/21712"}],"wp:featuredmedia":[{"embeddable":true,"href":"https:\/\/gifex.com\/fr\/wp-json\/wp\/v2\/media\/13566"}],"wp:attachment":[{"href":"https:\/\/gifex.com\/fr\/wp-json\/wp\/v2\/media?parent=13565"}],"wp:term":[{"taxonomy":"categoria_ficha","embeddable":true,"href":"https:\/\/gifex.com\/fr\/wp-json\/wp\/v2\/categoria_ficha?post=13565"}],"curies":[{"name":"wp","href":"https:\/\/api.w.org\/{rel}","templated":true}]}}