{"id":13552,"date":"2022-05-21T22:29:44","date_gmt":"2022-05-21T22:29:44","guid":{"rendered":"https:\/\/gifex.com\/fr\/?post_type=ficha&#038;p=13552"},"modified":"2022-08-17T22:23:39","modified_gmt":"2022-08-17T22:23:39","slug":"carte-des-intercommunalites-du-doubs","status":"publish","type":"ficha","link":"https:\/\/gifex.com\/fr\/fichier\/carte-des-intercommunalites-du-doubs\/","title":{"rendered":"Carte des intercommunalit\u00e9s du Doubs"},"content":{"rendered":"<p style=\"text-align: center;\"><label style=\"font-size: 15px;\">Carte des intercommunalit\u00e9s du Doubs.<\/label><\/p>\n<p><strong>Qu&#8217;est-ce que l&#8217;intercommunalit\u00e9 dans le Doubs ?<\/strong><\/p>\n<p>L&#8217;intercommunalit\u00e9 dans le Doubs d\u00e9signe l&#8217;ensemble des acteurs et organismes de coop\u00e9ration associant pour tout ou partie des communes pour l&#8217;exercice de certaines de leurs comp\u00e9tences. Selon la l\u00e9gislation en vigueur, entrent dans cette cat\u00e9gorie : les \u00e9tablissements publics de coop\u00e9ration intercommunale, les syndicats mixtes, les p\u00f4les m\u00e9tropolitains, les p\u00f4les d&#8217;\u00e9quilibre territoriaux et ruraux et d&#8217;autres formes de coop\u00e9ration intercommunale, comme les ententes, conventions et conf\u00e9rences intercommunales.<\/p>\n<p><strong>Quelles sont les intercommunalit\u00e9s du Doubs ?<\/strong><\/p>\n<p>Au 1er janvier 2019, le d\u00e9partement du Doubs compte 15 \u00e9tablissements publics de coop\u00e9ration intercommunale \u00e0 fiscalit\u00e9 propre dont le si\u00e8ge est dans le d\u00e9partement (une communaut\u00e9 urbaine, une communaut\u00e9 d&#8217;agglom\u00e9ration et 13 communaut\u00e9s de communes). Par ailleurs 26 communes sont group\u00e9es dans 3 intercommunalit\u00e9s dont le si\u00e8ge est situ\u00e9 hors d\u00e9partement (en Haute-Sa\u00f4ne).<\/p>\n<p>Deux p\u00f4les d&#8217;\u00e9quilibre territorial et rural et deux p\u00f4les m\u00e9tropolitains se sont constitu\u00e9s parall\u00e8lement.<\/p>\n<div class=\"boxscrl\">\n<table width=\"1278\">\n<tbody>\n<tr>\n<td width=\"198\">Forme<\/td>\n<td rowspan=\"2\" width=\"291\">Nom<\/td>\n<td rowspan=\"2\" width=\"70\">n<sup>o<\/sup>\u00a0\u00a0SIREN<\/td>\n<td rowspan=\"2\" width=\"120\">Date de cr\u00e9ation<\/td>\n<td width=\"171\">Nombre de<\/td>\n<td width=\"115\">Population<\/td>\n<td width=\"70\">Superficie<\/td>\n<td width=\"74\">Densit\u00e9<\/td>\n<td rowspan=\"2\" width=\"169\">Si\u00e8ge<\/td>\n<\/tr>\n<tr>\n<td width=\"198\">juridique<\/td>\n<td width=\"171\">communes<\/td>\n<td width=\"115\">(der.\u00a0pop. l\u00e9gale)<\/td>\n<td width=\"70\">(km<sup>2<\/sup>)<\/td>\n<td width=\"74\">(hab.\/km<sup>2<\/sup>)<\/td>\n<\/tr>\n<tr>\n<td width=\"198\">Communaut\u00e9 urbaine<\/td>\n<td width=\"291\">CU Grand Besan\u00e7on M\u00e9tropole<\/td>\n<td width=\"70\">242500361<\/td>\n<td width=\"120\">23 d\u00e9cembre 2000<\/td>\n<td width=\"171\">68<\/td>\n<td width=\"115\"><span data-sort-value=\"&amp;0000000000194382.000000\">194\u00a0382\u00a0(2018)<\/span><\/td>\n<td width=\"70\">528,60<\/td>\n<td width=\"74\">368<\/td>\n<td width=\"169\">Besan\u00e7on<\/td>\n<\/tr>\n<tr>\n<td width=\"198\">Communaut\u00e9 d&#8217;agglom\u00e9ration<\/td>\n<td width=\"291\">CA Pays de Montb\u00e9liard Agglom\u00e9ration<\/td>\n<td width=\"70\">200065647<\/td>\n<td width=\"120\">1<sup>er<\/sup>\u00a0janvier 2017<\/td>\n<td width=\"171\">72<\/td>\n<td width=\"115\"><span data-sort-value=\"&amp;0000000000140002.000000\">140\u00a0002\u00a0(2018)<\/span><\/td>\n<td width=\"70\">449,10<\/td>\n<td width=\"74\">312<\/td>\n<td width=\"169\">Montb\u00e9liard<\/td>\n<\/tr>\n<tr>\n<td rowspan=\"13\" width=\"198\">Communaut\u00e9 de communes<\/td>\n<td width=\"291\">CC du Grand Pontarlier<\/td>\n<td width=\"70\">242500338<\/td>\n<td width=\"120\">14 juin 1999<\/td>\n<td width=\"171\">10<\/td>\n<td width=\"115\"><span data-sort-value=\"&amp;0000000000027449.000000\">27\u00a0449\u00a0(2018)<\/span><\/td>\n<td width=\"70\">154,40<\/td>\n<td width=\"74\">178<\/td>\n<td width=\"169\">Pontarlier<\/td>\n<\/tr>\n<tr>\n<td width=\"291\">CC des Portes du Haut-Doubs<\/td>\n<td width=\"70\">242504181<\/td>\n<td width=\"120\">19 juin 1998<\/td>\n<td width=\"171\">47<\/td>\n<td width=\"115\"><span data-sort-value=\"&amp;0000000000026166.000000\">26\u00a0166\u00a0(2018)<\/span><\/td>\n<td width=\"70\">643,60<\/td>\n<td width=\"74\">41<\/td>\n<td width=\"169\">Valdahon<\/td>\n<\/tr>\n<tr>\n<td width=\"291\">CC Loue-Lison<\/td>\n<td width=\"70\">200068070<\/td>\n<td width=\"120\">1<sup>er<\/sup>\u00a0janvier 2017<\/td>\n<td width=\"171\">72<\/td>\n<td width=\"115\"><span data-sort-value=\"&amp;0000000000025335.000000\">25\u00a0335\u00a0(2018)<\/span><\/td>\n<td width=\"70\">666,90<\/td>\n<td width=\"74\">38<\/td>\n<td width=\"169\">Ornans<\/td>\n<\/tr>\n<tr>\n<td width=\"291\">CC du Val de Morteau<\/td>\n<td width=\"70\">242504116<\/td>\n<td width=\"120\">29 novembre 2000<\/td>\n<td width=\"171\">8<\/td>\n<td width=\"115\"><span data-sort-value=\"&amp;0000000000020756.000000\">20\u00a0756\u00a0(2018)<\/span><\/td>\n<td width=\"70\">161,70<\/td>\n<td width=\"74\">128<\/td>\n<td width=\"169\">Morteau<\/td>\n<\/tr>\n<tr>\n<td width=\"291\">CC du pays de Ma\u00eeche<\/td>\n<td width=\"70\">200023075<\/td>\n<td width=\"120\">1<sup>er<\/sup>\u00a0janvier 2010<\/td>\n<td width=\"171\">43<\/td>\n<td width=\"115\"><span data-sort-value=\"&amp;0000000000018604.000000\">18\u00a0604\u00a0(2018)<\/span><\/td>\n<td width=\"70\">383,20<\/td>\n<td width=\"74\">49<\/td>\n<td width=\"169\">Ma\u00eeche<\/td>\n<\/tr>\n<tr>\n<td width=\"291\">CC des Deux Vall\u00e9es Vertes<\/td>\n<td width=\"70\">200068294<\/td>\n<td width=\"120\">1<sup>er<\/sup>\u00a0janvier 2017<\/td>\n<td width=\"171\">54<\/td>\n<td width=\"115\"><span data-sort-value=\"&amp;0000000000015958.000000\">15\u00a0958\u00a0(2018)<\/span><\/td>\n<td width=\"70\">390,0<\/td>\n<td width=\"74\">41<\/td>\n<td width=\"169\">Pays-de-Clerval<\/td>\n<\/tr>\n<tr>\n<td width=\"291\">CC du Doubs Baumois<\/td>\n<td width=\"70\">242504447<\/td>\n<td width=\"120\">27 d\u00e9cembre 2001<\/td>\n<td width=\"171\">58<\/td>\n<td width=\"115\"><span data-sort-value=\"&amp;0000000000015991.000000\">15\u00a0991\u00a0(2018)<\/span><\/td>\n<td width=\"70\">348,90<\/td>\n<td width=\"74\">46<\/td>\n<td width=\"169\">Baume-les-Dames<\/td>\n<\/tr>\n<tr>\n<td width=\"291\">CC des Lacs et Montagnes du Haut-Doubs<\/td>\n<td width=\"70\">200069565<\/td>\n<td width=\"120\">1<sup>er<\/sup>\u00a0janvier 2017<\/td>\n<td width=\"171\">32<\/td>\n<td width=\"115\"><span data-sort-value=\"&amp;0000000000016099.000000\">16\u00a0099\u00a0(2018)<\/span><\/td>\n<td width=\"70\">419,80<\/td>\n<td width=\"74\">38<\/td>\n<td width=\"169\">Les H\u00f4pitaux-Vieux<\/td>\n<\/tr>\n<tr>\n<td width=\"291\">CC de Montbeno\u00eet<\/td>\n<td width=\"70\">242500320<\/td>\n<td width=\"120\">1<sup>er<\/sup>\u00a0janvier 1993<\/td>\n<td width=\"171\">16<\/td>\n<td width=\"115\"><span data-sort-value=\"&amp;0000000000007833.000000\">7\u00a0833\u00a0(2018)<\/span><\/td>\n<td width=\"70\">198,20<\/td>\n<td width=\"74\">40<\/td>\n<td width=\"169\">Montbeno\u00eet<\/td>\n<\/tr>\n<tr>\n<td width=\"291\">CC du Plateau du Russey<\/td>\n<td width=\"70\">242504355<\/td>\n<td width=\"120\">27 d\u00e9cembre 2001<\/td>\n<td width=\"171\">17<\/td>\n<td width=\"115\"><span data-sort-value=\"&amp;0000000000006688.000000\">6\u00a0688\u00a0(2018)<\/span><\/td>\n<td width=\"70\">148,70<\/td>\n<td width=\"74\">45<\/td>\n<td width=\"169\">Le Russey<\/td>\n<\/tr>\n<tr>\n<td width=\"291\">CC Altitude 800<\/td>\n<td width=\"70\">242504488<\/td>\n<td width=\"120\">22 novembre 2002<\/td>\n<td width=\"171\">11<\/td>\n<td width=\"115\"><span data-sort-value=\"&amp;0000000000006390.000000\">6\u00a0390\u00a0(2018)<\/span><\/td>\n<td width=\"70\">204,50<\/td>\n<td width=\"74\">31<\/td>\n<td width=\"169\">Levier<\/td>\n<\/tr>\n<tr>\n<td width=\"291\">CC du plateau de Frasne et du val du Drugeon<\/td>\n<td width=\"70\">242504496<\/td>\n<td width=\"120\">4 d\u00e9cembre 2002<\/td>\n<td width=\"171\">10<\/td>\n<td width=\"115\"><span data-sort-value=\"&amp;0000000000006040.000000\">6\u00a0040\u00a0(2018)<\/span><\/td>\n<td width=\"70\">178,40<\/td>\n<td width=\"74\">34<\/td>\n<td width=\"169\">Frasne<\/td>\n<\/tr>\n<tr>\n<td width=\"291\">CC du Pays de Sancey-Belleherbe<\/td>\n<td width=\"70\">242504371<\/td>\n<td width=\"120\">26 d\u00e9cembre 2001<\/td>\n<td width=\"171\">27<\/td>\n<td width=\"115\"><span data-sort-value=\"&amp;0000000000005515.000000\">5\u00a0515\u00a0(2018)<\/span><\/td>\n<td width=\"70\">229,90<\/td>\n<td width=\"74\">24<\/td>\n<td width=\"169\">Sancey<\/td>\n<\/tr>\n<tr>\n<td colspan=\"9\" width=\"1278\">Intercommunalit\u00e9s dont le si\u00e8ge est situ\u00e9 hors d\u00e9partement<\/td>\n<\/tr>\n<tr>\n<td rowspan=\"3\" width=\"198\">Communaut\u00e9 de communes<\/td>\n<td width=\"291\">CC du Pays d&#8217;H\u00e9ricourt<\/td>\n<td width=\"70\">247000722<\/td>\n<td width=\"120\">14 novembre 2000<\/td>\n<td width=\"171\">23\u00a0(dont 3 dans le\u00a0Doubs)<\/td>\n<td width=\"115\"><span data-sort-value=\"&amp;0000000000021051.000000\">21\u00a0051\u00a0(2018)<\/span><\/td>\n<td width=\"70\">163,60<\/td>\n<td width=\"74\">129<\/td>\n<td width=\"169\">H\u00e9ricourt\u00a0(Haute-Sa\u00f4ne)<\/td>\n<\/tr>\n<tr>\n<td width=\"291\">CC du Val Marnaysien<\/td>\n<td width=\"70\">200041887<\/td>\n<td width=\"120\">1<sup>er<\/sup>\u00a0janvier 2014<\/td>\n<td width=\"171\">45\u00a0(dont 21 dans le\u00a0Doubs)<\/td>\n<td width=\"115\"><span data-sort-value=\"&amp;0000000000014340.000000\">14\u00a0340\u00a0(2018)<\/span><\/td>\n<td width=\"70\">301,90<\/td>\n<td width=\"74\">48<\/td>\n<td width=\"169\">Marnay\u00a0(Haute-Sa\u00f4ne)<\/td>\n<\/tr>\n<tr>\n<td width=\"291\">CC du Pays de Villersexel<\/td>\n<td width=\"70\">247000714<\/td>\n<td width=\"120\">30 d\u00e9cembre 1999<\/td>\n<td width=\"171\">34\u00a0(dont 2 dans le\u00a0Doubs)<\/td>\n<td width=\"115\"><span data-sort-value=\"&amp;0000000000007856.000000\">7\u00a0856\u00a0(2018)<\/span><\/td>\n<td width=\"70\">205,60<\/td>\n<td width=\"74\">38<\/td>\n<td width=\"169\">Villersexel\u00a0(Haute-Sa\u00f4ne)<\/td>\n<\/tr>\n<\/tbody>\n<\/table>\n<\/div>\n","protected":false},"excerpt":{"rendered":"<p>Qu&#8217;est-ce que l&#8217;intercommunalit\u00e9 dans le Doubs ?<\/p>\n<p>L&#8217;intercommunalit\u00e9 dans le Doubs d\u00e9signe l&#8217;ensemble des acteurs et orga<\/p>\n","protected":false},"author":1,"featured_media":13557,"template":"","categoria_ficha":[1812],"class_list":["post-13552","ficha","type-ficha","status-publish","has-post-thumbnail","hentry","categoria_ficha-cartes-du-departement-du-doubs"],"acf":[],"_links":{"self":[{"href":"https:\/\/gifex.com\/fr\/wp-json\/wp\/v2\/ficha\/13552","targetHints":{"allow":["GET"]}}],"collection":[{"href":"https:\/\/gifex.com\/fr\/wp-json\/wp\/v2\/ficha"}],"about":[{"href":"https:\/\/gifex.com\/fr\/wp-json\/wp\/v2\/types\/ficha"}],"author":[{"embeddable":true,"href":"https:\/\/gifex.com\/fr\/wp-json\/wp\/v2\/users\/1"}],"version-history":[{"count":3,"href":"https:\/\/gifex.com\/fr\/wp-json\/wp\/v2\/ficha\/13552\/revisions"}],"predecessor-version":[{"id":21717,"href":"https:\/\/gifex.com\/fr\/wp-json\/wp\/v2\/ficha\/13552\/revisions\/21717"}],"wp:featuredmedia":[{"embeddable":true,"href":"https:\/\/gifex.com\/fr\/wp-json\/wp\/v2\/media\/13557"}],"wp:attachment":[{"href":"https:\/\/gifex.com\/fr\/wp-json\/wp\/v2\/media?parent=13552"}],"wp:term":[{"taxonomy":"categoria_ficha","embeddable":true,"href":"https:\/\/gifex.com\/fr\/wp-json\/wp\/v2\/categoria_ficha?post=13552"}],"curies":[{"name":"wp","href":"https:\/\/api.w.org\/{rel}","templated":true}]}}