{"id":13549,"date":"2022-05-21T22:17:20","date_gmt":"2022-05-21T22:17:20","guid":{"rendered":"https:\/\/gifex.com\/fr\/?post_type=ficha&#038;p=13549"},"modified":"2022-08-17T22:27:30","modified_gmt":"2022-08-17T22:27:30","slug":"carte-des-intercommunalites-du-cher","status":"publish","type":"ficha","link":"https:\/\/gifex.com\/fr\/fichier\/carte-des-intercommunalites-du-cher\/","title":{"rendered":"Carte des intercommunalit\u00e9s du Cher"},"content":{"rendered":"<p style=\"text-align: center;\"><label style=\"font-size: 15px;\">Carte des intercommunalit\u00e9s du Cher.<\/label><\/p>\n<p><strong>Qu&#8217;est-ce que l&#8217;intercommunalit\u00e9 dans le Cher ?<\/strong><\/p>\n<p>L&#8217;intercommunalit\u00e9 dans le Cher d\u00e9signe l&#8217;ensemble des acteurs et organismes de coop\u00e9ration associant pour tout ou partie des communes pour l&#8217;exercice de certaines de leurs comp\u00e9tences. Selon la l\u00e9gislation en vigueur, entrent dans cette cat\u00e9gorie : les \u00e9tablissements publics de coop\u00e9ration intercommunale, les syndicats mixtes, les p\u00f4les m\u00e9tropolitains, les p\u00f4les d&#8217;\u00e9quilibre territoriaux et ruraux et d&#8217;autres formes de coop\u00e9ration intercommunale, comme les ententes, conventions et conf\u00e9rences intercommunales.<\/p>\n<p><strong>Quelles sont les intercommunalit\u00e9s du Cher ?<\/strong><\/p>\n<p>Au 1er janvier 2020, le d\u00e9partement du Cher compte 16 \u00e9tablissements publics de coop\u00e9ration intercommunale \u00e0 fiscalit\u00e9 propre dont le si\u00e8ge est dans le d\u00e9partement (1 communaut\u00e9 d&#8217;agglom\u00e9ration et 15 communaut\u00e9s de communes). Par ailleurs 4 communes sont group\u00e9es dans 2 intercommunalit\u00e9s dont le si\u00e8ge est situ\u00e9 hors d\u00e9partement (Indre et Ni\u00e8vre).<\/p>\n<div class=\"boxscrl\">\n<table width=\"1297\">\n<tbody>\n<tr>\n<td width=\"198\">Forme<\/td>\n<td rowspan=\"2\" width=\"310\">Nom<\/td>\n<td rowspan=\"2\" width=\"70\">n<sup>o<\/sup>\u00a0\u00a0SIREN<\/td>\n<td rowspan=\"2\" width=\"120\">Date de cr\u00e9ation<\/td>\n<td width=\"154\">Nombre de<\/td>\n<td width=\"115\">Population<\/td>\n<td width=\"70\">Superficie<\/td>\n<td width=\"74\">Densit\u00e9<\/td>\n<td rowspan=\"2\" width=\"186\">Si\u00e8ge<\/td>\n<\/tr>\n<tr>\n<td width=\"198\">juridique<\/td>\n<td width=\"154\">communes<\/td>\n<td width=\"115\">(der.\u00a0pop. l\u00e9gale)<\/td>\n<td width=\"70\">(km<sup>2<\/sup>)<\/td>\n<td width=\"74\">(hab.\/km<sup>2<\/sup>)<\/td>\n<\/tr>\n<tr>\n<td width=\"198\">Communaut\u00e9 d&#8217;agglom\u00e9ration<\/td>\n<td width=\"310\">Bourges Plus<\/td>\n<td width=\"70\">241800507<\/td>\n<td width=\"120\">21 octobre 2002<\/td>\n<td width=\"154\">17<\/td>\n<td width=\"115\"><span data-sort-value=\"&amp;0000000000102679.000000\">102\u00a0679\u00a0(2018)<\/span><\/td>\n<td width=\"70\">417,30<\/td>\n<td width=\"74\">246<\/td>\n<td width=\"186\">Bourges<\/td>\n<\/tr>\n<tr>\n<td width=\"198\">Communaut\u00e9 de communes<\/td>\n<td width=\"310\">CC Vierzon-Sologne-Berry et Villages de la For\u00eat<\/td>\n<td width=\"70\">200033207<\/td>\n<td width=\"120\">1<sup>er<\/sup>\u00a0janvier 2020<\/td>\n<td width=\"154\">17<\/td>\n<td width=\"115\">40\u00a0719\u00a0(2016)<\/td>\n<td width=\"70\">566<\/td>\n<td width=\"74\">72<\/td>\n<td width=\"186\">Vierzon<\/td>\n<\/tr>\n<tr>\n<td width=\"198\"><\/td>\n<td width=\"310\">CC Terres du Haut Berry<\/td>\n<td width=\"70\">200066330<\/td>\n<td width=\"120\">1<sup>er<\/sup>\u00a0janvier 2017<\/td>\n<td width=\"154\">30<\/td>\n<td width=\"115\"><span data-sort-value=\"&amp;0000000000026017.000000\">26\u00a0017\u00a0(2018)<\/span><\/td>\n<td width=\"70\">685,30<\/td>\n<td width=\"74\">38<\/td>\n<td width=\"186\">Les Aix-d&#8217;Angillon<\/td>\n<\/tr>\n<tr>\n<td width=\"198\"><\/td>\n<td width=\"310\">CC du C\u0153ur de France<\/td>\n<td width=\"70\">200036135<\/td>\n<td width=\"120\">1<sup>er<\/sup>\u00a0janvier 2013<\/td>\n<td width=\"154\">19<\/td>\n<td width=\"115\"><span data-sort-value=\"&amp;0000000000018315.000000\">18\u00a0315\u00a0(2018)<\/span><\/td>\n<td width=\"70\">379,10<\/td>\n<td width=\"74\">48<\/td>\n<td width=\"186\">Saint-Amand-Montrond<\/td>\n<\/tr>\n<tr>\n<td width=\"198\"><\/td>\n<td width=\"310\">CC Pays Fort Sancerrois Val de Loire<\/td>\n<td width=\"70\">200069227<\/td>\n<td width=\"120\">1<sup>er<\/sup>\u00a0janvier 2017<\/td>\n<td width=\"154\">36<\/td>\n<td width=\"115\"><span data-sort-value=\"&amp;0000000000018476.000000\">18\u00a0476\u00a0(2018)<\/span><\/td>\n<td width=\"70\">688,0<\/td>\n<td width=\"74\">27<\/td>\n<td width=\"186\">Sancerre<\/td>\n<\/tr>\n<tr>\n<td width=\"198\"><\/td>\n<td width=\"310\">CC C\u0153ur de Berry<\/td>\n<td width=\"70\">200070571<\/td>\n<td width=\"120\">1<sup>er<\/sup>\u00a0janvier 2017<\/td>\n<td width=\"154\">13<\/td>\n<td width=\"115\"><\/td>\n<td width=\"70\"><\/td>\n<td width=\"74\"><\/td>\n<td width=\"186\">Lury-sur-Arnon<\/td>\n<\/tr>\n<tr>\n<td width=\"198\"><\/td>\n<td width=\"310\">CC Sauldre et Sologne<\/td>\n<td width=\"70\">200000933<\/td>\n<td width=\"120\">29 d\u00e9cembre 2005<\/td>\n<td width=\"154\">14<\/td>\n<td width=\"115\"><span data-sort-value=\"&amp;0000000000014597.000000\">14\u00a0597\u00a0(2018)<\/span><\/td>\n<td width=\"70\">970,80<\/td>\n<td width=\"74\">15<\/td>\n<td width=\"186\">Argent-sur-Sauldre<\/td>\n<\/tr>\n<tr>\n<td width=\"198\"><\/td>\n<td width=\"310\">CC Berry Grand Sud<\/td>\n<td width=\"70\">200049484<\/td>\n<td width=\"120\">1<sup>er<\/sup>\u00a0janvier 2015<\/td>\n<td width=\"154\">32<\/td>\n<td width=\"115\"><span data-sort-value=\"&amp;0000000000011721.000000\">11\u00a0721\u00a0(2018)<\/span><\/td>\n<td width=\"70\">850,60<\/td>\n<td width=\"74\">14<\/td>\n<td width=\"186\">Le Ch\u00e2telet<\/td>\n<\/tr>\n<tr>\n<td width=\"198\"><\/td>\n<td width=\"310\">CC FerCher<\/td>\n<td width=\"70\">241800457<\/td>\n<td width=\"120\">1<sup>er<\/sup>\u00a0janvier 2001<\/td>\n<td width=\"154\">9<\/td>\n<td width=\"115\"><span data-sort-value=\"&amp;0000000000011527.000000\">11\u00a0527\u00a0(2018)<\/span><\/td>\n<td width=\"70\">232,0<\/td>\n<td width=\"74\">50<\/td>\n<td width=\"186\">Saint-Florent-sur-Cher<\/td>\n<\/tr>\n<tr>\n<td width=\"198\"><\/td>\n<td width=\"310\">CC la Septaine<\/td>\n<td width=\"70\">241800374<\/td>\n<td width=\"120\">1<sup>er<\/sup>\u00a0d\u00e9cembre 2000<\/td>\n<td width=\"154\">15<\/td>\n<td width=\"115\"><span data-sort-value=\"&amp;0000000000010774.000000\">10\u00a0774\u00a0(2018)<\/span><\/td>\n<td width=\"70\">391,50<\/td>\n<td width=\"74\">28<\/td>\n<td width=\"186\">Avord<\/td>\n<\/tr>\n<tr>\n<td width=\"198\"><\/td>\n<td width=\"310\">CC Portes du Berry, entre Loire et val d&#8217;Aubois<\/td>\n<td width=\"70\">200011781<\/td>\n<td width=\"120\">13 d\u00e9cembre 2007<\/td>\n<td width=\"154\">12<\/td>\n<td width=\"115\"><span data-sort-value=\"&amp;0000000000009663.000000\">9\u00a0663\u00a0(2018)<\/span><\/td>\n<td width=\"70\">286,40<\/td>\n<td width=\"74\">34<\/td>\n<td width=\"186\">Jouet-sur-l&#8217;Aubois<\/td>\n<\/tr>\n<tr>\n<td width=\"198\"><\/td>\n<td width=\"310\">CC Arnon Boischaut Cher<\/td>\n<td width=\"70\">200027076<\/td>\n<td width=\"120\">1<sup>er<\/sup>\u00a0janvier 2011<\/td>\n<td width=\"154\">18<\/td>\n<td width=\"115\"><span data-sort-value=\"&amp;0000000000008109.000000\">8\u00a0109\u00a0(2018)<\/span><\/td>\n<td width=\"70\">379,50<\/td>\n<td width=\"74\">21<\/td>\n<td width=\"186\">Ch\u00e2teauneuf-sur-Cher<\/td>\n<\/tr>\n<tr>\n<td width=\"198\"><\/td>\n<td width=\"310\">CC du Dunois (Cher)<\/td>\n<td width=\"70\">241800424<\/td>\n<td width=\"120\">1<sup>er<\/sup>\u00a0janvier 2001<\/td>\n<td width=\"154\">17<\/td>\n<td width=\"115\"><span data-sort-value=\"&amp;0000000000007507.000000\">7\u00a0507\u00a0(2018)<\/span><\/td>\n<td width=\"70\">335,70<\/td>\n<td width=\"74\">22<\/td>\n<td width=\"186\">Dun-sur-Auron<\/td>\n<\/tr>\n<tr>\n<td width=\"198\"><\/td>\n<td width=\"310\">CC Berry-Loire-Vauvise<\/td>\n<td width=\"70\">200032514<\/td>\n<td width=\"120\">1<sup>er<\/sup>\u00a0janvier 2013<\/td>\n<td width=\"154\">14<\/td>\n<td width=\"115\"><span data-sort-value=\"&amp;0000000000005508.000000\">5\u00a0508\u00a0(2018)<\/span><\/td>\n<td width=\"70\">277,20<\/td>\n<td width=\"74\">20<\/td>\n<td width=\"186\">Sancergues<\/td>\n<\/tr>\n<tr>\n<td width=\"198\"><\/td>\n<td width=\"310\">CC les Trois Provinces<\/td>\n<td width=\"70\">241800432<\/td>\n<td width=\"120\">1<sup>er<\/sup>\u00a0janvier 2001<\/td>\n<td width=\"154\">11<\/td>\n<td width=\"115\"><span data-sort-value=\"&amp;0000000000005146.000000\">5\u00a0146\u00a0(2018)<\/span><\/td>\n<td width=\"70\">269,60<\/td>\n<td width=\"74\">19<\/td>\n<td width=\"186\">Sancoins<\/td>\n<\/tr>\n<tr>\n<td width=\"198\"><\/td>\n<td width=\"310\">CC Pays de N\u00e9rondes<\/td>\n<td width=\"70\">200007177<\/td>\n<td width=\"120\">1<sup>er<\/sup>\u00a0janvier 2007<\/td>\n<td width=\"154\">12<\/td>\n<td width=\"115\"><span data-sort-value=\"&amp;0000000000004879.000000\">4\u00a0879\u00a0(2018)<\/span><\/td>\n<td width=\"70\">250,30<\/td>\n<td width=\"74\">20<\/td>\n<td width=\"186\">N\u00e9rondes<\/td>\n<\/tr>\n<tr>\n<td colspan=\"9\" width=\"1297\">Intercommunalit\u00e9 dont le si\u00e8ge est situ\u00e9 hors d\u00e9partement<\/td>\n<\/tr>\n<tr>\n<td rowspan=\"2\" width=\"198\">Communaut\u00e9 de communes<\/td>\n<td width=\"310\">CC du Pays d&#8217;Issoudun<\/td>\n<td width=\"70\">243600236<\/td>\n<td width=\"120\">1<sup>er<\/sup>\u00a0janvier 1994<\/td>\n<td width=\"154\">12\u00a0(dont 3 dans le\u00a0Cher)<\/td>\n<td width=\"115\"><span data-sort-value=\"&amp;0000000000019822.000000\">19\u00a0822\u00a0(2018)<\/span><\/td>\n<td width=\"70\">310,70<\/td>\n<td width=\"74\">64<\/td>\n<td width=\"186\">Issoudun\u00a0(Indre)<\/td>\n<\/tr>\n<tr>\n<td width=\"310\">CC Les Bertranges<\/td>\n<td width=\"70\">200068088<\/td>\n<td width=\"120\">1<sup>er<\/sup>\u00a0janvier 2017<\/td>\n<td width=\"154\">32\u00a0(dont 1 dans le\u00a0Cher)<\/td>\n<td width=\"115\"><span data-sort-value=\"&amp;0000000000020033.000000\">20\u00a0033\u00a0(2018)<\/span><\/td>\n<td width=\"70\">590,0<\/td>\n<td width=\"74\">34<\/td>\n<td width=\"186\">La Charit\u00e9-sur-Loire\u00a0(Ni\u00e8vre)<\/td>\n<\/tr>\n<\/tbody>\n<\/table>\n<\/div>\n","protected":false},"excerpt":{"rendered":"<p>Qu&#8217;est-ce que l&#8217;intercommunalit\u00e9 dans le Cher ?<\/p>\n<p>L&#8217;intercommunalit\u00e9 dans le Cher d\u00e9signe l&#8217;ensemble des acteurs et organi<\/p>\n","protected":false},"author":1,"featured_media":13550,"template":"","categoria_ficha":[1804],"class_list":["post-13549","ficha","type-ficha","status-publish","has-post-thumbnail","hentry","categoria_ficha-cartes-du-departement-du-cher"],"acf":[],"_links":{"self":[{"href":"https:\/\/gifex.com\/fr\/wp-json\/wp\/v2\/ficha\/13549","targetHints":{"allow":["GET"]}}],"collection":[{"href":"https:\/\/gifex.com\/fr\/wp-json\/wp\/v2\/ficha"}],"about":[{"href":"https:\/\/gifex.com\/fr\/wp-json\/wp\/v2\/types\/ficha"}],"author":[{"embeddable":true,"href":"https:\/\/gifex.com\/fr\/wp-json\/wp\/v2\/users\/1"}],"version-history":[{"count":4,"href":"https:\/\/gifex.com\/fr\/wp-json\/wp\/v2\/ficha\/13549\/revisions"}],"predecessor-version":[{"id":21718,"href":"https:\/\/gifex.com\/fr\/wp-json\/wp\/v2\/ficha\/13549\/revisions\/21718"}],"wp:featuredmedia":[{"embeddable":true,"href":"https:\/\/gifex.com\/fr\/wp-json\/wp\/v2\/media\/13550"}],"wp:attachment":[{"href":"https:\/\/gifex.com\/fr\/wp-json\/wp\/v2\/media?parent=13549"}],"wp:term":[{"taxonomy":"categoria_ficha","embeddable":true,"href":"https:\/\/gifex.com\/fr\/wp-json\/wp\/v2\/categoria_ficha?post=13549"}],"curies":[{"name":"wp","href":"https:\/\/api.w.org\/{rel}","templated":true}]}}