{"id":13530,"date":"2022-05-21T21:34:03","date_gmt":"2022-05-21T21:34:03","guid":{"rendered":"https:\/\/gifex.com\/fr\/?post_type=ficha&#038;p=13530"},"modified":"2022-08-17T22:44:44","modified_gmt":"2022-08-17T22:44:44","slug":"carte-des-intercommunalites-des-pyrenees-orientales","status":"publish","type":"ficha","link":"https:\/\/gifex.com\/fr\/fichier\/carte-des-intercommunalites-des-pyrenees-orientales\/","title":{"rendered":"Carte des intercommunalit\u00e9s des Pyr\u00e9n\u00e9es-Orientales"},"content":{"rendered":"<p style=\"text-align: center;\"><label style=\"font-size: 15px;\">Carte des intercommunalit\u00e9s des Pyr\u00e9n\u00e9es-Orientales.<\/label><\/p>\n<p><strong>Qu&#8217;est-ce que l&#8217;intercommunalit\u00e9 dans les Pyr\u00e9n\u00e9es-Orientales ?<\/strong><\/p>\n<p>L&#8217;intercommunalit\u00e9 dans les Pyr\u00e9n\u00e9es-Orientales d\u00e9signe l&#8217;ensemble des acteurs et organismes de coop\u00e9ration associant pour tout ou partie des communes pour l&#8217;exercice de certaines de leurs comp\u00e9tences. Selon la l\u00e9gislation en vigueur, entrent dans cette cat\u00e9gorie : les \u00e9tablissements publics de coop\u00e9ration intercommunale, les syndicats mixtes, les p\u00f4les m\u00e9tropolitains, les p\u00f4les d&#8217;\u00e9quilibre territoriaux et ruraux et d&#8217;autres formes de coop\u00e9ration intercommunale, comme les ententes, conventions et conf\u00e9rences intercommunales.<\/p>\n<p><strong>Quelles sont les intercommunalit\u00e9s des Pyr\u00e9n\u00e9es-Orientales ?<\/strong><\/p>\n<p>Depuis le 1er janvier 2017, le d\u00e9partement des Pyr\u00e9n\u00e9es-Orientales compte 12 \u00e9tablissements publics de coop\u00e9ration intercommunale \u00e0 fiscalit\u00e9 propre dont le si\u00e8ge est dans le d\u00e9partement (une communaut\u00e9 urbaine et 11 communaut\u00e9s de communes), dont un qui est interd\u00e9partemental.<\/p>\n<div class=\"boxscrl\">\n<table width=\"1191\">\n<tbody>\n<tr>\n<td width=\"183\">Forme<\/td>\n<td rowspan=\"2\" width=\"253\">Nom<\/td>\n<td rowspan=\"2\" width=\"70\">n<sup>o<\/sup>\u00a0\u00a0SIREN<\/td>\n<td rowspan=\"2\" width=\"119\">Date de cr\u00e9ation<\/td>\n<td width=\"145\">Nombre de<\/td>\n<td width=\"115\">Population<\/td>\n<td width=\"70\">Superficie<\/td>\n<td width=\"74\">Densit\u00e9<\/td>\n<td rowspan=\"2\" width=\"162\">Si\u00e8ge<\/td>\n<\/tr>\n<tr>\n<td width=\"183\">juridique<\/td>\n<td width=\"145\">communes<\/td>\n<td width=\"115\">(der.\u00a0pop. l\u00e9gale)<\/td>\n<td width=\"70\">(km<sup>2<\/sup>)<\/td>\n<td width=\"74\">(hab.\/km<sup>2<\/sup>)<\/td>\n<\/tr>\n<tr>\n<td width=\"183\">Communaut\u00e9 urbaine<\/td>\n<td width=\"253\">Perpignan M\u00e9diterran\u00e9e M\u00e9tropole<\/td>\n<td width=\"70\">200027183<\/td>\n<td width=\"119\">31 d\u00e9cembre 2010<\/td>\n<td width=\"145\">36<\/td>\n<td width=\"115\"><span data-sort-value=\"&amp;0000000000268445.000000\">268\u00a0445\u00a0(2018)<\/span><\/td>\n<td width=\"70\">616,70<\/td>\n<td width=\"74\">435<\/td>\n<td width=\"162\">Perpignan<\/td>\n<\/tr>\n<tr>\n<td rowspan=\"11\" width=\"183\">Communaut\u00e9 de communes<\/td>\n<td width=\"253\">CC des Alb\u00e8res, de la C\u00f4te Vermeille et de l&#8217;Illib\u00e9ris<\/td>\n<td width=\"70\">200043602<\/td>\n<td width=\"119\">1<sup>er<\/sup>\u00a0janvier 2014<\/td>\n<td width=\"145\">15<\/td>\n<td width=\"115\"><span data-sort-value=\"&amp;0000000000055610.000000\">55\u00a0610\u00a0(2018)<\/span><\/td>\n<td width=\"70\">292,50<\/td>\n<td width=\"74\">190<\/td>\n<td width=\"162\">Argel\u00e8s-sur-Mer<\/td>\n<\/tr>\n<tr>\n<td width=\"253\">CC Sud Roussillon<\/td>\n<td width=\"70\">246600282<\/td>\n<td width=\"119\">31 d\u00e9cembre 1992<\/td>\n<td width=\"145\">6<\/td>\n<td width=\"115\"><span data-sort-value=\"&amp;0000000000023575.000000\">23\u00a0575\u00a0(2018)<\/span><\/td>\n<td width=\"70\">40,70<\/td>\n<td width=\"74\">579<\/td>\n<td width=\"162\">Saint-Cyprien<\/td>\n<\/tr>\n<tr>\n<td width=\"253\">CC Corbi\u00e8res Salanque M\u00e9diterran\u00e9e<\/td>\n<td width=\"70\">200070365<\/td>\n<td width=\"119\">1<sup>er<\/sup>\u00a0janvier 2017<\/td>\n<td width=\"145\">21\u00a0(dont 18 dans le\u00a011)<\/td>\n<td width=\"115\"><span data-sort-value=\"&amp;0000000000022196.000000\">22\u00a0196\u00a0(2018)<\/span><\/td>\n<td width=\"70\">549,20<\/td>\n<td width=\"74\">40<\/td>\n<td width=\"162\">Claira<\/td>\n<\/tr>\n<tr>\n<td width=\"253\">CC Conflent-Canig\u00f3<\/td>\n<td width=\"70\">200049211<\/td>\n<td width=\"119\">1<sup>er<\/sup>\u00a0janvier 2015<\/td>\n<td width=\"145\">45<\/td>\n<td width=\"115\"><span data-sort-value=\"&amp;0000000000020466.000000\">20\u00a0466\u00a0(2018)<\/span><\/td>\n<td width=\"70\">785,90<\/td>\n<td width=\"74\">26<\/td>\n<td width=\"162\">Prades<\/td>\n<\/tr>\n<tr>\n<td width=\"253\">CC du Vallespir<\/td>\n<td width=\"70\">246600373<\/td>\n<td width=\"119\">31 d\u00e9cembre 1996<\/td>\n<td width=\"145\">10<\/td>\n<td width=\"115\"><span data-sort-value=\"&amp;0000000000020468.000000\">20\u00a0468\u00a0(2018)<\/span><\/td>\n<td width=\"70\">183,90<\/td>\n<td width=\"74\">111<\/td>\n<td width=\"162\">C\u00e9ret<\/td>\n<\/tr>\n<tr>\n<td width=\"253\">CC des Aspres<\/td>\n<td width=\"70\">246600449<\/td>\n<td width=\"119\">31 d\u00e9cembre 1997<\/td>\n<td width=\"145\">19<\/td>\n<td width=\"115\"><span data-sort-value=\"&amp;0000000000021708.000000\">21\u00a0708\u00a0(2018)<\/span><\/td>\n<td width=\"70\">231,50<\/td>\n<td width=\"74\">94<\/td>\n<td width=\"162\">Thuir<\/td>\n<\/tr>\n<tr>\n<td width=\"253\">CC Roussillon Conflent<\/td>\n<td width=\"70\">246600415<\/td>\n<td width=\"119\">31 d\u00e9cembre 1996<\/td>\n<td width=\"145\">16<\/td>\n<td width=\"115\"><span data-sort-value=\"&amp;0000000000018398.000000\">18\u00a0398\u00a0(2018)<\/span><\/td>\n<td width=\"70\">233,40<\/td>\n<td width=\"74\">79<\/td>\n<td width=\"162\">Ille-sur-T\u00eat<\/td>\n<\/tr>\n<tr>\n<td width=\"253\">CC du Haut Vallespir<\/td>\n<td width=\"70\">246600548<\/td>\n<td width=\"119\">31 d\u00e9cembre 2004<\/td>\n<td width=\"145\">14<\/td>\n<td width=\"115\"><span data-sort-value=\"&amp;0000000000009677.000000\">9\u00a0677\u00a0(2018)<\/span><\/td>\n<td width=\"70\">465,50<\/td>\n<td width=\"74\">21<\/td>\n<td width=\"162\">Arles-sur-Tech<\/td>\n<\/tr>\n<tr>\n<td width=\"253\">CC Pyr\u00e9n\u00e9es Cerdagne<\/td>\n<td width=\"70\">246600399<\/td>\n<td width=\"119\">31 d\u00e9cembre 1996<\/td>\n<td width=\"145\">19<\/td>\n<td width=\"115\"><span data-sort-value=\"&amp;0000000000008635.000000\">8\u00a0635\u00a0(2018)<\/span><\/td>\n<td width=\"70\">441,40<\/td>\n<td width=\"74\">20<\/td>\n<td width=\"162\">Saillagouse<\/td>\n<\/tr>\n<tr>\n<td width=\"253\">CC Pyr\u00e9n\u00e9es catalanes<\/td>\n<td width=\"70\">246600464<\/td>\n<td width=\"119\">31 d\u00e9cembre 1997<\/td>\n<td width=\"145\">19<\/td>\n<td width=\"115\"><span data-sort-value=\"&amp;0000000000005974.000000\">5\u00a0974\u00a0(2018)<\/span><\/td>\n<td width=\"70\">352,70<\/td>\n<td width=\"74\">17<\/td>\n<td width=\"162\">La Llagonne<\/td>\n<\/tr>\n<tr>\n<td width=\"253\">CC Agly-Fenouill\u00e8des<\/td>\n<td width=\"70\">246600423<\/td>\n<td width=\"119\">31 d\u00e9cembre 1996<\/td>\n<td width=\"145\">24<\/td>\n<td width=\"115\"><span data-sort-value=\"&amp;0000000000006412.000000\">6\u00a0412\u00a0(2018)<\/span><\/td>\n<td width=\"70\">368,10<\/td>\n<td width=\"74\">17<\/td>\n<td width=\"162\">Saint-Paul-de-Fenouillet<\/td>\n<\/tr>\n<\/tbody>\n<\/table>\n<\/div>\n","protected":false},"excerpt":{"rendered":"<p>Carte des intercommunalit\u00e9s des Pyr\u00e9n\u00e9es-Orientales. Qu&#8217;est-ce que l&#8217;intercommunalit\u00e9 dans les Pyr\u00e9n\u00e9es-Orientales ? L&#8217;intercommunalit\u00e9 dans les Pyr\u00e9n\u00e9es-Orientales d\u00e9signe l&#8217;ensemble des acteurs et organismes de coop\u00e9ration associant pour tout ou partie des communes pour l&#8217;exercice de certaines de leurs comp\u00e9tences. Selon la l\u00e9gislation en vigueur, entrent dans cette cat\u00e9gorie : les \u00e9tablissements publics de coop\u00e9ration intercommunale, les [&hellip;]<\/p>\n","protected":false},"author":1,"featured_media":13531,"template":"","categoria_ficha":[1853],"class_list":["post-13530","ficha","type-ficha","status-publish","has-post-thumbnail","hentry","categoria_ficha-cartes-du-departement-des-pyrenees-orientales"],"acf":[],"_links":{"self":[{"href":"https:\/\/gifex.com\/fr\/wp-json\/wp\/v2\/ficha\/13530","targetHints":{"allow":["GET"]}}],"collection":[{"href":"https:\/\/gifex.com\/fr\/wp-json\/wp\/v2\/ficha"}],"about":[{"href":"https:\/\/gifex.com\/fr\/wp-json\/wp\/v2\/types\/ficha"}],"author":[{"embeddable":true,"href":"https:\/\/gifex.com\/fr\/wp-json\/wp\/v2\/users\/1"}],"version-history":[{"count":3,"href":"https:\/\/gifex.com\/fr\/wp-json\/wp\/v2\/ficha\/13530\/revisions"}],"predecessor-version":[{"id":21727,"href":"https:\/\/gifex.com\/fr\/wp-json\/wp\/v2\/ficha\/13530\/revisions\/21727"}],"wp:featuredmedia":[{"embeddable":true,"href":"https:\/\/gifex.com\/fr\/wp-json\/wp\/v2\/media\/13531"}],"wp:attachment":[{"href":"https:\/\/gifex.com\/fr\/wp-json\/wp\/v2\/media?parent=13530"}],"wp:term":[{"taxonomy":"categoria_ficha","embeddable":true,"href":"https:\/\/gifex.com\/fr\/wp-json\/wp\/v2\/categoria_ficha?post=13530"}],"curies":[{"name":"wp","href":"https:\/\/api.w.org\/{rel}","templated":true}]}}