{"id":13520,"date":"2022-05-21T15:48:07","date_gmt":"2022-05-21T15:48:07","guid":{"rendered":"https:\/\/gifex.com\/fr\/?post_type=ficha&#038;p=13520"},"modified":"2022-08-17T22:48:51","modified_gmt":"2022-08-17T22:48:51","slug":"carte-des-intercommunalites-des-pyrenees-atlantiques","status":"publish","type":"ficha","link":"https:\/\/gifex.com\/fr\/fichier\/carte-des-intercommunalites-des-pyrenees-atlantiques\/","title":{"rendered":"Carte des intercommunalit\u00e9s des Pyr\u00e9n\u00e9es-Atlantiques"},"content":{"rendered":"<p style=\"text-align: center;\"><label style=\"font-size: 15px;\">Carte des intercommunalit\u00e9s des Pyr\u00e9n\u00e9es-Atlantiques.<\/label><\/p>\n<p><strong>Qu&#8217;est-ce que l&#8217;intercommunalit\u00e9 dans les Pyr\u00e9n\u00e9es-Atlantiques ?<\/strong><\/p>\n<p>L&#8217;intercommunalit\u00e9 dans les Pyr\u00e9n\u00e9es-Atlantiques d\u00e9signe l&#8217;ensemble des acteurs et organismes de coop\u00e9ration associant pour tout ou partie des communes pour l&#8217;exercice de certaines de leurs comp\u00e9tences. Selon la l\u00e9gislation en vigueur, entrent dans cette cat\u00e9gorie : les \u00e9tablissements publics de coop\u00e9ration intercommunale, les syndicats mixtes, les p\u00f4les m\u00e9tropolitains, les p\u00f4les d&#8217;\u00e9quilibre territoriaux et ruraux et d&#8217;autres formes de coop\u00e9ration intercommunale, comme les ententes, conventions et conf\u00e9rences intercommunales.<\/p>\n<p><strong>Quelles sont les intercommunalit\u00e9s des Pyr\u00e9n\u00e9es-Atlantiques ?<\/strong><\/p>\n<p>Au 1er janvier 2021, le d\u00e9partement des Pyr\u00e9n\u00e9es-Atlantiques compte 9 \u00e9tablissements publics de coop\u00e9ration intercommunale \u00e0 fiscalit\u00e9 propre dont le si\u00e8ge est dans le d\u00e9partement (2 communaut\u00e9s d&#8217;agglom\u00e9ration et 7 communaut\u00e9s de communes), dont un qui est interd\u00e9partemental. Par ailleurs 11 communes sont group\u00e9es dans une intercommunalit\u00e9 dont le si\u00e8ge est situ\u00e9 hors d\u00e9partement.<\/p>\n<div class=\"boxscrl\">\n<table width=\"1069\">\n<tbody>\n<tr>\n<td width=\"198\">Forme<\/td>\n<td rowspan=\"2\" width=\"152\">Nom<\/td>\n<td rowspan=\"2\" width=\"70\">n<sup>o<\/sup>\u00a0\u00a0SIREN<\/td>\n<td rowspan=\"2\" width=\"109\">Date de cr\u00e9ation<\/td>\n<td width=\"145\">Nombre de<\/td>\n<td width=\"115\">Population<\/td>\n<td width=\"70\">Superficie<\/td>\n<td width=\"74\">Densit\u00e9<\/td>\n<td rowspan=\"2\" width=\"136\">Si\u00e8ge<\/td>\n<\/tr>\n<tr>\n<td width=\"198\">juridique<\/td>\n<td width=\"145\">communes<\/td>\n<td width=\"115\">(der.\u00a0pop. l\u00e9gale)<\/td>\n<td width=\"70\">(km<sup>2<\/sup>)<\/td>\n<td width=\"74\">(hab.\/km<sup>2<\/sup>)<\/td>\n<\/tr>\n<tr>\n<td rowspan=\"2\" width=\"198\">Communaut\u00e9 d&#8217;agglom\u00e9ration<\/td>\n<td width=\"152\">CA du Pays Basque<\/td>\n<td width=\"70\">200067106<\/td>\n<td width=\"109\">1<sup>er<\/sup>\u00a0janvier 2017<\/td>\n<td width=\"145\">158<\/td>\n<td width=\"115\"><span data-sort-value=\"&amp;0000000000312278.000000\">312\u00a0278\u00a0(2018)<\/span><\/td>\n<td width=\"70\">2\u00a0968,0<\/td>\n<td width=\"74\">105<\/td>\n<td width=\"136\">Bayonne<\/td>\n<\/tr>\n<tr>\n<td width=\"152\">CA Pau B\u00e9arn Pyr\u00e9n\u00e9es<\/td>\n<td width=\"70\">200067254<\/td>\n<td width=\"109\">1<sup>er<\/sup>\u00a0janvier 2017<\/td>\n<td width=\"145\">31<\/td>\n<td width=\"115\"><span data-sort-value=\"&amp;0000000000161871.000000\">161\u00a0871\u00a0(2018)<\/span><\/td>\n<td width=\"70\">343,60<\/td>\n<td width=\"74\">471<\/td>\n<td width=\"136\">Pau<\/td>\n<\/tr>\n<tr>\n<td rowspan=\"7\" width=\"198\">Communaut\u00e9 de communes<\/td>\n<td width=\"152\">CC de Lacq-Orthez<\/td>\n<td width=\"70\">200039204<\/td>\n<td width=\"109\">1<sup>er<\/sup>\u00a0janvier 2014<\/td>\n<td width=\"145\">61<\/td>\n<td width=\"115\"><span data-sort-value=\"&amp;0000000000053184.000000\">53\u00a0184\u00a0(2018)<\/span><\/td>\n<td width=\"70\">730,10<\/td>\n<td width=\"74\">73<\/td>\n<td width=\"136\">Mourenx<\/td>\n<\/tr>\n<tr>\n<td width=\"152\">CC du Nord Est B\u00e9arn<\/td>\n<td width=\"70\">200067296<\/td>\n<td width=\"109\">1<sup>er<\/sup>\u00a0janvier 2017<\/td>\n<td width=\"145\">73<\/td>\n<td width=\"115\"><span data-sort-value=\"&amp;0000000000034273.000000\">34\u00a0273\u00a0(2018)<\/span><\/td>\n<td width=\"70\">579,30<\/td>\n<td width=\"74\">59<\/td>\n<td width=\"136\">Morla\u00e0s<\/td>\n<\/tr>\n<tr>\n<td width=\"152\">CC du Haut B\u00e9arn<\/td>\n<td width=\"70\">200067262<\/td>\n<td width=\"109\">1<sup>er<\/sup>\u00a0janvier 2017<\/td>\n<td width=\"145\">48<\/td>\n<td width=\"115\"><span data-sort-value=\"&amp;0000000000032154.000000\">32\u00a0154\u00a0(2018)<\/span><\/td>\n<td width=\"70\">1\u00a0065,90<\/td>\n<td width=\"74\">30<\/td>\n<td width=\"136\">Oloron-Sainte-Marie<\/td>\n<\/tr>\n<tr>\n<td width=\"152\">CC Pays de Nay<\/td>\n<td width=\"70\">246401756<\/td>\n<td width=\"109\">1<sup>er<\/sup>\u00a0janvier 2000<\/td>\n<td width=\"145\">29\u00a0(dont 2 dans le\u00a065)<\/td>\n<td width=\"115\"><span data-sort-value=\"&amp;0000000000028715.000000\">28\u00a0715\u00a0(2018)<\/span><\/td>\n<td width=\"70\">324,50<\/td>\n<td width=\"74\">89<\/td>\n<td width=\"136\">B\u00e9n\u00e9jacq<\/td>\n<\/tr>\n<tr>\n<td width=\"152\">CC des Luys en B\u00e9arn<\/td>\n<td width=\"70\">200067239<\/td>\n<td width=\"109\">1<sup>er<\/sup>\u00a0janvier 2017<\/td>\n<td width=\"145\">66<\/td>\n<td width=\"115\"><span data-sort-value=\"&amp;0000000000028481.000000\">28\u00a0481\u00a0(2018)<\/span><\/td>\n<td width=\"70\">522,40<\/td>\n<td width=\"74\">55<\/td>\n<td width=\"136\">Serres-Castet<\/td>\n<\/tr>\n<tr>\n<td width=\"152\">CC du B\u00e9arn des Gaves<\/td>\n<td width=\"70\">200067288<\/td>\n<td width=\"109\">1<sup>er<\/sup>\u00a0janvier 2017<\/td>\n<td width=\"145\">53<\/td>\n<td width=\"115\"><span data-sort-value=\"&amp;0000000000017445.000000\">17\u00a0445\u00a0(2018)<\/span><\/td>\n<td width=\"70\">442,0<\/td>\n<td width=\"74\">40<\/td>\n<td width=\"136\">Salies-de-B\u00e9arn<\/td>\n<\/tr>\n<tr>\n<td width=\"152\">CC de la Vall\u00e9e d&#8217;Ossau<\/td>\n<td width=\"70\">246400337<\/td>\n<td width=\"109\">29 juillet 1964<\/td>\n<td width=\"145\">18<\/td>\n<td width=\"115\"><span data-sort-value=\"&amp;0000000000009675.000000\">9\u00a0675\u00a0(2018)<\/span><\/td>\n<td width=\"70\">619,90<\/td>\n<td width=\"74\">16<\/td>\n<td width=\"136\">Louvie-Juzon<\/td>\n<\/tr>\n<tr>\n<td colspan=\"9\" width=\"1069\">Intercommunalit\u00e9 dont le si\u00e8ge est situ\u00e9 hors d\u00e9partement<\/td>\n<\/tr>\n<tr>\n<td width=\"198\">Communaut\u00e9 de communes<\/td>\n<td width=\"152\">CC Adour Madiran<\/td>\n<td width=\"70\">200072106<\/td>\n<td width=\"109\">1<sup>er<\/sup>\u00a0janvier 2017<\/td>\n<td width=\"145\">72\u00a0(dont 11 dans le\u00a064)<\/td>\n<td width=\"115\"><span data-sort-value=\"&amp;0000000000024238.000000\">24\u00a0238\u00a0(2018)<\/span><\/td>\n<td width=\"70\">525,0<\/td>\n<td width=\"74\">46<\/td>\n<td width=\"136\">Vic-en-Bigorre\u00a0(65)<\/td>\n<\/tr>\n<\/tbody>\n<\/table>\n<\/div>\n","protected":false},"excerpt":{"rendered":"<p>Qu&#8217;est-ce que l&#8217;intercommunalit\u00e9 dans les Pyr\u00e9n\u00e9es-Atlantiques ?<\/p>\n<p>L&#8217;intercommunalit\u00e9 dans les Pyr\u00e9n\u00e9es-Atlantiques d\u00e9signe l&#8217;ensemble des ac<\/p>\n","protected":false},"author":1,"featured_media":13521,"template":"","categoria_ficha":[1852],"class_list":["post-13520","ficha","type-ficha","status-publish","has-post-thumbnail","hentry","categoria_ficha-cartes-du-departement-des-pyrenees-atlantiques"],"acf":[],"_links":{"self":[{"href":"https:\/\/gifex.com\/fr\/wp-json\/wp\/v2\/ficha\/13520","targetHints":{"allow":["GET"]}}],"collection":[{"href":"https:\/\/gifex.com\/fr\/wp-json\/wp\/v2\/ficha"}],"about":[{"href":"https:\/\/gifex.com\/fr\/wp-json\/wp\/v2\/types\/ficha"}],"author":[{"embeddable":true,"href":"https:\/\/gifex.com\/fr\/wp-json\/wp\/v2\/users\/1"}],"version-history":[{"count":3,"href":"https:\/\/gifex.com\/fr\/wp-json\/wp\/v2\/ficha\/13520\/revisions"}],"predecessor-version":[{"id":21729,"href":"https:\/\/gifex.com\/fr\/wp-json\/wp\/v2\/ficha\/13520\/revisions\/21729"}],"wp:featuredmedia":[{"embeddable":true,"href":"https:\/\/gifex.com\/fr\/wp-json\/wp\/v2\/media\/13521"}],"wp:attachment":[{"href":"https:\/\/gifex.com\/fr\/wp-json\/wp\/v2\/media?parent=13520"}],"wp:term":[{"taxonomy":"categoria_ficha","embeddable":true,"href":"https:\/\/gifex.com\/fr\/wp-json\/wp\/v2\/categoria_ficha?post=13520"}],"curies":[{"name":"wp","href":"https:\/\/api.w.org\/{rel}","templated":true}]}}