{"id":13497,"date":"2022-05-21T13:37:33","date_gmt":"2022-05-21T13:37:33","guid":{"rendered":"https:\/\/gifex.com\/fr\/?post_type=ficha&#038;p=13497"},"modified":"2022-08-18T00:59:03","modified_gmt":"2022-08-18T00:59:03","slug":"carte-des-intercommunalites-des-cotes-d-armor","status":"publish","type":"ficha","link":"https:\/\/gifex.com\/fr\/fichier\/carte-des-intercommunalites-des-cotes-d-armor\/","title":{"rendered":"Carte des intercommunalit\u00e9s des C\u00f4tes-d&#8217;Armor"},"content":{"rendered":"<p style=\"text-align: center;\"><label style=\"font-size: 15px;\">Carte des intercommunalit\u00e9s des C\u00f4tes-d&#8217;Armor.<\/label><\/p>\n<p><strong>Qu&#8217;est-ce que l&#8217;intercommunalit\u00e9 dans les C\u00f4tes-d&#8217;Armor ?<\/strong><\/p>\n<p>L&#8217;intercommunalit\u00e9 dans les C\u00f4tes-d&#8217;Armor d\u00e9signe l&#8217;ensemble des acteurs et organismes de coop\u00e9ration associant pour tout ou partie des communes pour l&#8217;exercice de certaines de leurs comp\u00e9tences. Selon la l\u00e9gislation en vigueur, entrent dans cette cat\u00e9gorie : les \u00e9tablissements publics de coop\u00e9ration intercommunale, les syndicats mixtes, les p\u00f4les m\u00e9tropolitains, les p\u00f4les d&#8217;\u00e9quilibre territoriaux et ruraux et d&#8217;autres formes de coop\u00e9ration intercommunale, comme les ententes, conventions et conf\u00e9rences intercommunales.<\/p>\n<p><strong>Quelles sont les intercommunalit\u00e9s des C\u00f4tes-d&#8217;Armor ?<\/strong><\/p>\n<p>Au 1er janvier 2020, le d\u00e9partement des C\u00f4tes-d&#8217;Armor compte 8 \u00e9tablissements publics de coop\u00e9ration intercommunale \u00e0 fiscalit\u00e9 propre dont le si\u00e8ge est dans le d\u00e9partement (cinq communaut\u00e9s d&#8217;agglom\u00e9ration et trois communaut\u00e9s de communes). Par ailleurs 8 communes appartiennent \u00e0 trois intercommunalit\u00e9s dont le si\u00e8ge est situ\u00e9 hors d\u00e9partement.<\/p>\n<div class=\"boxscrl\">\n<table width=\"1310\">\n<tbody>\n<tr>\n<td width=\"198\">Forme<\/td>\n<td rowspan=\"2\" width=\"262\">Nom<\/td>\n<td rowspan=\"2\" width=\"70\">n<sup>o<\/sup>\u00a0\u00a0SIREN<\/td>\n<td rowspan=\"2\" width=\"120\">Date de cr\u00e9ation<\/td>\n<td width=\"216\">Nombre de<\/td>\n<td width=\"115\">Population<\/td>\n<td width=\"70\">Superficie<\/td>\n<td width=\"74\">Densit\u00e9<\/td>\n<td rowspan=\"2\" width=\"185\">Si\u00e8ge<\/td>\n<\/tr>\n<tr>\n<td width=\"198\">juridique<\/td>\n<td width=\"216\">communes<\/td>\n<td width=\"115\">(der.\u00a0pop. l\u00e9gale)<\/td>\n<td width=\"70\">(km<sup>2<\/sup>)<\/td>\n<td width=\"74\">(hab.\/km<sup>2<\/sup>)<\/td>\n<\/tr>\n<tr>\n<td rowspan=\"5\" width=\"198\">Communaut\u00e9 d&#8217;agglom\u00e9ration<\/td>\n<td width=\"262\">Saint-Brieuc Armor Agglom\u00e9ration<\/td>\n<td width=\"70\">200069409<\/td>\n<td width=\"120\">1<sup>er<\/sup>\u00a0janvier 2017<\/td>\n<td width=\"216\">32<\/td>\n<td width=\"115\"><span data-sort-value=\"&amp;0000000000151937.000000\">151\u00a0937\u00a0(2018)<\/span><\/td>\n<td width=\"70\">600,70<\/td>\n<td width=\"74\">253<\/td>\n<td width=\"185\">Saint-Brieuc<\/td>\n<\/tr>\n<tr>\n<td width=\"262\">Lannion-Tr\u00e9gor Communaut\u00e9<\/td>\n<td width=\"70\">200065928<\/td>\n<td width=\"120\">1<sup>er<\/sup>\u00a0janvier 2017<\/td>\n<td width=\"216\">57<\/td>\n<td width=\"115\"><span data-sort-value=\"&amp;0000000000099520.000000\">99\u00a0520\u00a0(2018)<\/span><\/td>\n<td width=\"70\">904,40<\/td>\n<td width=\"74\">110<\/td>\n<td width=\"185\">Lannion<\/td>\n<\/tr>\n<tr>\n<td width=\"262\">Dinan Agglom\u00e9ration<\/td>\n<td width=\"70\">200068989<\/td>\n<td width=\"120\">1<sup>er<\/sup>\u00a0janvier 2017<\/td>\n<td width=\"216\">64<\/td>\n<td width=\"115\"><span data-sort-value=\"&amp;0000000000098270.000000\">98\u00a0270\u00a0(2019)<\/span><\/td>\n<td width=\"70\">932,40<\/td>\n<td width=\"74\">105<\/td>\n<td width=\"185\">Dinan<\/td>\n<\/tr>\n<tr>\n<td width=\"262\">Guingamp-Paimpol Agglom\u00e9ration<\/td>\n<td width=\"70\">200067981<\/td>\n<td width=\"120\">1<sup>er<\/sup>\u00a0janvier 2017<\/td>\n<td width=\"216\">57<\/td>\n<td width=\"115\"><span data-sort-value=\"&amp;0000000000073464.000000\">73\u00a0464\u00a0(2018)<\/span><\/td>\n<td width=\"70\">1\u00a0107,70<\/td>\n<td width=\"74\">66<\/td>\n<td width=\"185\">Guingamp<\/td>\n<\/tr>\n<tr>\n<td width=\"262\">Lamballe Terre et Mer<\/td>\n<td width=\"70\">200069391<\/td>\n<td width=\"120\">1<sup>er<\/sup>\u00a0janvier 2017<\/td>\n<td width=\"216\">38<\/td>\n<td width=\"115\"><span data-sort-value=\"&amp;0000000000067695.000000\">67\u00a0695\u00a0(2018)<\/span><\/td>\n<td width=\"70\">912,90<\/td>\n<td width=\"74\">74<\/td>\n<td width=\"185\">Lamballe<\/td>\n<\/tr>\n<tr>\n<td rowspan=\"3\" width=\"198\">Communaut\u00e9 de communes<\/td>\n<td width=\"262\">Loud\u00e9ac Communaut\u00e9 &#8211; Bretagne Centre<\/td>\n<td width=\"70\">200067460<\/td>\n<td width=\"120\">1<sup>er<\/sup>\u00a0janvier 2017<\/td>\n<td width=\"216\">41<\/td>\n<td width=\"115\"><span data-sort-value=\"&amp;0000000000051230.000000\">51\u00a0230\u00a0(2018)<\/span><\/td>\n<td width=\"70\">1\u00a0168,40<\/td>\n<td width=\"74\">44<\/td>\n<td width=\"185\">Loud\u00e9ac<\/td>\n<\/tr>\n<tr>\n<td width=\"262\">Leff Armor Communaut\u00e9<\/td>\n<td width=\"70\">200069086<\/td>\n<td width=\"120\">1<sup>er<\/sup>\u00a0janvier 2017<\/td>\n<td width=\"216\">27<\/td>\n<td width=\"115\"><span data-sort-value=\"&amp;0000000000031277.000000\">31\u00a0277\u00a0(2018)<\/span><\/td>\n<td width=\"70\">428,80<\/td>\n<td width=\"74\">73<\/td>\n<td width=\"185\">Lanvollon<\/td>\n<\/tr>\n<tr>\n<td width=\"262\">CC du Kreiz-Breizh<\/td>\n<td width=\"70\">242200715<\/td>\n<td width=\"120\">30 d\u00e9cembre 1993<\/td>\n<td width=\"216\">23<\/td>\n<td width=\"115\"><span data-sort-value=\"&amp;0000000000018327.000000\">18\u00a0327\u00a0(2018)<\/span><\/td>\n<td width=\"70\">699,0<\/td>\n<td width=\"74\">26<\/td>\n<td width=\"185\">Rostrenen<\/td>\n<\/tr>\n<tr>\n<td colspan=\"9\" width=\"1310\">Intercommunalit\u00e9 dont le si\u00e8ge est situ\u00e9 hors d\u00e9partement<\/td>\n<\/tr>\n<tr>\n<td rowspan=\"3\" width=\"198\">Communaut\u00e9 de communes<\/td>\n<td width=\"262\">Poher communaut\u00e9<\/td>\n<td width=\"70\">242900744<\/td>\n<td width=\"120\">18 d\u00e9cembre 2009<\/td>\n<td width=\"216\">11\u00a0(dont 4 dans le\u00a0C\u00f4tes-d&#8217;Armor)<\/td>\n<td width=\"115\"><span data-sort-value=\"&amp;0000000000015394.000000\">15\u00a0394\u00a0(2018)<\/span><\/td>\n<td width=\"70\">301,20<\/td>\n<td width=\"74\">51<\/td>\n<td width=\"185\">Carhaix-Plouguer\u00a0(Finist\u00e8re)<\/td>\n<\/tr>\n<tr>\n<td width=\"262\">CC C\u00f4te d&#8217;\u00c9meraude<\/td>\n<td width=\"70\">243500725<\/td>\n<td width=\"120\">10 octobre 1996<\/td>\n<td width=\"216\">9\u00a0(dont 3 dans le\u00a0C\u00f4tes-d&#8217;Armor)<\/td>\n<td width=\"115\"><span data-sort-value=\"&amp;0000000000031274.000000\">31\u00a0274\u00a0(2018)<\/span><\/td>\n<td width=\"70\">115,40<\/td>\n<td width=\"74\">271<\/td>\n<td width=\"185\">Pleurtuit\u00a0(Ille-et-Vilaine)<\/td>\n<\/tr>\n<tr>\n<td width=\"262\">Pontivy Communaut\u00e9<\/td>\n<td width=\"70\">245614433<\/td>\n<td width=\"120\">16 novembre 2000<\/td>\n<td width=\"216\">24\u00a0(dont 1 dans le\u00a0C\u00f4tes-d&#8217;Armor)<\/td>\n<td width=\"115\"><span data-sort-value=\"&amp;0000000000046307.000000\">46\u00a0307\u00a0(2018)<\/span><\/td>\n<td width=\"70\">719,0<\/td>\n<td width=\"74\">64<\/td>\n<td width=\"185\">Pontivy\u00a0(Morbihan)<\/td>\n<\/tr>\n<\/tbody>\n<\/table>\n<\/div>\n","protected":false},"excerpt":{"rendered":"<p>Qu&#8217;est-ce que l&#8217;intercommunalit\u00e9 dans les C\u00f4tes-d&#8217;Armor ?<\/p>\n<p>L&#8217;intercommunalit\u00e9 dans les C\u00f4tes-d&#8217;Armor d\u00e9signe l&#8217;ensemble des acteurs et organ<\/p>\n","protected":false},"author":1,"featured_media":13498,"template":"","categoria_ficha":[1809],"class_list":["post-13497","ficha","type-ficha","status-publish","has-post-thumbnail","hentry","categoria_ficha-cartes-du-departement-des-cotes-d-armor"],"acf":[],"_links":{"self":[{"href":"https:\/\/gifex.com\/fr\/wp-json\/wp\/v2\/ficha\/13497","targetHints":{"allow":["GET"]}}],"collection":[{"href":"https:\/\/gifex.com\/fr\/wp-json\/wp\/v2\/ficha"}],"about":[{"href":"https:\/\/gifex.com\/fr\/wp-json\/wp\/v2\/types\/ficha"}],"author":[{"embeddable":true,"href":"https:\/\/gifex.com\/fr\/wp-json\/wp\/v2\/users\/1"}],"version-history":[{"count":3,"href":"https:\/\/gifex.com\/fr\/wp-json\/wp\/v2\/ficha\/13497\/revisions"}],"predecessor-version":[{"id":21738,"href":"https:\/\/gifex.com\/fr\/wp-json\/wp\/v2\/ficha\/13497\/revisions\/21738"}],"wp:featuredmedia":[{"embeddable":true,"href":"https:\/\/gifex.com\/fr\/wp-json\/wp\/v2\/media\/13498"}],"wp:attachment":[{"href":"https:\/\/gifex.com\/fr\/wp-json\/wp\/v2\/media?parent=13497"}],"wp:term":[{"taxonomy":"categoria_ficha","embeddable":true,"href":"https:\/\/gifex.com\/fr\/wp-json\/wp\/v2\/categoria_ficha?post=13497"}],"curies":[{"name":"wp","href":"https:\/\/api.w.org\/{rel}","templated":true}]}}