{"id":13457,"date":"2022-05-20T22:28:18","date_gmt":"2022-05-20T22:28:18","guid":{"rendered":"https:\/\/gifex.com\/fr\/?post_type=ficha&#038;p=13457"},"modified":"2022-08-17T19:57:33","modified_gmt":"2022-08-17T19:57:33","slug":"carte-des-intercommunalites-de-la-vienne","status":"publish","type":"ficha","link":"https:\/\/gifex.com\/fr\/fichier\/carte-des-intercommunalites-de-la-vienne\/","title":{"rendered":"Carte des intercommunalit\u00e9s de la Vienne"},"content":{"rendered":"<p style=\"text-align: center;\"><label style=\"font-size: 15px;\">Carte des intercommunalit\u00e9s de la Vienne.<\/label><\/p>\n<p><strong>Qu&#8217;est-ce que l&#8217;intercommunalit\u00e9 dans la Vienne ?<\/strong><\/p>\n<p>L&#8217;intercommunalit\u00e9 dans la Vienne d\u00e9signe l&#8217;ensemble des acteurs et organismes de coop\u00e9ration associant pour tout ou partie des communes pour l&#8217;exercice de certaines de leurs comp\u00e9tences. Selon la l\u00e9gislation en vigueur, entrent dans cette cat\u00e9gorie : les \u00e9tablissements publics de coop\u00e9ration intercommunale, les syndicats mixtes, les p\u00f4les m\u00e9tropolitains, les p\u00f4les d&#8217;\u00e9quilibre territoriaux et ruraux et d&#8217;autres formes de coop\u00e9ration intercommunale, comme les ententes, conventions et conf\u00e9rences intercommunales.<\/p>\n<p><strong>Quelles sont les intercommunalit\u00e9s de la Vienne ?<\/strong><\/p>\n<p>Au 1er janvier 2020, le d\u00e9partement de la Vienne compte 7 \u00e9tablissements publics de coop\u00e9ration intercommunale \u00e0 fiscalit\u00e9 propre dont le si\u00e8ge est dans le d\u00e9partement \u00e0 savoir une communaut\u00e9 urbaine, une communaut\u00e9 d&#8217;agglom\u00e9ration et cinq communaut\u00e9s de communes regroupant les 266 communes du d\u00e9partement.<\/p>\n<div class=\"boxscrl\">\n<table width=\"1022\">\n<tbody>\n<tr>\n<td width=\"198\">Forme<\/td>\n<td rowspan=\"2\" width=\"171\">Nom<\/td>\n<td rowspan=\"2\" width=\"70\">n<sup>o<\/sup>\u00a0\u00a0SIREN<\/td>\n<td rowspan=\"2\" width=\"109\">Date de cr\u00e9ation<\/td>\n<td width=\"77\">Nombre de<\/td>\n<td width=\"115\">Population<\/td>\n<td width=\"70\">Superficie<\/td>\n<td width=\"74\">Densit\u00e9<\/td>\n<td rowspan=\"2\" width=\"138\">Si\u00e8ge<\/td>\n<\/tr>\n<tr>\n<td width=\"198\">juridique<\/td>\n<td width=\"77\">communes<\/td>\n<td width=\"115\">(der.\u00a0pop. l\u00e9gale)<\/td>\n<td width=\"70\">(km<sup>2<\/sup>)<\/td>\n<td width=\"74\">(hab.\/km<sup>2<\/sup>)<\/td>\n<\/tr>\n<tr>\n<td width=\"198\">Communaut\u00e9 urbaine<\/td>\n<td width=\"171\">Grand Poitiers<\/td>\n<td width=\"70\">200069854<\/td>\n<td width=\"109\">1<sup>er<\/sup>\u00a0janvier 2017<\/td>\n<td width=\"77\">40<\/td>\n<td width=\"115\"><span data-sort-value=\"&amp;0000000000194068.000000\">194\u00a0068\u00a0(2018)<\/span><\/td>\n<td width=\"70\">1\u00a0064,70<\/td>\n<td width=\"74\">182<\/td>\n<td width=\"138\">Poitiers<\/td>\n<\/tr>\n<tr>\n<td width=\"198\">Communaut\u00e9 d&#8217;agglom\u00e9ration<\/td>\n<td width=\"171\">CA Grand Ch\u00e2tellerault<\/td>\n<td width=\"70\">248600413<\/td>\n<td width=\"109\">1<sup>er<\/sup>\u00a0janvier 2017<\/td>\n<td width=\"77\">47<\/td>\n<td width=\"115\"><span data-sort-value=\"&amp;0000000000084098.000000\">84\u00a0098\u00a0(2018)<\/span><\/td>\n<td width=\"70\">1\u00a0133,90<\/td>\n<td width=\"74\">74<\/td>\n<td width=\"138\">Ch\u00e2tellerault<\/td>\n<\/tr>\n<tr>\n<td rowspan=\"5\" width=\"198\">Communaut\u00e9 de communes<\/td>\n<td width=\"171\">CC du Haut-Poitou<\/td>\n<td width=\"70\">200069763<\/td>\n<td width=\"109\">1<sup>er<\/sup>\u00a0janvier 2017<\/td>\n<td width=\"77\">27<\/td>\n<td width=\"115\"><span data-sort-value=\"&amp;0000000000041645.000000\">41\u00a0645\u00a0(2018)<\/span><\/td>\n<td width=\"70\">693,60<\/td>\n<td width=\"74\">60<\/td>\n<td width=\"138\">Neuville-de-Poitou<\/td>\n<\/tr>\n<tr>\n<td width=\"171\">CC Vienne et Gartempe<\/td>\n<td width=\"70\">200070043<\/td>\n<td width=\"109\">1<sup>er<\/sup>\u00a0janvier 2017<\/td>\n<td width=\"77\">55<\/td>\n<td width=\"115\"><span data-sort-value=\"&amp;0000000000039261.000000\">39\u00a0261\u00a0(2018)<\/span><\/td>\n<td width=\"70\">1\u00a0988,30<\/td>\n<td width=\"74\">20<\/td>\n<td width=\"138\">Montmorillon<\/td>\n<\/tr>\n<tr>\n<td width=\"171\">CC du Civraisien en Poitou<\/td>\n<td width=\"70\">200070035<\/td>\n<td width=\"109\">1<sup>er<\/sup>\u00a0janvier 2017<\/td>\n<td width=\"77\">36<\/td>\n<td width=\"115\"><span data-sort-value=\"&amp;0000000000027407.000000\">27\u00a0407\u00a0(2018)<\/span><\/td>\n<td width=\"70\">887,80<\/td>\n<td width=\"74\">31<\/td>\n<td width=\"138\">Civray<\/td>\n<\/tr>\n<tr>\n<td width=\"171\">CC des Vall\u00e9es du Clain<\/td>\n<td width=\"70\">200043628<\/td>\n<td width=\"109\">1<sup>er<\/sup>\u00a0janvier 2014<\/td>\n<td width=\"77\">16<\/td>\n<td width=\"115\"><span data-sort-value=\"&amp;0000000000026673.000000\">26\u00a0673\u00a0(2018)<\/span><\/td>\n<td width=\"70\">373,30<\/td>\n<td width=\"74\">72<\/td>\n<td width=\"138\">La Villedieu-du-Clain<\/td>\n<\/tr>\n<tr>\n<td width=\"171\">CC du Pays loudunais<\/td>\n<td width=\"70\">248600447<\/td>\n<td width=\"109\">20 ao\u00fbt 2001<\/td>\n<td width=\"77\">45<\/td>\n<td width=\"115\"><span data-sort-value=\"&amp;0000000000024434.000000\">24\u00a0434\u00a0(2018)<\/span><\/td>\n<td width=\"70\">849,0<\/td>\n<td width=\"74\">29<\/td>\n<td width=\"138\">Loudun<\/td>\n<\/tr>\n<\/tbody>\n<\/table>\n<\/div>\n","protected":false},"excerpt":{"rendered":"<p>Qu&#8217;est-ce que l&#8217;intercommunalit\u00e9 dans la Vienne ?<\/p>\n<p>L&#8217;intercommunalit\u00e9 dans la Vienne d\u00e9signe l&#8217;ensemble des acteurs et organismes de<\/p>\n","protected":false},"author":1,"featured_media":13458,"template":"","categoria_ficha":[1867],"class_list":["post-13457","ficha","type-ficha","status-publish","has-post-thumbnail","hentry","categoria_ficha-cartes-du-departement-de-la-vienne"],"acf":[],"_links":{"self":[{"href":"https:\/\/gifex.com\/fr\/wp-json\/wp\/v2\/ficha\/13457","targetHints":{"allow":["GET"]}}],"collection":[{"href":"https:\/\/gifex.com\/fr\/wp-json\/wp\/v2\/ficha"}],"about":[{"href":"https:\/\/gifex.com\/fr\/wp-json\/wp\/v2\/types\/ficha"}],"author":[{"embeddable":true,"href":"https:\/\/gifex.com\/fr\/wp-json\/wp\/v2\/users\/1"}],"version-history":[{"count":3,"href":"https:\/\/gifex.com\/fr\/wp-json\/wp\/v2\/ficha\/13457\/revisions"}],"predecessor-version":[{"id":21663,"href":"https:\/\/gifex.com\/fr\/wp-json\/wp\/v2\/ficha\/13457\/revisions\/21663"}],"wp:featuredmedia":[{"embeddable":true,"href":"https:\/\/gifex.com\/fr\/wp-json\/wp\/v2\/media\/13458"}],"wp:attachment":[{"href":"https:\/\/gifex.com\/fr\/wp-json\/wp\/v2\/media?parent=13457"}],"wp:term":[{"taxonomy":"categoria_ficha","embeddable":true,"href":"https:\/\/gifex.com\/fr\/wp-json\/wp\/v2\/categoria_ficha?post=13457"}],"curies":[{"name":"wp","href":"https:\/\/api.w.org\/{rel}","templated":true}]}}