{"id":13443,"date":"2022-05-20T12:40:59","date_gmt":"2022-05-20T12:40:59","guid":{"rendered":"https:\/\/gifex.com\/fr\/?post_type=ficha&#038;p=13443"},"modified":"2022-08-17T20:04:49","modified_gmt":"2022-08-17T20:04:49","slug":"carte-des-intercommunalites-de-la-somme","status":"publish","type":"ficha","link":"https:\/\/gifex.com\/fr\/fichier\/carte-des-intercommunalites-de-la-somme\/","title":{"rendered":"Carte des intercommunalit\u00e9s de la Somme"},"content":{"rendered":"<p style=\"text-align: center;\"><label style=\"font-size: 15px;\">Carte des intercommunalit\u00e9s de la Somme.<\/label><\/p>\n<p><strong>Qu&#8217;est-ce que l&#8217;intercommunalit\u00e9 dans la Somme ?<\/strong><\/p>\n<p>L&#8217;intercommunalit\u00e9 dans la Somme d\u00e9signe l&#8217;ensemble des acteurs et organismes de coop\u00e9ration associant pour tout ou partie des communes pour l&#8217;exercice de certaines de leurs comp\u00e9tences. Selon la l\u00e9gislation en vigueur, entrent dans cette cat\u00e9gorie : les \u00e9tablissements publics de coop\u00e9ration intercommunale, les syndicats mixtes, les p\u00f4les m\u00e9tropolitains, les p\u00f4les d&#8217;\u00e9quilibre territoriaux et ruraux et d&#8217;autres formes de coop\u00e9ration intercommunale, comme les ententes, conventions et conf\u00e9rences intercommunales.<\/p>\n<p><strong>Quelles sont les intercommunalit\u00e9s de la Somme ?<\/strong><\/p>\n<p>Au 1er janvier 2018, le d\u00e9partement de la Somme compte 14 \u00e9tablissements publics de coop\u00e9ration intercommunale \u00e0 fiscalit\u00e9 propre dont le si\u00e8ge est dans le d\u00e9partement (2 communaut\u00e9s d&#8217;agglom\u00e9ration et 12 communaut\u00e9s de communes), dont un qui est interd\u00e9partemental. Par ailleurs 24 communes sont group\u00e9es dans 3 intercommunalit\u00e9s dont le si\u00e8ge est situ\u00e9 hors d\u00e9partement.<\/p>\n<div class=\"boxscrl\">\n<table width=\"1257\">\n<tbody>\n<tr>\n<td width=\"198\">Forme<\/td>\n<td rowspan=\"2\" width=\"291\">Nom<\/td>\n<td rowspan=\"2\" width=\"70\">n<sup>o<\/sup>\u00a0\u00a0SIREN<\/td>\n<td rowspan=\"2\" width=\"119\">Date de cr\u00e9ation<\/td>\n<td width=\"145\">Nombre de<\/td>\n<td width=\"115\">Population<\/td>\n<td width=\"70\">Superficie<\/td>\n<td width=\"74\">Densit\u00e9<\/td>\n<td rowspan=\"2\" width=\"175\">Si\u00e8ge<\/td>\n<\/tr>\n<tr>\n<td width=\"198\">juridique<\/td>\n<td width=\"145\">communes<\/td>\n<td width=\"115\">(der.\u00a0pop. l\u00e9gale)<\/td>\n<td width=\"70\">(km<sup>2<\/sup>)<\/td>\n<td width=\"74\">(hab.\/km<sup>2<\/sup>)<\/td>\n<\/tr>\n<tr>\n<td rowspan=\"2\" width=\"198\">Communaut\u00e9 d&#8217;agglom\u00e9ration<\/td>\n<td width=\"291\">CA Amiens M\u00e9tropole<\/td>\n<td width=\"70\">248000531<\/td>\n<td width=\"119\">30 d\u00e9cembre 1999<\/td>\n<td width=\"145\">39<\/td>\n<td width=\"115\"><span data-sort-value=\"&amp;0000000000180905.000000\">180\u00a0905\u00a0(2018)<\/span><\/td>\n<td width=\"70\">348,70<\/td>\n<td width=\"74\">519<\/td>\n<td width=\"175\">Amiens<\/td>\n<\/tr>\n<tr>\n<td width=\"291\">CA de la Baie de Somme<\/td>\n<td width=\"70\">200070993<\/td>\n<td width=\"119\">1<sup>er<\/sup>\u00a0janvier 2017<\/td>\n<td width=\"145\">43<\/td>\n<td width=\"115\"><span data-sort-value=\"&amp;0000000000048903.000000\">48\u00a0903\u00a0(2018)<\/span><\/td>\n<td width=\"70\">398,60<\/td>\n<td width=\"74\">123<\/td>\n<td width=\"175\">Abbeville<\/td>\n<\/tr>\n<tr>\n<td rowspan=\"12\" width=\"198\">Communaut\u00e9 de communes<\/td>\n<td width=\"291\">CC Somme Sud-Ouest<\/td>\n<td width=\"70\">200071181<\/td>\n<td width=\"119\">1<sup>er<\/sup>\u00a0janvier 2017<\/td>\n<td width=\"145\">119<\/td>\n<td width=\"115\"><span data-sort-value=\"&amp;0000000000038689.000000\">38\u00a0689\u00a0(2018)<\/span><\/td>\n<td width=\"70\">909,20<\/td>\n<td width=\"74\">43<\/td>\n<td width=\"175\">Poix-de-Picardie<\/td>\n<\/tr>\n<tr>\n<td width=\"291\">CC Ponthieu-Marquenterre<\/td>\n<td width=\"70\">200070936<\/td>\n<td width=\"119\">1<sup>er<\/sup>\u00a0janvier 2017<\/td>\n<td width=\"145\">71<\/td>\n<td width=\"115\"><span data-sort-value=\"&amp;0000000000033085.000000\">33\u00a0085\u00a0(2018)<\/span><\/td>\n<td width=\"70\">783,70<\/td>\n<td width=\"74\">42<\/td>\n<td width=\"175\">Rue<\/td>\n<\/tr>\n<tr>\n<td width=\"291\">CC du Territoire Nord Picardie<\/td>\n<td width=\"70\">200070951<\/td>\n<td width=\"119\">1<sup>er<\/sup>\u00a0janvier 2017<\/td>\n<td width=\"145\">65<\/td>\n<td width=\"115\"><span data-sort-value=\"&amp;0000000000031249.000000\">31\u00a0249\u00a0(2018)<\/span><\/td>\n<td width=\"70\">537,70<\/td>\n<td width=\"74\">58<\/td>\n<td width=\"175\">Doullens<\/td>\n<\/tr>\n<tr>\n<td width=\"291\">CC du Pays du Coquelicot<\/td>\n<td width=\"70\">248000747<\/td>\n<td width=\"119\">26 d\u00e9cembre 2001<\/td>\n<td width=\"145\">65<\/td>\n<td width=\"115\"><span data-sort-value=\"&amp;0000000000028302.000000\">28\u00a0302\u00a0(2018)<\/span><\/td>\n<td width=\"70\">464,0<\/td>\n<td width=\"74\">61<\/td>\n<td width=\"175\">Albert<\/td>\n<\/tr>\n<tr>\n<td width=\"291\">CC de la Haute-Somme<\/td>\n<td width=\"70\">200037059<\/td>\n<td width=\"119\">31 d\u00e9cembre 2012<\/td>\n<td width=\"145\">60<\/td>\n<td width=\"115\"><span data-sort-value=\"&amp;0000000000027253.000000\">27\u00a0253\u00a0(2018)<\/span><\/td>\n<td width=\"70\">462,80<\/td>\n<td width=\"74\">59<\/td>\n<td width=\"175\">P\u00e9ronne<\/td>\n<\/tr>\n<tr>\n<td width=\"291\">CC Ni\u00e8vre et Somme<\/td>\n<td width=\"70\">200071223<\/td>\n<td width=\"119\">1<sup>er<\/sup>\u00a0janvier 2017<\/td>\n<td width=\"145\">36<\/td>\n<td width=\"115\"><span data-sort-value=\"&amp;0000000000028118.000000\">28\u00a0118\u00a0(2018)<\/span><\/td>\n<td width=\"70\">314,20<\/td>\n<td width=\"74\">90<\/td>\n<td width=\"175\">Flixecourt<\/td>\n<\/tr>\n<tr>\n<td width=\"291\">CC du Val de Somme<\/td>\n<td width=\"70\">248000499<\/td>\n<td width=\"119\">27 d\u00e9cembre 1993<\/td>\n<td width=\"145\">33<\/td>\n<td width=\"115\"><span data-sort-value=\"&amp;0000000000026646.000000\">26\u00a0646\u00a0(2018)<\/span><\/td>\n<td width=\"70\">246,40<\/td>\n<td width=\"74\">108<\/td>\n<td width=\"175\">Corbie<\/td>\n<\/tr>\n<tr>\n<td width=\"291\">CC du Grand Roye<\/td>\n<td width=\"70\">200070977<\/td>\n<td width=\"119\">1<sup>er<\/sup>\u00a0janvier 2017<\/td>\n<td width=\"145\">62<\/td>\n<td width=\"115\"><span data-sort-value=\"&amp;0000000000025626.000000\">25\u00a0626\u00a0(2018)<\/span><\/td>\n<td width=\"70\">396,70<\/td>\n<td width=\"74\">65<\/td>\n<td width=\"175\">Montdidier<\/td>\n<\/tr>\n<tr>\n<td width=\"291\">CC du Vimeu<\/td>\n<td width=\"70\">200070944<\/td>\n<td width=\"119\">1<sup>er<\/sup>\u00a0janvier 2017<\/td>\n<td width=\"145\">25<\/td>\n<td width=\"115\"><span data-sort-value=\"&amp;0000000000022641.000000\">22\u00a0641\u00a0(2018)<\/span><\/td>\n<td width=\"70\">189,80<\/td>\n<td width=\"74\">119<\/td>\n<td width=\"175\">Friville-Escarbotin<\/td>\n<\/tr>\n<tr>\n<td width=\"291\">CC Avre Luce Noye<\/td>\n<td width=\"70\">200070969<\/td>\n<td width=\"119\">1<sup>er<\/sup>\u00a0janvier 2017<\/td>\n<td width=\"145\">47<\/td>\n<td width=\"115\"><span data-sort-value=\"&amp;0000000000021843.000000\">21\u00a0843\u00a0(2018)<\/span><\/td>\n<td width=\"70\">385,20<\/td>\n<td width=\"74\">57<\/td>\n<td width=\"175\">Moreuil<\/td>\n<\/tr>\n<tr>\n<td width=\"291\">CC de l&#8217;Est de la Somme<\/td>\n<td width=\"70\">200070985<\/td>\n<td width=\"119\">1<sup>er<\/sup>\u00a0janvier 2017<\/td>\n<td width=\"145\">41\u00a0(dont 1 dans le\u00a002)<\/td>\n<td width=\"115\"><span data-sort-value=\"&amp;0000000000020301.000000\">20\u00a0301\u00a0(2018)<\/span><\/td>\n<td width=\"70\">264,60<\/td>\n<td width=\"74\">77<\/td>\n<td width=\"175\">Ham<\/td>\n<\/tr>\n<tr>\n<td width=\"291\">CC Terre de Picardie<\/td>\n<td width=\"70\">200070928<\/td>\n<td width=\"119\">1<sup>er<\/sup>\u00a0janvier 2017<\/td>\n<td width=\"145\">43<\/td>\n<td width=\"115\"><span data-sort-value=\"&amp;0000000000018269.000000\">18\u00a0269\u00a0(2018)<\/span><\/td>\n<td width=\"70\">295,70<\/td>\n<td width=\"74\">62<\/td>\n<td width=\"175\">Estr\u00e9es-Deni\u00e9court<\/td>\n<\/tr>\n<tr>\n<td colspan=\"9\" width=\"1257\">Intercommunalit\u00e9 dont le si\u00e8ge est situ\u00e9 hors d\u00e9partement<\/td>\n<\/tr>\n<tr>\n<td rowspan=\"3\" width=\"198\">Communaut\u00e9 de communes<\/td>\n<td width=\"291\">CC du Ternois<\/td>\n<td width=\"70\">200069672<\/td>\n<td width=\"119\">1<sup>er<\/sup>\u00a0janvier 2017<\/td>\n<td width=\"145\">103\u00a0(dont 1 dans le\u00a080)<\/td>\n<td width=\"115\"><span data-sort-value=\"&amp;0000000000038158.000000\">38\u00a0158\u00a0(2018)<\/span><\/td>\n<td width=\"70\">633,60<\/td>\n<td width=\"74\">60<\/td>\n<td width=\"175\">Saint-Pol-sur-Ternoise\u00a0(62)<\/td>\n<\/tr>\n<tr>\n<td width=\"291\">CC des Villes S\u0153urs<\/td>\n<td width=\"70\">247600588<\/td>\n<td width=\"119\">1<sup>er<\/sup>\u00a0janvier 2000<\/td>\n<td width=\"145\">28\u00a0(dont 13 dans le\u00a080)<\/td>\n<td width=\"115\"><span data-sort-value=\"&amp;0000000000036979.000000\">36\u00a0979\u00a0(2018)<\/span><\/td>\n<td width=\"70\">214,80<\/td>\n<td width=\"74\">172<\/td>\n<td width=\"175\">Eu\u00a0(76)<\/td>\n<\/tr>\n<tr>\n<td width=\"291\">CC interr\u00e9gionale Aumale &#8211; Blangy-sur-Bresle<\/td>\n<td width=\"70\">200069722<\/td>\n<td width=\"119\">1<sup>er<\/sup>\u00a0janvier 2017<\/td>\n<td width=\"145\">44\u00a0(dont 10 dans le\u00a080)<\/td>\n<td width=\"115\"><span data-sort-value=\"&amp;0000000000021523.000000\">21\u00a0523\u00a0(2018)<\/span><\/td>\n<td width=\"70\">464,30<\/td>\n<td width=\"74\">46<\/td>\n<td width=\"175\">Blangy-sur-Bresle\u00a0(76)<\/td>\n<\/tr>\n<\/tbody>\n<\/table>\n<\/div>\n","protected":false},"excerpt":{"rendered":"<p>Qu&#8217;est-ce que l&#8217;intercommunalit\u00e9 dans la Somme ?<\/p>\n<p>L&#8217;intercommunalit\u00e9 dans la Somme d\u00e9signe l&#8217;ensemble des acteurs et organismes<\/p>\n","protected":false},"author":1,"featured_media":13445,"template":"","categoria_ficha":[1863],"class_list":["post-13443","ficha","type-ficha","status-publish","has-post-thumbnail","hentry","categoria_ficha-cartes-du-departement-de-la-somme"],"acf":[],"_links":{"self":[{"href":"https:\/\/gifex.com\/fr\/wp-json\/wp\/v2\/ficha\/13443","targetHints":{"allow":["GET"]}}],"collection":[{"href":"https:\/\/gifex.com\/fr\/wp-json\/wp\/v2\/ficha"}],"about":[{"href":"https:\/\/gifex.com\/fr\/wp-json\/wp\/v2\/types\/ficha"}],"author":[{"embeddable":true,"href":"https:\/\/gifex.com\/fr\/wp-json\/wp\/v2\/users\/1"}],"version-history":[{"count":5,"href":"https:\/\/gifex.com\/fr\/wp-json\/wp\/v2\/ficha\/13443\/revisions"}],"predecessor-version":[{"id":21668,"href":"https:\/\/gifex.com\/fr\/wp-json\/wp\/v2\/ficha\/13443\/revisions\/21668"}],"wp:featuredmedia":[{"embeddable":true,"href":"https:\/\/gifex.com\/fr\/wp-json\/wp\/v2\/media\/13445"}],"wp:attachment":[{"href":"https:\/\/gifex.com\/fr\/wp-json\/wp\/v2\/media?parent=13443"}],"wp:term":[{"taxonomy":"categoria_ficha","embeddable":true,"href":"https:\/\/gifex.com\/fr\/wp-json\/wp\/v2\/categoria_ficha?post=13443"}],"curies":[{"name":"wp","href":"https:\/\/api.w.org\/{rel}","templated":true}]}}