{"id":13420,"date":"2022-05-20T01:10:47","date_gmt":"2022-05-20T01:10:47","guid":{"rendered":"https:\/\/gifex.com\/fr\/?post_type=ficha&#038;p=13420"},"modified":"2022-08-17T20:24:41","modified_gmt":"2022-08-17T20:24:41","slug":"carte-des-intercommunalites-de-la-meuse","status":"publish","type":"ficha","link":"https:\/\/gifex.com\/fr\/fichier\/carte-des-intercommunalites-de-la-meuse\/","title":{"rendered":"Carte des intercommunalit\u00e9s de la Meuse"},"content":{"rendered":"<p style=\"text-align: center;\"><label style=\"font-size: 15px;\">Carte des intercommunalit\u00e9s de la Meuse.<\/label><\/p>\n<p><strong>Qu&#8217;est-ce que l&#8217;intercommunalit\u00e9 en Meuse ?<\/strong><\/p>\n<p>L&#8217;intercommunalit\u00e9 en Meuse d\u00e9signe l&#8217;ensemble des acteurs et organismes de coop\u00e9ration associant pour tout ou partie des communes pour l&#8217;exercice de certaines de leurs comp\u00e9tences. Selon la l\u00e9gislation en vigueur, entrent dans cette cat\u00e9gorie : les \u00e9tablissements publics de coop\u00e9ration intercommunale, les syndicats mixtes, les p\u00f4les m\u00e9tropolitains, les p\u00f4les d&#8217;\u00e9quilibre territoriaux et ruraux et d&#8217;autres formes de coop\u00e9ration intercommunale, comme les ententes, conventions et conf\u00e9rences intercommunales.<\/p>\n<p><strong>Quelles sont les intercommunalit\u00e9s de la Meuse ?<\/strong><\/p>\n<p>Depuis le 1er janvier 2017, le d\u00e9partement de la Meuse compte 15 \u00e9tablissements publics de coop\u00e9ration intercommunale \u00e0 fiscalit\u00e9 propre dont le si\u00e8ge est dans le d\u00e9partement (2 communaut\u00e9s d&#8217;agglom\u00e9ration et 13 communaut\u00e9s de communes). Par ailleurs 24 communes sont group\u00e9es dans une intercommunalit\u00e9 dont le si\u00e8ge est situ\u00e9 hors d\u00e9partement.<\/p>\n<div class=\"boxscrl\">\n<table width=\"1232\">\n<tbody>\n<tr>\n<td width=\"198\">Forme<\/td>\n<td rowspan=\"2\" width=\"295\">Nom<\/td>\n<td rowspan=\"2\" width=\"70\">n<sup>o<\/sup>\u00a0\u00a0SIREN<\/td>\n<td rowspan=\"2\" width=\"109\">Date de cr\u00e9ation<\/td>\n<td width=\"156\">Nombre de<\/td>\n<td width=\"115\">Population<\/td>\n<td width=\"70\">Superficie<\/td>\n<td width=\"74\">Densit\u00e9<\/td>\n<td rowspan=\"2\" width=\"145\">Si\u00e8ge<\/td>\n<\/tr>\n<tr>\n<td width=\"198\">juridique<\/td>\n<td width=\"156\">communes<\/td>\n<td width=\"115\">(der.\u00a0pop. l\u00e9gale)<\/td>\n<td width=\"70\">(km<sup>2<\/sup>)<\/td>\n<td width=\"74\">(hab.\/km<sup>2<\/sup>)<\/td>\n<\/tr>\n<tr>\n<td rowspan=\"2\" width=\"198\">Communaut\u00e9 d&#8217;agglom\u00e9ration<\/td>\n<td width=\"295\">CA de Bar-le-Duc &#8211; Sud Meuse<\/td>\n<td width=\"70\">200033025<\/td>\n<td width=\"109\">1<sup>er<\/sup>\u00a0janvier 2013<\/td>\n<td width=\"156\">33<\/td>\n<td width=\"115\"><span data-sort-value=\"&amp;0000000000034458.000000\">34\u00a0458\u00a0(2018)<\/span><\/td>\n<td width=\"70\">400,0<\/td>\n<td width=\"74\">86<\/td>\n<td width=\"145\">Bar-le-Duc<\/td>\n<\/tr>\n<tr>\n<td width=\"295\">CA du Grand Verdun<\/td>\n<td width=\"70\">200049187<\/td>\n<td width=\"109\">1<sup>er<\/sup>\u00a0janvier 2015<\/td>\n<td width=\"156\">25<\/td>\n<td width=\"115\"><span data-sort-value=\"&amp;0000000000027727.000000\">27\u00a0727\u00a0(2018)<\/span><\/td>\n<td width=\"70\">300,90<\/td>\n<td width=\"74\">92<\/td>\n<td width=\"145\">Verdun<\/td>\n<\/tr>\n<tr>\n<td rowspan=\"13\" width=\"198\">Communaut\u00e9 de communes<\/td>\n<td width=\"295\">CC de Commercy &#8211; Void \u2013 Vaucouleurs<\/td>\n<td width=\"70\">200066157<\/td>\n<td width=\"109\">1<sup>er<\/sup>\u00a0janvier 2017<\/td>\n<td width=\"156\">54<\/td>\n<td width=\"115\"><span data-sort-value=\"&amp;0000000000022271.000000\">22\u00a0271\u00a0(2018)<\/span><\/td>\n<td width=\"70\">710,20<\/td>\n<td width=\"74\">31<\/td>\n<td width=\"145\">Commercy<\/td>\n<\/tr>\n<tr>\n<td width=\"295\">CC des Portes de Meuse<\/td>\n<td width=\"70\">200066108<\/td>\n<td width=\"109\">1<sup>er<\/sup>\u00a0janvier 2017<\/td>\n<td width=\"156\">51<\/td>\n<td width=\"115\"><span data-sort-value=\"&amp;0000000000016555.000000\">16\u00a0555\u00a0(2018)<\/span><\/td>\n<td width=\"70\">755,60<\/td>\n<td width=\"74\">22<\/td>\n<td width=\"145\">Montiers-sur-Saulx<\/td>\n<\/tr>\n<tr>\n<td width=\"295\">CC du Pays de Stenay et du Val Dunois<\/td>\n<td width=\"70\">200066132<\/td>\n<td width=\"109\">1<sup>er<\/sup>\u00a0janvier 2017<\/td>\n<td width=\"156\">41<\/td>\n<td width=\"115\"><span data-sort-value=\"&amp;0000000000009663.000000\">9\u00a0663\u00a0(2018)<\/span><\/td>\n<td width=\"70\">440,90<\/td>\n<td width=\"74\">22<\/td>\n<td width=\"145\">Stenay<\/td>\n<\/tr>\n<tr>\n<td width=\"295\">CC Val de Meuse &#8211; Voie Sacr\u00e9e<\/td>\n<td width=\"70\">200066165<\/td>\n<td width=\"109\">1<sup>er<\/sup>\u00a0janvier 2017<\/td>\n<td width=\"156\">25<\/td>\n<td width=\"115\"><span data-sort-value=\"&amp;0000000000009121.000000\">9\u00a0121\u00a0(2018)<\/span><\/td>\n<td width=\"70\">350,0<\/td>\n<td width=\"74\">26<\/td>\n<td width=\"145\">Dieue-sur-Meuse<\/td>\n<\/tr>\n<tr>\n<td width=\"295\">CC du Sammiellois<\/td>\n<td width=\"70\">245500327<\/td>\n<td width=\"109\">1<sup>er<\/sup>\u00a0janvier 2000<\/td>\n<td width=\"156\">19<\/td>\n<td width=\"115\"><span data-sort-value=\"&amp;0000000000008555.000000\">8\u00a0555\u00a0(2018)<\/span><\/td>\n<td width=\"70\">247,60<\/td>\n<td width=\"74\">35<\/td>\n<td width=\"145\">Saint-Mihiel<\/td>\n<\/tr>\n<tr>\n<td width=\"295\">CC de Damvillers Spincourt<\/td>\n<td width=\"70\">200066173<\/td>\n<td width=\"109\">1<sup>er<\/sup>\u00a0janvier 2017<\/td>\n<td width=\"156\">41<\/td>\n<td width=\"115\"><span data-sort-value=\"&amp;0000000000008242.000000\">8\u00a0242\u00a0(2018)<\/span><\/td>\n<td width=\"70\">492,40<\/td>\n<td width=\"74\">17<\/td>\n<td width=\"145\">Spincourt<\/td>\n<\/tr>\n<tr>\n<td width=\"295\">CC du pays d&#8217;\u00c9tain<\/td>\n<td width=\"70\">245501242<\/td>\n<td width=\"109\">1<sup>er<\/sup>\u00a0janvier 1999<\/td>\n<td width=\"156\">26<\/td>\n<td width=\"115\"><span data-sort-value=\"&amp;0000000000007625.000000\">7\u00a0625\u00a0(2018)<\/span><\/td>\n<td width=\"70\">239,10<\/td>\n<td width=\"74\">32<\/td>\n<td width=\"145\">\u00c9tain<\/td>\n<\/tr>\n<tr>\n<td width=\"295\">CC du Pays de Revigny-sur-Ornain<\/td>\n<td width=\"70\">245501184<\/td>\n<td width=\"109\">1<sup>er<\/sup>\u00a0janvier 2005<\/td>\n<td width=\"156\">16<\/td>\n<td width=\"115\"><span data-sort-value=\"&amp;0000000000007206.000000\">7\u00a0206\u00a0(2018)<\/span><\/td>\n<td width=\"70\">184,40<\/td>\n<td width=\"74\">39<\/td>\n<td width=\"145\">Revigny-sur-Ornain<\/td>\n<\/tr>\n<tr>\n<td width=\"295\">CC Argonne-Meuse<\/td>\n<td width=\"70\">200066116<\/td>\n<td width=\"109\">1<sup>er<\/sup>\u00a0janvier 2017<\/td>\n<td width=\"156\">38<\/td>\n<td width=\"115\"><span data-sort-value=\"&amp;0000000000007106.000000\">7\u00a0106\u00a0(2018)<\/span><\/td>\n<td width=\"70\">493,90<\/td>\n<td width=\"74\">14<\/td>\n<td width=\"145\">Clermont-en-Argonne<\/td>\n<\/tr>\n<tr>\n<td width=\"295\">CC du pays de Montm\u00e9dy<\/td>\n<td width=\"70\">245501259<\/td>\n<td width=\"109\">1<sup>er<\/sup>\u00a0janvier 1999<\/td>\n<td width=\"156\">25<\/td>\n<td width=\"115\"><span data-sort-value=\"&amp;0000000000007036.000000\">7\u00a0036\u00a0(2018)<\/span><\/td>\n<td width=\"70\">243,70<\/td>\n<td width=\"74\">29<\/td>\n<td width=\"145\">Montm\u00e9dy<\/td>\n<\/tr>\n<tr>\n<td width=\"295\">CC De l&#8217;Aire \u00e0 l&#8217;Argonne<\/td>\n<td width=\"70\">200066140<\/td>\n<td width=\"109\">1<sup>er<\/sup>\u00a0janvier 2017<\/td>\n<td width=\"156\">47<\/td>\n<td width=\"115\"><span data-sort-value=\"&amp;0000000000006496.000000\">6\u00a0496\u00a0(2018)<\/span><\/td>\n<td width=\"70\">663,40<\/td>\n<td width=\"74\">10<\/td>\n<td width=\"145\">Beausite<\/td>\n<\/tr>\n<tr>\n<td width=\"295\">CC C\u00f4tes de Meuse Wo\u00ebvre<\/td>\n<td width=\"70\">200034874<\/td>\n<td width=\"109\">1<sup>er<\/sup>\u00a0janvier 2013<\/td>\n<td width=\"156\">25<\/td>\n<td width=\"115\"><span data-sort-value=\"&amp;0000000000005986.000000\">5\u00a0986\u00a0(2018)<\/span><\/td>\n<td width=\"70\">421,80<\/td>\n<td width=\"74\">14<\/td>\n<td width=\"145\">Vigneulles-l\u00e8s-Hattonch\u00e2tel<\/td>\n<\/tr>\n<tr>\n<td width=\"295\">CC du Territoire de Fresnes en Wo\u00ebvre<\/td>\n<td width=\"70\">245501176<\/td>\n<td width=\"109\">1<sup>er<\/sup>\u00a0janvier 1997<\/td>\n<td width=\"156\">32<\/td>\n<td width=\"115\"><span data-sort-value=\"&amp;0000000000004797.000000\">4\u00a0797\u00a0(2018)<\/span><\/td>\n<td width=\"70\">256,80<\/td>\n<td width=\"74\">19<\/td>\n<td width=\"145\">Fresnes-en-Wo\u00ebvre<\/td>\n<\/tr>\n<tr>\n<td colspan=\"9\" width=\"1232\">Intercommunalit\u00e9 dont le si\u00e8ge est situ\u00e9 hors d\u00e9partement<\/td>\n<\/tr>\n<tr>\n<td width=\"198\">Communaut\u00e9 de communes<\/td>\n<td width=\"295\">CC Pays de l&#8217;Audunois et du Bassin de Landres<\/td>\n<td width=\"70\">200070290<\/td>\n<td width=\"109\">1<sup>er<\/sup>\u00a0janvier 2017<\/td>\n<td width=\"156\">25\u00a0(dont une dans le\u00a055)<\/td>\n<td width=\"115\"><span data-sort-value=\"&amp;0000000000023259.000000\">23\u00a0259\u00a0(2018)<\/span><\/td>\n<td width=\"70\">210,50<\/td>\n<td width=\"74\">111<\/td>\n<td width=\"145\">Audun-le-Roman\u00a0(54)<\/td>\n<\/tr>\n<\/tbody>\n<\/table>\n<\/div>\n","protected":false},"excerpt":{"rendered":"<p>Qu&#8217;est-ce que l&#8217;intercommunalit\u00e9 en Meuse ?<\/p>\n<p>L&#8217;intercommunalit\u00e9 en Meuse d\u00e9signe l&#8217;ensemble des acteurs et organisme<\/p>\n","protected":false},"author":1,"featured_media":13421,"template":"","categoria_ficha":[1842],"class_list":["post-13420","ficha","type-ficha","status-publish","has-post-thumbnail","hentry","categoria_ficha-cartes-du-departement-de-la-meuse"],"acf":[],"_links":{"self":[{"href":"https:\/\/gifex.com\/fr\/wp-json\/wp\/v2\/ficha\/13420","targetHints":{"allow":["GET"]}}],"collection":[{"href":"https:\/\/gifex.com\/fr\/wp-json\/wp\/v2\/ficha"}],"about":[{"href":"https:\/\/gifex.com\/fr\/wp-json\/wp\/v2\/types\/ficha"}],"author":[{"embeddable":true,"href":"https:\/\/gifex.com\/fr\/wp-json\/wp\/v2\/users\/1"}],"version-history":[{"count":3,"href":"https:\/\/gifex.com\/fr\/wp-json\/wp\/v2\/ficha\/13420\/revisions"}],"predecessor-version":[{"id":21678,"href":"https:\/\/gifex.com\/fr\/wp-json\/wp\/v2\/ficha\/13420\/revisions\/21678"}],"wp:featuredmedia":[{"embeddable":true,"href":"https:\/\/gifex.com\/fr\/wp-json\/wp\/v2\/media\/13421"}],"wp:attachment":[{"href":"https:\/\/gifex.com\/fr\/wp-json\/wp\/v2\/media?parent=13420"}],"wp:term":[{"taxonomy":"categoria_ficha","embeddable":true,"href":"https:\/\/gifex.com\/fr\/wp-json\/wp\/v2\/categoria_ficha?post=13420"}],"curies":[{"name":"wp","href":"https:\/\/api.w.org\/{rel}","templated":true}]}}