{"id":13408,"date":"2022-05-19T22:29:18","date_gmt":"2022-05-19T22:29:18","guid":{"rendered":"https:\/\/gifex.com\/fr\/?post_type=ficha&#038;p=13408"},"modified":"2022-08-17T20:39:57","modified_gmt":"2022-08-17T20:39:57","slug":"carte-des-intercommunalites-de-la-lozere","status":"publish","type":"ficha","link":"https:\/\/gifex.com\/fr\/fichier\/carte-des-intercommunalites-de-la-lozere\/","title":{"rendered":"Carte des intercommunalit\u00e9s de la Loz\u00e8re"},"content":{"rendered":"<p style=\"text-align: center;\"><label style=\"font-size: 15px;\">Carte des intercommunalit\u00e9s de la Loz\u00e8re.<\/label><\/p>\n<p><strong>Qu&#8217;est-ce que l&#8217;intercommunalit\u00e9 en Loz\u00e8re ?<\/strong><\/p>\n<p>L&#8217;intercommunalit\u00e9 en Loz\u00e8re d\u00e9signe l&#8217;ensemble des acteurs et organismes de coop\u00e9ration associant pour tout ou partie des communes pour l&#8217;exercice de certaines de leurs comp\u00e9tences. Selon la l\u00e9gislation en vigueur, entrent dans cette cat\u00e9gorie : les \u00e9tablissements publics de coop\u00e9ration intercommunale, les syndicats mixtes, les p\u00f4les m\u00e9tropolitains, les p\u00f4les d&#8217;\u00e9quilibre territoriaux et ruraux et d&#8217;autres formes de coop\u00e9ration intercommunale, comme les ententes, conventions et conf\u00e9rences intercommunales.<\/p>\n<p><strong>Quelles sont les intercommunalit\u00e9s de la Loz\u00e8re ?<\/strong><\/p>\n<p>Depuis le 1er janvier 2017, le d\u00e9partement de la Loz\u00e8re compte 10 \u00e9tablissements publics de coop\u00e9ration intercommunale \u00e0 fiscalit\u00e9 propre dont le si\u00e8ge est dans le d\u00e9partement (10 communaut\u00e9s de communes), dont un qui est interd\u00e9partemental. Par ailleurs 1 commune est group\u00e9e dans une intercommunalit\u00e9 dont le si\u00e8ge est situ\u00e9 en Aveyron. Ce d\u00e9coupage correspond au sch\u00e9ma d\u00e9partemental de coop\u00e9ration intercommunale adopt\u00e9 le 12 f\u00e9vrier 2016 par la CDCI.<\/p>\n<div class=\"boxscrl\">\n<table width=\"1212\">\n<tbody>\n<tr>\n<td width=\"183\">Forme<\/td>\n<td rowspan=\"2\" width=\"270\">Nom<\/td>\n<td rowspan=\"2\" width=\"70\">n<sup>o<\/sup>\u00a0\u00a0SIREN<\/td>\n<td rowspan=\"2\" width=\"119\">Date de cr\u00e9ation<\/td>\n<td width=\"165\">Nombre de<\/td>\n<td width=\"115\">Population<\/td>\n<td width=\"70\">Superficie<\/td>\n<td width=\"74\">Densit\u00e9<\/td>\n<td rowspan=\"2\" width=\"146\">Si\u00e8ge<\/td>\n<\/tr>\n<tr>\n<td width=\"183\">juridique<\/td>\n<td width=\"165\">communes<\/td>\n<td width=\"115\">(der.\u00a0pop. l\u00e9gale)<\/td>\n<td width=\"70\">(km<sup>2<\/sup>)<\/td>\n<td width=\"74\">(hab.\/km<sup>2<\/sup>)<\/td>\n<\/tr>\n<tr>\n<td rowspan=\"10\" width=\"183\">Communaut\u00e9 de communes<\/td>\n<td width=\"270\">CC C\u0153ur de Loz\u00e8re<\/td>\n<td width=\"70\">244800405<\/td>\n<td width=\"119\">14 d\u00e9cembre 2001<\/td>\n<td width=\"165\">7<\/td>\n<td width=\"115\"><span data-sort-value=\"&amp;0000000000015511.000000\">15\u00a0511\u00a0(2018)<\/span><\/td>\n<td width=\"70\">212,60<\/td>\n<td width=\"74\">73<\/td>\n<td width=\"146\">Mende<\/td>\n<\/tr>\n<tr>\n<td width=\"270\">CC des Terres d&#8217;Apcher-Margeride-Aubrac<\/td>\n<td width=\"70\">200069185<\/td>\n<td width=\"119\">1<sup>er<\/sup>\u00a0janvier 2017<\/td>\n<td width=\"165\">20<\/td>\n<td width=\"115\"><span data-sort-value=\"&amp;0000000000010644.000000\">10\u00a0644\u00a0(2018)<\/span><\/td>\n<td width=\"70\">435,10<\/td>\n<td width=\"74\">25<\/td>\n<td width=\"146\">Saint-Ch\u00e9ly-d&#8217;Apcher<\/td>\n<\/tr>\n<tr>\n<td width=\"270\">CC du G\u00e9vaudan<\/td>\n<td width=\"70\">244800470<\/td>\n<td width=\"119\">31 d\u00e9cembre 2003<\/td>\n<td width=\"165\">12<\/td>\n<td width=\"115\"><span data-sort-value=\"&amp;0000000000009653.000000\">9\u00a0653\u00a0(2018)<\/span><\/td>\n<td width=\"70\">264,50<\/td>\n<td width=\"74\">37<\/td>\n<td width=\"146\">Marvejols<\/td>\n<\/tr>\n<tr>\n<td width=\"270\">CC Aubrac Lot Causses Tarn<\/td>\n<td width=\"70\">200069268<\/td>\n<td width=\"119\">1<sup>er<\/sup>\u00a0janvier 2017<\/td>\n<td width=\"165\">15<\/td>\n<td width=\"115\"><span data-sort-value=\"&amp;0000000000007968.000000\">7\u00a0968\u00a0(2018)<\/span><\/td>\n<td width=\"70\">582,30<\/td>\n<td width=\"74\">14<\/td>\n<td width=\"146\">La Canourgue<\/td>\n<\/tr>\n<tr>\n<td width=\"270\">CC Gorges Causses C\u00e9vennes<\/td>\n<td width=\"70\">200069151<\/td>\n<td width=\"119\">1<sup>er<\/sup>\u00a0janvier 2017<\/td>\n<td width=\"165\">17<\/td>\n<td width=\"115\"><span data-sort-value=\"&amp;0000000000006968.000000\">6\u00a0968\u00a0(2018)<\/span><\/td>\n<td width=\"70\">906,70<\/td>\n<td width=\"74\">8<\/td>\n<td width=\"146\">Florac Trois Rivi\u00e8res<\/td>\n<\/tr>\n<tr>\n<td width=\"270\">CC Mont Loz\u00e8re<\/td>\n<td width=\"70\">200069128<\/td>\n<td width=\"119\">1<sup>er<\/sup>\u00a0janvier 2017<\/td>\n<td width=\"165\">21\u00a0(dont 2 dans le\u00a0Gard)<\/td>\n<td width=\"115\"><span data-sort-value=\"&amp;0000000000005507.000000\">5\u00a0507\u00a0(2018)<\/span><\/td>\n<td width=\"70\">716,30<\/td>\n<td width=\"74\">8<\/td>\n<td width=\"146\">Mont Loz\u00e8re et Goulet<\/td>\n<\/tr>\n<tr>\n<td width=\"270\">CC du Haut Allier<\/td>\n<td width=\"70\">200006930<\/td>\n<td width=\"119\">7 d\u00e9cembre 2006<\/td>\n<td width=\"165\">10<\/td>\n<td width=\"115\"><span data-sort-value=\"&amp;0000000000005186.000000\">5\u00a0186\u00a0(2018)<\/span><\/td>\n<td width=\"70\">282,80<\/td>\n<td width=\"74\">18<\/td>\n<td width=\"146\">Langogne<\/td>\n<\/tr>\n<tr>\n<td width=\"270\">CC Randon &#8211; Margeride<\/td>\n<td width=\"70\">200069102<\/td>\n<td width=\"119\">1<sup>er<\/sup>\u00a0janvier 2017<\/td>\n<td width=\"165\">15<\/td>\n<td width=\"115\"><span data-sort-value=\"&amp;0000000000005312.000000\">5\u00a0312\u00a0(2018)<\/span><\/td>\n<td width=\"70\">654,50<\/td>\n<td width=\"74\">8<\/td>\n<td width=\"146\">Rieutort-de-Randon<\/td>\n<\/tr>\n<tr>\n<td width=\"270\">CC des C\u00e9vennes au Mont Loz\u00e8re<\/td>\n<td width=\"70\">200069136<\/td>\n<td width=\"119\">1<sup>er<\/sup>\u00a0janvier 2017<\/td>\n<td width=\"165\">19<\/td>\n<td width=\"115\"><span data-sort-value=\"&amp;0000000000005044.000000\">5\u00a0044\u00a0(2018)<\/span><\/td>\n<td width=\"70\">619,30<\/td>\n<td width=\"74\">8<\/td>\n<td width=\"146\">Le Collet-de-D\u00e8ze<\/td>\n<\/tr>\n<tr>\n<td width=\"270\">CC des Hautes Terres de l&#8217;Aubrac<\/td>\n<td width=\"70\">200069144<\/td>\n<td width=\"119\">1<sup>er<\/sup>\u00a0janvier 2017<\/td>\n<td width=\"165\">17<\/td>\n<td width=\"115\"><span data-sort-value=\"&amp;0000000000005086.000000\">5\u00a0086\u00a0(2018)<\/span><\/td>\n<td width=\"70\">549,70<\/td>\n<td width=\"74\">9<\/td>\n<td width=\"146\">Peyre en Aubrac<\/td>\n<\/tr>\n<tr>\n<td colspan=\"9\" width=\"1212\">Intercommunalit\u00e9 dont le si\u00e8ge est situ\u00e9 hors d\u00e9partement<\/td>\n<\/tr>\n<tr>\n<td width=\"183\">Communaut\u00e9 de communes<\/td>\n<td width=\"270\">CC de Millau Grands Causses<\/td>\n<td width=\"70\">241200567<\/td>\n<td width=\"119\">27 d\u00e9cembre 1999<\/td>\n<td width=\"165\">15\u00a0(dont 1 dans la\u00a0Loz\u00e8re)<\/td>\n<td width=\"115\"><span data-sort-value=\"&amp;0000000000029532.000000\">29\u00a0532\u00a0(2018)<\/span><\/td>\n<td width=\"70\">511,70<\/td>\n<td width=\"74\">58<\/td>\n<td width=\"146\">Millau\u00a0(Aveyron)<\/td>\n<\/tr>\n<\/tbody>\n<\/table>\n<\/div>\n","protected":false},"excerpt":{"rendered":"<p>Qu&#8217;est-ce que l&#8217;intercommunalit\u00e9 en Loz\u00e8re ?<\/p>\n<p>L&#8217;intercommunalit\u00e9 en Loz\u00e8re d\u00e9signe l&#8217;ensemble des acteurs et organismes<\/p>\n","protected":false},"author":1,"featured_media":13409,"template":"","categoria_ficha":[1835],"class_list":["post-13408","ficha","type-ficha","status-publish","has-post-thumbnail","hentry","categoria_ficha-cartes-du-departement-de-la-lozere"],"acf":[],"_links":{"self":[{"href":"https:\/\/gifex.com\/fr\/wp-json\/wp\/v2\/ficha\/13408","targetHints":{"allow":["GET"]}}],"collection":[{"href":"https:\/\/gifex.com\/fr\/wp-json\/wp\/v2\/ficha"}],"about":[{"href":"https:\/\/gifex.com\/fr\/wp-json\/wp\/v2\/types\/ficha"}],"author":[{"embeddable":true,"href":"https:\/\/gifex.com\/fr\/wp-json\/wp\/v2\/users\/1"}],"version-history":[{"count":3,"href":"https:\/\/gifex.com\/fr\/wp-json\/wp\/v2\/ficha\/13408\/revisions"}],"predecessor-version":[{"id":21684,"href":"https:\/\/gifex.com\/fr\/wp-json\/wp\/v2\/ficha\/13408\/revisions\/21684"}],"wp:featuredmedia":[{"embeddable":true,"href":"https:\/\/gifex.com\/fr\/wp-json\/wp\/v2\/media\/13409"}],"wp:attachment":[{"href":"https:\/\/gifex.com\/fr\/wp-json\/wp\/v2\/media?parent=13408"}],"wp:term":[{"taxonomy":"categoria_ficha","embeddable":true,"href":"https:\/\/gifex.com\/fr\/wp-json\/wp\/v2\/categoria_ficha?post=13408"}],"curies":[{"name":"wp","href":"https:\/\/api.w.org\/{rel}","templated":true}]}}