{"id":13405,"date":"2022-05-19T22:16:38","date_gmt":"2022-05-19T22:16:38","guid":{"rendered":"https:\/\/gifex.com\/fr\/?post_type=ficha&#038;p=13405"},"modified":"2023-02-01T22:44:44","modified_gmt":"2023-02-01T22:44:44","slug":"carte-des-intercommunalites-de-la-loire-atlantique","status":"publish","type":"ficha","link":"https:\/\/gifex.com\/fr\/fichier\/carte-des-intercommunalites-de-la-loire-atlantique\/","title":{"rendered":"Carte des intercommunalit\u00e9s de la Loire-Atlantique"},"content":{"rendered":"<p style=\"text-align: center;\"><label style=\"font-size: 15px;\">Carte des intercommunalit\u00e9s de la Loire-Atlantique.<\/label><\/p>\n<p><strong>Qu&#8217;est-ce que l&#8217;intercommunalit\u00e9 en Loire-Atlantique ?<\/strong><\/p>\n<p>L&#8217;intercommunalit\u00e9 en Loire-Atlantique d\u00e9signe l&#8217;ensemble des acteurs et organismes de coop\u00e9ration associant pour tout ou partie des communes pour l&#8217;exercice de certaines de leurs comp\u00e9tences. Selon la l\u00e9gislation en vigueur, entrent dans cette cat\u00e9gorie : les \u00e9tablissements publics de coop\u00e9ration intercommunale, les syndicats mixtes, les p\u00f4les m\u00e9tropolitains, les p\u00f4les d&#8217;\u00e9quilibre territoriaux et ruraux et d&#8217;autres formes de coop\u00e9ration intercommunale, comme les ententes, conventions et conf\u00e9rences intercommunales.<\/p>\n<p><strong>Quelles sont les intercommunalit\u00e9s de la Loire-Atlantique ?<\/strong><\/p>\n<p>Au 1er janvier 2020, le d\u00e9partement de la Loire-Atlantique compte 16 \u00e9tablissements publics de coop\u00e9ration intercommunale \u00e0 fiscalit\u00e9 propre dont le si\u00e8ge est dans le d\u00e9partement (une m\u00e9tropole, 4 communaut\u00e9s d&#8217;agglom\u00e9ration et 11 communaut\u00e9s de communes), dont deux qui sont interd\u00e9partementaux. Par ailleurs 12 communes sont group\u00e9es dans une intercommunalit\u00e9 dont le si\u00e8ge est situ\u00e9 hors d\u00e9partement.<\/p>\n<div class=\"boxscrl\">\n<table width=\"1370\">\n<tbody>\n<tr>\n<td width=\"198\">Forme<\/td>\n<td rowspan=\"2\" width=\"330\">Nom<\/td>\n<td rowspan=\"2\" width=\"70\">n<sup>o<\/sup>\u00a0\u00a0SIREN<\/td>\n<td rowspan=\"2\" width=\"119\">Date de cr\u00e9ation<\/td>\n<td width=\"207\">Nombre de<\/td>\n<td width=\"115\">Population<\/td>\n<td width=\"70\">Superficie<\/td>\n<td width=\"74\">Densit\u00e9<\/td>\n<td rowspan=\"2\" width=\"187\">Si\u00e8ge<\/td>\n<\/tr>\n<tr>\n<td width=\"198\">juridique<\/td>\n<td width=\"207\">communes<\/td>\n<td width=\"115\">(der.\u00a0pop. l\u00e9gale)<\/td>\n<td width=\"70\">(km<sup>2<\/sup>)<\/td>\n<td width=\"74\">(hab.\/km<sup>2<\/sup>)<\/td>\n<\/tr>\n<tr>\n<td width=\"198\">M\u00e9tropole<\/td>\n<td width=\"330\">Nantes M\u00e9tropole<\/td>\n<td width=\"70\">244400404<\/td>\n<td width=\"119\">25 octobre 1991<\/td>\n<td width=\"207\">24<\/td>\n<td width=\"115\"><span data-sort-value=\"&#038;0000000000656275.000000\">656\u00a0275\u00a0(2018)<\/span><\/td>\n<td width=\"70\">523,40<\/td>\n<td width=\"74\">1\u00a0254<\/td>\n<td width=\"187\">Nantes<\/td>\n<\/tr>\n<tr>\n<td rowspan=\"4\" width=\"198\">Communaut\u00e9 d&#8217;agglom\u00e9ration<\/td>\n<td width=\"330\">CA de la R\u00e9gion Nazairienne et de l&#8217;Estuaire<\/td>\n<td width=\"70\">244400644<\/td>\n<td width=\"119\">31 d\u00e9cembre 2000<\/td>\n<td width=\"207\">10<\/td>\n<td width=\"115\"><span data-sort-value=\"&#038;0000000000125883.000000\">125\u00a0883\u00a0(2018)<\/span><\/td>\n<td width=\"70\">320,30<\/td>\n<td width=\"74\">393<\/td>\n<td width=\"187\">Saint-Nazaire<\/td>\n<\/tr>\n<tr>\n<td width=\"330\">CA de la Presqu&#8217;\u00eele de Gu\u00e9rande Atlantique<\/td>\n<td width=\"70\">244400610<\/td>\n<td width=\"119\">30 d\u00e9cembre 2002<\/td>\n<td width=\"207\">15\u00a0(dont 12 en\u00a0Loire-Atlantique)<\/td>\n<td width=\"115\"><span data-sort-value=\"&#038;0000000000074669.000000\">74\u00a0669\u00a0(2018)<\/span><\/td>\n<td width=\"70\">386,10<\/td>\n<td width=\"74\">193<\/td>\n<td width=\"187\">La Baule-Escoublac<\/td>\n<\/tr>\n<tr>\n<td width=\"330\">Pornic Agglo Pays de Retz<\/td>\n<td width=\"70\">200067346<\/td>\n<td width=\"119\">1<sup>er<\/sup>\u00a0janvier 2017<\/td>\n<td width=\"207\">15<\/td>\n<td width=\"115\"><span data-sort-value=\"&#038;0000000000063534.000000\">63\u00a0534\u00a0(2018)<\/span><\/td>\n<td width=\"70\">522,10<\/td>\n<td width=\"74\">122<\/td>\n<td width=\"187\">Pornic<\/td>\n<\/tr>\n<tr>\n<td width=\"330\">Clisson S\u00e8vre et Maine Agglo<\/td>\n<td width=\"70\">200067635<\/td>\n<td width=\"119\">1<sup>er<\/sup>\u00a0janvier 2017<\/td>\n<td width=\"207\">16<\/td>\n<td width=\"115\"><span data-sort-value=\"&#038;0000000000055455.000000\">55\u00a0455\u00a0(2018)<\/span><\/td>\n<td width=\"70\">309,60<\/td>\n<td width=\"74\">179<\/td>\n<td width=\"187\">Clisson<\/td>\n<\/tr>\n<tr>\n<td rowspan=\"11\" width=\"198\">Communaut\u00e9 de communes<\/td>\n<td width=\"330\">CC du Pays d&#8217;Ancenis<\/td>\n<td width=\"70\">244400552<\/td>\n<td width=\"119\">16 d\u00e9cembre 1999<\/td>\n<td width=\"207\">20\u00a0(dont 19 en\u00a0Loire-Atlantique)<\/td>\n<td width=\"115\"><span data-sort-value=\"&#038;0000000000067534.000000\">67\u00a0534\u00a0(2018)<\/span><\/td>\n<td width=\"70\">863,30<\/td>\n<td width=\"74\">78<\/td>\n<td width=\"187\">Ancenis<\/td>\n<\/tr>\n<tr>\n<td width=\"330\">CC d&#8217;Erdre et Gesvres<\/td>\n<td width=\"70\">244400503<\/td>\n<td width=\"119\">13 d\u00e9cembre 1994<\/td>\n<td width=\"207\">12<\/td>\n<td width=\"115\"><span data-sort-value=\"&#038;0000000000063280.000000\">63\u00a0280\u00a0(2018)<\/span><\/td>\n<td width=\"70\">509,40<\/td>\n<td width=\"74\">124<\/td>\n<td width=\"187\">Grandchamps-des-Fontaines<\/td>\n<\/tr>\n<tr>\n<td width=\"330\">CC S\u00e8vre et Loire<\/td>\n<td width=\"70\">200067866<\/td>\n<td width=\"119\">1<sup>er<\/sup>\u00a0janvier 2017<\/td>\n<td width=\"207\">11<\/td>\n<td width=\"115\"><span data-sort-value=\"&#038;0000000000047805.000000\">47\u00a0805\u00a0(2018)<\/span><\/td>\n<td width=\"70\">276,20<\/td>\n<td width=\"74\">173<\/td>\n<td width=\"187\">Vallet<\/td>\n<\/tr>\n<tr>\n<td width=\"330\">CC Ch\u00e2teaubriant-Derval<\/td>\n<td width=\"70\">200072726<\/td>\n<td width=\"119\">1<sup>er<\/sup>\u00a0janvier 2017<\/td>\n<td width=\"207\">26<\/td>\n<td width=\"115\"><span data-sort-value=\"&#038;0000000000044421.000000\">44\u00a0421\u00a0(2018)<\/span><\/td>\n<td width=\"70\">879,40<\/td>\n<td width=\"74\">51<\/td>\n<td width=\"187\">Ch\u00e2teaubriant<\/td>\n<\/tr>\n<tr>\n<td width=\"330\">CC de Grand Lieu<\/td>\n<td width=\"70\">244400438<\/td>\n<td width=\"119\">23 juin 1993<\/td>\n<td width=\"207\">9<\/td>\n<td width=\"115\"><span data-sort-value=\"&#038;0000000000039540.000000\">39\u00a0540\u00a0(2018)<\/span><\/td>\n<td width=\"70\">260,0<\/td>\n<td width=\"74\">152<\/td>\n<td width=\"187\">La Chevroli\u00e8re<\/td>\n<\/tr>\n<tr>\n<td width=\"330\">CC Estuaire et Sillon<\/td>\n<td width=\"70\">200072734<\/td>\n<td width=\"119\">1<sup>er<\/sup>\u00a0janvier 2017<\/td>\n<td width=\"207\">11<\/td>\n<td width=\"115\"><span data-sort-value=\"&#038;0000000000039055.000000\">39\u00a0055\u00a0(2018)<\/span><\/td>\n<td width=\"70\">306,30<\/td>\n<td width=\"74\">128<\/td>\n<td width=\"187\">Savenay<\/td>\n<\/tr>\n<tr>\n<td width=\"330\">CC du pays de Pont-Ch\u00e2teau &#8211; Saint-Gildas-des-Bois<\/td>\n<td width=\"70\">200000438<\/td>\n<td width=\"119\">31 d\u00e9cembre 2005<\/td>\n<td width=\"207\">9<\/td>\n<td width=\"115\"><span data-sort-value=\"&#038;0000000000035445.000000\">35\u00a0445\u00a0(2018)<\/span><\/td>\n<td width=\"70\">326,80<\/td>\n<td width=\"74\">109<\/td>\n<td width=\"187\">Pontch\u00e2teau<\/td>\n<\/tr>\n<tr>\n<td width=\"330\">CC du Sud Estuaire<\/td>\n<td width=\"70\">244400586<\/td>\n<td width=\"119\">10 juin 1996<\/td>\n<td width=\"207\">6<\/td>\n<td width=\"115\"><span data-sort-value=\"&#038;0000000000030177.000000\">30\u00a0177\u00a0(2018)<\/span><\/td>\n<td width=\"70\">197,50<\/td>\n<td width=\"74\">153<\/td>\n<td width=\"187\">Paimb\u0153uf<\/td>\n<\/tr>\n<tr>\n<td width=\"330\">CC Sud Retz Atlantique<\/td>\n<td width=\"70\">200071546<\/td>\n<td width=\"119\">1<sup>er<\/sup>\u00a0janvier 2017<\/td>\n<td width=\"207\">8<\/td>\n<td width=\"115\"><span data-sort-value=\"&#038;0000000000024771.000000\">24\u00a0771\u00a0(2018)<\/span><\/td>\n<td width=\"70\">353,50<\/td>\n<td width=\"74\">70<\/td>\n<td width=\"187\">Machecoul-Saint-M\u00eame<\/td>\n<\/tr>\n<tr>\n<td width=\"330\">CC de la r\u00e9gion de Blain<\/td>\n<td width=\"70\">244400453<\/td>\n<td width=\"119\">8 d\u00e9cembre 1993<\/td>\n<td width=\"207\">4<\/td>\n<td width=\"115\"><span data-sort-value=\"&#038;0000000000016319.000000\">16\u00a0319\u00a0(2018)<\/span><\/td>\n<td width=\"70\">213,20<\/td>\n<td width=\"74\">77<\/td>\n<td width=\"187\">Blain<\/td>\n<\/tr>\n<tr>\n<td width=\"330\">CC de Nozay<\/td>\n<td width=\"70\">244400537<\/td>\n<td width=\"119\">2 d\u00e9cembre 1994<\/td>\n<td width=\"207\">7<\/td>\n<td width=\"115\"><span data-sort-value=\"&#038;0000000000015967.000000\">15\u00a0967\u00a0(2018)<\/span><\/td>\n<td width=\"70\">273,50<\/td>\n<td width=\"74\">58<\/td>\n<td width=\"187\">Nozay<\/td>\n<\/tr>\n<tr>\n<td colspan=\"9\" width=\"1370\">Intercommunalit\u00e9 dont le si\u00e8ge est situ\u00e9 hors d\u00e9partement<\/td>\n<\/tr>\n<tr>\n<td width=\"198\">Communaut\u00e9 d&#8217;agglom\u00e9ration<\/td>\n<td width=\"330\">Redon Agglom\u00e9ration<\/td>\n<td width=\"70\">243500741<\/td>\n<td width=\"119\">29 avril 1996<\/td>\n<td width=\"207\">31\u00a0(dont 8 en\u00a0Loire-Atlantique)<\/td>\n<td width=\"115\"><span data-sort-value=\"&#038;0000000000066655.000000\">66\u00a0655\u00a0(2019)<\/span><\/td>\n<td width=\"70\">990,90<\/td>\n<td width=\"74\">67<\/td>\n<td width=\"187\">Redon\u00a0(Ille-et-Vilaine)<\/td>\n<\/tr>\n<\/tbody>\n<\/table>\n<\/div>\n","protected":false},"excerpt":{"rendered":"<p>Qu&#8217;est-ce que l&#8217;intercommunalit\u00e9 en Loire-Atlantique ?<\/p>\n<p>L&#8217;intercommunalit\u00e9 en Loire-Atlantique d\u00e9signe l&#8217;ensemble des acteurs et organismes<\/p>\n","protected":false},"author":1,"featured_media":13406,"template":"","categoria_ficha":[1831],"class_list":["post-13405","ficha","type-ficha","status-publish","has-post-thumbnail","hentry","categoria_ficha-cartes-du-departement-de-la-loire-atlantique"],"acf":[],"_links":{"self":[{"href":"https:\/\/gifex.com\/fr\/wp-json\/wp\/v2\/ficha\/13405","targetHints":{"allow":["GET"]}}],"collection":[{"href":"https:\/\/gifex.com\/fr\/wp-json\/wp\/v2\/ficha"}],"about":[{"href":"https:\/\/gifex.com\/fr\/wp-json\/wp\/v2\/types\/ficha"}],"author":[{"embeddable":true,"href":"https:\/\/gifex.com\/fr\/wp-json\/wp\/v2\/users\/1"}],"version-history":[{"count":4,"href":"https:\/\/gifex.com\/fr\/wp-json\/wp\/v2\/ficha\/13405\/revisions"}],"predecessor-version":[{"id":33450,"href":"https:\/\/gifex.com\/fr\/wp-json\/wp\/v2\/ficha\/13405\/revisions\/33450"}],"wp:featuredmedia":[{"embeddable":true,"href":"https:\/\/gifex.com\/fr\/wp-json\/wp\/v2\/media\/13406"}],"wp:attachment":[{"href":"https:\/\/gifex.com\/fr\/wp-json\/wp\/v2\/media?parent=13405"}],"wp:term":[{"taxonomy":"categoria_ficha","embeddable":true,"href":"https:\/\/gifex.com\/fr\/wp-json\/wp\/v2\/categoria_ficha?post=13405"}],"curies":[{"name":"wp","href":"https:\/\/api.w.org\/{rel}","templated":true}]}}