{"id":13402,"date":"2022-05-19T22:03:45","date_gmt":"2022-05-19T22:03:45","guid":{"rendered":"https:\/\/gifex.com\/fr\/?post_type=ficha&#038;p=13402"},"modified":"2022-08-17T20:58:57","modified_gmt":"2022-08-17T20:58:57","slug":"carte-des-intercommunalites-de-la-loire","status":"publish","type":"ficha","link":"https:\/\/gifex.com\/fr\/fichier\/carte-des-intercommunalites-de-la-loire\/","title":{"rendered":"Carte des intercommunalit\u00e9s de la Loire"},"content":{"rendered":"<p style=\"text-align: center;\"><label style=\"font-size: 15px;\">Carte des intercommunalit\u00e9s de la Loire.<\/label><\/p>\n<p><strong>Qu&#8217;est-ce que l&#8217;intercommunalit\u00e9 dans la Loire ?<\/strong><\/p>\n<p>L&#8217;intercommunalit\u00e9 dans la Loire d\u00e9signe l&#8217;ensemble des acteurs et organismes de coop\u00e9ration associant pour tout ou partie des communes pour l&#8217;exercice de certaines de leurs comp\u00e9tences. Selon la l\u00e9gislation en vigueur, entrent dans cette cat\u00e9gorie : les \u00e9tablissements publics de coop\u00e9ration intercommunale, les syndicats mixtes, les p\u00f4les m\u00e9tropolitains, les p\u00f4les d&#8217;\u00e9quilibre territoriaux et ruraux et d&#8217;autres formes de coop\u00e9ration intercommunale, comme les ententes, conventions et conf\u00e9rences intercommunales.<\/p>\n<p><strong>Quelles sont les intercommunalit\u00e9s de la Loire ?<\/strong><\/p>\n<p>Au 1er janvier 2019, le d\u00e9partement de la Loire compte 10 \u00e9tablissements publics de coop\u00e9ration intercommunale \u00e0 fiscalit\u00e9 propre dont le si\u00e8ge est dans le d\u00e9partement (une m\u00e9tropole, 2 communaut\u00e9s d&#8217;agglom\u00e9ration et 7 communaut\u00e9s de communes). Par ailleurs 7 communes sont group\u00e9es dans une intercommunalit\u00e9 dont le si\u00e8ge est situ\u00e9 hors d\u00e9partement.<\/p>\n<div class=\"boxscrl\">\n<table width=\"1157\">\n<tbody>\n<tr>\n<td width=\"198\">Forme<\/td>\n<td rowspan=\"2\" width=\"206\">Nom<\/td>\n<td rowspan=\"2\" width=\"70\">n<sup>o<\/sup>\u00a0\u00a0SIREN<\/td>\n<td rowspan=\"2\" width=\"120\">Date de cr\u00e9ation<\/td>\n<td width=\"138\">Nombre de<\/td>\n<td width=\"115\">Population<\/td>\n<td width=\"70\">Superficie<\/td>\n<td width=\"74\">Densit\u00e9<\/td>\n<td rowspan=\"2\" width=\"166\">Si\u00e8ge<\/td>\n<\/tr>\n<tr>\n<td width=\"198\">juridique<\/td>\n<td width=\"138\">communes<\/td>\n<td width=\"115\">(der.\u00a0pop. l\u00e9gale)<\/td>\n<td width=\"70\">(km<sup>2<\/sup>)<\/td>\n<td width=\"74\">(hab.\/km<sup>2<\/sup>)<\/td>\n<\/tr>\n<tr>\n<td width=\"198\">M\u00e9tropole<\/td>\n<td width=\"206\">Saint-\u00c9tienne M\u00e9tropole<\/td>\n<td width=\"70\">244200770<\/td>\n<td width=\"120\">1<sup>er<\/sup>\u00a0janvier 2001<\/td>\n<td width=\"138\">53<\/td>\n<td width=\"115\"><span data-sort-value=\"&amp;0000000000404607.000000\">404\u00a0607\u00a0(2018)<\/span><\/td>\n<td width=\"70\">723,50<\/td>\n<td width=\"74\">559<\/td>\n<td width=\"166\">Saint-\u00c9tienne<\/td>\n<\/tr>\n<tr>\n<td rowspan=\"2\" width=\"198\">Communaut\u00e9 d&#8217;agglom\u00e9ration<\/td>\n<td width=\"206\">CA Loire Forez<\/td>\n<td width=\"70\">200065886<\/td>\n<td width=\"120\">1<sup>er<\/sup>\u00a0janvier 2017<\/td>\n<td width=\"138\">87<\/td>\n<td width=\"115\"><span data-sort-value=\"&amp;0000000000109787.000000\">109\u00a0787\u00a0(2018)<\/span><\/td>\n<td width=\"70\">1\u00a0321,0<\/td>\n<td width=\"74\">83<\/td>\n<td width=\"166\">Montbrison<\/td>\n<\/tr>\n<tr>\n<td width=\"206\">CA Roannais Agglom\u00e9ration<\/td>\n<td width=\"70\">200035731<\/td>\n<td width=\"120\">1<sup>er<\/sup>\u00a0janvier 2013<\/td>\n<td width=\"138\">40<\/td>\n<td width=\"115\"><span data-sort-value=\"&amp;0000000000100288.000000\">100\u00a0288\u00a0(2018)<\/span><\/td>\n<td width=\"70\">689,30<\/td>\n<td width=\"74\">146<\/td>\n<td width=\"166\">Roanne<\/td>\n<\/tr>\n<tr>\n<td rowspan=\"7\" width=\"198\">Communaut\u00e9 de communes<\/td>\n<td width=\"206\">CC de Forez-Est<\/td>\n<td width=\"70\">200065894<\/td>\n<td width=\"120\">1<sup>er<\/sup>\u00a0janvier 2017<\/td>\n<td width=\"138\">42<\/td>\n<td width=\"115\"><span data-sort-value=\"&amp;0000000000063673.000000\">63\u00a0673\u00a0(2018)<\/span><\/td>\n<td width=\"70\">553,0<\/td>\n<td width=\"74\">115<\/td>\n<td width=\"166\">Feurs<\/td>\n<\/tr>\n<tr>\n<td width=\"206\">CC Charlieu-Belmont<\/td>\n<td width=\"70\">200035202<\/td>\n<td width=\"120\">1<sup>er<\/sup>\u00a0janvier 2013<\/td>\n<td width=\"138\">25<\/td>\n<td width=\"115\"><span data-sort-value=\"&amp;0000000000023382.000000\">23\u00a0382\u00a0(2018)<\/span><\/td>\n<td width=\"70\">279,90<\/td>\n<td width=\"74\">84<\/td>\n<td width=\"166\">Charlieu<\/td>\n<\/tr>\n<tr>\n<td width=\"206\">CC du Pilat rhodanien<\/td>\n<td width=\"70\">244200895<\/td>\n<td width=\"120\">30 novembre 2001<\/td>\n<td width=\"138\">14<\/td>\n<td width=\"115\"><span data-sort-value=\"&amp;0000000000016792.000000\">16\u00a0792\u00a0(2018)<\/span><\/td>\n<td width=\"70\">144,20<\/td>\n<td width=\"74\">117<\/td>\n<td width=\"166\">P\u00e9lussin<\/td>\n<\/tr>\n<tr>\n<td width=\"206\">CC des Monts du Pilat<\/td>\n<td width=\"70\">244200622<\/td>\n<td width=\"120\">27 d\u00e9cembre 1993<\/td>\n<td width=\"138\">16<\/td>\n<td width=\"115\"><span data-sort-value=\"&amp;0000000000015237.000000\">15\u00a0237\u00a0(2018)<\/span><\/td>\n<td width=\"70\">306,80<\/td>\n<td width=\"74\">50<\/td>\n<td width=\"166\">Bourg-Argental<\/td>\n<\/tr>\n<tr>\n<td width=\"206\">CC du Pays entre Loire et Rh\u00f4ne<\/td>\n<td width=\"70\">244200630<\/td>\n<td width=\"120\">28 d\u00e9cembre 1993<\/td>\n<td width=\"138\">16<\/td>\n<td width=\"115\"><span data-sort-value=\"&amp;0000000000013916.000000\">13\u00a0916\u00a0(2018)<\/span><\/td>\n<td width=\"70\">251,60<\/td>\n<td width=\"74\">55<\/td>\n<td width=\"166\">Saint-Symphorien-de-Lay<\/td>\n<\/tr>\n<tr>\n<td width=\"206\">CC des Vals d&#8217;Aix et d&#8217;Isable<\/td>\n<td width=\"70\">244200614<\/td>\n<td width=\"120\">22 d\u00e9cembre 1993<\/td>\n<td width=\"138\">12<\/td>\n<td width=\"115\"><span data-sort-value=\"&amp;0000000000005946.000000\">5\u00a0946\u00a0(2018)<\/span><\/td>\n<td width=\"70\">196,30<\/td>\n<td width=\"74\">30<\/td>\n<td width=\"166\">Saint-Germain-Laval<\/td>\n<\/tr>\n<tr>\n<td width=\"206\">CC du Pays d&#8217;Urf\u00e9<\/td>\n<td width=\"70\">244200820<\/td>\n<td width=\"120\">28 juin 1996<\/td>\n<td width=\"138\">11<\/td>\n<td width=\"115\"><span data-sort-value=\"&amp;0000000000005209.000000\">5\u00a0209\u00a0(2018)<\/span><\/td>\n<td width=\"70\">256,10<\/td>\n<td width=\"74\">20<\/td>\n<td width=\"166\">Saint-Just-en-Chevalet<\/td>\n<\/tr>\n<tr>\n<td colspan=\"9\" width=\"1157\">Intercommunalit\u00e9 dont le si\u00e8ge est situ\u00e9 hors d\u00e9partement<\/td>\n<\/tr>\n<tr>\n<td width=\"198\">Communaut\u00e9 de communes<\/td>\n<td width=\"206\">CC des Monts du Lyonnais<\/td>\n<td width=\"70\">200066587<\/td>\n<td width=\"120\">1<sup>er<\/sup>\u00a0janvier 2017<\/td>\n<td width=\"138\">32\u00a0(dont 7 dans le\u00a042)<\/td>\n<td width=\"115\"><span data-sort-value=\"&amp;0000000000035088.000000\">35\u00a0088\u00a0(2018)<\/span><\/td>\n<td width=\"70\">396,90<\/td>\n<td width=\"74\">88<\/td>\n<td width=\"166\">Pomeys\u00a0(69)<\/td>\n<\/tr>\n<\/tbody>\n<\/table>\n<\/div>\n","protected":false},"excerpt":{"rendered":"<p>Qu&#8217;est-ce que l&#8217;intercommunalit\u00e9 dans la Loire ?<\/p>\n<p>L&#8217;intercommunalit\u00e9 dans la Loire d\u00e9signe l&#8217;ensemble des acteurs et organismes<\/p>\n","protected":false},"author":1,"featured_media":13403,"template":"","categoria_ficha":[1829],"class_list":["post-13402","ficha","type-ficha","status-publish","has-post-thumbnail","hentry","categoria_ficha-cartes-du-departement-de-la-loire"],"acf":[],"_links":{"self":[{"href":"https:\/\/gifex.com\/fr\/wp-json\/wp\/v2\/ficha\/13402","targetHints":{"allow":["GET"]}}],"collection":[{"href":"https:\/\/gifex.com\/fr\/wp-json\/wp\/v2\/ficha"}],"about":[{"href":"https:\/\/gifex.com\/fr\/wp-json\/wp\/v2\/types\/ficha"}],"author":[{"embeddable":true,"href":"https:\/\/gifex.com\/fr\/wp-json\/wp\/v2\/users\/1"}],"version-history":[{"count":2,"href":"https:\/\/gifex.com\/fr\/wp-json\/wp\/v2\/ficha\/13402\/revisions"}],"predecessor-version":[{"id":21687,"href":"https:\/\/gifex.com\/fr\/wp-json\/wp\/v2\/ficha\/13402\/revisions\/21687"}],"wp:featuredmedia":[{"embeddable":true,"href":"https:\/\/gifex.com\/fr\/wp-json\/wp\/v2\/media\/13403"}],"wp:attachment":[{"href":"https:\/\/gifex.com\/fr\/wp-json\/wp\/v2\/media?parent=13402"}],"wp:term":[{"taxonomy":"categoria_ficha","embeddable":true,"href":"https:\/\/gifex.com\/fr\/wp-json\/wp\/v2\/categoria_ficha?post=13402"}],"curies":[{"name":"wp","href":"https:\/\/api.w.org\/{rel}","templated":true}]}}