{"id":13393,"date":"2022-05-19T21:29:14","date_gmt":"2022-05-19T21:29:14","guid":{"rendered":"https:\/\/gifex.com\/fr\/?post_type=ficha&#038;p=13393"},"modified":"2022-08-17T21:10:35","modified_gmt":"2022-08-17T21:10:35","slug":"carte-des-intercommunalites-de-la-haute-saone","status":"publish","type":"ficha","link":"https:\/\/gifex.com\/fr\/fichier\/carte-des-intercommunalites-de-la-haute-saone\/","title":{"rendered":"Carte des intercommunalit\u00e9s de la Haute-Sa\u00f4ne"},"content":{"rendered":"<p style=\"text-align: center;\"><label style=\"font-size: 15px;\">Carte des intercommunalit\u00e9s de la Haute-Sa\u00f4ne.<\/label><\/p>\n<p><strong>Qu&#8217;est-ce que l&#8217;intercommunalit\u00e9 en Haute-Sa\u00f4ne ?<\/strong><\/p>\n<p>L&#8217;intercommunalit\u00e9 en Haute-Sa\u00f4ne d\u00e9signe l&#8217;ensemble des acteurs et organismes de coop\u00e9ration associant pour tout ou partie des communes pour l&#8217;exercice de certaines de leurs comp\u00e9tences. Selon la l\u00e9gislation en vigueur, entrent dans cette cat\u00e9gorie : les \u00e9tablissements publics de coop\u00e9ration intercommunale, les syndicats mixtes, les p\u00f4les m\u00e9tropolitains, les p\u00f4les d&#8217;\u00e9quilibre territoriaux et ruraux et d&#8217;autres formes de coop\u00e9ration intercommunale, comme les ententes, conventions et conf\u00e9rences intercommunales.<\/p>\n<p><strong>Quelles sont les intercommunalit\u00e9s de la Haute-Sa\u00f4ne ?<\/strong><\/p>\n<p>Depuis le 1er janvier 2017, le d\u00e9partement de la Haute-Sa\u00f4ne compte 18 \u00e9tablissements publics de coop\u00e9ration intercommunale \u00e0 fiscalit\u00e9 propre dont le si\u00e8ge est dans le d\u00e9partement (1 communaut\u00e9 d&#8217;agglom\u00e9ration et 17 communaut\u00e9s de communes), dont 3 qui sont interd\u00e9partementaux. Par ailleurs trois communes sont group\u00e9es dans une intercommunalit\u00e9 dont le si\u00e8ge est situ\u00e9 hors d\u00e9partement.<\/p>\n<div class=\"boxscrl\">\n<table width=\"1247\">\n<tbody>\n<tr>\n<td width=\"198\">Forme<\/td>\n<td rowspan=\"2\" width=\"258\">Nom<\/td>\n<td rowspan=\"2\" width=\"70\">n<sup>o<\/sup>\u00a0\u00a0SIREN<\/td>\n<td rowspan=\"2\" width=\"120\">Date de cr\u00e9ation<\/td>\n<td width=\"145\">Nombre de<\/td>\n<td width=\"115\">Population<\/td>\n<td width=\"70\">Superficie<\/td>\n<td width=\"74\">Densit\u00e9<\/td>\n<td rowspan=\"2\" width=\"197\">Si\u00e8ge<\/td>\n<\/tr>\n<tr>\n<td width=\"198\">juridique<\/td>\n<td width=\"145\">communes<\/td>\n<td width=\"115\">(der.\u00a0pop. l\u00e9gale)<\/td>\n<td width=\"70\">(km<sup>2<\/sup>)<\/td>\n<td width=\"74\">(hab.\/km<sup>2<\/sup>)<\/td>\n<\/tr>\n<tr>\n<td width=\"198\">Communaut\u00e9 d&#8217;agglom\u00e9ration<\/td>\n<td width=\"258\">CA de Vesoul<\/td>\n<td width=\"70\">247000011<\/td>\n<td width=\"120\">1<sup>er<\/sup>\u00a0janvier 2012<\/td>\n<td width=\"145\">20<\/td>\n<td width=\"115\"><span data-sort-value=\"&amp;0000000000032203.000000\">32\u00a0203\u00a0(2018)<\/span><\/td>\n<td width=\"70\">145,50<\/td>\n<td width=\"74\">221<\/td>\n<td width=\"197\">Vesoul<\/td>\n<\/tr>\n<tr>\n<td rowspan=\"17\" width=\"198\">Communaut\u00e9 de communes<\/td>\n<td width=\"258\">CC du Pays d&#8217;H\u00e9ricourt<\/td>\n<td width=\"70\">247000722<\/td>\n<td width=\"120\">14 novembre 2000<\/td>\n<td width=\"145\">23\u00a0(dont 3 dans le\u00a025)<\/td>\n<td width=\"115\"><span data-sort-value=\"&amp;0000000000021051.000000\">21\u00a0051\u00a0(2018)<\/span><\/td>\n<td width=\"70\">163,60<\/td>\n<td width=\"74\">129<\/td>\n<td width=\"197\">H\u00e9ricourt<\/td>\n<\/tr>\n<tr>\n<td width=\"258\">CC Val de Gray<\/td>\n<td width=\"70\">200036549<\/td>\n<td width=\"120\">1<sup>er<\/sup>\u00a0janvier 2013<\/td>\n<td width=\"145\">48<\/td>\n<td width=\"115\"><span data-sort-value=\"&amp;0000000000020494.000000\">20\u00a0494\u00a0(2018)<\/span><\/td>\n<td width=\"70\">498,20<\/td>\n<td width=\"74\">41<\/td>\n<td width=\"197\">Gray<\/td>\n<\/tr>\n<tr>\n<td width=\"258\">CC du Pays de Lure<\/td>\n<td width=\"70\">247000664<\/td>\n<td width=\"120\">16 d\u00e9cembre 1998<\/td>\n<td width=\"145\">24<\/td>\n<td width=\"115\"><span data-sort-value=\"&amp;0000000000019616.000000\">19\u00a0616\u00a0(2018)<\/span><\/td>\n<td width=\"70\">202,90<\/td>\n<td width=\"74\">97<\/td>\n<td width=\"197\">Lure<\/td>\n<\/tr>\n<tr>\n<td width=\"258\">CC de la Haute Comt\u00e9<\/td>\n<td width=\"70\">200041721<\/td>\n<td width=\"120\">1<sup>er<\/sup>\u00a0janvier 2014<\/td>\n<td width=\"145\">38<\/td>\n<td width=\"115\"><span data-sort-value=\"&amp;0000000000017760.000000\">17\u00a0760\u00a0(2018)<\/span><\/td>\n<td width=\"70\">456,30<\/td>\n<td width=\"74\">39<\/td>\n<td width=\"197\">Corbenay<\/td>\n<\/tr>\n<tr>\n<td width=\"258\">CC du Pays de Luxeuil<\/td>\n<td width=\"70\">247000755<\/td>\n<td width=\"120\">15 novembre 2001<\/td>\n<td width=\"145\">15<\/td>\n<td width=\"115\"><span data-sort-value=\"&amp;0000000000014950.000000\">14\u00a0950\u00a0(2018)<\/span><\/td>\n<td width=\"70\">152,70<\/td>\n<td width=\"74\">98<\/td>\n<td width=\"197\">Luxeuil-les-Bains<\/td>\n<\/tr>\n<tr>\n<td width=\"258\">CC du Val Marnaysien<\/td>\n<td width=\"70\">200041887<\/td>\n<td width=\"120\">1<sup>er<\/sup>\u00a0janvier 2014<\/td>\n<td width=\"145\">45\u00a0(dont 21 dans le\u00a025)<\/td>\n<td width=\"115\"><span data-sort-value=\"&amp;0000000000014340.000000\">14\u00a0340\u00a0(2018)<\/span><\/td>\n<td width=\"70\">301,90<\/td>\n<td width=\"74\">48<\/td>\n<td width=\"197\">Marnay<\/td>\n<\/tr>\n<tr>\n<td width=\"258\">CC Terres de Sa\u00f4ne<\/td>\n<td width=\"70\">200041879<\/td>\n<td width=\"120\">1<sup>er<\/sup>\u00a0janvier 2014<\/td>\n<td width=\"145\">38<\/td>\n<td width=\"115\"><span data-sort-value=\"&amp;0000000000013180.000000\">13\u00a0180\u00a0(2018)<\/span><\/td>\n<td width=\"70\">365,30<\/td>\n<td width=\"74\">36<\/td>\n<td width=\"197\">Port-sur-Sa\u00f4ne<\/td>\n<\/tr>\n<tr>\n<td width=\"258\">CC du Pays riolais<\/td>\n<td width=\"70\">247000706<\/td>\n<td width=\"120\">29 d\u00e9cembre 1999<\/td>\n<td width=\"145\">33<\/td>\n<td width=\"115\"><span data-sort-value=\"&amp;0000000000012818.000000\">12\u00a0818\u00a0(2018)<\/span><\/td>\n<td width=\"70\">292,10<\/td>\n<td width=\"74\">44<\/td>\n<td width=\"197\">Rioz<\/td>\n<\/tr>\n<tr>\n<td width=\"258\">CC Rahin et Ch\u00e9rimont<\/td>\n<td width=\"70\">247000821<\/td>\n<td width=\"120\">20 d\u00e9cembre 2002<\/td>\n<td width=\"145\">9<\/td>\n<td width=\"115\"><span data-sort-value=\"&amp;0000000000011856.000000\">11\u00a0856\u00a0(2018)<\/span><\/td>\n<td width=\"70\">152,80<\/td>\n<td width=\"74\">78<\/td>\n<td width=\"197\">Ronchamp<\/td>\n<\/tr>\n<tr>\n<td width=\"258\">CC du Triangle Vert<\/td>\n<td width=\"70\">200041861<\/td>\n<td width=\"120\">1<sup>er<\/sup>\u00a0janvier 2014<\/td>\n<td width=\"145\">42<\/td>\n<td width=\"115\"><span data-sort-value=\"&amp;0000000000011053.000000\">11\u00a0053\u00a0(2018)<\/span><\/td>\n<td width=\"70\">370,40<\/td>\n<td width=\"74\">30<\/td>\n<td width=\"197\">Saulx<\/td>\n<\/tr>\n<tr>\n<td width=\"258\">CC des Quatre Rivi\u00e8res (Haute-Sa\u00f4ne)<\/td>\n<td width=\"70\">247000623<\/td>\n<td width=\"120\">31 d\u00e9cembre 1996<\/td>\n<td width=\"145\">41<\/td>\n<td width=\"115\"><span data-sort-value=\"&amp;0000000000009527.000000\">9\u00a0527\u00a0(2018)<\/span><\/td>\n<td width=\"70\">561,50<\/td>\n<td width=\"74\">17<\/td>\n<td width=\"197\">Dampierre-sur-Salon<\/td>\n<\/tr>\n<tr>\n<td width=\"258\">CC des Hauts du Val de Sa\u00f4ne<\/td>\n<td width=\"70\">200036150<\/td>\n<td width=\"120\">1<sup>er<\/sup>\u00a0janvier 2013<\/td>\n<td width=\"145\">48<\/td>\n<td width=\"115\"><span data-sort-value=\"&amp;0000000000008517.000000\">8\u00a0517\u00a0(2018)<\/span><\/td>\n<td width=\"70\">489,30<\/td>\n<td width=\"74\">17<\/td>\n<td width=\"197\">Jussey<\/td>\n<\/tr>\n<tr>\n<td width=\"258\">CC des mille \u00e9tangs<\/td>\n<td width=\"70\">247000854<\/td>\n<td width=\"120\">1<sup>er<\/sup>\u00a0janvier 2017<\/td>\n<td width=\"145\">25<\/td>\n<td width=\"115\"><span data-sort-value=\"&amp;0000000000008472.000000\">8\u00a0472\u00a0(2018)<\/span><\/td>\n<td width=\"70\">346,80<\/td>\n<td width=\"74\">24<\/td>\n<td width=\"197\">M\u00e9lisey<\/td>\n<\/tr>\n<tr>\n<td width=\"258\">CC du Pays de Villersexel<\/td>\n<td width=\"70\">247000714<\/td>\n<td width=\"120\">30 d\u00e9cembre 1999<\/td>\n<td width=\"145\">34\u00a0(dont 2 dans le\u00a025)<\/td>\n<td width=\"115\"><span data-sort-value=\"&amp;0000000000007856.000000\">7\u00a0856\u00a0(2018)<\/span><\/td>\n<td width=\"70\">205,60<\/td>\n<td width=\"74\">38<\/td>\n<td width=\"197\">Villersexel<\/td>\n<\/tr>\n<tr>\n<td width=\"258\">CC des Combes<\/td>\n<td width=\"70\">247000367<\/td>\n<td width=\"120\">31 d\u00e9cembre 1994<\/td>\n<td width=\"145\">27<\/td>\n<td width=\"115\"><span data-sort-value=\"&amp;0000000000007631.000000\">7\u00a0631\u00a0(2018)<\/span><\/td>\n<td width=\"70\">283,60<\/td>\n<td width=\"74\">27<\/td>\n<td width=\"197\">Scey-sur-Sa\u00f4ne-et-Saint-Albin<\/td>\n<\/tr>\n<tr>\n<td width=\"258\">CC du Pays de Montbozon et du Chanois<\/td>\n<td width=\"70\">200041853<\/td>\n<td width=\"120\">1<sup>er<\/sup>\u00a0janvier 2014<\/td>\n<td width=\"145\">27<\/td>\n<td width=\"115\"><span data-sort-value=\"&amp;0000000000006580.000000\">6\u00a0580\u00a0(2018)<\/span><\/td>\n<td width=\"70\">237,60<\/td>\n<td width=\"74\">28<\/td>\n<td width=\"197\">Montbozon<\/td>\n<\/tr>\n<tr>\n<td width=\"258\">CC des monts de Gy<\/td>\n<td width=\"70\">247000698<\/td>\n<td width=\"120\">30 d\u00e9cembre 1999<\/td>\n<td width=\"145\">25<\/td>\n<td width=\"115\"><span data-sort-value=\"&amp;0000000000006148.000000\">6\u00a0148\u00a0(2018)<\/span><\/td>\n<td width=\"70\">240,0<\/td>\n<td width=\"74\">26<\/td>\n<td width=\"197\">Gy<\/td>\n<\/tr>\n<tr>\n<td colspan=\"9\" width=\"1247\">Intercommunalit\u00e9 dont le si\u00e8ge est situ\u00e9 hors d\u00e9partement<\/td>\n<\/tr>\n<tr>\n<td width=\"198\">Communaut\u00e9 de communes<\/td>\n<td width=\"258\">CC des Savoir-Faire<\/td>\n<td width=\"70\">200070332<\/td>\n<td width=\"120\">1<sup>er<\/sup>\u00a0janvier 2017<\/td>\n<td width=\"145\">63\u00a0(dont 3 dans le\u00a070)<\/td>\n<td width=\"115\"><span data-sort-value=\"&amp;0000000000015309.000000\">15\u00a0309\u00a0(2018)<\/span><\/td>\n<td width=\"70\">807,40<\/td>\n<td width=\"74\">19<\/td>\n<td width=\"197\">Fayl-Billot\u00a0(52)<\/td>\n<\/tr>\n<\/tbody>\n<\/table>\n<\/div>\n","protected":false},"excerpt":{"rendered":"<p>Qu&#8217;est-ce que l&#8217;intercommunalit\u00e9 en Haute-Sa\u00f4ne ?<\/p>\n<p>L&#8217;intercommunalit\u00e9 en Haute-Sa\u00f4ne d\u00e9signe l&#8217;ensemble des acteurs et organismes<\/p>\n","protected":false},"author":1,"featured_media":13394,"template":"","categoria_ficha":[1857],"class_list":["post-13393","ficha","type-ficha","status-publish","has-post-thumbnail","hentry","categoria_ficha-cartes-du-departement-de-la-haute-saone"],"acf":[],"_links":{"self":[{"href":"https:\/\/gifex.com\/fr\/wp-json\/wp\/v2\/ficha\/13393","targetHints":{"allow":["GET"]}}],"collection":[{"href":"https:\/\/gifex.com\/fr\/wp-json\/wp\/v2\/ficha"}],"about":[{"href":"https:\/\/gifex.com\/fr\/wp-json\/wp\/v2\/types\/ficha"}],"author":[{"embeddable":true,"href":"https:\/\/gifex.com\/fr\/wp-json\/wp\/v2\/users\/1"}],"version-history":[{"count":2,"href":"https:\/\/gifex.com\/fr\/wp-json\/wp\/v2\/ficha\/13393\/revisions"}],"predecessor-version":[{"id":21692,"href":"https:\/\/gifex.com\/fr\/wp-json\/wp\/v2\/ficha\/13393\/revisions\/21692"}],"wp:featuredmedia":[{"embeddable":true,"href":"https:\/\/gifex.com\/fr\/wp-json\/wp\/v2\/media\/13394"}],"wp:attachment":[{"href":"https:\/\/gifex.com\/fr\/wp-json\/wp\/v2\/media?parent=13393"}],"wp:term":[{"taxonomy":"categoria_ficha","embeddable":true,"href":"https:\/\/gifex.com\/fr\/wp-json\/wp\/v2\/categoria_ficha?post=13393"}],"curies":[{"name":"wp","href":"https:\/\/api.w.org\/{rel}","templated":true}]}}