{"id":13361,"date":"2022-05-19T16:04:07","date_gmt":"2022-05-19T16:04:07","guid":{"rendered":"https:\/\/gifex.com\/fr\/?post_type=ficha&#038;p=13361"},"modified":"2022-08-17T21:51:59","modified_gmt":"2022-08-17T21:51:59","slug":"carte-des-intercommunalites-de-la-creuse","status":"publish","type":"ficha","link":"https:\/\/gifex.com\/fr\/fichier\/carte-des-intercommunalites-de-la-creuse\/","title":{"rendered":"Carte des intercommunalit\u00e9s de la Creuse"},"content":{"rendered":"<p style=\"text-align: center;\"><label style=\"font-size: 15px;\">Carte des intercommunalit\u00e9s de la Creuse.<\/label><\/p>\n<p><strong>Qu&#8217;est-ce que l&#8217;intercommunalit\u00e9 dans la Creuse ?<\/strong><\/p>\n<p>L&#8217;intercommunalit\u00e9 dans la Creuse d\u00e9signe l&#8217;ensemble des acteurs et organismes de coop\u00e9ration associant pour tout ou partie des communes pour l&#8217;exercice de certaines de leurs comp\u00e9tences. Selon la l\u00e9gislation en vigueur, entrent dans cette cat\u00e9gorie : les \u00e9tablissements publics de coop\u00e9ration intercommunale, les syndicats mixtes, les p\u00f4les m\u00e9tropolitains, les p\u00f4les d&#8217;\u00e9quilibre territoriaux et ruraux et d&#8217;autres formes de coop\u00e9ration intercommunale, comme les ententes, conventions et conf\u00e9rences intercommunales.<\/p>\n<p><strong>Quelles sont les intercommunalit\u00e9s de la Creuse ?<\/strong><\/p>\n<p>Au 1er janvier 2020, le d\u00e9partement de la Creuse compte 9 \u00e9tablissements publics de coop\u00e9ration intercommunale \u00e0 fiscalit\u00e9 propre dont le si\u00e8ge est dans le d\u00e9partement (1 communaut\u00e9 d&#8217;agglom\u00e9ration et 8 communaut\u00e9s de communes). Par ailleurs, 11 communes sont group\u00e9es dans une intercommunalit\u00e9 dont le si\u00e8ge est situ\u00e9 hors du d\u00e9partement.<\/p>\n<div class=\"boxscrl\">\n<table width=\"1298\">\n<tbody>\n<tr>\n<td width=\"198\">Forme<\/td>\n<td rowspan=\"2\" width=\"353\">Nom<\/td>\n<td rowspan=\"2\" width=\"70\">n<sup>o<\/sup>\u00a0\u00a0SIREN<\/td>\n<td rowspan=\"2\" width=\"119\">Date de cr\u00e9ation<\/td>\n<td width=\"145\">Nombre de<\/td>\n<td width=\"115\">Population<\/td>\n<td width=\"70\">Superficie<\/td>\n<td width=\"74\">Densit\u00e9<\/td>\n<td rowspan=\"2\" width=\"154\">Si\u00e8ge<\/td>\n<\/tr>\n<tr>\n<td width=\"198\">juridique<\/td>\n<td width=\"145\">communes<\/td>\n<td width=\"115\">(der.\u00a0pop. l\u00e9gale)<\/td>\n<td width=\"70\">(km<sup>2<\/sup>)<\/td>\n<td width=\"74\">(hab.\/km<sup>2<\/sup>)<\/td>\n<\/tr>\n<tr>\n<td width=\"198\">Communaut\u00e9 d&#8217;agglom\u00e9ration<\/td>\n<td width=\"353\">CA du Grand Gu\u00e9ret<\/td>\n<td width=\"70\">200034825<\/td>\n<td width=\"119\">1<sup>er<\/sup>\u00a0janvier 2013<\/td>\n<td width=\"145\">25<\/td>\n<td width=\"115\"><span data-sort-value=\"&amp;0000000000028734.000000\">28\u00a0734\u00a0(2018)<\/span><\/td>\n<td width=\"70\">480,60<\/td>\n<td width=\"74\">60<\/td>\n<td width=\"154\">Gu\u00e9ret<\/td>\n<\/tr>\n<tr>\n<td rowspan=\"8\" width=\"198\">Communaut\u00e9 de communes<\/td>\n<td width=\"353\">Communaut\u00e9 de communes du Pays Dunois<\/td>\n<td width=\"70\">242320109<\/td>\n<td width=\"119\">1<sup>er<\/sup>\u00a0janvier 2017<\/td>\n<td width=\"145\">17<\/td>\n<td width=\"115\"><span data-sort-value=\"&amp;0000000000007014.000000\">7\u00a0014\u00a0(2018)<\/span><\/td>\n<td width=\"70\">339,50<\/td>\n<td width=\"74\">21<\/td>\n<td width=\"154\">Dun-le-Palestel<\/td>\n<\/tr>\n<tr>\n<td width=\"353\">Communaut\u00e9 de communes de B\u00e9n\u00e9vent-Grand-Bourg<\/td>\n<td width=\"70\">242320000<\/td>\n<td width=\"119\">1<sup>er<\/sup>\u00a0janvier 1995<\/td>\n<td width=\"145\">16<\/td>\n<td width=\"115\"><span data-sort-value=\"&amp;0000000000006924.000000\">6\u00a0924\u00a0(2018)<\/span><\/td>\n<td width=\"70\">389,40<\/td>\n<td width=\"74\">18<\/td>\n<td width=\"154\">Le Grand-Bourg<\/td>\n<\/tr>\n<tr>\n<td width=\"353\">Communaut\u00e9 de communes du Pays Sostranien<\/td>\n<td width=\"70\">242300135<\/td>\n<td width=\"119\">28 d\u00e9cembre 1995<\/td>\n<td width=\"145\">10<\/td>\n<td width=\"115\"><span data-sort-value=\"&amp;0000000000010654.000000\">10\u00a0654\u00a0(2018)<\/span><\/td>\n<td width=\"70\">273,30<\/td>\n<td width=\"74\">39<\/td>\n<td width=\"154\">La Souterraine (Creuse)<\/td>\n<\/tr>\n<tr>\n<td width=\"353\">Creuse Confluence<\/td>\n<td width=\"70\">200067544<\/td>\n<td width=\"119\">1<sup>er<\/sup>\u00a0janvier 2017<\/td>\n<td width=\"145\">42<\/td>\n<td width=\"115\"><span data-sort-value=\"&amp;0000000000016589.000000\">16\u00a0589\u00a0(2018)<\/span><\/td>\n<td width=\"70\">985,30<\/td>\n<td width=\"74\">17<\/td>\n<td width=\"154\">Boussac-Bourg<\/td>\n<\/tr>\n<tr>\n<td width=\"353\">CC Creuse Sud-Ouest<\/td>\n<td width=\"70\">200067189<\/td>\n<td width=\"119\">1<sup>er<\/sup>\u00a0janvier 2017<\/td>\n<td width=\"145\">43<\/td>\n<td width=\"115\"><span data-sort-value=\"&amp;0000000000013563.000000\">13\u00a0563\u00a0(2018)<\/span><\/td>\n<td width=\"70\">908,60<\/td>\n<td width=\"74\">15<\/td>\n<td width=\"154\">Saint-Dizier-Masbaraud<\/td>\n<\/tr>\n<tr>\n<td width=\"353\">CC Marche et Combraille en Aquitaine<\/td>\n<td width=\"70\">200067593<\/td>\n<td width=\"119\">1<sup>er<\/sup>\u00a0janvier 2017<\/td>\n<td width=\"145\">50<\/td>\n<td width=\"115\"><span data-sort-value=\"&amp;0000000000013476.000000\">13\u00a0476\u00a0(2018)<\/span><\/td>\n<td width=\"70\">964,80<\/td>\n<td width=\"74\">14<\/td>\n<td width=\"154\">Auzances<\/td>\n<\/tr>\n<tr>\n<td width=\"353\">CC Creuse Grand Sud<\/td>\n<td width=\"70\">200044014<\/td>\n<td width=\"119\">1<sup>er<\/sup>\u00a0janvier 2014<\/td>\n<td width=\"145\">26<\/td>\n<td width=\"115\"><span data-sort-value=\"&amp;0000000000011915.000000\">11\u00a0915\u00a0(2018)<\/span><\/td>\n<td width=\"70\">612,60<\/td>\n<td width=\"74\">19<\/td>\n<td width=\"154\">Aubusson<\/td>\n<\/tr>\n<tr>\n<td width=\"353\">CC Portes de la Creuse en Marche<\/td>\n<td width=\"70\">200041556<\/td>\n<td width=\"119\">1<sup>er<\/sup>\u00a0janvier 2014<\/td>\n<td width=\"145\">16<\/td>\n<td width=\"115\"><span data-sort-value=\"&amp;0000000000006635.000000\">6\u00a0635\u00a0(2018)<\/span><\/td>\n<td width=\"70\">345,30<\/td>\n<td width=\"74\">19<\/td>\n<td width=\"154\">Genouillac<\/td>\n<\/tr>\n<tr>\n<td colspan=\"9\" width=\"1298\">Intercommunalit\u00e9 dont le si\u00e8ge est situ\u00e9 hors d\u00e9partement<\/td>\n<\/tr>\n<tr>\n<td width=\"198\">Communaut\u00e9 de communes<\/td>\n<td width=\"353\">CC Haute-Corr\u00e8ze Communaut\u00e9<\/td>\n<td width=\"70\">200066744<\/td>\n<td width=\"119\">1<sup>er<\/sup>\u00a0janvier 2017<\/td>\n<td width=\"145\">71\u00a0(dont 11 dans le\u00a023)<\/td>\n<td width=\"115\"><span data-sort-value=\"&amp;0000000000033330.000000\">33\u00a0330\u00a0(2018)<\/span><\/td>\n<td width=\"70\">1\u00a0815,60<\/td>\n<td width=\"74\">18<\/td>\n<td width=\"154\">Ussel\u00a0(19)<\/td>\n<\/tr>\n<\/tbody>\n<\/table>\n<\/div>\n","protected":false},"excerpt":{"rendered":"<p>Qu&#8217;est-ce que l&#8217;intercommunalit\u00e9 dans la Creuse ?<\/p>\n<p>L&#8217;intercommunalit\u00e9 dans la Creuse d\u00e9signe l&#8217;ensemble des acteurs<\/p>\n","protected":false},"author":1,"featured_media":13362,"template":"","categoria_ficha":[1810],"class_list":["post-13361","ficha","type-ficha","status-publish","has-post-thumbnail","hentry","categoria_ficha-cartes-du-departement-de-la-creuse"],"acf":[],"_links":{"self":[{"href":"https:\/\/gifex.com\/fr\/wp-json\/wp\/v2\/ficha\/13361","targetHints":{"allow":["GET"]}}],"collection":[{"href":"https:\/\/gifex.com\/fr\/wp-json\/wp\/v2\/ficha"}],"about":[{"href":"https:\/\/gifex.com\/fr\/wp-json\/wp\/v2\/types\/ficha"}],"author":[{"embeddable":true,"href":"https:\/\/gifex.com\/fr\/wp-json\/wp\/v2\/users\/1"}],"version-history":[{"count":5,"href":"https:\/\/gifex.com\/fr\/wp-json\/wp\/v2\/ficha\/13361\/revisions"}],"predecessor-version":[{"id":21704,"href":"https:\/\/gifex.com\/fr\/wp-json\/wp\/v2\/ficha\/13361\/revisions\/21704"}],"wp:featuredmedia":[{"embeddable":true,"href":"https:\/\/gifex.com\/fr\/wp-json\/wp\/v2\/media\/13362"}],"wp:attachment":[{"href":"https:\/\/gifex.com\/fr\/wp-json\/wp\/v2\/media?parent=13361"}],"wp:term":[{"taxonomy":"categoria_ficha","embeddable":true,"href":"https:\/\/gifex.com\/fr\/wp-json\/wp\/v2\/categoria_ficha?post=13361"}],"curies":[{"name":"wp","href":"https:\/\/api.w.org\/{rel}","templated":true}]}}