{"id":13352,"date":"2022-05-19T15:27:54","date_gmt":"2022-05-19T15:27:54","guid":{"rendered":"https:\/\/gifex.com\/fr\/?post_type=ficha&#038;p=13352"},"modified":"2022-08-17T22:01:00","modified_gmt":"2022-08-17T22:01:00","slug":"carte-des-intercommunalites-de-la-correze","status":"publish","type":"ficha","link":"https:\/\/gifex.com\/fr\/fichier\/carte-des-intercommunalites-de-la-correze\/","title":{"rendered":"Carte des intercommunalit\u00e9s de la Corr\u00e8ze"},"content":{"rendered":"<p style=\"text-align: center;\"><label style=\"font-size: 15px;\">Carte des intercommunalit\u00e9s de la Corr\u00e8ze.<\/label><\/p>\n<p><strong>Qu&#8217;est-ce que l&#8217;intercommunalit\u00e9 en Corr\u00e8ze ?<\/strong><\/p>\n<p>L&#8217;intercommunalit\u00e9 en Corr\u00e8ze d\u00e9signe l&#8217;ensemble des acteurs et organismes de coop\u00e9ration associant pour tout ou partie des communes pour l&#8217;exercice de certaines de leurs comp\u00e9tences. Selon la l\u00e9gislation en vigueur, entrent dans cette cat\u00e9gorie : les \u00e9tablissements publics de coop\u00e9ration intercommunale, les syndicats mixtes, les p\u00f4les m\u00e9tropolitains, les p\u00f4les d&#8217;\u00e9quilibre territoriaux et ruraux et d&#8217;autres formes de coop\u00e9ration intercommunale, comme les ententes, conventions et conf\u00e9rences intercommunales.<\/p>\n<p><strong>Quelles sont les intercommunalit\u00e9s de la Corr\u00e8ze ?<\/strong><\/p>\n<p>Au 1er janvier 2020, le d\u00e9partement de la Corr\u00e8ze compte 9 \u00e9tablissements publics de coop\u00e9ration intercommunale \u00e0 fiscalit\u00e9 propre dont le si\u00e8ge est dans le d\u00e9partement (2 communaut\u00e9s d&#8217;agglom\u00e9ration et 7 communaut\u00e9s de communes), dont un qui est interd\u00e9partemental. Par ailleurs deux communes sont group\u00e9es dans une intercommunalit\u00e9 dont le si\u00e8ge est situ\u00e9 hors d\u00e9partement (en Haute-Vienne).<\/p>\n<div class=\"boxscrl\">\n<table width=\"1214\">\n<tbody>\n<tr>\n<td width=\"198\">Forme<\/td>\n<td rowspan=\"2\" width=\"266\">Nom<\/td>\n<td rowspan=\"2\" width=\"70\">n<sup>o<\/sup>\u00a0\u00a0SIREN<\/td>\n<td rowspan=\"2\" width=\"119\">Date de cr\u00e9ation<\/td>\n<td width=\"131\">Nombre de<\/td>\n<td width=\"115\">Population<\/td>\n<td width=\"70\">Superficie<\/td>\n<td width=\"74\">Densit\u00e9<\/td>\n<td rowspan=\"2\" width=\"171\">Si\u00e8ge<\/td>\n<\/tr>\n<tr>\n<td width=\"198\">juridique<\/td>\n<td width=\"131\">communes<\/td>\n<td width=\"115\">(der.\u00a0pop. l\u00e9gale)<\/td>\n<td width=\"70\">(km<sup>2<\/sup>)<\/td>\n<td width=\"74\">(hab.\/km<sup>2<\/sup>)<\/td>\n<\/tr>\n<tr>\n<td rowspan=\"2\" width=\"198\">Communaut\u00e9 d&#8217;agglom\u00e9ration<\/td>\n<td width=\"266\">CA du Bassin de Brive<\/td>\n<td width=\"70\">200043172<\/td>\n<td width=\"119\">1<sup>er<\/sup>\u00a0janvier 2014<\/td>\n<td width=\"131\">48<\/td>\n<td width=\"115\"><span data-sort-value=\"&amp;0000000000107507.000000\">107\u00a0507\u00a0(2018)<\/span><\/td>\n<td width=\"70\">808,70<\/td>\n<td width=\"74\">133<\/td>\n<td width=\"171\">Brive-la-Gaillarde<\/td>\n<\/tr>\n<tr>\n<td width=\"266\">CA Tulle Agglo<\/td>\n<td width=\"70\">241927201<\/td>\n<td width=\"119\">16 d\u00e9cembre 1993<\/td>\n<td width=\"131\">43<\/td>\n<td width=\"115\"><span data-sort-value=\"&amp;0000000000044544.000000\">44\u00a0544\u00a0(2018)<\/span><\/td>\n<td width=\"70\">868,10<\/td>\n<td width=\"74\">51<\/td>\n<td width=\"171\">Tulle<\/td>\n<\/tr>\n<tr>\n<td rowspan=\"7\" width=\"198\">Communaut\u00e9 de communes<\/td>\n<td width=\"266\">CC Haute-Corr\u00e8ze Communaut\u00e9<\/td>\n<td width=\"70\">200066744<\/td>\n<td width=\"119\">1<sup>er<\/sup>\u00a0janvier 2017<\/td>\n<td width=\"131\">71<\/td>\n<td width=\"115\"><span data-sort-value=\"&amp;0000000000033330.000000\">33\u00a0330\u00a0(2018)<\/span><\/td>\n<td width=\"70\">1\u00a0815,60<\/td>\n<td width=\"74\">18<\/td>\n<td width=\"171\">Ussel<\/td>\n<\/tr>\n<tr>\n<td width=\"266\">CC Midi Corr\u00e9zien<\/td>\n<td width=\"70\">200066769<\/td>\n<td width=\"119\">1<sup>er<\/sup>\u00a0janvier 2017<\/td>\n<td width=\"131\">34<\/td>\n<td width=\"115\"><span data-sort-value=\"&amp;0000000000012997.000000\">12\u00a0997\u00a0(2018)<\/span><\/td>\n<td width=\"70\">389,60<\/td>\n<td width=\"74\">33<\/td>\n<td width=\"171\">Beaulieu-sur-Dordogne<\/td>\n<\/tr>\n<tr>\n<td width=\"266\">CC Xaintrie Val&#8217;Dordogne<\/td>\n<td width=\"70\">200066751<\/td>\n<td width=\"119\">1<sup>er<\/sup>\u00a0janvier 2017<\/td>\n<td width=\"131\">30<\/td>\n<td width=\"115\"><span data-sort-value=\"&amp;0000000000011396.000000\">11\u00a0396\u00a0(2018)<\/span><\/td>\n<td width=\"70\">652,20<\/td>\n<td width=\"74\">18<\/td>\n<td width=\"171\">Argentat-sur-Dordogne<\/td>\n<\/tr>\n<tr>\n<td width=\"266\">CC de Ventadour &#8211; \u00c9gletons &#8211; Mon\u00e9di\u00e8res<\/td>\n<td width=\"70\">241900133<\/td>\n<td width=\"119\">29 d\u00e9cembre 1997<\/td>\n<td width=\"131\">19<\/td>\n<td width=\"115\"><span data-sort-value=\"&amp;0000000000010170.000000\">10\u00a0170\u00a0(2018)<\/span><\/td>\n<td width=\"70\">472,30<\/td>\n<td width=\"74\">22<\/td>\n<td width=\"171\">Lapleau<\/td>\n<\/tr>\n<tr>\n<td width=\"266\">CC du pays d&#8217;Uzerche<\/td>\n<td width=\"70\">241927243<\/td>\n<td width=\"119\">31 d\u00e9cembre 1999<\/td>\n<td width=\"131\">12<\/td>\n<td width=\"115\"><span data-sort-value=\"&amp;0000000000009808.000000\">9\u00a0808\u00a0(2018)<\/span><\/td>\n<td width=\"70\">335,10<\/td>\n<td width=\"74\">29<\/td>\n<td width=\"171\">Uzerche<\/td>\n<\/tr>\n<tr>\n<td width=\"266\">CC du Pays de Lubersac-Pompadour<\/td>\n<td width=\"70\">200066603<\/td>\n<td width=\"119\">1<sup>er<\/sup>\u00a0janvier 2017<\/td>\n<td width=\"131\">12<\/td>\n<td width=\"115\"><span data-sort-value=\"&amp;0000000000007536.000000\">7\u00a0536\u00a0(2018)<\/span><\/td>\n<td width=\"70\">254,30<\/td>\n<td width=\"74\">30<\/td>\n<td width=\"171\">Lubersac<\/td>\n<\/tr>\n<tr>\n<td width=\"266\">CC V\u00e9z\u00e8re-Mon\u00e9di\u00e8res-Millesources<\/td>\n<td width=\"70\">200066645<\/td>\n<td width=\"119\">1<sup>er<\/sup>\u00a0janvier 2017<\/td>\n<td width=\"131\">19<\/td>\n<td width=\"115\"><span data-sort-value=\"&amp;0000000000005007.000000\">5\u00a0007\u00a0(2018)<\/span><\/td>\n<td width=\"70\">508,40<\/td>\n<td width=\"74\">10<\/td>\n<td width=\"171\">Treignac<\/td>\n<\/tr>\n<tr>\n<td colspan=\"9\" width=\"1214\">Intercommunalit\u00e9 dont le si\u00e8ge est situ\u00e9 hors d\u00e9partement<\/td>\n<\/tr>\n<tr>\n<td width=\"198\">Communaut\u00e9 de communes<\/td>\n<td width=\"266\">CC du Pays de Saint-Yrieix<\/td>\n<td width=\"70\">248700189<\/td>\n<td width=\"119\">31 d\u00e9cembre 1996<\/td>\n<td width=\"131\">9\u00a0(dont 2 dans le\u00a019)<\/td>\n<td width=\"115\"><span data-sort-value=\"&amp;0000000000012046.000000\">12\u00a0046\u00a0(2018)<\/span><\/td>\n<td width=\"70\">338,10<\/td>\n<td width=\"74\">36<\/td>\n<td width=\"171\">Saint-Yrieix-la-Perche\u00a0(87)<\/td>\n<\/tr>\n<\/tbody>\n<\/table>\n<\/div>\n","protected":false},"excerpt":{"rendered":"<p>Qu&#8217;est-ce que l&#8217;intercommunalit\u00e9 en Corr\u00e8ze ?<\/p>\n<p>L&#8217;intercommunalit\u00e9 en Corr&#8230;<\/p>\n","protected":false},"author":1,"featured_media":13353,"template":"","categoria_ficha":[1805],"class_list":["post-13352","ficha","type-ficha","status-publish","has-post-thumbnail","hentry","categoria_ficha-cartes-du-departement-de-la-correze"],"acf":[],"_links":{"self":[{"href":"https:\/\/gifex.com\/fr\/wp-json\/wp\/v2\/ficha\/13352","targetHints":{"allow":["GET"]}}],"collection":[{"href":"https:\/\/gifex.com\/fr\/wp-json\/wp\/v2\/ficha"}],"about":[{"href":"https:\/\/gifex.com\/fr\/wp-json\/wp\/v2\/types\/ficha"}],"author":[{"embeddable":true,"href":"https:\/\/gifex.com\/fr\/wp-json\/wp\/v2\/users\/1"}],"version-history":[{"count":4,"href":"https:\/\/gifex.com\/fr\/wp-json\/wp\/v2\/ficha\/13352\/revisions"}],"predecessor-version":[{"id":21709,"href":"https:\/\/gifex.com\/fr\/wp-json\/wp\/v2\/ficha\/13352\/revisions\/21709"}],"wp:featuredmedia":[{"embeddable":true,"href":"https:\/\/gifex.com\/fr\/wp-json\/wp\/v2\/media\/13353"}],"wp:attachment":[{"href":"https:\/\/gifex.com\/fr\/wp-json\/wp\/v2\/media?parent=13352"}],"wp:term":[{"taxonomy":"categoria_ficha","embeddable":true,"href":"https:\/\/gifex.com\/fr\/wp-json\/wp\/v2\/categoria_ficha?post=13352"}],"curies":[{"name":"wp","href":"https:\/\/api.w.org\/{rel}","templated":true}]}}