{"id":13345,"date":"2022-05-19T15:09:03","date_gmt":"2022-05-19T15:09:03","guid":{"rendered":"https:\/\/gifex.com\/fr\/?post_type=ficha&#038;p=13345"},"modified":"2022-08-17T19:44:03","modified_gmt":"2022-08-17T19:44:03","slug":"carte-des-intercommunalites-de-la-charente","status":"publish","type":"ficha","link":"https:\/\/gifex.com\/fr\/fichier\/carte-des-intercommunalites-de-la-charente\/","title":{"rendered":"Carte des intercommunalit\u00e9s de la Charente"},"content":{"rendered":"<p style=\"text-align: center;\"><label style=\"font-size: 15px;\">Carte des intercommunalit\u00e9s de la Charente.<\/label><\/p>\n<p><strong>Qu&#8217;est-ce que l&#8217;intercommunalit\u00e9 en Charente ?<\/strong><\/p>\n<p>L&#8217;intercommunalit\u00e9 en Charente d\u00e9signe l&#8217;ensemble des acteurs et organismes de coop\u00e9ration associant pour tout ou partie des communes pour l&#8217;exercice de certaines de leurs comp\u00e9tences. Selon la l\u00e9gislation en vigueur, entrent dans cette cat\u00e9gorie : les \u00e9tablissements publics de coop\u00e9ration intercommunale, les syndicats mixtes, les p\u00f4les m\u00e9tropolitains, les p\u00f4les d&#8217;\u00e9quilibre territoriaux et ruraux et d&#8217;autres formes de coop\u00e9ration intercommunale, comme les ententes, conventions et conf\u00e9rences intercommunales.<\/p>\n<p><strong>Quelles sont les intercommunalit\u00e9s de la Charente ?<\/strong><\/p>\n<p>Au 1er janvier 2019, le d\u00e9partement de la Charente compte 9 intercommunalit\u00e9s \u00e0 fiscalit\u00e9 propre dont le si\u00e8ge est dans le d\u00e9partement (2 communaut\u00e9s d&#8217;agglom\u00e9ration et 7 communaut\u00e9s de communes).<\/p>\n<div class=\"boxscrl\">\n<table width=\"1070\">\n<tbody>\n<tr>\n<td width=\"198\">Forme<\/td>\n<td rowspan=\"2\" width=\"259\">Nom<\/td>\n<td rowspan=\"2\" width=\"70\">n<sup>o<\/sup>\u00a0\u00a0SIREN<\/td>\n<td rowspan=\"2\" width=\"119\">Date de cr\u00e9ation<\/td>\n<td width=\"77\">Nombre de<\/td>\n<td width=\"115\">Population<\/td>\n<td width=\"70\">Superficie<\/td>\n<td width=\"74\">Densit\u00e9<\/td>\n<td rowspan=\"2\" width=\"88\">Si\u00e8ge<\/td>\n<\/tr>\n<tr>\n<td width=\"198\">juridique<\/td>\n<td width=\"77\">communes<\/td>\n<td width=\"115\">(der.\u00a0pop. l\u00e9gale)<\/td>\n<td width=\"70\">(km<sup>2<\/sup>)<\/td>\n<td width=\"74\">(hab.\/km<sup>2<\/sup>)<\/td>\n<\/tr>\n<tr>\n<td rowspan=\"2\" width=\"198\">Communaut\u00e9 d&#8217;agglom\u00e9ration<\/td>\n<td width=\"259\">CA du Grand Angoul\u00eame<\/td>\n<td width=\"70\">200071827<\/td>\n<td width=\"119\">1<sup>er<\/sup>\u00a0janvier 2017<\/td>\n<td width=\"77\">38<\/td>\n<td width=\"115\"><span data-sort-value=\"&amp;0000000000141776.000000\">141\u00a0776\u00a0(2018)<\/span><\/td>\n<td width=\"70\">643,60<\/td>\n<td width=\"74\">220<\/td>\n<td width=\"88\">Angoul\u00eame<\/td>\n<\/tr>\n<tr>\n<td width=\"259\">CA du Grand Cognac<\/td>\n<td width=\"70\">200070514<\/td>\n<td width=\"119\">1<sup>er<\/sup>\u00a0janvier 2017<\/td>\n<td width=\"77\">55<\/td>\n<td width=\"115\"><span data-sort-value=\"&amp;0000000000069283.000000\">69\u00a0283\u00a0(2018)<\/span><\/td>\n<td width=\"70\">754,30<\/td>\n<td width=\"74\">92<\/td>\n<td width=\"88\">Cognac<\/td>\n<\/tr>\n<tr>\n<td rowspan=\"7\" width=\"198\">Communaut\u00e9 de communes<\/td>\n<td width=\"259\">CC de Charente Limousine<\/td>\n<td width=\"70\">200072049<\/td>\n<td width=\"119\">1<sup>er<\/sup>\u00a0janvier 2017<\/td>\n<td width=\"77\">58<\/td>\n<td width=\"115\"><span data-sort-value=\"&amp;0000000000035378.000000\">35\u00a0378\u00a0(2018)<\/span><\/td>\n<td width=\"70\">1\u00a0394,90<\/td>\n<td width=\"74\">25<\/td>\n<td width=\"88\">Confolens<\/td>\n<\/tr>\n<tr>\n<td width=\"259\">CC C\u0153ur de Charente<\/td>\n<td width=\"70\">200072023<\/td>\n<td width=\"119\">1<sup>er<\/sup>\u00a0janvier 2017<\/td>\n<td width=\"77\">51<\/td>\n<td width=\"115\"><span data-sort-value=\"&amp;0000000000021979.000000\">21\u00a0979\u00a0(2018)<\/span><\/td>\n<td width=\"70\">603,40<\/td>\n<td width=\"74\">36<\/td>\n<td width=\"88\">Tourriers<\/td>\n<\/tr>\n<tr>\n<td width=\"259\">CC La Rochefoucauld &#8211; Porte du P\u00e9rigord<\/td>\n<td width=\"70\">200068914<\/td>\n<td width=\"119\">1<sup>er<\/sup>\u00a0janvier 2017<\/td>\n<td width=\"77\">27<\/td>\n<td width=\"115\"><span data-sort-value=\"&amp;0000000000021778.000000\">21\u00a0778\u00a0(2018)<\/span><\/td>\n<td width=\"70\">468,30<\/td>\n<td width=\"74\">47<\/td>\n<td width=\"88\">Montbron<\/td>\n<\/tr>\n<tr>\n<td width=\"259\">CC des 4B Sud-Charente<\/td>\n<td width=\"70\">200029734<\/td>\n<td width=\"119\">1<sup>er<\/sup>\u00a0janvier 2012<\/td>\n<td width=\"77\">40<\/td>\n<td width=\"115\"><span data-sort-value=\"&amp;0000000000019917.000000\">19\u00a0917\u00a0(2018)<\/span><\/td>\n<td width=\"70\">628,80<\/td>\n<td width=\"74\">32<\/td>\n<td width=\"88\">Touv\u00e9rac<\/td>\n<\/tr>\n<tr>\n<td width=\"259\">CC Lavalette Tude Dronne<\/td>\n<td width=\"70\">200070282<\/td>\n<td width=\"119\">1<sup>er<\/sup>\u00a0janvier 2017<\/td>\n<td width=\"77\">50<\/td>\n<td width=\"115\"><span data-sort-value=\"&amp;0000000000017807.000000\">17\u00a0807\u00a0(2018)<\/span><\/td>\n<td width=\"70\">755,70<\/td>\n<td width=\"74\">24<\/td>\n<td width=\"88\">Montmoreau<\/td>\n<\/tr>\n<tr>\n<td width=\"259\">CC Val de Charente<\/td>\n<td width=\"70\">200043016<\/td>\n<td width=\"119\">1<sup>er<\/sup>\u00a0janvier 2014<\/td>\n<td width=\"77\">32<\/td>\n<td width=\"115\"><span data-sort-value=\"&amp;0000000000013841.000000\">13\u00a0841\u00a0(2018)<\/span><\/td>\n<td width=\"70\">419,30<\/td>\n<td width=\"74\">33<\/td>\n<td width=\"88\">Ruffec<\/td>\n<\/tr>\n<tr>\n<td width=\"259\">CC du Rouillacais<\/td>\n<td width=\"70\">241600303<\/td>\n<td width=\"119\">31 d\u00e9cembre 1992<\/td>\n<td width=\"77\">13<\/td>\n<td width=\"115\"><span data-sort-value=\"&amp;0000000000010019.000000\">10\u00a0019\u00a0(2018)<\/span><\/td>\n<td width=\"70\">287,80<\/td>\n<td width=\"74\">35<\/td>\n<td width=\"88\">Rouillac<\/td>\n<\/tr>\n<\/tbody>\n<\/table>\n<\/div>\n","protected":false},"excerpt":{"rendered":"<p>Qu&#8217;est-ce que l&#8217;intercommunalit\u00e9 en Charente ?<\/p>\n<p>L&#8217;intercommunalit\u00e9 en Charente d\u00e9signe l&#8217;ensemble des acteurs et organism<\/p>\n","protected":false},"author":1,"featured_media":13346,"template":"","categoria_ficha":[1802],"class_list":["post-13345","ficha","type-ficha","status-publish","has-post-thumbnail","hentry","categoria_ficha-cartes-du-departement-de-la-charente"],"acf":[],"_links":{"self":[{"href":"https:\/\/gifex.com\/fr\/wp-json\/wp\/v2\/ficha\/13345","targetHints":{"allow":["GET"]}}],"collection":[{"href":"https:\/\/gifex.com\/fr\/wp-json\/wp\/v2\/ficha"}],"about":[{"href":"https:\/\/gifex.com\/fr\/wp-json\/wp\/v2\/types\/ficha"}],"author":[{"embeddable":true,"href":"https:\/\/gifex.com\/fr\/wp-json\/wp\/v2\/users\/1"}],"version-history":[{"count":4,"href":"https:\/\/gifex.com\/fr\/wp-json\/wp\/v2\/ficha\/13345\/revisions"}],"predecessor-version":[{"id":21653,"href":"https:\/\/gifex.com\/fr\/wp-json\/wp\/v2\/ficha\/13345\/revisions\/21653"}],"wp:featuredmedia":[{"embeddable":true,"href":"https:\/\/gifex.com\/fr\/wp-json\/wp\/v2\/media\/13346"}],"wp:attachment":[{"href":"https:\/\/gifex.com\/fr\/wp-json\/wp\/v2\/media?parent=13345"}],"wp:term":[{"taxonomy":"categoria_ficha","embeddable":true,"href":"https:\/\/gifex.com\/fr\/wp-json\/wp\/v2\/categoria_ficha?post=13345"}],"curies":[{"name":"wp","href":"https:\/\/api.w.org\/{rel}","templated":true}]}}