{"id":13326,"date":"2022-05-19T12:58:17","date_gmt":"2022-05-19T12:58:17","guid":{"rendered":"https:\/\/gifex.com\/fr\/?post_type=ficha&#038;p=13326"},"modified":"2022-08-17T19:47:15","modified_gmt":"2022-08-17T19:47:15","slug":"carte-des-intercommunalites-de-l-orne","status":"publish","type":"ficha","link":"https:\/\/gifex.com\/fr\/fichier\/carte-des-intercommunalites-de-l-orne\/","title":{"rendered":"Carte des intercommunalit\u00e9s de l&#8217;Orne"},"content":{"rendered":"<p style=\"text-align: center;\"><label style=\"font-size: 15px;\">Carte des intercommunalit\u00e9s de l&#8217;Orne.<\/label><\/p>\n<p><strong>Qu&#8217;est-ce que l&#8217;intercommunalit\u00e9 dans l&#8217;Orne ?<\/strong><\/p>\n<p>L&#8217;intercommunalit\u00e9 dans l&#8217;Orne d\u00e9signe l&#8217;ensemble des acteurs et organismes de coop\u00e9ration associant pour tout ou partie des communes pour l&#8217;exercice de certaines de leurs comp\u00e9tences. Selon la l\u00e9gislation en vigueur, entrent dans cette cat\u00e9gorie : les \u00e9tablissements publics de coop\u00e9ration intercommunale, les syndicats mixtes, les p\u00f4les m\u00e9tropolitains, les p\u00f4les d&#8217;\u00e9quilibre territoriaux et ruraux et d&#8217;autres formes de coop\u00e9ration intercommunale, comme les ententes, conventions et conf\u00e9rences intercommunales.<\/p>\n<p><strong>Quelles sont les intercommunalit\u00e9s de l&#8217;Orne ?<\/strong><\/p>\n<p>Depuis le 1er janvier 2017, le d\u00e9partement de l&#8217;Orne compte 15 \u00e9tablissements publics de coop\u00e9ration intercommunale \u00e0 fiscalit\u00e9 propre dont le si\u00e8ge est dans le d\u00e9partement (une communaut\u00e9 urbaine transr\u00e9gionale, une communaut\u00e9 d&#8217;agglom\u00e9ration et 13 communaut\u00e9s de communes). Par ailleurs 2 communes sont group\u00e9es dans une intercommunalit\u00e9 dont le si\u00e8ge est situ\u00e9 hors d\u00e9partement et r\u00e9gion.<\/p>\n<div class=\"boxscrl\">\n<table width=\"1238\">\n<tbody>\n<tr>\n<td width=\"198\">Forme<\/td>\n<td rowspan=\"2\" width=\"277\">Nom<\/td>\n<td rowspan=\"2\" width=\"70\">n<sup>o<\/sup>\u00a0\u00a0SIREN<\/td>\n<td rowspan=\"2\" width=\"109\">Date de cr\u00e9ation<\/td>\n<td width=\"164\">Nombre de<\/td>\n<td width=\"115\">Population<\/td>\n<td width=\"70\">Superficie<\/td>\n<td width=\"74\">Densit\u00e9<\/td>\n<td rowspan=\"2\" width=\"161\">Si\u00e8ge<\/td>\n<\/tr>\n<tr>\n<td width=\"198\">juridique<\/td>\n<td width=\"164\">communes<\/td>\n<td width=\"115\">(der.\u00a0pop. l\u00e9gale)<\/td>\n<td width=\"70\">(km<sup>2<\/sup>)<\/td>\n<td width=\"74\">(hab.\/km<sup>2<\/sup>)<\/td>\n<\/tr>\n<tr>\n<td width=\"198\">Communaut\u00e9 urbaine<\/td>\n<td width=\"277\">CU d&#8217;Alen\u00e7on<\/td>\n<td width=\"70\">246100663<\/td>\n<td width=\"109\">31 d\u00e9cembre 1996<\/td>\n<td width=\"164\">31\u00a0(dont 5 dans la\u00a0Sarthe)<\/td>\n<td width=\"115\"><span data-sort-value=\"&amp;0000000000055924.000000\">55\u00a0924\u00a0(2018)<\/span><\/td>\n<td width=\"70\">461,70<\/td>\n<td width=\"74\">121<\/td>\n<td width=\"161\">Alen\u00e7on<\/td>\n<\/tr>\n<tr>\n<td width=\"198\">Communaut\u00e9 d&#8217;agglom\u00e9ration<\/td>\n<td width=\"277\">Flers Agglo<\/td>\n<td width=\"70\">200035814<\/td>\n<td width=\"109\">1<sup>er<\/sup>\u00a0janvier 2013<\/td>\n<td width=\"164\">42<\/td>\n<td width=\"115\"><span data-sort-value=\"&amp;0000000000053786.000000\">53\u00a0786\u00a0(2018)<\/span><\/td>\n<td width=\"70\">567,70<\/td>\n<td width=\"74\">95<\/td>\n<td width=\"161\">Flers<\/td>\n<\/tr>\n<tr>\n<td rowspan=\"13\" width=\"198\">Communaut\u00e9 de communes<\/td>\n<td width=\"277\">CC Argentan Intercom<\/td>\n<td width=\"70\">200068450<\/td>\n<td width=\"109\">1<sup>er<\/sup>\u00a0janvier 2017<\/td>\n<td width=\"164\">49<\/td>\n<td width=\"115\"><span data-sort-value=\"&amp;0000000000033773.000000\">33\u00a0773\u00a0(2018)<\/span><\/td>\n<td width=\"70\">715,10<\/td>\n<td width=\"74\">47<\/td>\n<td width=\"161\">Argentan<\/td>\n<\/tr>\n<tr>\n<td width=\"277\">CC des Pays de L&#8217;Aigle<\/td>\n<td width=\"70\">200068468<\/td>\n<td width=\"109\">1<sup>er<\/sup>\u00a0janvier 2017<\/td>\n<td width=\"164\">32<\/td>\n<td width=\"115\"><span data-sort-value=\"&amp;0000000000025823.000000\">25\u00a0823\u00a0(2018)<\/span><\/td>\n<td width=\"70\">546,50<\/td>\n<td width=\"74\">47<\/td>\n<td width=\"161\">L&#8217;Aigle<\/td>\n<\/tr>\n<tr>\n<td width=\"277\">CC Domfront Tinchebray Interco<\/td>\n<td width=\"70\">200071520<\/td>\n<td width=\"109\">1<sup>er<\/sup>\u00a0janvier 2017<\/td>\n<td width=\"164\">15<\/td>\n<td width=\"115\"><span data-sort-value=\"&amp;0000000000015914.000000\">15\u00a0914\u00a0(2018)<\/span><\/td>\n<td width=\"70\">366,90<\/td>\n<td width=\"74\">43<\/td>\n<td width=\"161\">Tinchebray-Bocage<\/td>\n<\/tr>\n<tr>\n<td width=\"277\">CC des Vall\u00e9es d&#8217;Auge et du Merlerault<\/td>\n<td width=\"70\">200069458<\/td>\n<td width=\"109\">1<sup>er<\/sup>\u00a0janvier 2017<\/td>\n<td width=\"164\">46<\/td>\n<td width=\"115\"><span data-sort-value=\"&amp;0000000000014554.000000\">14\u00a0554\u00a0(2018)<\/span><\/td>\n<td width=\"70\">531,90<\/td>\n<td width=\"74\">27<\/td>\n<td width=\"161\">Vimoutiers<\/td>\n<\/tr>\n<tr>\n<td width=\"277\">CC du Pays de Mortagne au Perche<\/td>\n<td width=\"70\">200036069<\/td>\n<td width=\"109\">1<sup>er<\/sup>\u00a0janvier 2013<\/td>\n<td width=\"164\">33<\/td>\n<td width=\"115\"><span data-sort-value=\"&amp;0000000000013670.000000\">13\u00a0670\u00a0(2018)<\/span><\/td>\n<td width=\"70\">402,40<\/td>\n<td width=\"74\">34<\/td>\n<td width=\"161\">Mortagne-au-Perche<\/td>\n<\/tr>\n<tr>\n<td width=\"277\">CC Andaine &#8211; Passais<\/td>\n<td width=\"70\">200068443<\/td>\n<td width=\"109\">1<sup>er<\/sup>\u00a0janvier 2017<\/td>\n<td width=\"164\">12<\/td>\n<td width=\"115\"><span data-sort-value=\"&amp;0000000000013200.000000\">13\u00a0200\u00a0(2018)<\/span><\/td>\n<td width=\"70\">335,30<\/td>\n<td width=\"74\">39<\/td>\n<td width=\"161\">Juvigny Val d&#8217;Andaine<\/td>\n<\/tr>\n<tr>\n<td width=\"277\">CC des Collines du Perche Normand<\/td>\n<td width=\"70\">200071504<\/td>\n<td width=\"109\">1<sup>er<\/sup>\u00a0janvier 2017<\/td>\n<td width=\"164\">16<\/td>\n<td width=\"115\"><span data-sort-value=\"&amp;0000000000012317.000000\">12\u00a0317\u00a0(2018)<\/span><\/td>\n<td width=\"70\">362,40<\/td>\n<td width=\"74\">34<\/td>\n<td width=\"161\">Val-au-Perche<\/td>\n<\/tr>\n<tr>\n<td width=\"277\">CC des Sources de l&#8217;Orne<\/td>\n<td width=\"70\">200035111<\/td>\n<td width=\"109\">1<sup>er<\/sup>\u00a0janvier 2013<\/td>\n<td width=\"164\">23<\/td>\n<td width=\"115\"><span data-sort-value=\"&amp;0000000000011971.000000\">11\u00a0971\u00a0(2018)<\/span><\/td>\n<td width=\"70\">364,80<\/td>\n<td width=\"74\">33<\/td>\n<td width=\"161\">S\u00e9es<\/td>\n<\/tr>\n<tr>\n<td width=\"277\">CC C\u0153ur du Perche<\/td>\n<td width=\"70\">200068435<\/td>\n<td width=\"109\">1<sup>er<\/sup>\u00a0janvier 2017<\/td>\n<td width=\"164\">12<\/td>\n<td width=\"115\"><span data-sort-value=\"&amp;0000000000011372.000000\">11\u00a0372\u00a0(2018)<\/span><\/td>\n<td width=\"70\">388,40<\/td>\n<td width=\"74\">29<\/td>\n<td width=\"161\">R\u00e9malard en Perche<\/td>\n<\/tr>\n<tr>\n<td width=\"277\">CC des Hauts du Perche<\/td>\n<td width=\"70\">200068856<\/td>\n<td width=\"109\">1<sup>er<\/sup>\u00a0janvier 2017<\/td>\n<td width=\"164\">10<\/td>\n<td width=\"115\"><span data-sort-value=\"&amp;0000000000008220.000000\">8\u00a0220\u00a0(2018)<\/span><\/td>\n<td width=\"70\">387,70<\/td>\n<td width=\"74\">21<\/td>\n<td width=\"161\">Longny les Villages<\/td>\n<\/tr>\n<tr>\n<td width=\"277\">CC de la Vall\u00e9e de la Haute Sarthe<\/td>\n<td width=\"70\">200035103<\/td>\n<td width=\"109\">1<sup>er<\/sup>\u00a0janvier 2013<\/td>\n<td width=\"164\">31<\/td>\n<td width=\"115\"><span data-sort-value=\"&amp;0000000000007630.000000\">7\u00a0630\u00a0(2018)<\/span><\/td>\n<td width=\"70\">278,90<\/td>\n<td width=\"74\">27<\/td>\n<td width=\"161\">Le M\u00eale-sur-Sarthe<\/td>\n<\/tr>\n<tr>\n<td width=\"277\">CC du Val d&#8217;Orne<\/td>\n<td width=\"70\">246100390<\/td>\n<td width=\"109\">30 d\u00e9cembre 1993<\/td>\n<td width=\"164\">17<\/td>\n<td width=\"115\"><span data-sort-value=\"&amp;0000000000005684.000000\">5\u00a0684\u00a0(2018)<\/span><\/td>\n<td width=\"70\">254,40<\/td>\n<td width=\"74\">22<\/td>\n<td width=\"161\">Putanges-le-Lac<\/td>\n<\/tr>\n<tr>\n<td width=\"277\">CC du Pays Fertois et du Bocage Carrougien<\/td>\n<td width=\"70\">200071652<\/td>\n<td width=\"109\">1<sup>er<\/sup>\u00a0janvier 2017<\/td>\n<td width=\"164\">19<\/td>\n<td width=\"115\"><span data-sort-value=\"&amp;0000000000004964.000000\">4\u00a0964\u00a0(2018)<\/span><\/td>\n<td width=\"70\">230,70<\/td>\n<td width=\"74\">22<\/td>\n<td width=\"161\">Carrouges<\/td>\n<\/tr>\n<tr>\n<td colspan=\"9\" width=\"1238\">Intercommunalit\u00e9 dont le si\u00e8ge est situ\u00e9 hors d\u00e9partement<\/td>\n<\/tr>\n<tr>\n<td width=\"198\">Communaut\u00e9 de communes<\/td>\n<td width=\"277\">CC Maine Saosnois<\/td>\n<td width=\"70\">200072676<\/td>\n<td width=\"109\">1<sup>er<\/sup>\u00a0janvier 2017<\/td>\n<td width=\"164\">51\u00a0(dont 2 dans l&#8217;Orne)<\/td>\n<td width=\"115\"><span data-sort-value=\"&amp;0000000000027952.000000\">27\u00a0952\u00a0(2018)<\/span><\/td>\n<td width=\"70\">610,10<\/td>\n<td width=\"74\">46<\/td>\n<td width=\"161\">Marolles-les-Braults\u00a0(72)<\/td>\n<\/tr>\n<\/tbody>\n<\/table>\n<\/div>\n","protected":false},"excerpt":{"rendered":"<p>Qu&#8217;est-ce que l&#8217;intercommunalit\u00e9 dans l&#8217;Orne ?<\/p>\n<p>L&#8217;intercommunalit\u00e9 dans l&#8217;Orne d\u00e9signe l&#8217;ensemble des acteurs et<\/p>\n","protected":false},"author":1,"featured_media":13327,"template":"","categoria_ficha":[1848],"class_list":["post-13326","ficha","type-ficha","status-publish","has-post-thumbnail","hentry","categoria_ficha-cartes-du-departement-de-l-orne"],"acf":[],"_links":{"self":[{"href":"https:\/\/gifex.com\/fr\/wp-json\/wp\/v2\/ficha\/13326","targetHints":{"allow":["GET"]}}],"collection":[{"href":"https:\/\/gifex.com\/fr\/wp-json\/wp\/v2\/ficha"}],"about":[{"href":"https:\/\/gifex.com\/fr\/wp-json\/wp\/v2\/types\/ficha"}],"author":[{"embeddable":true,"href":"https:\/\/gifex.com\/fr\/wp-json\/wp\/v2\/users\/1"}],"version-history":[{"count":5,"href":"https:\/\/gifex.com\/fr\/wp-json\/wp\/v2\/ficha\/13326\/revisions"}],"predecessor-version":[{"id":21658,"href":"https:\/\/gifex.com\/fr\/wp-json\/wp\/v2\/ficha\/13326\/revisions\/21658"}],"wp:featuredmedia":[{"embeddable":true,"href":"https:\/\/gifex.com\/fr\/wp-json\/wp\/v2\/media\/13327"}],"wp:attachment":[{"href":"https:\/\/gifex.com\/fr\/wp-json\/wp\/v2\/media?parent=13326"}],"wp:term":[{"taxonomy":"categoria_ficha","embeddable":true,"href":"https:\/\/gifex.com\/fr\/wp-json\/wp\/v2\/categoria_ficha?post=13326"}],"curies":[{"name":"wp","href":"https:\/\/api.w.org\/{rel}","templated":true}]}}