{"id":13323,"date":"2022-05-19T12:47:06","date_gmt":"2022-05-19T12:47:06","guid":{"rendered":"https:\/\/gifex.com\/fr\/?post_type=ficha&#038;p=13323"},"modified":"2022-08-17T19:47:55","modified_gmt":"2022-08-17T19:47:55","slug":"carte-des-intercommunalites-de-l-oise","status":"publish","type":"ficha","link":"https:\/\/gifex.com\/fr\/fichier\/carte-des-intercommunalites-de-l-oise\/","title":{"rendered":"Carte des intercommunalit\u00e9s de l&#8217;Oise"},"content":{"rendered":"<p style=\"text-align: center;\"><label style=\"font-size: 15px;\">Carte des intercommunalit\u00e9s de l&#8217;Oise.<\/label><\/p>\n<p><strong>Qu&#8217;est-ce que l&#8217;intercommunalit\u00e9 dans l&#8217;Oise ?<\/strong><\/p>\n<p>L&#8217;intercommunalit\u00e9 dans l&#8217;Oise d\u00e9signe l&#8217;ensemble des acteurs et organismes de coop\u00e9ration associant pour tout ou partie des communes pour l&#8217;exercice de certaines de leurs comp\u00e9tences. Selon la l\u00e9gislation en vigueur, entrent dans cette cat\u00e9gorie : les \u00e9tablissements publics de coop\u00e9ration intercommunale, les syndicats mixtes, les p\u00f4les m\u00e9tropolitains, les p\u00f4les d&#8217;\u00e9quilibre territoriaux et ruraux et d&#8217;autres formes de coop\u00e9ration intercommunale, comme les ententes, conventions et conf\u00e9rences intercommunales.<\/p>\n<p><strong>Quelles sont les intercommunalit\u00e9s de l&#8217;Oise ?<\/strong><\/p>\n<p>Depuis le 1er janvier 2017, le d\u00e9partement de l&#8217;Oise compte 21 \u00e9tablissements publics de coop\u00e9ration intercommunale \u00e0 fiscalit\u00e9 propre dont le si\u00e8ge est dans le d\u00e9partement (3 communaut\u00e9s d&#8217;agglom\u00e9ration et 18 communaut\u00e9s de communes). Par ailleurs 2 communes sont group\u00e9es dans une intercommunalit\u00e9 dont le si\u00e8ge est situ\u00e9 hors d\u00e9partement. Le d\u00e9partement compte \u00e9galement au 1er janvier 2020 192 syndicats \u00e0 vocation unique (SIVU), 27 syndicats \u00e0 vocation multiple (SIVOM), 43 syndicats mixtes.<\/p>\n<div class=\"boxscrl\">\n<table width=\"1305\">\n<tbody>\n<tr>\n<td width=\"198\">Forme<\/td>\n<td rowspan=\"2\" width=\"351\">Nom<\/td>\n<td rowspan=\"2\" width=\"70\">n<sup>o<\/sup>\u00a0\u00a0SIREN<\/td>\n<td rowspan=\"2\" width=\"119\">Date de cr\u00e9ation<\/td>\n<td width=\"144\">Nombre de<\/td>\n<td width=\"115\">Population<\/td>\n<td width=\"70\">Superficie<\/td>\n<td width=\"74\">Densit\u00e9<\/td>\n<td rowspan=\"2\" width=\"164\">Si\u00e8ge<\/td>\n<\/tr>\n<tr>\n<td width=\"198\">juridique<\/td>\n<td width=\"144\">communes<\/td>\n<td width=\"115\">(der.\u00a0pop. l\u00e9gale)<\/td>\n<td width=\"70\">(km<sup>2<\/sup>)<\/td>\n<td width=\"74\">(hab.\/km<sup>2<\/sup>)<\/td>\n<\/tr>\n<tr>\n<td rowspan=\"3\" width=\"198\">Communaut\u00e9 d&#8217;agglom\u00e9ration<\/td>\n<td width=\"351\">CA du Beauvaisis<\/td>\n<td width=\"70\">200067999<\/td>\n<td width=\"119\">1<sup>er<\/sup>\u00a0janvier 2017<\/td>\n<td width=\"144\">53<\/td>\n<td width=\"115\"><span data-sort-value=\"&amp;0000000000103191.000000\">103\u00a0191\u00a0(2018)<\/span><\/td>\n<td width=\"70\">539,0<\/td>\n<td width=\"74\">192<\/td>\n<td width=\"164\">Beauvais<\/td>\n<\/tr>\n<tr>\n<td width=\"351\">CA Creil Sud Oise<\/td>\n<td width=\"70\">200068047<\/td>\n<td width=\"119\">1<sup>er<\/sup>\u00a0janvier 2017<\/td>\n<td width=\"144\">11<\/td>\n<td width=\"115\"><span data-sort-value=\"&amp;0000000000087036.000000\">87\u00a0036\u00a0(2018)<\/span><\/td>\n<td width=\"70\">83,50<\/td>\n<td width=\"74\">1\u00a0043<\/td>\n<td width=\"164\">Creil<\/td>\n<\/tr>\n<tr>\n<td width=\"351\">CA de la R\u00e9gion de Compi\u00e8gne et de la Basse Automne<\/td>\n<td width=\"70\">200067965<\/td>\n<td width=\"119\">1<sup>er<\/sup>\u00a0janvier 2017<\/td>\n<td width=\"144\">22<\/td>\n<td width=\"115\"><span data-sort-value=\"&amp;0000000000082870.000000\">82\u00a0870\u00a0(2018)<\/span><\/td>\n<td width=\"70\">263,80<\/td>\n<td width=\"74\">314<\/td>\n<td width=\"164\">Compi\u00e8gne<\/td>\n<\/tr>\n<tr>\n<td rowspan=\"18\" width=\"198\">Communaut\u00e9 de communes<\/td>\n<td width=\"351\">CC Thelloise<\/td>\n<td width=\"70\">200067973<\/td>\n<td width=\"119\">1<sup>er<\/sup>\u00a0janvier 2017<\/td>\n<td width=\"144\">40<\/td>\n<td width=\"115\"><span data-sort-value=\"&amp;0000000000060670.000000\">60\u00a0670\u00a0(2018)<\/span><\/td>\n<td width=\"70\">305,0<\/td>\n<td width=\"74\">199<\/td>\n<td width=\"164\">Neuilly-en-Thelle<\/td>\n<\/tr>\n<tr>\n<td width=\"351\">CC du pays de Valois<\/td>\n<td width=\"70\">246000871<\/td>\n<td width=\"119\">24 d\u00e9cembre 1996<\/td>\n<td width=\"144\">62<\/td>\n<td width=\"115\"><span data-sort-value=\"&amp;0000000000055673.000000\">55\u00a0673\u00a0(2018)<\/span><\/td>\n<td width=\"70\">614,40<\/td>\n<td width=\"74\">91<\/td>\n<td width=\"164\">Cr\u00e9py-en-Valois<\/td>\n<\/tr>\n<tr>\n<td width=\"351\">CC de l&#8217;aire cantilienne<\/td>\n<td width=\"70\">246000764<\/td>\n<td width=\"119\">26 d\u00e9cembre 1994<\/td>\n<td width=\"144\">11<\/td>\n<td width=\"115\"><span data-sort-value=\"&amp;0000000000044964.000000\">44\u00a0964\u00a0(2018)<\/span><\/td>\n<td width=\"70\">149,60<\/td>\n<td width=\"74\">301<\/td>\n<td width=\"164\">Chantilly<\/td>\n<\/tr>\n<tr>\n<td width=\"351\">CC du Clermontois<\/td>\n<td width=\"70\">246000376<\/td>\n<td width=\"119\">1<sup>er<\/sup>\u00a0janvier 2000<\/td>\n<td width=\"144\">19<\/td>\n<td width=\"115\"><span data-sort-value=\"&amp;0000000000037491.000000\">37\u00a0491\u00a0(2018)<\/span><\/td>\n<td width=\"70\">155,60<\/td>\n<td width=\"74\">241<\/td>\n<td width=\"164\">Clermont<\/td>\n<\/tr>\n<tr>\n<td width=\"351\">CC des Sablons<\/td>\n<td width=\"70\">246000582<\/td>\n<td width=\"119\">27 juin 2000<\/td>\n<td width=\"144\">20<\/td>\n<td width=\"115\"><span data-sort-value=\"&amp;0000000000038511.000000\">38\u00a0511\u00a0(2018)<\/span><\/td>\n<td width=\"70\">225,60<\/td>\n<td width=\"74\">171<\/td>\n<td width=\"164\">Villeneuve-les-Sablons<\/td>\n<\/tr>\n<tr>\n<td width=\"351\">CC des Pays d&#8217;Oise et d&#8217;Halatte<\/td>\n<td width=\"70\">246000921<\/td>\n<td width=\"119\">31 d\u00e9cembre 1997<\/td>\n<td width=\"144\">17<\/td>\n<td width=\"115\"><span data-sort-value=\"&amp;0000000000034240.000000\">34\u00a0240\u00a0(2018)<\/span><\/td>\n<td width=\"70\">139,50<\/td>\n<td width=\"74\">246<\/td>\n<td width=\"164\">Pont-Sainte-Maxence<\/td>\n<\/tr>\n<tr>\n<td width=\"351\">CC du Pays Noyonnais<\/td>\n<td width=\"70\">246000756<\/td>\n<td width=\"119\">8 d\u00e9cembre 1994<\/td>\n<td width=\"144\">42<\/td>\n<td width=\"115\"><span data-sort-value=\"&amp;0000000000032668.000000\">32\u00a0668\u00a0(2018)<\/span><\/td>\n<td width=\"70\">267,0<\/td>\n<td width=\"74\">122<\/td>\n<td width=\"164\">Noyon<\/td>\n<\/tr>\n<tr>\n<td width=\"351\">CC de la Picardie verte<\/td>\n<td width=\"70\">246000848<\/td>\n<td width=\"119\">1<sup>er<\/sup>\u00a0janvier 1997<\/td>\n<td width=\"144\">88<\/td>\n<td width=\"115\"><span data-sort-value=\"&amp;0000000000032705.000000\">32\u00a0705\u00a0(2018)<\/span><\/td>\n<td width=\"70\">633,20<\/td>\n<td width=\"74\">52<\/td>\n<td width=\"164\">Grandvilliers<\/td>\n<\/tr>\n<tr>\n<td width=\"351\">CC du Plateau Picard<\/td>\n<td width=\"70\">246000566<\/td>\n<td width=\"119\">1<sup>er<\/sup>\u00a0janvier 2000<\/td>\n<td width=\"144\">52<\/td>\n<td width=\"115\"><span data-sort-value=\"&amp;0000000000030161.000000\">30\u00a0161\u00a0(2018)<\/span><\/td>\n<td width=\"70\">439,30<\/td>\n<td width=\"74\">69<\/td>\n<td width=\"164\">Le Plessier-sur-Saint-Just<\/td>\n<\/tr>\n<tr>\n<td width=\"351\">CC Senlis Sud Oise<\/td>\n<td width=\"70\">200066975<\/td>\n<td width=\"119\">1<sup>er<\/sup>\u00a0janvier 2017<\/td>\n<td width=\"144\">17<\/td>\n<td width=\"115\"><span data-sort-value=\"&amp;0000000000024345.000000\">24\u00a0345\u00a0(2018)<\/span><\/td>\n<td width=\"70\">203,40<\/td>\n<td width=\"74\">120<\/td>\n<td width=\"164\">Senlis<\/td>\n<\/tr>\n<tr>\n<td width=\"351\">CC du Liancourtois<\/td>\n<td width=\"70\">246000129<\/td>\n<td width=\"119\">14 f\u00e9vrier 1963<\/td>\n<td width=\"144\">10<\/td>\n<td width=\"115\"><span data-sort-value=\"&amp;0000000000023745.000000\">23\u00a0745\u00a0(2018)<\/span><\/td>\n<td width=\"70\">48,70<\/td>\n<td width=\"74\">488<\/td>\n<td width=\"164\">Laigneville<\/td>\n<\/tr>\n<tr>\n<td width=\"351\">CC des Deux Vall\u00e9es (Oise)<\/td>\n<td width=\"70\">246000772<\/td>\n<td width=\"119\">21 d\u00e9cembre 1995<\/td>\n<td width=\"144\">16<\/td>\n<td width=\"115\"><span data-sort-value=\"&amp;0000000000022878.000000\">22\u00a0878\u00a0(2018)<\/span><\/td>\n<td width=\"70\">113,90<\/td>\n<td width=\"74\">201<\/td>\n<td width=\"164\">Thourotte<\/td>\n<\/tr>\n<tr>\n<td width=\"351\">CC du Pays des Sources<\/td>\n<td width=\"70\">246000855<\/td>\n<td width=\"119\">31 d\u00e9cembre 1996<\/td>\n<td width=\"144\">48<\/td>\n<td width=\"115\"><span data-sort-value=\"&amp;0000000000022074.000000\">22\u00a0074\u00a0(2018)<\/span><\/td>\n<td width=\"70\">351,0<\/td>\n<td width=\"74\">63<\/td>\n<td width=\"164\">Lassigny<\/td>\n<\/tr>\n<tr>\n<td width=\"351\">CC de l&#8217;Oise Picarde<\/td>\n<td width=\"70\">200068005<\/td>\n<td width=\"119\">1<sup>er<\/sup>\u00a0janvier 2017<\/td>\n<td width=\"144\">52<\/td>\n<td width=\"115\"><span data-sort-value=\"&amp;0000000000021028.000000\">21\u00a0028\u00a0(2018)<\/span><\/td>\n<td width=\"70\">395,60<\/td>\n<td width=\"74\">53<\/td>\n<td width=\"164\">Froissy<\/td>\n<\/tr>\n<tr>\n<td width=\"351\">CC du Vexin Thelle<\/td>\n<td width=\"70\">246000707<\/td>\n<td width=\"119\">13 avril 2000<\/td>\n<td width=\"144\">37<\/td>\n<td width=\"115\"><span data-sort-value=\"&amp;0000000000020380.000000\">20\u00a0380\u00a0(2018)<\/span><\/td>\n<td width=\"70\">313,10<\/td>\n<td width=\"74\">65<\/td>\n<td width=\"164\">Chaumont-en-Vexin<\/td>\n<\/tr>\n<tr>\n<td width=\"351\">CC du pays de Bray<\/td>\n<td width=\"70\">246000913<\/td>\n<td width=\"119\">31 d\u00e9cembre 1997<\/td>\n<td width=\"144\">23<\/td>\n<td width=\"115\"><span data-sort-value=\"&amp;0000000000018302.000000\">18\u00a0302\u00a0(2018)<\/span><\/td>\n<td width=\"70\">244,80<\/td>\n<td width=\"74\">75<\/td>\n<td width=\"164\">Lachapelle-aux-Pots<\/td>\n<\/tr>\n<tr>\n<td width=\"351\">CC de la Plaine d&#8217;Estr\u00e9es<\/td>\n<td width=\"70\">246000897<\/td>\n<td width=\"119\">9 juin 1997<\/td>\n<td width=\"144\">19<\/td>\n<td width=\"115\"><span data-sort-value=\"&amp;0000000000017966.000000\">17\u00a0966\u00a0(2018)<\/span><\/td>\n<td width=\"70\">164,0<\/td>\n<td width=\"74\">110<\/td>\n<td width=\"164\">Estr\u00e9es-Saint-Denis<\/td>\n<\/tr>\n<tr>\n<td width=\"351\">CC des lisi\u00e8res de l&#8217;Oise<\/td>\n<td width=\"70\">246000749<\/td>\n<td width=\"119\">8 septembre 1994<\/td>\n<td width=\"144\">20<\/td>\n<td width=\"115\"><span data-sort-value=\"&amp;0000000000016255.000000\">16\u00a0255\u00a0(2018)<\/span><\/td>\n<td width=\"70\">210,40<\/td>\n<td width=\"74\">77<\/td>\n<td width=\"164\">Attichy<\/td>\n<\/tr>\n<tr>\n<td colspan=\"9\" width=\"1305\">Intercommunalit\u00e9 dont le si\u00e8ge est situ\u00e9 hors d\u00e9partement<\/td>\n<\/tr>\n<tr>\n<td width=\"198\">Communaut\u00e9 de communes<\/td>\n<td width=\"351\">CC du Vexin Normand<\/td>\n<td width=\"70\">200071843<\/td>\n<td width=\"119\">1<sup>er<\/sup>\u00a0janvier 2017<\/td>\n<td width=\"144\">39\u00a0(dont 2 dans l&#8217;Oise)<\/td>\n<td width=\"115\"><span data-sort-value=\"&amp;0000000000032298.000000\">32 298 (2018)<\/span><\/td>\n<td width=\"70\">346,10<\/td>\n<td width=\"74\">93<\/td>\n<td width=\"164\">Gisors\u00a0(27)<\/td>\n<\/tr>\n<\/tbody>\n<\/table>\n<\/div>\n","protected":false},"excerpt":{"rendered":"<p>Qu&#8217;est-ce que l&#8217;intercommunalit\u00e9 dans l&#8217;Oise ?<\/p>\n<p>L&#8217;intercommunalit\u00e9 dans l&#8217;Oise d\u00e9signe l&#8217;ensemble des acteurs et organismes de coo<\/p>\n","protected":false},"author":1,"featured_media":13324,"template":"","categoria_ficha":[1847],"class_list":["post-13323","ficha","type-ficha","status-publish","has-post-thumbnail","hentry","categoria_ficha-cartes-du-departement-de-l-oise"],"acf":[],"_links":{"self":[{"href":"https:\/\/gifex.com\/fr\/wp-json\/wp\/v2\/ficha\/13323","targetHints":{"allow":["GET"]}}],"collection":[{"href":"https:\/\/gifex.com\/fr\/wp-json\/wp\/v2\/ficha"}],"about":[{"href":"https:\/\/gifex.com\/fr\/wp-json\/wp\/v2\/types\/ficha"}],"author":[{"embeddable":true,"href":"https:\/\/gifex.com\/fr\/wp-json\/wp\/v2\/users\/1"}],"version-history":[{"count":5,"href":"https:\/\/gifex.com\/fr\/wp-json\/wp\/v2\/ficha\/13323\/revisions"}],"predecessor-version":[{"id":21659,"href":"https:\/\/gifex.com\/fr\/wp-json\/wp\/v2\/ficha\/13323\/revisions\/21659"}],"wp:featuredmedia":[{"embeddable":true,"href":"https:\/\/gifex.com\/fr\/wp-json\/wp\/v2\/media\/13324"}],"wp:attachment":[{"href":"https:\/\/gifex.com\/fr\/wp-json\/wp\/v2\/media?parent=13323"}],"wp:term":[{"taxonomy":"categoria_ficha","embeddable":true,"href":"https:\/\/gifex.com\/fr\/wp-json\/wp\/v2\/categoria_ficha?post=13323"}],"curies":[{"name":"wp","href":"https:\/\/api.w.org\/{rel}","templated":true}]}}