{"id":13299,"date":"2022-05-18T14:28:01","date_gmt":"2022-05-18T14:28:01","guid":{"rendered":"https:\/\/gifex.com\/fr\/?post_type=ficha&#038;p=13299"},"modified":"2022-08-17T18:54:02","modified_gmt":"2022-08-17T18:54:02","slug":"carte-des-intercommunalites-de-l-ardeche","status":"publish","type":"ficha","link":"https:\/\/gifex.com\/fr\/fichier\/carte-des-intercommunalites-de-l-ardeche\/","title":{"rendered":"Carte des intercommunalit\u00e9s de l&#8217;Ard\u00e8che"},"content":{"rendered":"<p style=\"text-align: center;\"><label style=\"font-size: 15px;\">Carte des intercommunalit\u00e9s de l&#8217;Ard\u00e8che.<\/label><\/p>\n<p><strong>Qu&#8217;est-ce que l&#8217;intercommunalit\u00e9 en Ard\u00e8che ?<\/strong><\/p>\n<p>L&#8217;intercommunalit\u00e9 en Ard\u00e8che d\u00e9signe l&#8217;ensemble des acteurs et organismes de coop\u00e9ration associant pour tout ou partie des communes pour l&#8217;exercice de certaines de leurs comp\u00e9tences. Selon la l\u00e9gislation en vigueur, entrent dans cette cat\u00e9gorie : les \u00e9tablissements publics de coop\u00e9ration intercommunale, les syndicats mixtes, les p\u00f4les m\u00e9tropolitains, les p\u00f4les d&#8217;\u00e9quilibre territoriaux et ruraux et d&#8217;autres formes de coop\u00e9ration intercommunale, comme les ententes, conventions et conf\u00e9rences intercommunales.<\/p>\n<p><strong>Quelles sont les intercommunalit\u00e9s de l&#8217;Ard\u00e8che ?<\/strong><\/p>\n<p>Au 1er janvier 2018, le d\u00e9partement de l&#8217;Ard\u00e8che compte 17 intercommunalit\u00e9s \u00e0 fiscalit\u00e9 propre dont le si\u00e8ge est dans le d\u00e9partement (3 communaut\u00e9s d&#8217;agglom\u00e9ration et 14 communaut\u00e9s de communes), dont une qui est interd\u00e9partementale. Par ailleurs 9 communes sont group\u00e9es dans 2 intercommunalit\u00e9s dont le si\u00e8ge est situ\u00e9 hors d\u00e9partement.<\/p>\n<div class=\"boxscrl\">\n<table width=\"1291\">\n<tbody>\n<tr>\n<td width=\"198\">Forme<\/td>\n<td rowspan=\"2\" width=\"374\">Nom<\/td>\n<td rowspan=\"2\" width=\"70\">n<sup>o<\/sup>\u00a0\u00a0SIREN<\/td>\n<td rowspan=\"2\" width=\"120\">Date de cr\u00e9ation<\/td>\n<td width=\"138\">Nombre de<\/td>\n<td width=\"115\">Population<\/td>\n<td width=\"70\">Superficie<\/td>\n<td width=\"74\">Densit\u00e9<\/td>\n<td rowspan=\"2\" width=\"132\">Si\u00e8ge<\/td>\n<\/tr>\n<tr>\n<td width=\"198\">juridique<\/td>\n<td width=\"138\">communes<\/td>\n<td width=\"115\">(der.\u00a0pop. l\u00e9gale)<\/td>\n<td width=\"70\">(km<sup>2<\/sup>)<\/td>\n<td width=\"74\">(hab.\/km<sup>2<\/sup>)<\/td>\n<\/tr>\n<tr>\n<td rowspan=\"3\" width=\"198\">Communaut\u00e9 d&#8217;agglom\u00e9ration<\/td>\n<td width=\"374\">CA Hermitage-Tournonais-Herbasse-Pays de Saint F\u00e9licien<\/td>\n<td width=\"70\">200073096<\/td>\n<td width=\"120\">1<sup>er<\/sup>\u00a0janvier 2017<\/td>\n<td width=\"138\">41<\/td>\n<td width=\"115\"><span data-sort-value=\"&amp;0000000000057777.000000\">57\u00a0777\u00a0(2018)<\/span><\/td>\n<td width=\"70\">498,0<\/td>\n<td width=\"74\">116<\/td>\n<td width=\"132\">Mauves<\/td>\n<\/tr>\n<tr>\n<td width=\"374\">CA Annonay Rh\u00f4ne Agglo<\/td>\n<td width=\"70\">200072015<\/td>\n<td width=\"120\">1<sup>er<\/sup>\u00a0janvier 2017<\/td>\n<td width=\"138\">29<\/td>\n<td width=\"115\"><span data-sort-value=\"&amp;0000000000048568.000000\">48\u00a0568\u00a0(2018)<\/span><\/td>\n<td width=\"70\">316,30<\/td>\n<td width=\"74\">154<\/td>\n<td width=\"132\">Dav\u00e9zieux<\/td>\n<\/tr>\n<tr>\n<td width=\"374\">CA Privas Centre Ard\u00e8che<\/td>\n<td width=\"70\">200071413<\/td>\n<td width=\"120\">1<sup>er<\/sup>\u00a0janvier 2017<\/td>\n<td width=\"138\">42<\/td>\n<td width=\"115\"><span data-sort-value=\"&amp;0000000000043642.000000\">43\u00a0642\u00a0(2018)<\/span><\/td>\n<td width=\"70\">602,10<\/td>\n<td width=\"74\">73<\/td>\n<td width=\"132\">Privas<\/td>\n<\/tr>\n<tr>\n<td rowspan=\"14\" width=\"198\">Communaut\u00e9 de communes<\/td>\n<td width=\"374\">CC du Bassin d&#8217;Aubenas<\/td>\n<td width=\"70\">200073245<\/td>\n<td width=\"120\">1<sup>er<\/sup>\u00a0janvier 2017<\/td>\n<td width=\"138\">28<\/td>\n<td width=\"115\"><span data-sort-value=\"&amp;0000000000039884.000000\">39\u00a0884\u00a0(2018)<\/span><\/td>\n<td width=\"70\">326,90<\/td>\n<td width=\"74\">122<\/td>\n<td width=\"132\">Ucel<\/td>\n<\/tr>\n<tr>\n<td width=\"374\">CC Rh\u00f4ne-Crussol<\/td>\n<td width=\"70\">200041366<\/td>\n<td width=\"120\">1<sup>er<\/sup>\u00a0janvier 2014<\/td>\n<td width=\"138\">13<\/td>\n<td width=\"115\"><span data-sort-value=\"&amp;0000000000033809.000000\">33\u00a0809\u00a0(2018)<\/span><\/td>\n<td width=\"70\">200,0<\/td>\n<td width=\"74\">169<\/td>\n<td width=\"132\">Guilherand-Granges<\/td>\n<\/tr>\n<tr>\n<td width=\"374\">CC Ard\u00e8che Rh\u00f4ne Coiron<\/td>\n<td width=\"70\">200071405<\/td>\n<td width=\"120\">1<sup>er<\/sup>\u00a0janvier 2017<\/td>\n<td width=\"138\">15<\/td>\n<td width=\"115\"><span data-sort-value=\"&amp;0000000000022808.000000\">22\u00a0808\u00a0(2018)<\/span><\/td>\n<td width=\"70\">281,10<\/td>\n<td width=\"74\">81<\/td>\n<td width=\"132\">Cruas<\/td>\n<\/tr>\n<tr>\n<td width=\"374\">CC du Rh\u00f4ne aux Gorges de l&#8217;Ard\u00e8che<\/td>\n<td width=\"70\">240700864<\/td>\n<td width=\"120\">19 d\u00e9cembre 2009<\/td>\n<td width=\"138\">9<\/td>\n<td width=\"115\"><span data-sort-value=\"&amp;0000000000018914.000000\">18\u00a0914\u00a0(2018)<\/span><\/td>\n<td width=\"70\">262,30<\/td>\n<td width=\"74\">72<\/td>\n<td width=\"132\">Bourg-Saint-And\u00e9ol<\/td>\n<\/tr>\n<tr>\n<td width=\"374\">CC des Gorges de l&#8217;Ard\u00e8che<\/td>\n<td width=\"70\">200039808<\/td>\n<td width=\"120\">31 d\u00e9cembre 2013<\/td>\n<td width=\"138\">20<\/td>\n<td width=\"115\"><span data-sort-value=\"&amp;0000000000015245.000000\">15\u00a0245\u00a0(2018)<\/span><\/td>\n<td width=\"70\">413,10<\/td>\n<td width=\"74\">37<\/td>\n<td width=\"132\">Vallon-Pont-d&#8217;Arc<\/td>\n<\/tr>\n<tr>\n<td width=\"374\">CC Val&#8217;Eyrieux<\/td>\n<td width=\"70\">200041465<\/td>\n<td width=\"120\">31 d\u00e9cembre 2013<\/td>\n<td width=\"138\">29<\/td>\n<td width=\"115\"><span data-sort-value=\"&amp;0000000000012534.000000\">12\u00a0534\u00a0(2018)<\/span><\/td>\n<td width=\"70\">510,10<\/td>\n<td width=\"74\">25<\/td>\n<td width=\"132\">Le Cheylard<\/td>\n<\/tr>\n<tr>\n<td width=\"374\">CC Ard\u00e8che des Sources et Volcans<\/td>\n<td width=\"70\">200039824<\/td>\n<td width=\"120\">1<sup>er<\/sup>\u00a0janvier 2014<\/td>\n<td width=\"138\">16<\/td>\n<td width=\"115\"><span data-sort-value=\"&amp;0000000000009576.000000\">9\u00a0576\u00a0(2018)<\/span><\/td>\n<td width=\"70\">268,40<\/td>\n<td width=\"74\">36<\/td>\n<td width=\"132\">Thueyts<\/td>\n<\/tr>\n<tr>\n<td width=\"374\">CC Pays des Vans en C\u00e9vennes<\/td>\n<td width=\"70\">200039832<\/td>\n<td width=\"120\">31 d\u00e9cembre 2013<\/td>\n<td width=\"138\">15<\/td>\n<td width=\"115\"><span data-sort-value=\"&amp;0000000000009264.000000\">9\u00a0264\u00a0(2018)<\/span><\/td>\n<td width=\"70\">329,30<\/td>\n<td width=\"74\">28<\/td>\n<td width=\"132\">Les Vans<\/td>\n<\/tr>\n<tr>\n<td width=\"374\">CC du Pays Beaume-Drobie<\/td>\n<td width=\"70\">240700302<\/td>\n<td width=\"120\">1<sup>er<\/sup>\u00a0janvier 1995<\/td>\n<td width=\"138\">19<\/td>\n<td width=\"115\"><span data-sort-value=\"&amp;0000000000008872.000000\">8\u00a0872\u00a0(2018)<\/span><\/td>\n<td width=\"70\">279,90<\/td>\n<td width=\"74\">32<\/td>\n<td width=\"132\">Joyeuse<\/td>\n<\/tr>\n<tr>\n<td width=\"374\">CC Berg et Coiron<\/td>\n<td width=\"70\">240700815<\/td>\n<td width=\"120\">1<sup>er<\/sup>\u00a0janvier 2004<\/td>\n<td width=\"138\">13<\/td>\n<td width=\"115\"><span data-sort-value=\"&amp;0000000000007768.000000\">7\u00a0768\u00a0(2018)<\/span><\/td>\n<td width=\"70\">219,30<\/td>\n<td width=\"74\">35<\/td>\n<td width=\"132\">Villeneuve-de-Berg<\/td>\n<\/tr>\n<tr>\n<td width=\"374\">CC du Pays de Lamastre<\/td>\n<td width=\"70\">200016905<\/td>\n<td width=\"120\">1<sup>er<\/sup>\u00a0janvier 2009<\/td>\n<td width=\"138\">11<\/td>\n<td width=\"115\"><span data-sort-value=\"&amp;0000000000006682.000000\">6\u00a0682\u00a0(2018)<\/span><\/td>\n<td width=\"70\">221,30<\/td>\n<td width=\"74\">30<\/td>\n<td width=\"132\">Lamastre<\/td>\n<\/tr>\n<tr>\n<td width=\"374\">CC Val de Ligne<\/td>\n<td width=\"70\">240700617<\/td>\n<td width=\"120\">1<sup>er<\/sup>\u00a0janvier 1998<\/td>\n<td width=\"138\">11<\/td>\n<td width=\"115\"><span data-sort-value=\"&amp;0000000000006111.000000\">6\u00a0111\u00a0(2018)<\/span><\/td>\n<td width=\"70\">92,0<\/td>\n<td width=\"74\">66<\/td>\n<td width=\"132\">Largenti\u00e8re<\/td>\n<\/tr>\n<tr>\n<td width=\"374\">CC du Val d&#8217;Ay<\/td>\n<td width=\"70\">240700716<\/td>\n<td width=\"120\">29 novembre 2001<\/td>\n<td width=\"138\">8<\/td>\n<td width=\"115\"><span data-sort-value=\"&amp;0000000000005947.000000\">5\u00a0947\u00a0(2018)<\/span><\/td>\n<td width=\"70\">146,20<\/td>\n<td width=\"74\">41<\/td>\n<td width=\"132\">Quintenas<\/td>\n<\/tr>\n<tr>\n<td width=\"374\">CC de la Montagne d&#8217;Ard\u00e8che<\/td>\n<td width=\"70\">200072007<\/td>\n<td width=\"120\">1<sup>er<\/sup>\u00a0janvier 2017<\/td>\n<td width=\"138\">28<\/td>\n<td width=\"115\"><span data-sort-value=\"&amp;0000000000004863.000000\">4\u00a0863\u00a0(2018)<\/span><\/td>\n<td width=\"70\">692,60<\/td>\n<td width=\"74\">7<\/td>\n<td width=\"132\">Coucouron<\/td>\n<\/tr>\n<tr>\n<td colspan=\"9\" width=\"1291\">Intercommunalit\u00e9s dont le si\u00e8ge est situ\u00e9 hors d\u00e9partement<\/td>\n<\/tr>\n<tr>\n<td rowspan=\"2\" width=\"198\">Communaut\u00e9 de communes<\/td>\n<td width=\"374\">CC Porte de Dromard\u00e8che<\/td>\n<td width=\"70\">200040491<\/td>\n<td width=\"120\">1<sup>er<\/sup>\u00a0janvier 2014<\/td>\n<td width=\"138\">34\u00a0(dont 8 dans le\u00a007)<\/td>\n<td width=\"115\"><span data-sort-value=\"&amp;0000000000047239.000000\">47\u00a0239\u00a0(2018)<\/span><\/td>\n<td width=\"70\">420,80<\/td>\n<td width=\"74\">112<\/td>\n<td width=\"132\">Saint-Vallier\u00a0(26)<\/td>\n<\/tr>\n<tr>\n<td width=\"374\">CC C\u00e8ze-C\u00e9vennes<\/td>\n<td width=\"70\">200035129<\/td>\n<td width=\"120\">1<sup>er<\/sup>\u00a0janvier 2013<\/td>\n<td width=\"138\">23\u00a0(dont 1 dans le\u00a007)<\/td>\n<td width=\"115\"><span data-sort-value=\"&amp;0000000000019164.000000\">19\u00a0164\u00a0(2018)<\/span><\/td>\n<td width=\"70\">318,80<\/td>\n<td width=\"74\">60<\/td>\n<td width=\"132\">Saint-Ambroix\u00a0(30)<\/td>\n<\/tr>\n<\/tbody>\n<\/table>\n<\/div>\n","protected":false},"excerpt":{"rendered":"<p>Qu&#8217;est-ce que l&#8217;intercommunalit\u00e9 en Ard\u00e8che ?<\/p>\n<p>L&#8217;intercommunalit\u00e9 en Ard\u00e8che d\u00e9signe l&#8217;ensemble des acteurs et organ<\/p>\n","protected":false},"author":1,"featured_media":13300,"template":"","categoria_ficha":[1793],"class_list":["post-13299","ficha","type-ficha","status-publish","has-post-thumbnail","hentry","categoria_ficha-cartes-du-departement-de-l-ardeche"],"acf":[],"_links":{"self":[{"href":"https:\/\/gifex.com\/fr\/wp-json\/wp\/v2\/ficha\/13299","targetHints":{"allow":["GET"]}}],"collection":[{"href":"https:\/\/gifex.com\/fr\/wp-json\/wp\/v2\/ficha"}],"about":[{"href":"https:\/\/gifex.com\/fr\/wp-json\/wp\/v2\/types\/ficha"}],"author":[{"embeddable":true,"href":"https:\/\/gifex.com\/fr\/wp-json\/wp\/v2\/users\/1"}],"version-history":[{"count":4,"href":"https:\/\/gifex.com\/fr\/wp-json\/wp\/v2\/ficha\/13299\/revisions"}],"predecessor-version":[{"id":21626,"href":"https:\/\/gifex.com\/fr\/wp-json\/wp\/v2\/ficha\/13299\/revisions\/21626"}],"wp:featuredmedia":[{"embeddable":true,"href":"https:\/\/gifex.com\/fr\/wp-json\/wp\/v2\/media\/13300"}],"wp:attachment":[{"href":"https:\/\/gifex.com\/fr\/wp-json\/wp\/v2\/media?parent=13299"}],"wp:term":[{"taxonomy":"categoria_ficha","embeddable":true,"href":"https:\/\/gifex.com\/fr\/wp-json\/wp\/v2\/categoria_ficha?post=13299"}],"curies":[{"name":"wp","href":"https:\/\/api.w.org\/{rel}","templated":true}]}}