{"id":13276,"date":"2022-05-17T20:44:06","date_gmt":"2022-05-17T20:44:06","guid":{"rendered":"https:\/\/gifex.com\/fr\/?post_type=ficha&#038;p=13276"},"modified":"2022-08-17T19:09:21","modified_gmt":"2022-08-17T19:09:21","slug":"carte-des-intercommunalites-d-indre-et-loire","status":"publish","type":"ficha","link":"https:\/\/gifex.com\/fr\/fichier\/carte-des-intercommunalites-d-indre-et-loire\/","title":{"rendered":"Carte des intercommunalit\u00e9s d&#8217;Indre-et-Loire"},"content":{"rendered":"<p style=\"text-align: center;\"><label style=\"font-size: 15px;\">Carte des intercommunalit\u00e9s d&#8217;Indre-et-Loire.<\/label><\/p>\n<p><strong>Qu&#8217;est-ce que l&#8217;intercommunalit\u00e9 en Indre-et-Loire ?<\/strong><\/p>\n<p>L&#8217;intercommunalit\u00e9 en Indre-et-Loire d\u00e9signe l&#8217;ensemble des acteurs et organismes de coop\u00e9ration associant pour tout ou partie des communes pour l&#8217;exercice de certaines de leurs comp\u00e9tences. Selon la l\u00e9gislation en vigueur, entrent dans cette cat\u00e9gorie : les \u00e9tablissements publics de coop\u00e9ration intercommunale, les syndicats mixtes, les p\u00f4les m\u00e9tropolitains, les p\u00f4les d&#8217;\u00e9quilibre territoriaux et ruraux et d&#8217;autres formes de coop\u00e9ration intercommunale, comme les ententes, conventions et conf\u00e9rences intercommunales.<\/p>\n<p><strong>Quelles sont les intercommunalit\u00e9s d&#8217;Indre-et-Loire ?<\/strong><\/p>\n<p>Au 1er janvier 2020, le d\u00e9partement d&#8217;Indre-et-Loire compte 11 \u00e9tablissements publics de coop\u00e9ration intercommunale \u00e0 fiscalit\u00e9 propre dont le si\u00e8ge est dans le d\u00e9partement (une m\u00e9tropole et 10 communaut\u00e9s de communes).<\/p>\n<div class=\"boxscrl\">\n<table width=\"1139\">\n<tbody>\n<tr>\n<td width=\"183\">Forme<\/td>\n<td rowspan=\"2\" width=\"267\">Nom<\/td>\n<td rowspan=\"2\" width=\"70\">n<sup>o<\/sup>\u00a0\u00a0SIREN<\/td>\n<td rowspan=\"2\" width=\"119\">Date de cr\u00e9ation<\/td>\n<td width=\"77\">Nombre de<\/td>\n<td width=\"115\">Population<\/td>\n<td width=\"70\">Superficie<\/td>\n<td width=\"74\">Densit\u00e9<\/td>\n<td rowspan=\"2\" width=\"164\">Si\u00e8ge<\/td>\n<\/tr>\n<tr>\n<td width=\"183\">juridique<\/td>\n<td width=\"77\">communes<\/td>\n<td width=\"115\">(der.\u00a0pop. l\u00e9gale)<\/td>\n<td width=\"70\">(km<sup>2<\/sup>)<\/td>\n<td width=\"74\">(hab.\/km<sup>2<\/sup>)<\/td>\n<\/tr>\n<tr>\n<td width=\"183\">M\u00e9tropole<\/td>\n<td width=\"267\">Tours M\u00e9tropole Val de Loire<\/td>\n<td width=\"70\">243700754<\/td>\n<td width=\"119\">20 mars 2017<\/td>\n<td width=\"77\">22<\/td>\n<td width=\"115\"><span data-sort-value=\"&amp;0000000000294220.000000\">294\u00a0220\u00a0(2018)<\/span><\/td>\n<td width=\"70\">389,20<\/td>\n<td width=\"74\">756<\/td>\n<td width=\"164\">Tours<\/td>\n<\/tr>\n<tr>\n<td rowspan=\"10\" width=\"183\">Communaut\u00e9 de communes<\/td>\n<td width=\"267\">CC Loches Sud Touraine<\/td>\n<td width=\"70\">200071587<\/td>\n<td width=\"119\">1<sup>er<\/sup>\u00a0janvier 2017<\/td>\n<td width=\"77\">67<\/td>\n<td width=\"115\"><span data-sort-value=\"&amp;0000000000051376.000000\">51\u00a0376\u00a0(2018)<\/span><\/td>\n<td width=\"70\">1\u00a0809,50<\/td>\n<td width=\"74\">28<\/td>\n<td width=\"164\">Loches<\/td>\n<\/tr>\n<tr>\n<td width=\"267\">CC Touraine Vall\u00e9e de l&#8217;Indre<\/td>\n<td width=\"70\">200072650<\/td>\n<td width=\"119\">1<sup>er<\/sup>\u00a0janvier 2017<\/td>\n<td width=\"77\">22<\/td>\n<td width=\"115\"><span data-sort-value=\"&amp;0000000000052983.000000\">52\u00a0983\u00a0(2018)<\/span><\/td>\n<td width=\"70\">485,0<\/td>\n<td width=\"74\">109<\/td>\n<td width=\"164\">Sorigny<\/td>\n<\/tr>\n<tr>\n<td width=\"267\">CC Touraine-Est Vall\u00e9es<\/td>\n<td width=\"70\">200073161<\/td>\n<td width=\"119\">1<sup>er<\/sup>\u00a0janvier 2017<\/td>\n<td width=\"77\">10<\/td>\n<td width=\"115\"><span data-sort-value=\"&amp;0000000000039771.000000\">39\u00a0771\u00a0(2018)<\/span><\/td>\n<td width=\"70\">213,50<\/td>\n<td width=\"74\">186<\/td>\n<td width=\"164\">Montlouis-sur-Loire<\/td>\n<\/tr>\n<tr>\n<td width=\"267\">CC Touraine Ouest Val de Loire<\/td>\n<td width=\"70\">200072981<\/td>\n<td width=\"119\">1<sup>er<\/sup>\u00a0janvier 2017<\/td>\n<td width=\"77\">28<\/td>\n<td width=\"115\"><span data-sort-value=\"&amp;0000000000033294.000000\">33\u00a0294\u00a0(2018)<\/span><\/td>\n<td width=\"70\">757,90<\/td>\n<td width=\"74\">44<\/td>\n<td width=\"164\">Cl\u00e9r\u00e9-les-Pins<\/td>\n<\/tr>\n<tr>\n<td width=\"267\">CC du Val d&#8217;Amboise<\/td>\n<td width=\"70\">200043065<\/td>\n<td width=\"119\">1<sup>er<\/sup>\u00a0janvier 2014<\/td>\n<td width=\"77\">14<\/td>\n<td width=\"115\"><span data-sort-value=\"&amp;0000000000027851.000000\">27\u00a0851\u00a0(2018)<\/span><\/td>\n<td width=\"70\">253,70<\/td>\n<td width=\"74\">110<\/td>\n<td width=\"164\">Nazelles-N\u00e9gron<\/td>\n<\/tr>\n<tr>\n<td width=\"267\">CC Touraine Val de Vienne<\/td>\n<td width=\"70\">200072668<\/td>\n<td width=\"119\">1<sup>er<\/sup>\u00a0janvier 2017<\/td>\n<td width=\"77\">40<\/td>\n<td width=\"115\"><span data-sort-value=\"&amp;0000000000025101.000000\">25\u00a0101\u00a0(2018)<\/span><\/td>\n<td width=\"70\">684,30<\/td>\n<td width=\"74\">37<\/td>\n<td width=\"164\">Panzoult<\/td>\n<\/tr>\n<tr>\n<td width=\"267\">CC Chinon, Vienne et Loire<\/td>\n<td width=\"70\">200043081<\/td>\n<td width=\"119\">1<sup>er<\/sup>\u00a0janvier 2014<\/td>\n<td width=\"77\">19<\/td>\n<td width=\"115\"><span data-sort-value=\"&amp;0000000000023447.000000\">23\u00a0447\u00a0(2018)<\/span><\/td>\n<td width=\"70\">347,10<\/td>\n<td width=\"74\">68<\/td>\n<td width=\"164\">Chinon<\/td>\n<\/tr>\n<tr>\n<td width=\"267\">CC de Bl\u00e9r\u00e9 Val de Cher<\/td>\n<td width=\"70\">243700820<\/td>\n<td width=\"119\">14 d\u00e9cembre 2000<\/td>\n<td width=\"77\">15<\/td>\n<td width=\"115\"><span data-sort-value=\"&amp;0000000000021456.000000\">21\u00a0456\u00a0(2018)<\/span><\/td>\n<td width=\"70\">326,30<\/td>\n<td width=\"74\">66<\/td>\n<td width=\"164\">Bl\u00e9r\u00e9<\/td>\n<\/tr>\n<tr>\n<td width=\"267\">CC de G\u00e2tine et Choisilles &#8211; Pays de Racan<\/td>\n<td width=\"70\">200073237<\/td>\n<td width=\"119\">1<sup>er<\/sup>\u00a0janvier 2017<\/td>\n<td width=\"77\">19<\/td>\n<td width=\"115\"><span data-sort-value=\"&amp;0000000000021596.000000\">21\u00a0596\u00a0(2018)<\/span><\/td>\n<td width=\"70\">507,30<\/td>\n<td width=\"74\">43<\/td>\n<td width=\"164\">Saint-Antoine-du-Rocher<\/td>\n<\/tr>\n<tr>\n<td width=\"267\">CC du Castelrenaudais<\/td>\n<td width=\"70\">243700499<\/td>\n<td width=\"119\">10 juin 1996<\/td>\n<td width=\"77\">16<\/td>\n<td width=\"115\"><span data-sort-value=\"&amp;0000000000016665.000000\">16\u00a0665\u00a0(2018)<\/span><\/td>\n<td width=\"70\">353,10<\/td>\n<td width=\"74\">47<\/td>\n<td width=\"164\">Ch\u00e2teau-Renault<\/td>\n<\/tr>\n<\/tbody>\n<\/table>\n<\/div>\n","protected":false},"excerpt":{"rendered":"<p>Qu&#8217;est-ce que l&#8217;intercommunalit\u00e9 en Indre-et-Loire ?<\/p>\n<p>L&#8217;intercommunalit\u00e9 en Indre-et-Loire d\u00e9signe l&#8217;ensemble des ac<\/p>\n","protected":false},"author":1,"featured_media":13278,"template":"","categoria_ficha":[1824],"class_list":["post-13276","ficha","type-ficha","status-publish","has-post-thumbnail","hentry","categoria_ficha-cartes-du-departement-d-indre-et-loire"],"acf":[],"_links":{"self":[{"href":"https:\/\/gifex.com\/fr\/wp-json\/wp\/v2\/ficha\/13276","targetHints":{"allow":["GET"]}}],"collection":[{"href":"https:\/\/gifex.com\/fr\/wp-json\/wp\/v2\/ficha"}],"about":[{"href":"https:\/\/gifex.com\/fr\/wp-json\/wp\/v2\/types\/ficha"}],"author":[{"embeddable":true,"href":"https:\/\/gifex.com\/fr\/wp-json\/wp\/v2\/users\/1"}],"version-history":[{"count":3,"href":"https:\/\/gifex.com\/fr\/wp-json\/wp\/v2\/ficha\/13276\/revisions"}],"predecessor-version":[{"id":21634,"href":"https:\/\/gifex.com\/fr\/wp-json\/wp\/v2\/ficha\/13276\/revisions\/21634"}],"wp:featuredmedia":[{"embeddable":true,"href":"https:\/\/gifex.com\/fr\/wp-json\/wp\/v2\/media\/13278"}],"wp:attachment":[{"href":"https:\/\/gifex.com\/fr\/wp-json\/wp\/v2\/media?parent=13276"}],"wp:term":[{"taxonomy":"categoria_ficha","embeddable":true,"href":"https:\/\/gifex.com\/fr\/wp-json\/wp\/v2\/categoria_ficha?post=13276"}],"curies":[{"name":"wp","href":"https:\/\/api.w.org\/{rel}","templated":true}]}}