{"id":13209,"date":"2022-05-16T21:26:32","date_gmt":"2022-05-16T21:26:32","guid":{"rendered":"https:\/\/gifex.com\/fr\/?post_type=ficha&#038;p=13209"},"modified":"2022-11-30T22:20:05","modified_gmt":"2022-11-30T22:20:05","slug":"les-arrondissements-du-departement-du-gers","status":"publish","type":"ficha","link":"https:\/\/gifex.com\/fr\/fichier\/les-arrondissements-du-departement-du-gers\/","title":{"rendered":"Les arrondissements du d\u00e9partement du Gers"},"content":{"rendered":"<p style=\"text-align: center;\"><label style=\"font-size: 15px;\">Carte des arrondissements du d\u00e9partement du Gers.<\/label><\/p>\n<p>Les arrondissements du d\u00e9partement du Gers sont des circonscriptions administratives, \u00e0 savoir des zones g\u00e9ographiques r\u00e9sultant d&#8217;un d\u00e9coupage du territoire d\u00e9partemental pour les besoins de la gestion administrative. Ces arrondissements sont des subdivisions interm\u00e9diaires entre les d\u00e9partements et les cantons, et sont rapidement assimil\u00e9s aux sous-pr\u00e9fectures. D\u00e9pourvues de personnalit\u00e9 morale, ils servent de cadre \u00e0 l&#8217;action de l&#8217;Etat dans le d\u00e9partement et deviennent, depuis la r\u00e9duction cantonale de 2015, des divisions supra-communales.<\/p>\n<p>Ces arrondissements sont g\u00e9n\u00e9ralement administr\u00e9s par un sous-pr\u00e9fet (sauf l&#8217;arrondissement dont le chef-lieu est \u00e9galement celui du d\u00e9partement, qui est administr\u00e9 par le secr\u00e9taire g\u00e9n\u00e9ral de pr\u00e9fecture).<\/p>\n<p>Les 3 arrondissements du d\u00e9partement du Gers au 29 mars 2017.<\/p>\n<div class=\"boxscrl\">\n<table width=\"585\">\n<tbody>\n<tr>\n<td width=\"41\">Code<\/td>\n<td rowspan=\"2\" width=\"183\">Arrondissement<\/td>\n<td rowspan=\"2\" width=\"65\">Chef-lieu<\/td>\n<td width=\"75\">Population<\/td>\n<td width=\"70\">Superficie<\/td>\n<td width=\"74\">Densit\u00e9<\/td>\n<td width=\"77\">Communes<\/td>\n<\/tr>\n<tr>\n<td width=\"41\">Insee<\/td>\n<td width=\"75\">2019<\/td>\n<td width=\"70\">(km<sup>2<\/sup>)<\/td>\n<td width=\"74\">(hab.\/km<sup>2<\/sup>)<\/td>\n<td width=\"77\">2022<\/td>\n<\/tr>\n<tr>\n<td width=\"41\">321<\/td>\n<td width=\"183\">Arrondissement d&#8217;Auch<\/td>\n<td width=\"65\">Auch<\/td>\n<td width=\"75\">82\u00a0674<\/td>\n<td width=\"70\">1\u00a0923,5<\/td>\n<td width=\"74\">43<\/td>\n<td width=\"77\">134<\/td>\n<\/tr>\n<tr>\n<td width=\"41\">322<\/td>\n<td width=\"183\">Arrondissement de Condom<\/td>\n<td width=\"65\">Condom<\/td>\n<td width=\"75\">66\u00a0962<\/td>\n<td width=\"70\">2\u00a0462,2<\/td>\n<td width=\"74\">27,2<\/td>\n<td width=\"77\">162<\/td>\n<\/tr>\n<tr>\n<td width=\"41\">323<\/td>\n<td width=\"183\">Arrondissement de Mirande<\/td>\n<td width=\"65\">Mirande<\/td>\n<td width=\"75\">41\u00a0741<\/td>\n<td width=\"70\">1\u00a0871,2<\/td>\n<td width=\"74\">22,3<\/td>\n<td width=\"77\">165<\/td>\n<\/tr>\n<\/tbody>\n<\/table>\n<\/div>\n","protected":false},"excerpt":{"rendered":"<p>Carte des arrondissements du d\u00e9partement du Gers. Les arrondissements du d\u00e9partement du Gers sont des circonscriptions administratives, \u00e0 savoir des zones g\u00e9ographiques r\u00e9sultant d&#8217;un d\u00e9coupage du territoire d\u00e9partemental pour les besoins de la gestion administrative. Ces arrondissements sont des subdivisions interm\u00e9diaires entre les d\u00e9partements et les cantons, et sont rapidement assimil\u00e9s aux sous-pr\u00e9fectures. D\u00e9pourvues de [&hellip;]<\/p>\n","protected":false},"author":1,"featured_media":13210,"template":"","categoria_ficha":[1819],"class_list":["post-13209","ficha","type-ficha","status-publish","has-post-thumbnail","hentry","categoria_ficha-cartes-du-departement-du-gers"],"acf":[],"_links":{"self":[{"href":"https:\/\/gifex.com\/fr\/wp-json\/wp\/v2\/ficha\/13209","targetHints":{"allow":["GET"]}}],"collection":[{"href":"https:\/\/gifex.com\/fr\/wp-json\/wp\/v2\/ficha"}],"about":[{"href":"https:\/\/gifex.com\/fr\/wp-json\/wp\/v2\/types\/ficha"}],"author":[{"embeddable":true,"href":"https:\/\/gifex.com\/fr\/wp-json\/wp\/v2\/users\/1"}],"version-history":[{"count":4,"href":"https:\/\/gifex.com\/fr\/wp-json\/wp\/v2\/ficha\/13209\/revisions"}],"predecessor-version":[{"id":26751,"href":"https:\/\/gifex.com\/fr\/wp-json\/wp\/v2\/ficha\/13209\/revisions\/26751"}],"wp:featuredmedia":[{"embeddable":true,"href":"https:\/\/gifex.com\/fr\/wp-json\/wp\/v2\/media\/13210"}],"wp:attachment":[{"href":"https:\/\/gifex.com\/fr\/wp-json\/wp\/v2\/media?parent=13209"}],"wp:term":[{"taxonomy":"categoria_ficha","embeddable":true,"href":"https:\/\/gifex.com\/fr\/wp-json\/wp\/v2\/categoria_ficha?post=13209"}],"curies":[{"name":"wp","href":"https:\/\/api.w.org\/{rel}","templated":true}]}}