{"id":13197,"date":"2022-05-16T21:04:28","date_gmt":"2022-05-16T21:04:28","guid":{"rendered":"https:\/\/gifex.com\/fr\/?post_type=ficha&#038;p=13197"},"modified":"2022-11-30T22:21:16","modified_gmt":"2022-11-30T22:21:16","slug":"les-arrondissements-du-departement-du-cher","status":"publish","type":"ficha","link":"https:\/\/gifex.com\/fr\/fichier\/les-arrondissements-du-departement-du-cher\/","title":{"rendered":"Les arrondissements du d\u00e9partement du Cher"},"content":{"rendered":"<p style=\"text-align: center;\"><label style=\"font-size: 15px;\">Carte des arrondissements du d\u00e9partement du Cher.<\/label><\/p>\n<p>Les arrondissements du d\u00e9partement du Cher sont des circonscriptions administratives, \u00e0 savoir des zones g\u00e9ographiques r\u00e9sultant d&#8217;un d\u00e9coupage du territoire d\u00e9partemental pour les besoins de la gestion administrative. Ces arrondissements sont des subdivisions interm\u00e9diaires entre les d\u00e9partements et les cantons, et sont rapidement assimil\u00e9s aux sous-pr\u00e9fectures. D\u00e9pourvues de personnalit\u00e9 morale, ils servent de cadre \u00e0 l&#8217;action de l&#8217;Etat dans le d\u00e9partement et deviennent, depuis la r\u00e9duction cantonale de 2015, des divisions supra-communales.<\/p>\n<p>Ces arrondissements sont g\u00e9n\u00e9ralement administr\u00e9s par un sous-pr\u00e9fet (sauf l&#8217;arrondissement dont le chef-lieu est \u00e9galement celui du d\u00e9partement, qui est administr\u00e9 par le secr\u00e9taire g\u00e9n\u00e9ral de pr\u00e9fecture).<\/p>\n<p>Les 3 arrondissements du d\u00e9partement du Cher au 29 mars 2017.<\/p>\n<div class=\"boxscrl\">\n<table width=\"774\">\n<tbody>\n<tr>\n<td width=\"41\">Code<\/td>\n<td rowspan=\"2\" width=\"281\">Arrondissement<\/td>\n<td rowspan=\"2\" width=\"156\">Chef-lieu<\/td>\n<td width=\"75\">Population<\/td>\n<td width=\"70\">Superficie<\/td>\n<td width=\"74\">Densit\u00e9<\/td>\n<td width=\"77\">Communes<\/td>\n<\/tr>\n<tr>\n<td width=\"41\">Insee<\/td>\n<td width=\"75\">2019<\/td>\n<td width=\"70\">(km<sup>2<\/sup>)<\/td>\n<td width=\"74\">(hab.\/km<sup>2<\/sup>)<\/td>\n<td width=\"77\">2022<\/td>\n<\/tr>\n<tr>\n<td width=\"41\">181<\/td>\n<td width=\"281\">Arrondissement de Bourges<\/td>\n<td width=\"156\">Bourges<\/td>\n<td width=\"75\">171\u00a0566<\/td>\n<td width=\"70\">2\u00a0783,9<\/td>\n<td width=\"74\">61,6<\/td>\n<td width=\"77\">128<\/td>\n<\/tr>\n<tr>\n<td width=\"41\">182<\/td>\n<td width=\"281\">Arrondissement de Saint-Amand-Montrond<\/td>\n<td width=\"156\">Saint-Amand-Montrond<\/td>\n<td width=\"75\">62\u00a0042<\/td>\n<td width=\"70\">2\u00a0683,7<\/td>\n<td width=\"74\">23,1<\/td>\n<td width=\"77\">116<\/td>\n<\/tr>\n<tr>\n<td width=\"41\">183<\/td>\n<td width=\"281\">Arrondissement de Vierzon<\/td>\n<td width=\"156\">Vierzon<\/td>\n<td width=\"75\">68\u00a0698<\/td>\n<td width=\"70\">1\u00a0767,4<\/td>\n<td width=\"74\">38,9<\/td>\n<td width=\"77\">43<\/td>\n<\/tr>\n<\/tbody>\n<\/table>\n<\/div>\n","protected":false},"excerpt":{"rendered":"<p>Carte des arrondissements du d\u00e9partement du Cher. Les arrondissements du d\u00e9partement du Cher sont des circonscriptions administratives, \u00e0 savoir des zones g\u00e9ographiques r\u00e9sultant d&#8217;un d\u00e9coupage du territoire d\u00e9partemental pour les besoins de la gestion administrative. Ces arrondissements sont des subdivisions interm\u00e9diaires entre les d\u00e9partements et les cantons, et sont rapidement assimil\u00e9s aux sous-pr\u00e9fectures. D\u00e9pourvues de [&hellip;]<\/p>\n","protected":false},"author":1,"featured_media":13198,"template":"","categoria_ficha":[1804],"class_list":["post-13197","ficha","type-ficha","status-publish","has-post-thumbnail","hentry","categoria_ficha-cartes-du-departement-du-cher"],"acf":[],"_links":{"self":[{"href":"https:\/\/gifex.com\/fr\/wp-json\/wp\/v2\/ficha\/13197","targetHints":{"allow":["GET"]}}],"collection":[{"href":"https:\/\/gifex.com\/fr\/wp-json\/wp\/v2\/ficha"}],"about":[{"href":"https:\/\/gifex.com\/fr\/wp-json\/wp\/v2\/types\/ficha"}],"author":[{"embeddable":true,"href":"https:\/\/gifex.com\/fr\/wp-json\/wp\/v2\/users\/1"}],"version-history":[{"count":4,"href":"https:\/\/gifex.com\/fr\/wp-json\/wp\/v2\/ficha\/13197\/revisions"}],"predecessor-version":[{"id":26755,"href":"https:\/\/gifex.com\/fr\/wp-json\/wp\/v2\/ficha\/13197\/revisions\/26755"}],"wp:featuredmedia":[{"embeddable":true,"href":"https:\/\/gifex.com\/fr\/wp-json\/wp\/v2\/media\/13198"}],"wp:attachment":[{"href":"https:\/\/gifex.com\/fr\/wp-json\/wp\/v2\/media?parent=13197"}],"wp:term":[{"taxonomy":"categoria_ficha","embeddable":true,"href":"https:\/\/gifex.com\/fr\/wp-json\/wp\/v2\/categoria_ficha?post=13197"}],"curies":[{"name":"wp","href":"https:\/\/api.w.org\/{rel}","templated":true}]}}