{"id":13135,"date":"2022-05-16T14:34:55","date_gmt":"2022-05-16T14:34:55","guid":{"rendered":"https:\/\/gifex.com\/fr\/?post_type=ficha&#038;p=13135"},"modified":"2022-11-30T21:50:38","modified_gmt":"2022-11-30T21:50:38","slug":"les-arrondissements-du-departement-de-tarn-et-garonne","status":"publish","type":"ficha","link":"https:\/\/gifex.com\/fr\/fichier\/les-arrondissements-du-departement-de-tarn-et-garonne\/","title":{"rendered":"Les arrondissements du d\u00e9partement de Tarn-et-Garonne"},"content":{"rendered":"<p style=\"text-align: center;\"><label style=\"font-size: 15px;\">Carte des arrondissements du d\u00e9partement de Tarn-et-Garonne.<\/label><\/p>\n<p>Les arrondissements du d\u00e9partement de Tarn-et-Garonne sont des circonscriptions administratives, \u00e0 savoir des zones g\u00e9ographiques r\u00e9sultant d&#8217;un d\u00e9coupage du territoire d\u00e9partemental pour les besoins de la gestion administrative. Ces arrondissements sont des subdivisions interm\u00e9diaires entre les d\u00e9partements et les cantons, et sont rapidement assimil\u00e9s aux sous-pr\u00e9fectures. D\u00e9pourvues de personnalit\u00e9 morale, ils servent de cadre \u00e0 l&#8217;action de l&#8217;Etat dans le d\u00e9partement et deviennent, depuis la r\u00e9duction cantonale de 2015, des divisions supra-communales.<\/p>\n<p>Ces arrondissements sont g\u00e9n\u00e9ralement administr\u00e9s par un sous-pr\u00e9fet (sauf l&#8217;arrondissement dont le chef-lieu est \u00e9galement celui du d\u00e9partement, qui est administr\u00e9 par le secr\u00e9taire g\u00e9n\u00e9ral de pr\u00e9fecture).<\/p>\n<p>Les 2 arrondissements du d\u00e9partement de Tarn-et-Garonne au 29 mars 2017.<\/p>\n<div class=\"boxscrl\">\n<table width=\"648\">\n<tbody>\n<tr>\n<td width=\"41\">Code<\/td>\n<td rowspan=\"2\" width=\"218\">Arrondissement<\/td>\n<td rowspan=\"2\" width=\"93\">Chef-lieu<\/td>\n<td width=\"75\">Population<\/td>\n<td width=\"70\">Superficie<\/td>\n<td width=\"74\">Densit\u00e9<\/td>\n<td width=\"77\">Communes<\/td>\n<\/tr>\n<tr>\n<td width=\"41\">Insee<\/td>\n<td width=\"75\">2019<\/td>\n<td width=\"70\">(km<sup>2<\/sup>)<\/td>\n<td width=\"74\">(hab.\/km<sup>2<\/sup>)<\/td>\n<td width=\"77\">2022<\/td>\n<\/tr>\n<tr>\n<td width=\"41\">821<\/td>\n<td width=\"218\">Arrondissement de Castelsarrasin<\/td>\n<td width=\"93\">Castelsarrasin<\/td>\n<td width=\"75\">78\u00a0399<\/td>\n<td width=\"70\">1\u00a0601,5<\/td>\n<td width=\"74\">49<\/td>\n<td width=\"77\">103<\/td>\n<\/tr>\n<tr>\n<td width=\"41\">822<\/td>\n<td width=\"218\">Arrondissement de Montauban<\/td>\n<td width=\"93\">Montauban<\/td>\n<td width=\"75\">182\u00a0270<\/td>\n<td width=\"70\">2\u00a0116,8<\/td>\n<td width=\"74\">86,1<\/td>\n<td width=\"77\">92<\/td>\n<\/tr>\n<\/tbody>\n<\/table>\n<\/div>\n","protected":false},"excerpt":{"rendered":"<p>Carte des arrondissements du d\u00e9partement de Tarn-et-Garonne. Les arrondissements du d\u00e9partement de Tarn-et-Garonne sont des circonscriptions administratives, \u00e0 savoir des zones g\u00e9ographiques r\u00e9sultant d&#8217;un d\u00e9coupage du territoire d\u00e9partemental pour les besoins de la gestion administrative. Ces arrondissements sont des subdivisions interm\u00e9diaires entre les d\u00e9partements et les cantons, et sont rapidement assimil\u00e9s aux sous-pr\u00e9fectures. D\u00e9pourvues de [&hellip;]<\/p>\n","protected":false},"author":1,"featured_media":13136,"template":"","categoria_ficha":[1880],"class_list":["post-13135","ficha","type-ficha","status-publish","has-post-thumbnail","hentry","categoria_ficha-cartes-du-departement-de-tarn-et-garonne"],"acf":[],"_links":{"self":[{"href":"https:\/\/gifex.com\/fr\/wp-json\/wp\/v2\/ficha\/13135","targetHints":{"allow":["GET"]}}],"collection":[{"href":"https:\/\/gifex.com\/fr\/wp-json\/wp\/v2\/ficha"}],"about":[{"href":"https:\/\/gifex.com\/fr\/wp-json\/wp\/v2\/types\/ficha"}],"author":[{"embeddable":true,"href":"https:\/\/gifex.com\/fr\/wp-json\/wp\/v2\/users\/1"}],"version-history":[{"count":4,"href":"https:\/\/gifex.com\/fr\/wp-json\/wp\/v2\/ficha\/13135\/revisions"}],"predecessor-version":[{"id":26724,"href":"https:\/\/gifex.com\/fr\/wp-json\/wp\/v2\/ficha\/13135\/revisions\/26724"}],"wp:featuredmedia":[{"embeddable":true,"href":"https:\/\/gifex.com\/fr\/wp-json\/wp\/v2\/media\/13136"}],"wp:attachment":[{"href":"https:\/\/gifex.com\/fr\/wp-json\/wp\/v2\/media?parent=13135"}],"wp:term":[{"taxonomy":"categoria_ficha","embeddable":true,"href":"https:\/\/gifex.com\/fr\/wp-json\/wp\/v2\/categoria_ficha?post=13135"}],"curies":[{"name":"wp","href":"https:\/\/api.w.org\/{rel}","templated":true}]}}