{"id":13107,"date":"2022-05-15T22:39:14","date_gmt":"2022-05-15T22:39:14","guid":{"rendered":"https:\/\/gifex.com\/fr\/?post_type=ficha&#038;p=13107"},"modified":"2022-11-30T21:35:16","modified_gmt":"2022-11-30T21:35:16","slug":"les-arrondissements-du-departement-de-la-somme","status":"publish","type":"ficha","link":"https:\/\/gifex.com\/fr\/fichier\/les-arrondissements-du-departement-de-la-somme\/","title":{"rendered":"Les arrondissements du d\u00e9partement de la Somme"},"content":{"rendered":"<p style=\"text-align: center;\"><label style=\"font-size: 15px;\">Carte des arrondissements du d\u00e9partement de la Somme.<\/label><\/p>\n<p>Les arrondissements du d\u00e9partement de la Somme sont des circonscriptions administratives, \u00e0 savoir des zones g\u00e9ographiques r\u00e9sultant d&#8217;un d\u00e9coupage du territoire d\u00e9partemental pour les besoins de la gestion administrative. Ces arrondissements sont des subdivisions interm\u00e9diaires entre les d\u00e9partements et les cantons, et sont rapidement assimil\u00e9s aux sous-pr\u00e9fectures. D\u00e9pourvues de personnalit\u00e9 morale, ils servent de cadre \u00e0 l&#8217;action de l&#8217;Etat dans le d\u00e9partement et deviennent, depuis la r\u00e9duction cantonale de 2015, des divisions supra-communales.<\/p>\n<p>Ces arrondissements sont g\u00e9n\u00e9ralement administr\u00e9s par un sous-pr\u00e9fet (sauf l&#8217;arrondissement dont le chef-lieu est \u00e9galement celui du d\u00e9partement, qui est administr\u00e9 par le secr\u00e9taire g\u00e9n\u00e9ral de pr\u00e9fecture).<\/p>\n<p>Les 4 arrondissements du d\u00e9partement de la Somme au 29 mars 2017.<\/p>\n<div class=\"boxscrl\">\n<table width=\"616\">\n<tbody>\n<tr>\n<td width=\"41\">Code<\/td>\n<td rowspan=\"2\" width=\"202\">Arrondissement<\/td>\n<td rowspan=\"2\" width=\"77\">Chef-lieu<\/td>\n<td width=\"75\">Population<\/td>\n<td width=\"70\">Superficie<\/td>\n<td width=\"74\">Densit\u00e9<\/td>\n<td width=\"77\">Communes<\/td>\n<\/tr>\n<tr>\n<td width=\"41\">Insee<\/td>\n<td width=\"75\">2019<\/td>\n<td width=\"70\">(km<sup>2<\/sup>)<\/td>\n<td width=\"74\">(hab.\/km<sup>2<\/sup>)<\/td>\n<td width=\"77\">2022<\/td>\n<\/tr>\n<tr>\n<td width=\"41\">801<\/td>\n<td width=\"202\">Arrondissement d&#8217;Abbeville<\/td>\n<td width=\"77\">Abbeville<\/td>\n<td width=\"75\">123\u00a0892<\/td>\n<td width=\"70\">1\u00a0560,6<\/td>\n<td width=\"74\">79,4<\/td>\n<td width=\"77\">164<\/td>\n<\/tr>\n<tr>\n<td width=\"41\">802<\/td>\n<td width=\"202\">Arrondissement d&#8217;Amiens<\/td>\n<td width=\"77\">Amiens<\/td>\n<td width=\"75\">305\u00a0667<\/td>\n<td width=\"70\">2\u00a0343,1<\/td>\n<td width=\"74\">130,5<\/td>\n<td width=\"77\">291<\/td>\n<\/tr>\n<tr>\n<td width=\"41\">803<\/td>\n<td width=\"202\">Arrondissement de Montdidier<\/td>\n<td width=\"77\">Montdidier<\/td>\n<td width=\"75\">47\u00a0393<\/td>\n<td width=\"70\">781,9<\/td>\n<td width=\"74\">60,6<\/td>\n<td width=\"77\">109<\/td>\n<\/tr>\n<tr>\n<td width=\"41\">804<\/td>\n<td width=\"202\">Arrondissement de P\u00e9ronne<\/td>\n<td width=\"77\">P\u00e9ronne<\/td>\n<td width=\"75\">93\u00a0607<\/td>\n<td width=\"70\">1\u00a0484,6<\/td>\n<td width=\"74\">63,1<\/td>\n<td width=\"77\">208<\/td>\n<\/tr>\n<\/tbody>\n<\/table>\n<\/div>\n","protected":false},"excerpt":{"rendered":"<p>Carte des arrondissements du d\u00e9partement de la Somme. Les arrondissements du d\u00e9partement de la Somme sont des circonscriptions administratives, \u00e0 savoir des zones g\u00e9ographiques r\u00e9sultant d&#8217;un d\u00e9coupage du territoire d\u00e9partemental pour les besoins de la gestion administrative. Ces arrondissements sont des subdivisions interm\u00e9diaires entre les d\u00e9partements et les cantons, et sont rapidement assimil\u00e9s aux sous-pr\u00e9fectures. [&hellip;]<\/p>\n","protected":false},"author":1,"featured_media":13109,"template":"","categoria_ficha":[1863],"class_list":["post-13107","ficha","type-ficha","status-publish","has-post-thumbnail","hentry","categoria_ficha-cartes-du-departement-de-la-somme"],"acf":[],"_links":{"self":[{"href":"https:\/\/gifex.com\/fr\/wp-json\/wp\/v2\/ficha\/13107","targetHints":{"allow":["GET"]}}],"collection":[{"href":"https:\/\/gifex.com\/fr\/wp-json\/wp\/v2\/ficha"}],"about":[{"href":"https:\/\/gifex.com\/fr\/wp-json\/wp\/v2\/types\/ficha"}],"author":[{"embeddable":true,"href":"https:\/\/gifex.com\/fr\/wp-json\/wp\/v2\/users\/1"}],"version-history":[{"count":4,"href":"https:\/\/gifex.com\/fr\/wp-json\/wp\/v2\/ficha\/13107\/revisions"}],"predecessor-version":[{"id":26713,"href":"https:\/\/gifex.com\/fr\/wp-json\/wp\/v2\/ficha\/13107\/revisions\/26713"}],"wp:featuredmedia":[{"embeddable":true,"href":"https:\/\/gifex.com\/fr\/wp-json\/wp\/v2\/media\/13109"}],"wp:attachment":[{"href":"https:\/\/gifex.com\/fr\/wp-json\/wp\/v2\/media?parent=13107"}],"wp:term":[{"taxonomy":"categoria_ficha","embeddable":true,"href":"https:\/\/gifex.com\/fr\/wp-json\/wp\/v2\/categoria_ficha?post=13107"}],"curies":[{"name":"wp","href":"https:\/\/api.w.org\/{rel}","templated":true}]}}