{"id":13066,"date":"2022-05-15T17:17:04","date_gmt":"2022-05-15T17:17:04","guid":{"rendered":"https:\/\/gifex.com\/fr\/?post_type=ficha&#038;p=13066"},"modified":"2023-02-01T22:44:19","modified_gmt":"2023-02-01T22:44:19","slug":"les-arrondissements-du-departement-de-la-loire-atlantique","status":"publish","type":"ficha","link":"https:\/\/gifex.com\/fr\/fichier\/les-arrondissements-du-departement-de-la-loire-atlantique\/","title":{"rendered":"Les arrondissements du d\u00e9partement de la Loire-Atlantique"},"content":{"rendered":"<p style=\"text-align: center;\"><label style=\"font-size: 15px;\">Carte des arrondissements du d\u00e9partement de la Loire-Atlantique.<\/label><\/p>\n<p>Les arrondissements du d\u00e9partement de la Loire-Atlantique sont des circonscriptions administratives, \u00e0 savoir des zones g\u00e9ographiques r\u00e9sultant d&#8217;un d\u00e9coupage du territoire d\u00e9partemental pour les besoins de la gestion administrative. Ces arrondissements sont des subdivisions interm\u00e9diaires entre les d\u00e9partements et les cantons, et sont rapidement assimil\u00e9s aux sous-pr\u00e9fectures. D\u00e9pourvues de personnalit\u00e9 morale, ils servent de cadre \u00e0 l&#8217;action de l&#8217;Etat dans le d\u00e9partement et deviennent, depuis la r\u00e9duction cantonale de 2015, des divisions supra-communales.<\/p>\n<p>Ces arrondissements sont g\u00e9n\u00e9ralement administr\u00e9s par un sous-pr\u00e9fet (sauf l&#8217;arrondissement dont le chef-lieu est \u00e9galement celui du d\u00e9partement, qui est administr\u00e9 par le secr\u00e9taire g\u00e9n\u00e9ral de pr\u00e9fecture).<\/p>\n<p>Les 3 arrondissements du d\u00e9partement de la Loire-Atlantique au 29 mars 2017.<\/p>\n<div class=\"boxscrl\">\n<table width=\"708\">\n<tbody>\n<tr>\n<td width=\"41\">Code<\/td>\n<td rowspan=\"2\" width=\"276\">Arrondissement<\/td>\n<td rowspan=\"2\" width=\"95\">Chef-lieu<\/td>\n<td width=\"75\">Population<\/td>\n<td width=\"70\">Superficie<\/td>\n<td width=\"74\">Densit\u00e9<\/td>\n<td width=\"77\">Communes<\/td>\n<\/tr>\n<tr>\n<td width=\"41\">Insee<\/td>\n<td width=\"75\">2019<\/td>\n<td width=\"70\">(km<sup>2<\/sup>)<\/td>\n<td width=\"74\">(hab.\/km<sup>2<\/sup>)<\/td>\n<td width=\"77\">2022<\/td>\n<\/tr>\n<tr>\n<td width=\"41\">442<\/td>\n<td width=\"276\">Arrondissement de Nantes<\/td>\n<td width=\"95\">Nantes<\/td>\n<td width=\"75\">864\u00a0158<\/td>\n<td width=\"70\">1\u00a0958,7<\/td>\n<td width=\"74\">441,2<\/td>\n<td width=\"77\">76<\/td>\n<\/tr>\n<tr>\n<td width=\"41\">443<\/td>\n<td width=\"276\">Arrondissement de Saint-Nazaire<\/td>\n<td width=\"95\">Saint-Nazaire<\/td>\n<td width=\"75\">337\u00a0148<\/td>\n<td width=\"70\">1\u00a0758,1<\/td>\n<td width=\"74\">191,8<\/td>\n<td width=\"77\">55<\/td>\n<\/tr>\n<tr>\n<td width=\"41\">445<\/td>\n<td width=\"276\">Arrondissement de Ch\u00e2teaubriant-Ancenis<\/td>\n<td width=\"95\">Ch\u00e2teaubriant<\/td>\n<td width=\"75\">227\u00a0966<\/td>\n<td width=\"70\">3\u00a0157,6<\/td>\n<td width=\"74\">72,2<\/td>\n<td width=\"77\">76<\/td>\n<\/tr>\n<\/tbody>\n<\/table>\n<\/div>\n","protected":false},"excerpt":{"rendered":"<p>Carte des arrondissements du d\u00e9partement de la Loire-Atlantique. Les arrondissements du d\u00e9partement de la Loire-Atlantique sont des circonscriptions administratives, \u00e0 savoir des zones g\u00e9ographiques r\u00e9sultant d&#8217;un d\u00e9coupage du territoire d\u00e9partemental pour les besoins de la gestion administrative. Ces arrondissements sont des subdivisions interm\u00e9diaires entre les d\u00e9partements et les cantons, et sont rapidement assimil\u00e9s aux sous-pr\u00e9fectures. [&hellip;]<\/p>\n","protected":false},"author":1,"featured_media":13067,"template":"","categoria_ficha":[1831],"class_list":["post-13066","ficha","type-ficha","status-publish","has-post-thumbnail","hentry","categoria_ficha-cartes-du-departement-de-la-loire-atlantique"],"acf":[],"_links":{"self":[{"href":"https:\/\/gifex.com\/fr\/wp-json\/wp\/v2\/ficha\/13066","targetHints":{"allow":["GET"]}}],"collection":[{"href":"https:\/\/gifex.com\/fr\/wp-json\/wp\/v2\/ficha"}],"about":[{"href":"https:\/\/gifex.com\/fr\/wp-json\/wp\/v2\/types\/ficha"}],"author":[{"embeddable":true,"href":"https:\/\/gifex.com\/fr\/wp-json\/wp\/v2\/users\/1"}],"version-history":[{"count":6,"href":"https:\/\/gifex.com\/fr\/wp-json\/wp\/v2\/ficha\/13066\/revisions"}],"predecessor-version":[{"id":33449,"href":"https:\/\/gifex.com\/fr\/wp-json\/wp\/v2\/ficha\/13066\/revisions\/33449"}],"wp:featuredmedia":[{"embeddable":true,"href":"https:\/\/gifex.com\/fr\/wp-json\/wp\/v2\/media\/13067"}],"wp:attachment":[{"href":"https:\/\/gifex.com\/fr\/wp-json\/wp\/v2\/media?parent=13066"}],"wp:term":[{"taxonomy":"categoria_ficha","embeddable":true,"href":"https:\/\/gifex.com\/fr\/wp-json\/wp\/v2\/categoria_ficha?post=13066"}],"curies":[{"name":"wp","href":"https:\/\/api.w.org\/{rel}","templated":true}]}}