{"id":13057,"date":"2022-05-15T15:52:07","date_gmt":"2022-05-15T15:52:07","guid":{"rendered":"https:\/\/gifex.com\/fr\/?post_type=ficha&#038;p=13057"},"modified":"2022-11-30T21:21:41","modified_gmt":"2022-11-30T21:21:41","slug":"les-arrondissements-du-departement-de-la-haute-savoie","status":"publish","type":"ficha","link":"https:\/\/gifex.com\/fr\/fichier\/les-arrondissements-du-departement-de-la-haute-savoie\/","title":{"rendered":"Les arrondissements du d\u00e9partement de la Haute-Savoie"},"content":{"rendered":"<p style=\"text-align: center;\"><label style=\"font-size: 15px;\">Carte des arrondissements du d\u00e9partement de la Haute-Savoie.<\/label><\/p>\n<p>Les arrondissements du d\u00e9partement de la Haute-Savoie sont des circonscriptions administratives, \u00e0 savoir des zones g\u00e9ographiques r\u00e9sultant d&#8217;un d\u00e9coupage du territoire d\u00e9partemental pour les besoins de la gestion administrative. Ces arrondissements sont des subdivisions interm\u00e9diaires entre les d\u00e9partements et les cantons, et sont rapidement assimil\u00e9s aux sous-pr\u00e9fectures. D\u00e9pourvues de personnalit\u00e9 morale, ils servent de cadre \u00e0 l&#8217;action de l&#8217;Etat dans le d\u00e9partement et deviennent, depuis la r\u00e9duction cantonale de 2015, des divisions supra-communales.<\/p>\n<p>Ces arrondissements sont g\u00e9n\u00e9ralement administr\u00e9s par un sous-pr\u00e9fet (sauf l&#8217;arrondissement dont le chef-lieu est \u00e9galement celui du d\u00e9partement, qui est administr\u00e9 par le secr\u00e9taire g\u00e9n\u00e9ral de pr\u00e9fecture).<\/p>\n<p>Les 4 arrondissements du d\u00e9partement de la Haute-Savoie au 29 mars 2017.<\/p>\n<div class=\"boxscrl\">\n<table width=\"794\">\n<tbody>\n<tr>\n<td width=\"41\">Code<\/td>\n<td rowspan=\"2\" width=\"291\">Arrondissement<\/td>\n<td rowspan=\"2\" width=\"166\">Chef-lieu<\/td>\n<td width=\"75\">Population<\/td>\n<td width=\"70\">Superficie<\/td>\n<td width=\"74\">Densit\u00e9<\/td>\n<td width=\"77\">Communes<\/td>\n<\/tr>\n<tr>\n<td width=\"41\">Insee<\/td>\n<td width=\"75\">2019<\/td>\n<td width=\"70\">(km<sup>2<\/sup>)<\/td>\n<td width=\"74\">(hab.\/km<sup>2<\/sup>)<\/td>\n<td width=\"77\">2022<\/td>\n<\/tr>\n<tr>\n<td width=\"41\">741<\/td>\n<td width=\"291\">Arrondissement d&#8217;Annecy<\/td>\n<td width=\"166\">Annecy<\/td>\n<td width=\"75\">291\u00a0261<\/td>\n<td width=\"70\">1\u00a0261,6<\/td>\n<td width=\"74\">230,9<\/td>\n<td width=\"77\">79<\/td>\n<\/tr>\n<tr>\n<td width=\"41\">742<\/td>\n<td width=\"291\">Arrondissement de Bonneville<\/td>\n<td width=\"166\">Bonneville<\/td>\n<td width=\"75\">189\u00a0736<\/td>\n<td width=\"70\">1\u00a0558,2<\/td>\n<td width=\"74\">121,8<\/td>\n<td width=\"77\">60<\/td>\n<\/tr>\n<tr>\n<td width=\"41\">743<\/td>\n<td width=\"291\">Arrondissement de Saint-Julien-en-Genevois<\/td>\n<td width=\"166\">Saint-Julien-en-Genevois<\/td>\n<td width=\"75\">193\u00a0523<\/td>\n<td width=\"70\">660,3<\/td>\n<td width=\"74\">293,1<\/td>\n<td width=\"77\">72<\/td>\n<\/tr>\n<tr>\n<td width=\"41\">744<\/td>\n<td width=\"291\">Arrondissement de Thonon-les-Bains<\/td>\n<td width=\"166\">Thonon-les-Bains<\/td>\n<td width=\"75\">151\u00a0574<\/td>\n<td width=\"70\">907,7<\/td>\n<td width=\"74\">167<\/td>\n<td width=\"77\">68<\/td>\n<\/tr>\n<\/tbody>\n<\/table>\n<\/div>\n","protected":false},"excerpt":{"rendered":"<p>Carte des arrondissements du d\u00e9partement de la Haute-Savoie. Les arrondissements du d\u00e9partement de la Haute-Savoie sont des circonscriptions administratives, \u00e0 savoir des zones g\u00e9ographiques r\u00e9sultant d&#8217;un d\u00e9coupage du territoire d\u00e9partemental pour les besoins de la gestion administrative. Ces arrondissements sont des subdivisions interm\u00e9diaires entre les d\u00e9partements et les cantons, et sont rapidement assimil\u00e9s aux sous-pr\u00e9fectures. [&hellip;]<\/p>\n","protected":false},"author":1,"featured_media":13058,"template":"","categoria_ficha":[1879],"class_list":["post-13057","ficha","type-ficha","status-publish","has-post-thumbnail","hentry","categoria_ficha-cartes-du-departement-de-la-haute-savoie"],"acf":[],"_links":{"self":[{"href":"https:\/\/gifex.com\/fr\/wp-json\/wp\/v2\/ficha\/13057","targetHints":{"allow":["GET"]}}],"collection":[{"href":"https:\/\/gifex.com\/fr\/wp-json\/wp\/v2\/ficha"}],"about":[{"href":"https:\/\/gifex.com\/fr\/wp-json\/wp\/v2\/types\/ficha"}],"author":[{"embeddable":true,"href":"https:\/\/gifex.com\/fr\/wp-json\/wp\/v2\/users\/1"}],"version-history":[{"count":4,"href":"https:\/\/gifex.com\/fr\/wp-json\/wp\/v2\/ficha\/13057\/revisions"}],"predecessor-version":[{"id":26708,"href":"https:\/\/gifex.com\/fr\/wp-json\/wp\/v2\/ficha\/13057\/revisions\/26708"}],"wp:featuredmedia":[{"embeddable":true,"href":"https:\/\/gifex.com\/fr\/wp-json\/wp\/v2\/media\/13058"}],"wp:attachment":[{"href":"https:\/\/gifex.com\/fr\/wp-json\/wp\/v2\/media?parent=13057"}],"wp:term":[{"taxonomy":"categoria_ficha","embeddable":true,"href":"https:\/\/gifex.com\/fr\/wp-json\/wp\/v2\/categoria_ficha?post=13057"}],"curies":[{"name":"wp","href":"https:\/\/api.w.org\/{rel}","templated":true}]}}