{"id":12931,"date":"2022-05-14T15:56:05","date_gmt":"2022-05-14T15:56:05","guid":{"rendered":"https:\/\/gifex.com\/fr\/?post_type=ficha&#038;p=12931"},"modified":"2022-11-30T20:16:23","modified_gmt":"2022-11-30T20:16:23","slug":"les-arrondissements-du-departement-d-eure-et-loir","status":"publish","type":"ficha","link":"https:\/\/gifex.com\/fr\/fichier\/les-arrondissements-du-departement-d-eure-et-loir\/","title":{"rendered":"Les arrondissements du d\u00e9partement d&#8217;Eure-et-Loir"},"content":{"rendered":"<p style=\"text-align: center;\"><label style=\"font-size: 15px;\">Carte des arrondissements du d\u00e9partement d&#8217;Eure-et-Loir.<\/label><\/p>\n<p>Les arrondissements du d\u00e9partement d&#8217;Eure-et-Loir sont des circonscriptions administratives, \u00e0 savoir des zones g\u00e9ographiques r\u00e9sultant d&#8217;un d\u00e9coupage du territoire d\u00e9partemental pour les besoins de la gestion administrative. Ces arrondissements sont des subdivisions interm\u00e9diaires entre les d\u00e9partements et les cantons, et sont rapidement assimil\u00e9s aux sous-pr\u00e9fectures. D\u00e9pourvues de personnalit\u00e9 morale, ils servent de cadre \u00e0 l&#8217;action de l&#8217;Etat dans le d\u00e9partement et deviennent, depuis la r\u00e9duction cantonale de 2015, des divisions supra-communales.<\/p>\n<p>Ces arrondissements sont g\u00e9n\u00e9ralement administr\u00e9s par un sous-pr\u00e9fet (sauf l&#8217;arrondissement dont le chef-lieu est \u00e9galement celui du d\u00e9partement, qui est administr\u00e9 par le secr\u00e9taire g\u00e9n\u00e9ral de pr\u00e9fecture).<\/p>\n<p>Les 4 arrondissements du d\u00e9partement d&#8217;Eure-et-Loir au 29 mars 2017.<\/p>\n<div class=\"boxscrl\">\n<table width=\"698\">\n<tbody>\n<tr>\n<td width=\"41\">Code<\/td>\n<td rowspan=\"2\" width=\"243\">Arrondissement<\/td>\n<td rowspan=\"2\" width=\"118\">Chef-lieu<\/td>\n<td width=\"75\">Population<\/td>\n<td width=\"70\">Superficie<\/td>\n<td width=\"74\">Densit\u00e9<\/td>\n<td width=\"77\">Communes<\/td>\n<\/tr>\n<tr>\n<td width=\"41\">Insee<\/td>\n<td width=\"75\">2019<\/td>\n<td width=\"70\">(km<sup>2<\/sup>)<\/td>\n<td width=\"74\">(hab.\/km<sup>2<\/sup>)<\/td>\n<td width=\"77\">2022<\/td>\n<\/tr>\n<tr>\n<td width=\"41\">281<\/td>\n<td width=\"243\">Arrondissement de Chartres<\/td>\n<td width=\"118\">Chartres<\/td>\n<td width=\"75\">209\u00a0576<\/td>\n<td width=\"70\"><span data-sort-value=\"&amp;0000000000002129.500000\">2\u00a0129,5<\/span><\/td>\n<td width=\"74\"><span data-sort-value=\"&amp;0000000000000098.400000\">98,4<\/span><\/td>\n<td width=\"77\">148<\/td>\n<\/tr>\n<tr>\n<td width=\"41\">282<\/td>\n<td width=\"243\">Arrondissement de Ch\u00e2teaudun<\/td>\n<td width=\"118\">Ch\u00e2teaudun<\/td>\n<td width=\"75\">57\u00a0999<\/td>\n<td width=\"70\"><span data-sort-value=\"&amp;0000000000001438.800000\">1\u00a0438,8<\/span><\/td>\n<td width=\"74\"><span data-sort-value=\"&amp;0000000000000040.300000\">40,3<\/span><\/td>\n<td width=\"77\">61<\/td>\n<\/tr>\n<tr>\n<td width=\"41\">283<\/td>\n<td width=\"243\">Arrondissement de Dreux<\/td>\n<td width=\"118\">Dreux<\/td>\n<td width=\"75\">128\u00a0825<\/td>\n<td width=\"70\"><span data-sort-value=\"&amp;0000000000001500.500000\">1\u00a0500,5<\/span><\/td>\n<td width=\"74\"><span data-sort-value=\"&amp;0000000000000085.900000\">85,9<\/span><\/td>\n<td width=\"77\">108<\/td>\n<\/tr>\n<tr>\n<td width=\"41\">284<\/td>\n<td width=\"243\">Arrondissement de Nogent-le-Rotrou<\/td>\n<td width=\"118\">Nogent-le-Rotrou<\/td>\n<td width=\"75\">35\u00a0175<\/td>\n<td width=\"70\"><span data-sort-value=\"&amp;0000000000000811.100000\">811,1<\/span><\/td>\n<td width=\"74\"><span data-sort-value=\"&amp;0000000000000043.400000\">43,4<\/span><\/td>\n<td width=\"77\">48<\/td>\n<\/tr>\n<\/tbody>\n<\/table>\n<\/div>\n","protected":false},"excerpt":{"rendered":"<p>Carte des arrondissements du d\u00e9partement d&#8217;Eure-et-Loir. Les arrondissements du d\u00e9partement d&#8217;Eure-et-Loir sont des circonscriptions administratives, \u00e0 savoir des zones g\u00e9ographiques r\u00e9sultant d&#8217;un d\u00e9coupage du territoire d\u00e9partemental pour les besoins de la gestion administrative. Ces arrondissements sont des subdivisions interm\u00e9diaires entre les d\u00e9partements et les cantons, et sont rapidement assimil\u00e9s aux sous-pr\u00e9fectures. D\u00e9pourvues de personnalit\u00e9 morale, [&hellip;]<\/p>\n","protected":false},"author":1,"featured_media":12932,"template":"","categoria_ficha":[1815],"class_list":["post-12931","ficha","type-ficha","status-publish","has-post-thumbnail","hentry","categoria_ficha-cartes-du-departement-d-eure-et-loir"],"acf":[],"_links":{"self":[{"href":"https:\/\/gifex.com\/fr\/wp-json\/wp\/v2\/ficha\/12931","targetHints":{"allow":["GET"]}}],"collection":[{"href":"https:\/\/gifex.com\/fr\/wp-json\/wp\/v2\/ficha"}],"about":[{"href":"https:\/\/gifex.com\/fr\/wp-json\/wp\/v2\/types\/ficha"}],"author":[{"embeddable":true,"href":"https:\/\/gifex.com\/fr\/wp-json\/wp\/v2\/users\/1"}],"version-history":[{"count":10,"href":"https:\/\/gifex.com\/fr\/wp-json\/wp\/v2\/ficha\/12931\/revisions"}],"predecessor-version":[{"id":26670,"href":"https:\/\/gifex.com\/fr\/wp-json\/wp\/v2\/ficha\/12931\/revisions\/26670"}],"wp:featuredmedia":[{"embeddable":true,"href":"https:\/\/gifex.com\/fr\/wp-json\/wp\/v2\/media\/12932"}],"wp:attachment":[{"href":"https:\/\/gifex.com\/fr\/wp-json\/wp\/v2\/media?parent=12931"}],"wp:term":[{"taxonomy":"categoria_ficha","embeddable":true,"href":"https:\/\/gifex.com\/fr\/wp-json\/wp\/v2\/categoria_ficha?post=12931"}],"curies":[{"name":"wp","href":"https:\/\/api.w.org\/{rel}","templated":true}]}}