{"id":12847,"date":"2022-05-13T19:33:05","date_gmt":"2022-05-13T19:33:05","guid":{"rendered":"https:\/\/gifex.com\/fr\/?post_type=ficha&#038;p=12847"},"modified":"2024-10-18T19:13:22","modified_gmt":"2024-10-18T19:13:22","slug":"ou-se-trouve-le-departement-du-gers","status":"publish","type":"ficha","link":"https:\/\/gifex.com\/fr\/fichier\/ou-se-trouve-le-departement-du-gers\/","title":{"rendered":"O\u00f9 se trouve le d\u00e9partement du Gers ?"},"content":{"rendered":"<p style=\"text-align: center;\"><label style=\"font-size: 15px;\">Carte de localisation du d\u00e9partement du Gers en France.<\/label><\/p>\n<p>Le d\u00e9partement du Gers (repr\u00e9sent\u00e9 en couleur olive sur les cartes ci-dessus et ci-dessous) se situe \u00e0 l&#8217;ouest de la r\u00e9gion Occitanie, dans le sud-ouest de la France.<\/p>\n<p>Le Gers est bord\u00e9 au nord par le Lot-et-Garonne, \u00e0 l&#8217;est par le Tarn-et-Garonne et la Haute-Garonne, au sud par les Hautes-Pyr\u00e9n\u00e9es et les Pyr\u00e9n\u00e9es-Atlantiques, et \u00e0 l&#8217;ouest par les Landes.<\/p>\n<p>Le d\u00e9partement du Gers est centr\u00e9 aux coordonn\u00e9es : 43\u00b0 43\u2032 57\u2033 nord, 0\u00b0 36\u2032 12\u2033 est.<\/p>\n<figure id=\"attachment_52539\" aria-describedby=\"caption-attachment-52539\" style=\"width: 400px\" class=\"wp-caption aligncenter\"><a href=\"https:\/\/gifex.com\/fr\/wp-content\/uploads\/12847\/Carte-de-localisation-du-Gers-dans-la-region-Occitanie.png\" target=\"_blank\" rel=\"noopener\"><img fetchpriority=\"high\" decoding=\"async\" class=\"wp-image-52539\" title=\"Carte de localisation du Gers dans la r\u00e9gion Occitanie.\" src=\"https:\/\/gifex.com\/fr\/wp-content\/uploads\/12847\/Carte-de-localisation-du-Gers-dans-la-region-Occitanie-300x232.png\" alt=\"Carte de localisation du Gers dans la r\u00e9gion Occitanie.\" width=\"400\" height=\"310\" srcset=\"https:\/\/gifex.com\/fr\/wp-content\/uploads\/12847\/Carte-de-localisation-du-Gers-dans-la-region-Occitanie-300x232.png 300w, https:\/\/gifex.com\/fr\/wp-content\/uploads\/12847\/Carte-de-localisation-du-Gers-dans-la-region-Occitanie-1024x793.png 1024w, https:\/\/gifex.com\/fr\/wp-content\/uploads\/12847\/Carte-de-localisation-du-Gers-dans-la-region-Occitanie-768x595.png 768w, https:\/\/gifex.com\/fr\/wp-content\/uploads\/12847\/Carte-de-localisation-du-Gers-dans-la-region-Occitanie-1536x1190.png 1536w, https:\/\/gifex.com\/fr\/wp-content\/uploads\/12847\/Carte-de-localisation-du-Gers-dans-la-region-Occitanie-2048x1586.png 2048w, https:\/\/gifex.com\/fr\/wp-content\/uploads\/12847\/Carte-de-localisation-du-Gers-dans-la-region-Occitanie-1600x1239.png 1600w\" sizes=\"(max-width: 400px) 100vw, 400px\" \/><\/a><figcaption id=\"caption-attachment-52539\" class=\"wp-caption-text\"><label style=\"font-size: 15px;\">Carte de localisation du Gers dans la r\u00e9gion Occitanie.<\/label><\/figcaption><\/figure>\n","protected":false},"excerpt":{"rendered":"<p>Le d\u00e9partement du Gers (repr\u00e9sent\u00e9 en couleur olive sur les cartes ci-dessus et ci-dessous) se situe \u00e0 l&#8217;ouest de la r\u00e9gion Occitanie, dans le sud-ouest de &#8230;<\/p>\n","protected":false},"author":1,"featured_media":52540,"template":"","categoria_ficha":[1819],"class_list":["post-12847","ficha","type-ficha","status-publish","has-post-thumbnail","hentry","categoria_ficha-cartes-du-departement-du-gers"],"acf":[],"_links":{"self":[{"href":"https:\/\/gifex.com\/fr\/wp-json\/wp\/v2\/ficha\/12847","targetHints":{"allow":["GET"]}}],"collection":[{"href":"https:\/\/gifex.com\/fr\/wp-json\/wp\/v2\/ficha"}],"about":[{"href":"https:\/\/gifex.com\/fr\/wp-json\/wp\/v2\/types\/ficha"}],"author":[{"embeddable":true,"href":"https:\/\/gifex.com\/fr\/wp-json\/wp\/v2\/users\/1"}],"version-history":[{"count":6,"href":"https:\/\/gifex.com\/fr\/wp-json\/wp\/v2\/ficha\/12847\/revisions"}],"predecessor-version":[{"id":52541,"href":"https:\/\/gifex.com\/fr\/wp-json\/wp\/v2\/ficha\/12847\/revisions\/52541"}],"wp:featuredmedia":[{"embeddable":true,"href":"https:\/\/gifex.com\/fr\/wp-json\/wp\/v2\/media\/52540"}],"wp:attachment":[{"href":"https:\/\/gifex.com\/fr\/wp-json\/wp\/v2\/media?parent=12847"}],"wp:term":[{"taxonomy":"categoria_ficha","embeddable":true,"href":"https:\/\/gifex.com\/fr\/wp-json\/wp\/v2\/categoria_ficha?post=12847"}],"curies":[{"name":"wp","href":"https:\/\/api.w.org\/{rel}","templated":true}]}}