{"id":12834,"date":"2022-05-13T18:57:00","date_gmt":"2022-05-13T18:57:00","guid":{"rendered":"https:\/\/gifex.com\/fr\/?post_type=ficha&#038;p=12834"},"modified":"2024-11-02T15:10:05","modified_gmt":"2024-11-02T15:10:05","slug":"ou-se-trouve-le-departement-du-doubs","status":"publish","type":"ficha","link":"https:\/\/gifex.com\/fr\/fichier\/ou-se-trouve-le-departement-du-doubs\/","title":{"rendered":"O\u00f9 se trouve le d\u00e9partement du Doubs ?"},"content":{"rendered":"<p style=\"text-align: center;\"><label style=\"font-size: 15px;\">Carte de localisation du d\u00e9partement du Doubs en France.<\/label><\/p>\n<p>Le d\u00e9partement du Doubs (repr\u00e9sent\u00e9 en couleur olive sur les cartes ci-dessus et ci-dessous) se situe \u00e0 l&#8217;est de la r\u00e9gion Bourgogne-Franche-Comt\u00e9, \u00e0 l&#8217;est de la France.<\/p>\n<p>Le Doubs est bord\u00e9 au sud et \u00e0 l&#8217;ouest par le d\u00e9partement du Jura, au nord par les d\u00e9partements de la Haute-Sa\u00f4ne et du Territoire de Belfort et \u00e0 l&#8217;est par les cantons suisses de Vaud, de Neuch\u00e2tel et du Jura.<\/p>\n<p>Le d\u00e9partement du Doubs est centr\u00e9 aux coordonn\u00e9es : 47\u00b0 10\u2032 nord, 6\u00b0 25\u2032 est.<\/p>\n<figure id=\"attachment_53401\" aria-describedby=\"caption-attachment-53401\" style=\"width: 400px\" class=\"wp-caption aligncenter\"><a href=\"https:\/\/gifex.com\/fr\/wp-content\/uploads\/12834\/Carte-de-localisation-du-Doubs-dans-la-region-Bourgogne-Franche-Comte.png\" target=\"_blank\" rel=\"noopener\"><img fetchpriority=\"high\" decoding=\"async\" class=\"wp-image-53401\" title=\"Carte de localisation du Doubs dans la r\u00e9gion Bourgogne-Franche-Comt\u00e9.\" src=\"https:\/\/gifex.com\/fr\/wp-content\/uploads\/12834\/Carte-de-localisation-du-Doubs-dans-la-region-Bourgogne-Franche-Comte-300x229.png\" alt=\"Carte de localisation du Doubs dans la r\u00e9gion Bourgogne-Franche-Comt\u00e9.\" width=\"400\" height=\"306\" srcset=\"https:\/\/gifex.com\/fr\/wp-content\/uploads\/12834\/Carte-de-localisation-du-Doubs-dans-la-region-Bourgogne-Franche-Comte-300x229.png 300w, https:\/\/gifex.com\/fr\/wp-content\/uploads\/12834\/Carte-de-localisation-du-Doubs-dans-la-region-Bourgogne-Franche-Comte-1024x782.png 1024w, https:\/\/gifex.com\/fr\/wp-content\/uploads\/12834\/Carte-de-localisation-du-Doubs-dans-la-region-Bourgogne-Franche-Comte-768x587.png 768w, https:\/\/gifex.com\/fr\/wp-content\/uploads\/12834\/Carte-de-localisation-du-Doubs-dans-la-region-Bourgogne-Franche-Comte-1536x1174.png 1536w, https:\/\/gifex.com\/fr\/wp-content\/uploads\/12834\/Carte-de-localisation-du-Doubs-dans-la-region-Bourgogne-Franche-Comte-2048x1565.png 2048w, https:\/\/gifex.com\/fr\/wp-content\/uploads\/12834\/Carte-de-localisation-du-Doubs-dans-la-region-Bourgogne-Franche-Comte-1600x1223.png 1600w\" sizes=\"(max-width: 400px) 100vw, 400px\" \/><\/a><figcaption id=\"caption-attachment-53401\" class=\"wp-caption-text\"><label style=\"font-size: 15px;\">Carte de localisation du Doubs dans la r\u00e9gion Bourgogne-Franche-Comt\u00e9.<\/label><\/figcaption><\/figure>\n","protected":false},"excerpt":{"rendered":"<p>Le d\u00e9partement du Doubs (repr\u00e9sent\u00e9 en couleur olive sur les cartes ci-dessus et ci-dessous) se situe \u00e0 l&#8217;est de la r\u00e9gion Bourgogne-Franche-Comt\u00e9, \u00e0 l&#8217;est &#8230;<\/p>\n","protected":false},"author":1,"featured_media":53402,"template":"","categoria_ficha":[1812],"class_list":["post-12834","ficha","type-ficha","status-publish","has-post-thumbnail","hentry","categoria_ficha-cartes-du-departement-du-doubs"],"acf":[],"_links":{"self":[{"href":"https:\/\/gifex.com\/fr\/wp-json\/wp\/v2\/ficha\/12834","targetHints":{"allow":["GET"]}}],"collection":[{"href":"https:\/\/gifex.com\/fr\/wp-json\/wp\/v2\/ficha"}],"about":[{"href":"https:\/\/gifex.com\/fr\/wp-json\/wp\/v2\/types\/ficha"}],"author":[{"embeddable":true,"href":"https:\/\/gifex.com\/fr\/wp-json\/wp\/v2\/users\/1"}],"version-history":[{"count":6,"href":"https:\/\/gifex.com\/fr\/wp-json\/wp\/v2\/ficha\/12834\/revisions"}],"predecessor-version":[{"id":53403,"href":"https:\/\/gifex.com\/fr\/wp-json\/wp\/v2\/ficha\/12834\/revisions\/53403"}],"wp:featuredmedia":[{"embeddable":true,"href":"https:\/\/gifex.com\/fr\/wp-json\/wp\/v2\/media\/53402"}],"wp:attachment":[{"href":"https:\/\/gifex.com\/fr\/wp-json\/wp\/v2\/media?parent=12834"}],"wp:term":[{"taxonomy":"categoria_ficha","embeddable":true,"href":"https:\/\/gifex.com\/fr\/wp-json\/wp\/v2\/categoria_ficha?post=12834"}],"curies":[{"name":"wp","href":"https:\/\/api.w.org\/{rel}","templated":true}]}}