{"id":12797,"date":"2022-05-13T13:10:59","date_gmt":"2022-05-13T13:10:59","guid":{"rendered":"https:\/\/gifex.com\/fr\/?post_type=ficha&#038;p=12797"},"modified":"2024-10-29T23:52:30","modified_gmt":"2024-10-29T23:52:30","slug":"ou-se-trouve-le-departement-des-pyrenees-atlantiques","status":"publish","type":"ficha","link":"https:\/\/gifex.com\/fr\/fichier\/ou-se-trouve-le-departement-des-pyrenees-atlantiques\/","title":{"rendered":"O\u00f9 se trouve le d\u00e9partement des Pyr\u00e9n\u00e9es-Atlantiques ?"},"content":{"rendered":"<p style=\"text-align: center;\"><label style=\"font-size: 15px;\">Carte de localisation du d\u00e9partement des Pyr\u00e9n\u00e9es-Atlantiques en France.<\/label><\/p>\n<p>Le d\u00e9partement des Pyr\u00e9n\u00e9es-Atlantiques (repr\u00e9sent\u00e9 en couleur olive sur les cartes ci-dessus et ci-dessous) se situe au sud de la r\u00e9gion Nouvelle-Aquitaine, \u00e0 l&#8217;extr\u00eame sud-ouest de la France.<\/p>\n<p>Le d\u00e9partement des Pyr\u00e9n\u00e9es-Atlantiques est limitrophe des d\u00e9partements des Landes, du Gers et des Hautes-Pyr\u00e9n\u00e9es, ainsi que de l&#8217;Espagne (communaut\u00e9 autonome d&#8217;Aragon, communaut\u00e9 forale de Navarre, communaut\u00e9 autonome basque). Il est bord\u00e9 \u00e0 l&#8217;ouest par le golfe de Gascogne ou de Biscaye (c\u00f4te basque).<\/p>\n<p>Le d\u00e9partement des Pyr\u00e9n\u00e9es-Atlantiques est centr\u00e9 aux coordonn\u00e9es : 43\u00b0 15\u2032 nord, 0\u00b0 50\u2032 ouest.<\/p>\n<figure id=\"attachment_53188\" aria-describedby=\"caption-attachment-53188\" style=\"width: 400px\" class=\"wp-caption aligncenter\"><a href=\"https:\/\/gifex.com\/fr\/wp-content\/uploads\/12797\/Carte-de-localisation-des-Pyrenees-Atlantiques-dans-la-region-Nouvelle-Aquitaine.png\" target=\"_blank\" rel=\"noopener\"><img fetchpriority=\"high\" decoding=\"async\" class=\"wp-image-53188\" title=\"Carte de localisation des Pyr\u00e9n\u00e9es-Atlantiques dans la r\u00e9gion Nouvelle-Aquitaine.\" src=\"https:\/\/gifex.com\/fr\/wp-content\/uploads\/12797\/Carte-de-localisation-des-Pyrenees-Atlantiques-dans-la-region-Nouvelle-Aquitaine-213x300.png\" alt=\"Carte de localisation des Pyr\u00e9n\u00e9es-Atlantiques dans la r\u00e9gion Nouvelle-Aquitaine.\" width=\"400\" height=\"563\" \/><\/a><figcaption id=\"caption-attachment-53188\" class=\"wp-caption-text\"><label style=\"font-size: 15px;\">Carte de localisation des Pyr\u00e9n\u00e9es-Atlantiques dans la r\u00e9gion Nouvelle-Aquitaine.<\/label><\/figcaption><\/figure>\n","protected":false},"excerpt":{"rendered":"<p>Le d\u00e9partement des Pyr\u00e9n\u00e9es-Atlantiques (repr\u00e9sent\u00e9 en couleur olive sur les cartes ci-dessus et ci-dessous) se situe au sud de la r\u00e9gion Nouvelle-Aquitaine, \u00e0 <\/p>\n","protected":false},"author":1,"featured_media":53189,"template":"","categoria_ficha":[1852],"class_list":["post-12797","ficha","type-ficha","status-publish","has-post-thumbnail","hentry","categoria_ficha-cartes-du-departement-des-pyrenees-atlantiques"],"acf":[],"_links":{"self":[{"href":"https:\/\/gifex.com\/fr\/wp-json\/wp\/v2\/ficha\/12797","targetHints":{"allow":["GET"]}}],"collection":[{"href":"https:\/\/gifex.com\/fr\/wp-json\/wp\/v2\/ficha"}],"about":[{"href":"https:\/\/gifex.com\/fr\/wp-json\/wp\/v2\/types\/ficha"}],"author":[{"embeddable":true,"href":"https:\/\/gifex.com\/fr\/wp-json\/wp\/v2\/users\/1"}],"version-history":[{"count":6,"href":"https:\/\/gifex.com\/fr\/wp-json\/wp\/v2\/ficha\/12797\/revisions"}],"predecessor-version":[{"id":53190,"href":"https:\/\/gifex.com\/fr\/wp-json\/wp\/v2\/ficha\/12797\/revisions\/53190"}],"wp:featuredmedia":[{"embeddable":true,"href":"https:\/\/gifex.com\/fr\/wp-json\/wp\/v2\/media\/53189"}],"wp:attachment":[{"href":"https:\/\/gifex.com\/fr\/wp-json\/wp\/v2\/media?parent=12797"}],"wp:term":[{"taxonomy":"categoria_ficha","embeddable":true,"href":"https:\/\/gifex.com\/fr\/wp-json\/wp\/v2\/categoria_ficha?post=12797"}],"curies":[{"name":"wp","href":"https:\/\/api.w.org\/{rel}","templated":true}]}}