{"id":12140,"date":"2022-05-05T14:20:36","date_gmt":"2022-05-05T14:20:36","guid":{"rendered":"https:\/\/gifex.com\/fr\/?post_type=ficha&#038;p=12140"},"modified":"2024-10-30T00:26:31","modified_gmt":"2024-10-30T00:26:31","slug":"carte-des-pyrenees-atlantiques","status":"publish","type":"ficha","link":"https:\/\/gifex.com\/fr\/fichier\/carte-des-pyrenees-atlantiques\/","title":{"rendered":"Carte des Pyr\u00e9n\u00e9es-Atlantiques"},"content":{"rendered":"<p>Carte des Pyr\u00e9n\u00e9es-Atlantiques <a href=\"https:\/\/gifex.com\/fr\/wp-content\/uploads\/12140\/Carte-des-Pyrenees-Atlantiques.pdf\" target=\"_blank\" rel=\"noopener\">(format pdf)<\/a>, appel\u00e9 Basses-Pyr\u00e9n\u00e9es jusqu&#8217;en 1969, est un d\u00e9partement fran\u00e7ais dans la r\u00e9gion Nouvelle-Aquitaine. Il tire son nom de la cha\u00eene montagneuse qui le traverse au sud et de l&#8217;oc\u00e9an qui le borde \u00e0 l&#8217;ouest. L&#8217;Insee et la Poste lui attribuent le code 64.<\/p>\n<figure id=\"attachment_53195\" aria-describedby=\"caption-attachment-53195\" style=\"width: 360px\" class=\"wp-caption alignright\"><a href=\"https:\/\/gifex.com\/fr\/wp-content\/uploads\/12140\/Carte-des-environs-de-Pau.jpg\" target=\"_blank\" rel=\"noopener\"><img fetchpriority=\"high\" decoding=\"async\" class=\"wp-image-53195\" title=\"Carte des environs de Pau.\" src=\"https:\/\/gifex.com\/fr\/wp-content\/uploads\/12140\/Carte-des-environs-de-Pau-300x208.jpg\" alt=\"Carte des environs de Pau.\" width=\"360\" height=\"249\" srcset=\"https:\/\/gifex.com\/fr\/wp-content\/uploads\/12140\/Carte-des-environs-de-Pau-300x208.jpg 300w, https:\/\/gifex.com\/fr\/wp-content\/uploads\/12140\/Carte-des-environs-de-Pau-1024x708.jpg 1024w, https:\/\/gifex.com\/fr\/wp-content\/uploads\/12140\/Carte-des-environs-de-Pau-768x531.jpg 768w, https:\/\/gifex.com\/fr\/wp-content\/uploads\/12140\/Carte-des-environs-de-Pau.jpg 1071w\" sizes=\"(max-width: 360px) 100vw, 360px\" \/><\/a><figcaption id=\"caption-attachment-53195\" class=\"wp-caption-text\"><label style=\"font-size: 15px;\">Carte des environs de Pau.<\/label><\/figcaption><\/figure>\n<ul>\n<li>Superficie totale des Pyr\u00e9n\u00e9es-Atlantiques 7 645 km\u00b2<\/li>\n<li>En 2019 la population des Pyr\u00e9n\u00e9es-Atlantiques \u00e9tait de 682 621<\/li>\n<li>Le Chef-lieu du d\u00e9partement est Pau<\/li>\n<li>Les principales communes des Pyr\u00e9n\u00e9es-Atlantiques sont: Pau, Bayonne, Anglet et Biarritz.<\/li>\n<\/ul>\n<p>Culturellement, le d\u00e9partement r\u00e9unit deux r\u00e9gions historiques : le B\u00e9arn avec Pau comme chef-lieu du d\u00e9partement et le Pays basque fran\u00e7ais avec Bayonne comme ville principale.<\/p>\n<p>Les Pyr\u00e9n\u00e9es-Atlantiques, d\u00e9partement frontalier, ont cultiv\u00e9 de nombreux liens \u00e9conomiques et culturels avec l&#8217;Espagne.<\/p>\n<p>Les industries du d\u00e9partement sont principalement ax\u00e9es dans l&#8217;agroalimentaire : Euralis, Fromagerie des Chaumes, Lur Berri (marque Labeyrie), Lindt et Sprungli AG, groupe Sodiaal (Candia, coop\u00e9rative 3A).<br \/>\nOn peut \u00e9galement cit\u00e9 les Aci\u00e9ries de l&#8217;Atlantique SA &#8211; Alliance Agro-Alimentaire &#8211; Canc\u00e9 &#8211; Compagnie des chemins de fer du Midi &#8211; Dassault Aviation &#8211; ELF Aquitaine &#8211; Groupe Olano &#8211; Mas &#8211; Messier-Dowty &#8211; SHEM &#8211; Total &#8211; Turbom\u00e9ca<\/p>\n","protected":false},"excerpt":{"rendered":"<p>Carte des Pyr\u00e9n\u00e9es-Atlantiques (format pdf), appel\u00e9 Basses-Pyr\u00e9n\u00e9es jusqu&#8217;en 1969, est un d\u00e9partement fran\u00e7ais dans la r\u00e9gion Nouvelle-Aquitaine. Il tire son <\/p>\n","protected":false},"author":1,"featured_media":53198,"template":"","categoria_ficha":[1852],"class_list":["post-12140","ficha","type-ficha","status-publish","has-post-thumbnail","hentry","categoria_ficha-cartes-du-departement-des-pyrenees-atlantiques"],"acf":[],"_links":{"self":[{"href":"https:\/\/gifex.com\/fr\/wp-json\/wp\/v2\/ficha\/12140","targetHints":{"allow":["GET"]}}],"collection":[{"href":"https:\/\/gifex.com\/fr\/wp-json\/wp\/v2\/ficha"}],"about":[{"href":"https:\/\/gifex.com\/fr\/wp-json\/wp\/v2\/types\/ficha"}],"author":[{"embeddable":true,"href":"https:\/\/gifex.com\/fr\/wp-json\/wp\/v2\/users\/1"}],"version-history":[{"count":7,"href":"https:\/\/gifex.com\/fr\/wp-json\/wp\/v2\/ficha\/12140\/revisions"}],"predecessor-version":[{"id":53197,"href":"https:\/\/gifex.com\/fr\/wp-json\/wp\/v2\/ficha\/12140\/revisions\/53197"}],"wp:featuredmedia":[{"embeddable":true,"href":"https:\/\/gifex.com\/fr\/wp-json\/wp\/v2\/media\/53198"}],"wp:attachment":[{"href":"https:\/\/gifex.com\/fr\/wp-json\/wp\/v2\/media?parent=12140"}],"wp:term":[{"taxonomy":"categoria_ficha","embeddable":true,"href":"https:\/\/gifex.com\/fr\/wp-json\/wp\/v2\/categoria_ficha?post=12140"}],"curies":[{"name":"wp","href":"https:\/\/api.w.org\/{rel}","templated":true}]}}