{"id":12048,"date":"2022-05-04T15:16:14","date_gmt":"2022-05-04T15:16:14","guid":{"rendered":"https:\/\/gifex.com\/fr\/?post_type=ficha&#038;p=12048"},"modified":"2024-11-08T20:06:49","modified_gmt":"2024-11-08T20:06:49","slug":"carte-de-la-meuse","status":"publish","type":"ficha","link":"https:\/\/gifex.com\/fr\/fichier\/carte-de-la-meuse\/","title":{"rendered":"Carte de la Meuse"},"content":{"rendered":"<p>Carte de la Meuse <a href=\"https:\/\/gifex.com\/fr\/wp-content\/uploads\/12048\/Carte-de-la-Meuse.pdf\" target=\"_blank\" rel=\"noopener\">(format pdf)<\/a>, un d\u00e9partement fran\u00e7ais. Il fait partie de la r\u00e9gion historique et culturelle de Lorraine et fait aujourd&#8217;hui partie de la r\u00e9gion administrative Grand Est. Le d\u00e9partement doit son nom au fleuve qui le traverse du sud au nord, la Meuse. L&#8217;Insee et La Poste lui attribuent le code 55.<\/p>\n<figure id=\"attachment_12050\" aria-describedby=\"caption-attachment-12050\" style=\"width: 360px\" class=\"wp-caption alignright\"><a href=\"https:\/\/gifex.com\/fr\/wp-content\/uploads\/12048\/Siege-de-la-prefecture-du-departement-de-la-Meuse-a-Bar-le-Duc-2008.jpg\" target=\"_blank\" rel=\"noopener\"><img fetchpriority=\"high\" decoding=\"async\" class=\"wp-image-12050\" title=\"Si\u00e8ge de la pr\u00e9fecture du d\u00e9partement de la Meuse \u00e0 Bar-le-Duc.\" src=\"https:\/\/gifex.com\/fr\/wp-content\/uploads\/12048\/Siege-de-la-prefecture-du-departement-de-la-Meuse-a-Bar-le-Duc-2008-300x225.jpg\" alt=\"Si\u00e8ge de la pr\u00e9fecture du d\u00e9partement de la Meuse \u00e0 Bar-le-Duc.\" width=\"360\" height=\"270\" srcset=\"https:\/\/gifex.com\/fr\/wp-content\/uploads\/12048\/Siege-de-la-prefecture-du-departement-de-la-Meuse-a-Bar-le-Duc-2008-300x225.jpg 300w, https:\/\/gifex.com\/fr\/wp-content\/uploads\/12048\/Siege-de-la-prefecture-du-departement-de-la-Meuse-a-Bar-le-Duc-2008-1024x768.jpg 1024w, https:\/\/gifex.com\/fr\/wp-content\/uploads\/12048\/Siege-de-la-prefecture-du-departement-de-la-Meuse-a-Bar-le-Duc-2008-768x576.jpg 768w, https:\/\/gifex.com\/fr\/wp-content\/uploads\/12048\/Siege-de-la-prefecture-du-departement-de-la-Meuse-a-Bar-le-Duc-2008-1536x1152.jpg 1536w, https:\/\/gifex.com\/fr\/wp-content\/uploads\/12048\/Siege-de-la-prefecture-du-departement-de-la-Meuse-a-Bar-le-Duc-2008-2048x1536.jpg 2048w, https:\/\/gifex.com\/fr\/wp-content\/uploads\/12048\/Siege-de-la-prefecture-du-departement-de-la-Meuse-a-Bar-le-Duc-2008-800x600.jpg 800w, https:\/\/gifex.com\/fr\/wp-content\/uploads\/12048\/Siege-de-la-prefecture-du-departement-de-la-Meuse-a-Bar-le-Duc-2008-1600x1200.jpg 1600w\" sizes=\"(max-width: 360px) 100vw, 360px\" \/><\/a><figcaption id=\"caption-attachment-12050\" class=\"wp-caption-text\"><label style=\"font-size: 15px;\">Si\u00e8ge de la pr\u00e9fecture du d\u00e9partement de la Meuse \u00e0 Bar-le-Duc.<\/label><\/figcaption><\/figure>\n<ul>\n<li>Superficie totale de la Meuse 6 211 km\u00b2<\/li>\n<li>En 2019 la population de la Meuse \u00e9tait de 184 083<\/li>\n<li>Le Chef-lieu du d\u00e9partement est Bar-le-Duc<\/li>\n<li>Les principales communes de la Meuse sont: Verdun, Bar-le-Duc, Commercy et Saint-Mihiel.<\/li>\n<\/ul>\n<p>Le tourisme de la r\u00e9gion s&#8217;appuie sur deux \u00e9l\u00e9ments ; le tourisme vert d&#8217;une part (for\u00eats d&#8217;Argonne, \u00e9tangs de la Wo\u00ebvre et bien d&#8217;autres sites ayant valu \u00e0 la Meuse le surnom d&#8217;Emeraude de l&#8217;Est), et le patrimoine historique de la Premi\u00e8re Guerre mondiale d&#8217;autre part (Verdun, Douaumont). Les sites de la grande guerre en Meuse 1914-1918 : 350 000 visiteurs visitent chaque ann\u00e9e les sites de la Grande Guerre meusiens. La Meuse et plus particuli\u00e8rement Verdun sont des symboles de la Premi\u00e8re Guerre mondiale. De 1914 \u00e0 1918, du Saillant de Saint-Mihiel \u00e0 l&#8217;Argonne, des Eparges \u00e0 Vauquois, toute la Meuse est en premi\u00e8re ligne de la Grande Guerre. Au centre de ces champs de bataille, le Champ de Bataille de Verdun qui est le plus mondialement connu. La bataille de Verdun est la bataille la plus meurtri\u00e8re de l&#8217;histoire entre la France et l&#8217;Allemagne.<\/p>\n<figure id=\"attachment_12052\" aria-describedby=\"caption-attachment-12052\" style=\"width: 360px\" class=\"wp-caption alignright\"><a href=\"https:\/\/gifex.com\/fr\/wp-content\/uploads\/12048\/Champs-de-Colza-au-printemps-a-Autrecourt-sur-Aire-departement-de-la-Meuse-2012.jpg\" target=\"_blank\" rel=\"noopener\"><img decoding=\"async\" class=\"wp-image-12052\" title=\"Champs de Colza au printemps \u00e0 Autr\u00e9court-sur-Aire, d\u00e9partement de la Meuse.\" src=\"https:\/\/gifex.com\/fr\/wp-content\/uploads\/12048\/Champs-de-Colza-au-printemps-a-Autrecourt-sur-Aire-departement-de-la-Meuse-2012-300x207.jpg\" alt=\"Champs de Colza au printemps \u00e0 Autr\u00e9court-sur-Aire, d\u00e9partement de la Meuse.\" width=\"360\" height=\"249\" srcset=\"https:\/\/gifex.com\/fr\/wp-content\/uploads\/12048\/Champs-de-Colza-au-printemps-a-Autrecourt-sur-Aire-departement-de-la-Meuse-2012-300x207.jpg 300w, https:\/\/gifex.com\/fr\/wp-content\/uploads\/12048\/Champs-de-Colza-au-printemps-a-Autrecourt-sur-Aire-departement-de-la-Meuse-2012-1024x708.jpg 1024w, https:\/\/gifex.com\/fr\/wp-content\/uploads\/12048\/Champs-de-Colza-au-printemps-a-Autrecourt-sur-Aire-departement-de-la-Meuse-2012-768x531.jpg 768w, https:\/\/gifex.com\/fr\/wp-content\/uploads\/12048\/Champs-de-Colza-au-printemps-a-Autrecourt-sur-Aire-departement-de-la-Meuse-2012-1536x1062.jpg 1536w, https:\/\/gifex.com\/fr\/wp-content\/uploads\/12048\/Champs-de-Colza-au-printemps-a-Autrecourt-sur-Aire-departement-de-la-Meuse-2012-2048x1416.jpg 2048w, https:\/\/gifex.com\/fr\/wp-content\/uploads\/12048\/Champs-de-Colza-au-printemps-a-Autrecourt-sur-Aire-departement-de-la-Meuse-2012-1600x1106.jpg 1600w\" sizes=\"(max-width: 360px) 100vw, 360px\" \/><\/a><figcaption id=\"caption-attachment-12052\" class=\"wp-caption-text\"><label style=\"font-size: 15px;\">Champs de Colza au printemps \u00e0 Autr\u00e9court-sur-Aire, d\u00e9partement de la Meuse.<\/label><\/figcaption><\/figure>\n<p>D&#8217;autres \u00e9l\u00e9ments touristiques sont \u00e0 signaler :<\/p>\n<ul>\n<li>\u00e0 Vaucouleurs reste un vibrant souvenir du passage de Jeanne d&#8217;Arc, avec la Porte de France et la chapelle castrale. Un mus\u00e9e lui est d\u00e9di\u00e9e ;<\/li>\n<li>le temple de la culture brassicole fran\u00e7aise avec le Mus\u00e9e de la Bi\u00e8re \u00e0 Stenay, dans le nord du D\u00e9partement ;<\/li>\n<li>la basilique d&#8217;Avioth ;<\/li>\n<li>le ch\u00e2teau de Commercy, demeure \u00e9difi\u00e9e par Germain Boffrand pour Charles Henri de Lorraine-Vaud\u00e9mont \u00e0<\/li>\n<li>l&#8217;architecture du XVIII<sup>e<\/sup> si\u00e8cle ;<\/li>\n<li>le quartier Renaissance de la ville-haute de Bar-le-Duc ;<\/li>\n<li>le lac de Madine pour les loisirs nautiques ;<\/li>\n<li>la citadelle de Montm\u00e9dy ;<\/li>\n<li>des \u00e9glises fortifi\u00e9es comme celle de Sepvigny ;<\/li>\n<li>la cit\u00e9 de Marville avec un aspect de la Renaissance espagnole ;<\/li>\n<li>l&#8217;usine Petitcollin d&#8217;\u00c9tain derni\u00e8re et plus ancienne fabrique de baigneurs et de poup\u00e9es encore en activit\u00e9 cr\u00e9\u00e9e en 1860 ;<\/li>\n<li>la cath\u00e9drale Notre-Dame de Verdun qui est une cath\u00e9drale catholique romaine.<\/li>\n<\/ul>\n","protected":false},"excerpt":{"rendered":"<p>Carte de la Meuse (format pdf), un d\u00e9partement fran\u00e7ais. Il fait partie de la r\u00e9gion historique et culturelle de Lorraine et fait aujourd&#8217;hui partie de la &#8230;<\/p>\n","protected":false},"author":1,"featured_media":53772,"template":"","categoria_ficha":[1842],"class_list":["post-12048","ficha","type-ficha","status-publish","has-post-thumbnail","hentry","categoria_ficha-cartes-du-departement-de-la-meuse"],"acf":[],"_links":{"self":[{"href":"https:\/\/gifex.com\/fr\/wp-json\/wp\/v2\/ficha\/12048","targetHints":{"allow":["GET"]}}],"collection":[{"href":"https:\/\/gifex.com\/fr\/wp-json\/wp\/v2\/ficha"}],"about":[{"href":"https:\/\/gifex.com\/fr\/wp-json\/wp\/v2\/types\/ficha"}],"author":[{"embeddable":true,"href":"https:\/\/gifex.com\/fr\/wp-json\/wp\/v2\/users\/1"}],"version-history":[{"count":7,"href":"https:\/\/gifex.com\/fr\/wp-json\/wp\/v2\/ficha\/12048\/revisions"}],"predecessor-version":[{"id":53773,"href":"https:\/\/gifex.com\/fr\/wp-json\/wp\/v2\/ficha\/12048\/revisions\/53773"}],"wp:featuredmedia":[{"embeddable":true,"href":"https:\/\/gifex.com\/fr\/wp-json\/wp\/v2\/media\/53772"}],"wp:attachment":[{"href":"https:\/\/gifex.com\/fr\/wp-json\/wp\/v2\/media?parent=12048"}],"wp:term":[{"taxonomy":"categoria_ficha","embeddable":true,"href":"https:\/\/gifex.com\/fr\/wp-json\/wp\/v2\/categoria_ficha?post=12048"}],"curies":[{"name":"wp","href":"https:\/\/api.w.org\/{rel}","templated":true}]}}