{"id":11979,"date":"2022-05-03T12:58:42","date_gmt":"2022-05-03T12:58:42","guid":{"rendered":"https:\/\/gifex.com\/fr\/?post_type=ficha&#038;p=11979"},"modified":"2024-10-16T23:28:10","modified_gmt":"2024-10-16T23:28:10","slug":"carte-d-indre-et-loire","status":"publish","type":"ficha","link":"https:\/\/gifex.com\/fr\/fichier\/carte-d-indre-et-loire\/","title":{"rendered":"Carte d&#8217;Indre-et-Loire"},"content":{"rendered":"<p>Carte d&#8217;Indre-et-Loire <a href=\"https:\/\/gifex.com\/fr\/wp-content\/uploads\/11979\/Carte-d-Indre-et-Loire.pdf\" target=\"_blank\" rel=\"noopener\">(format pdf)<\/a>, un d\u00e9partement fran\u00e7ais situ\u00e9 en r\u00e9gion Centre-Val de Loire. L&#8217;Insee et la Poste lui attribuent le code 37. Le d\u00e9partement correspond \u00e0 l&#8217;ancienne province de Touraine. L&#8217;Indre-et-Loire est une destination touristique pour ses nombreux monuments qui font partie des Ch\u00e2teaux de la Vall\u00e9e de la Loire.<\/p>\n<figure id=\"attachment_52015\" aria-describedby=\"caption-attachment-52015\" style=\"width: 360px\" class=\"wp-caption alignright\"><a href=\"https:\/\/gifex.com\/fr\/wp-content\/uploads\/11979\/Carte-des-environs-de-Tours.jpg\" target=\"_blank\" rel=\"noopener\"><img fetchpriority=\"high\" decoding=\"async\" class=\"wp-image-52015\" title=\"Carte des environs de Tours.\" src=\"https:\/\/gifex.com\/fr\/wp-content\/uploads\/11979\/Carte-des-environs-de-Tours-300x231.jpg\" alt=\"Carte des environs de Tours.\" width=\"360\" height=\"277\" srcset=\"https:\/\/gifex.com\/fr\/wp-content\/uploads\/11979\/Carte-des-environs-de-Tours-300x231.jpg 300w, https:\/\/gifex.com\/fr\/wp-content\/uploads\/11979\/Carte-des-environs-de-Tours-768x592.jpg 768w, https:\/\/gifex.com\/fr\/wp-content\/uploads\/11979\/Carte-des-environs-de-Tours.jpg 967w\" sizes=\"(max-width: 360px) 100vw, 360px\" \/><\/a><figcaption id=\"caption-attachment-52015\" class=\"wp-caption-text\"><label style=\"font-size: 15px;\">Carte des environs de Tours.<\/label><\/figcaption><\/figure>\n<ul>\n<li>Superficie totale d&#8217;Indre-et-Loire 6 127 km\u00b2<\/li>\n<li>En 2019 la population d&#8217;Indre-et-Loire \u00e9tait de 610 079<\/li>\n<li>Le Chef-lieu du d\u00e9partement est Tours<\/li>\n<li>Les principales communes d&#8217;Indre-et-Loire sont: Tours, Jou\u00e9-l\u00e8s-Tours, Saint-Cyr-sur-Loire et Saint-Pierre-des-Corps.<\/li>\n<\/ul>\n<p>G\u00e9ographiquement, le d\u00e9partement poss\u00e8de des arguments importants pour inciter les entreprises \u00e0 venir s&#8217;y installer. L&#8217;Indre-et-Loire est situ\u00e9 \u00e0 200 kilom\u00e8tres de Paris De ce fait \u00ab Tours peut accueillir des entreprises qui, pour des raisons commerciales ou techniques, doivent conserver dans la capitale : si\u00e8ge social, magasin de vente ou organismes d&#8217;\u00e9tudes et laboratoire&#8230; \u00c0 ce titre, elle est parfaitement apte \u00e0 jouer un r\u00f4le de premier plan dans la d\u00e9centralisation parisienne. \u00bb Cette proximit\u00e9 avec Paris est renforc\u00e9e par la cr\u00e9ation de l&#8217;autoroute A10, entre 1960 et 1981, reliant Paris et Bordeaux en passant par Tours.<\/p>\n<figure id=\"attachment_11982\" aria-describedby=\"caption-attachment-11982\" style=\"width: 360px\" class=\"wp-caption alignright\"><a href=\"https:\/\/gifex.com\/fr\/wp-content\/uploads\/11979\/La-pr-fecture-et-Conseil-departemental-d-Indre-et-Loire-a-Tours-2018.jpg\" target=\"_blank\" rel=\"noopener\"><img decoding=\"async\" class=\"wp-image-11982\" title=\"La pr\u00e9fecture et Conseil d\u00e9partemental d'Indre-et-Loire \u00e0 Tours.\" src=\"https:\/\/gifex.com\/fr\/wp-content\/uploads\/11979\/La-pr-fecture-et-Conseil-departemental-d-Indre-et-Loire-a-Tours-2018-300x223.jpg\" alt=\"La pr\u00e9fecture et Conseil d\u00e9partemental d'Indre-et-Loire \u00e0 Tours.\" width=\"360\" height=\"268\" srcset=\"https:\/\/gifex.com\/fr\/wp-content\/uploads\/11979\/La-pr-fecture-et-Conseil-departemental-d-Indre-et-Loire-a-Tours-2018-300x223.jpg 300w, https:\/\/gifex.com\/fr\/wp-content\/uploads\/11979\/La-pr-fecture-et-Conseil-departemental-d-Indre-et-Loire-a-Tours-2018-1024x761.jpg 1024w, https:\/\/gifex.com\/fr\/wp-content\/uploads\/11979\/La-pr-fecture-et-Conseil-departemental-d-Indre-et-Loire-a-Tours-2018-768x571.jpg 768w, https:\/\/gifex.com\/fr\/wp-content\/uploads\/11979\/La-pr-fecture-et-Conseil-departemental-d-Indre-et-Loire-a-Tours-2018-1536x1142.jpg 1536w, https:\/\/gifex.com\/fr\/wp-content\/uploads\/11979\/La-pr-fecture-et-Conseil-departemental-d-Indre-et-Loire-a-Tours-2018-2048x1522.jpg 2048w, https:\/\/gifex.com\/fr\/wp-content\/uploads\/11979\/La-pr-fecture-et-Conseil-departemental-d-Indre-et-Loire-a-Tours-2018-1600x1189.jpg 1600w\" sizes=\"(max-width: 360px) 100vw, 360px\" \/><\/a><figcaption id=\"caption-attachment-11982\" class=\"wp-caption-text\"><label style=\"font-size: 15px;\">La pr\u00e9fecture et Conseil d\u00e9partemental d&#8217;Indre-et-Loire \u00e0 Tours.<\/label><\/figcaption><\/figure>\n<p>Le d\u00e9partement de la r\u00e9gion Centre-Val de Loire, se trouve \u00eatre \u00e9galement une zone charni\u00e8re entre la r\u00e9gion parisienne et les r\u00e9gions qui furent ou qui sont encore peu prosp\u00e8res \u00e9conomiquement parlant et qui subissent une forte pression d\u00e9mographique de l&#8217;ouest et du sud-ouest. De ce fait, l&#8217;Indre-et-Loire pouvait (et peut) \u00eatre dans la capacit\u00e9 d&#8217;accueillir une partie des exc\u00e9dents d\u00e9mographiques en provenance de la Bretagne, des pays de la Basse-Loire et du Poitou. En outre, le d\u00e9partement num\u00e9rot\u00e9 37 devait \u00ab jouer \u00e0 leur \u00e9gard le r\u00f4le d&#8217;un p\u00f4le relais d&#8217;expansion de la r\u00e9gion parisienne et ce, dans tous les domaines : industrie, commerce, culture et arts\u2026 Ainsi, Tours a incontestablement une mission \u00e0 remplir dans le cadre d&#8217;une v\u00e9ritable d\u00e9centralisation. \u00bb<\/p>\n<p>Plus encore, l&#8217;Indre-et-Loire se trouve \u00eatre un carrefour international, puisqu&#8217;il se trouve au croisement de grands axes transfrontaliers. Cela lui donne un rayonnement \u00e9conomique d\u00e9passant les fronti\u00e8res nationales, tout en lui donnant une dimension touristique.<\/p>\n","protected":false},"excerpt":{"rendered":"<p>Carte d&#8217;Indre-et-Loire (format pdf), un d\u00e9partement fran\u00e7ais situ\u00e9 en r\u00e9gion Centre-Val de Loire. L&#8217;Insee et la Poste lui attribuent le code 37. Le d\u00e9partement <\/p>\n","protected":false},"author":1,"featured_media":52313,"template":"","categoria_ficha":[1824],"class_list":["post-11979","ficha","type-ficha","status-publish","has-post-thumbnail","hentry","categoria_ficha-cartes-du-departement-d-indre-et-loire"],"acf":[],"_links":{"self":[{"href":"https:\/\/gifex.com\/fr\/wp-json\/wp\/v2\/ficha\/11979","targetHints":{"allow":["GET"]}}],"collection":[{"href":"https:\/\/gifex.com\/fr\/wp-json\/wp\/v2\/ficha"}],"about":[{"href":"https:\/\/gifex.com\/fr\/wp-json\/wp\/v2\/types\/ficha"}],"author":[{"embeddable":true,"href":"https:\/\/gifex.com\/fr\/wp-json\/wp\/v2\/users\/1"}],"version-history":[{"count":8,"href":"https:\/\/gifex.com\/fr\/wp-json\/wp\/v2\/ficha\/11979\/revisions"}],"predecessor-version":[{"id":52018,"href":"https:\/\/gifex.com\/fr\/wp-json\/wp\/v2\/ficha\/11979\/revisions\/52018"}],"wp:featuredmedia":[{"embeddable":true,"href":"https:\/\/gifex.com\/fr\/wp-json\/wp\/v2\/media\/52313"}],"wp:attachment":[{"href":"https:\/\/gifex.com\/fr\/wp-json\/wp\/v2\/media?parent=11979"}],"wp:term":[{"taxonomy":"categoria_ficha","embeddable":true,"href":"https:\/\/gifex.com\/fr\/wp-json\/wp\/v2\/categoria_ficha?post=11979"}],"curies":[{"name":"wp","href":"https:\/\/api.w.org\/{rel}","templated":true}]}}