{"id":1193,"date":"2022-02-04T00:18:36","date_gmt":"2022-02-04T00:18:36","guid":{"rendered":"https:\/\/gifex.com\/fr\/?post_type=ficha&#038;p=1193"},"modified":"2024-09-26T14:22:41","modified_gmt":"2024-09-26T14:22:41","slug":"carte-de-la-coree-du-sud","status":"publish","type":"ficha","link":"https:\/\/gifex.com\/fr\/fichier\/carte-de-la-coree-du-sud\/","title":{"rendered":"Carte de la Cor\u00e9e du Sud"},"content":{"rendered":"<p><strong>Carte d\u00e9taill\u00e9e gratuite de la Cor\u00e9e du Sud <a href=\"https:\/\/gifex.com\/fr\/wp-content\/uploads\/1193\/Carte-de-la-Coree-du-Sud.pdf\" target=\"_blank\" rel=\"noopener\">(format pdf)<\/a><\/strong>, officiellement la r\u00e9publique de Cor\u00e9e, un pays souverain d&#8217;Asie de l&#8217;Est, situ\u00e9 dans la partie sud de la p\u00e9ninsule cor\u00e9enne. Elle limite au nord avec la Cor\u00e9e du Nord, avec laquelle elle formait un seul pays jusqu&#8217;en 1945. A l&#8217;est se trouve la mer du Japon, au sud le d\u00e9troit de Cor\u00e9e, qui le s\u00e9pare du Japon, et \u00e0 l&#8217;ouest la mer Jaune. Son territoire comprend la moiti\u00e9 sud de la p\u00e9ninsule cor\u00e9enne englobant environ trois mille \u00eeles qui l&#8217;entourent, au sein desquelles se distinguent Jeju, Ulleung-do et les rochers Liancourt.<\/p>\n<figure id=\"attachment_51058\" aria-describedby=\"caption-attachment-51058\" style=\"width: 360px\" class=\"wp-caption alignright\"><a href=\"https:\/\/gifex.com\/fr\/wp-content\/uploads\/51057\/Carte-de-Seoul.jpg\" target=\"_blank\" rel=\"noopener\"><img fetchpriority=\"high\" decoding=\"async\" class=\"wp-image-51058\" title=\"Carte de S\u00e9oul.\" src=\"https:\/\/gifex.com\/fr\/wp-content\/uploads\/51057\/Carte-de-Seoul-300x273.jpg\" alt=\"Carte de S\u00e9oul.\" width=\"360\" height=\"327\" srcset=\"https:\/\/gifex.com\/fr\/wp-content\/uploads\/51057\/Carte-de-Seoul-300x273.jpg 300w, https:\/\/gifex.com\/fr\/wp-content\/uploads\/51057\/Carte-de-Seoul-1024x931.jpg 1024w, https:\/\/gifex.com\/fr\/wp-content\/uploads\/51057\/Carte-de-Seoul-768x698.jpg 768w, https:\/\/gifex.com\/fr\/wp-content\/uploads\/51057\/Carte-de-Seoul-1536x1397.jpg 1536w, https:\/\/gifex.com\/fr\/wp-content\/uploads\/51057\/Carte-de-Seoul-2048x1862.jpg 2048w, https:\/\/gifex.com\/fr\/wp-content\/uploads\/51057\/Carte-de-Seoul-1600x1455.jpg 1600w\" sizes=\"(max-width: 360px) 100vw, 360px\" \/><\/a><figcaption id=\"caption-attachment-51058\" class=\"wp-caption-text\"><label style=\"font-size: 15px;\">Carte de S\u00e9oul, la plus grande ville et la capitale de la Cor\u00e9e du Sud <a href=\"https:\/\/gifex.com\/fr\/wp-content\/uploads\/51057\/Carte-de-Seoul.pdf\" target=\"_blank\" rel=\"noopener\">(format pdf)<\/a>.<\/label><\/figcaption><\/figure>\n<ul>\n<li>Superficie totale de la Cor\u00e9e du Sud 100,363 km\u00b2<\/li>\n<li>En 2019 la population de la Cor\u00e9e du Sud \u00e9tait de 51,709,098<\/li>\n<li>La capitale du pays est S\u00e9oul<\/li>\n<li>Les plus grandes villes de la Cor\u00e9e du Sud sont: S\u00e9oul, Pusan, Incheon, Daegu, Daejeon, Gwangju, Suwon, Ulsan.<\/li>\n<\/ul>\n<p>Environ la moiti\u00e9 de la population du pays vit dans sa capitale, S\u00e9oul, ou dans sa zone m\u00e9tropolitaine, qui est l&#8217;une des zones m\u00e9tropolitaines les plus peupl\u00e9es du monde (certaines sources la placent au deuxi\u00e8me rang, derri\u00e8re Tokyo, au Japon, la Cor\u00e9e est l&#8217;une des plus anciennes civilisations du monde.<\/p>\n<p>Des fouilles arch\u00e9ologiques ont r\u00e9v\u00e9l\u00e9 que la p\u00e9ninsule \u00e9tait peupl\u00e9e depuis le Pal\u00e9olithique inf\u00e9rieur. Au fil du temps, l&#8217;histoire de la Cor\u00e9e a \u00e9t\u00e9 mouvement\u00e9e avec de nombreuses guerres, y compris des invasions de la Chine et du Japon.<\/p>\n<figure id=\"attachment_51084\" aria-describedby=\"caption-attachment-51084\" style=\"width: 360px\" class=\"wp-caption alignright\"><a href=\"https:\/\/gifex.com\/fr\/wp-content\/uploads\/1193\/Image-satellite-de-la-Coree-du-Sud-en-janvier-2004.jpg\" target=\"_blank\" rel=\"noopener\"><img decoding=\"async\" class=\"wp-image-51084\" title=\"Image satellite de la Cor\u00e9e du Sud en janvier 2004.\" src=\"https:\/\/gifex.com\/fr\/wp-content\/uploads\/1193\/Image-satellite-de-la-Coree-du-Sud-en-janvier-2004-245x300.jpg\" alt=\"Image satellite de la Cor\u00e9e du Sud en janvier 2004.\" width=\"360\" height=\"441\" srcset=\"https:\/\/gifex.com\/fr\/wp-content\/uploads\/1193\/Image-satellite-de-la-Coree-du-Sud-en-janvier-2004-245x300.jpg 245w, https:\/\/gifex.com\/fr\/wp-content\/uploads\/1193\/Image-satellite-de-la-Coree-du-Sud-en-janvier-2004-836x1024.jpg 836w, https:\/\/gifex.com\/fr\/wp-content\/uploads\/1193\/Image-satellite-de-la-Coree-du-Sud-en-janvier-2004-768x941.jpg 768w, https:\/\/gifex.com\/fr\/wp-content\/uploads\/1193\/Image-satellite-de-la-Coree-du-Sud-en-janvier-2004-1254x1536.jpg 1254w, https:\/\/gifex.com\/fr\/wp-content\/uploads\/1193\/Image-satellite-de-la-Coree-du-Sud-en-janvier-2004-1672x2048.jpg 1672w, https:\/\/gifex.com\/fr\/wp-content\/uploads\/1193\/Image-satellite-de-la-Coree-du-Sud-en-janvier-2004-300x367.jpg 300w, https:\/\/gifex.com\/fr\/wp-content\/uploads\/1193\/Image-satellite-de-la-Coree-du-Sud-en-janvier-2004-1306x1600.jpg 1306w, https:\/\/gifex.com\/fr\/wp-content\/uploads\/1193\/Image-satellite-de-la-Coree-du-Sud-en-janvier-2004.jpg 2041w\" sizes=\"(max-width: 360px) 100vw, 360px\" \/><\/a><figcaption id=\"caption-attachment-51084\" class=\"wp-caption-text\"><label style=\"font-size: 15px;\">Image satellite de la Cor\u00e9e du Sud en janvier 2004 <a href=\"https:\/\/gifex.com\/fr\/wp-content\/uploads\/1193\/Image-satellite-de-la-Coree-du-Sud-en-janvier-2004.pdf\" target=\"_blank\" rel=\"noopener\">(format pdf)<\/a>.<\/label><\/figcaption><\/figure>\n<p>Depuis la cr\u00e9ation de la r\u00e9publique moderne en 1948, la Cor\u00e9e du Sud a lutt\u00e9 contre les cons\u00e9quences de conflits ant\u00e9rieurs tels que l&#8217;occupation japonaise (1910-1945), ainsi que la guerre de Cor\u00e9e (1950-1953) et des d\u00e9cennies de r\u00e9gime autoritaire. Alors que le gouvernement a officiellement adopt\u00e9 une d\u00e9mocratie \u00e0 l&#8217;occidentale depuis la fondation de la r\u00e9publique, les processus electoraux ont souffert d&#8217;irr\u00e9gularit\u00e9s majeures. Ce n&#8217;est qu&#8217;en 1987 que les premi\u00e8res \u00e9lections justes et directes ont eu lieu, c&#8217;est pourquoi, depuis lors, le pays est consid\u00e9r\u00e9 comme une d\u00e9mocratie multipartite.<\/p>\n<p>L&#8217;\u00e9conomie de la Cor\u00e9e du Sud a connu une croissance rapide depuis les ann\u00e9es 1950. La Cor\u00e9e du Sud est un pays d\u00e9velopp\u00e9 et est class\u00e9e septi\u00e8me pays sur l&#8217;indice de d\u00e9veloppement humain (IDH) de la r\u00e9gion Asie et Oc\u00e9anie. Ses citoyens b\u00e9n\u00e9ficient de l&#8217;une des vitesses de connexion Internet les plus rapides au monde et du r\u00e9seau ferroviaire \u00e0 grande vitesse le plus dense. Le pays est le cinqui\u00e8me exportateur mondial et le huiti\u00e8me importateur mondial. La Cor\u00e9e du Sud \u00e9tait en 2017 le 7<sup>e<\/sup> \u00e9metteur mondial d&#8217;\u00e9missions de carbone et le 5<sup>e<\/sup> \u00e9metteur par habitant. Depuis le 21e si\u00e8cle, la Cor\u00e9e du Sud est r\u00e9put\u00e9e pour sa culture pop influente \u00e0 l&#8217;\u00e9chelle mondiale, en particulier dans la musique (K-pop), les s\u00e9ries t\u00e9l\u00e9vis\u00e9es et le cin\u00e9ma, un ph\u00e9nom\u00e8ne appel\u00e9 la vague cor\u00e9enne. Elle est membre du Comit\u00e9 d&#8217;aide au d\u00e9veloppement de l&#8217;OCDE, du G20 et du Club de Paris.<\/p>\n","protected":false},"excerpt":{"rendered":"<p>Carte d\u00e9taill\u00e9e gratuite de la Cor\u00e9e du Sud (format pdf), officiellement la r\u00e9publique de Cor\u00e9e, un pays souverain d&#8217;Asie de l&#8217;Est, situ\u00e9 dans la partie sud &#8230;<\/p>\n","protected":false},"author":1,"featured_media":51135,"template":"","categoria_ficha":[155],"class_list":["post-1193","ficha","type-ficha","status-publish","has-post-thumbnail","hentry","categoria_ficha-cartes-de-la-coree-du-sud"],"acf":[],"_links":{"self":[{"href":"https:\/\/gifex.com\/fr\/wp-json\/wp\/v2\/ficha\/1193","targetHints":{"allow":["GET"]}}],"collection":[{"href":"https:\/\/gifex.com\/fr\/wp-json\/wp\/v2\/ficha"}],"about":[{"href":"https:\/\/gifex.com\/fr\/wp-json\/wp\/v2\/types\/ficha"}],"author":[{"embeddable":true,"href":"https:\/\/gifex.com\/fr\/wp-json\/wp\/v2\/users\/1"}],"version-history":[{"count":11,"href":"https:\/\/gifex.com\/fr\/wp-json\/wp\/v2\/ficha\/1193\/revisions"}],"predecessor-version":[{"id":51088,"href":"https:\/\/gifex.com\/fr\/wp-json\/wp\/v2\/ficha\/1193\/revisions\/51088"}],"wp:featuredmedia":[{"embeddable":true,"href":"https:\/\/gifex.com\/fr\/wp-json\/wp\/v2\/media\/51135"}],"wp:attachment":[{"href":"https:\/\/gifex.com\/fr\/wp-json\/wp\/v2\/media?parent=1193"}],"wp:term":[{"taxonomy":"categoria_ficha","embeddable":true,"href":"https:\/\/gifex.com\/fr\/wp-json\/wp\/v2\/categoria_ficha?post=1193"}],"curies":[{"name":"wp","href":"https:\/\/api.w.org\/{rel}","templated":true}]}}